{"id":7822,"date":"2025-06-29T10:05:04","date_gmt":"2025-06-29T08:05:04","guid":{"rendered":"https:\/\/uj.adatbank.ro\/lexikon\/termek\/fekete-andor\/"},"modified":"2025-06-29T10:05:04","modified_gmt":"2025-06-29T08:05:04","slug":"fekete-andor","status":"publish","type":"product","link":"https:\/\/uj.adatbank.ro\/lexikon\/termek\/fekete-andor\/","title":{"rendered":"FEKETE Andor"},"content":{"rendered":"<p>Mv., 1883. j\u00fan. 19., \u2020\u00a0Mv., 1951. aug. 22.: \u00fcgyv\u00e9d, v\u00e1rosi tan\u00e1cstag, szerk., publicista. \u2013 Apja j\u00f3m\u00f3d\u00fa keresked\u0151 volt. Feles\u00e9ge: 1. Straetz Alice (1890.? \u2013 Mv., 1934. okt. 20.), egy Erd\u00e9lybe ker\u00fclt porosz gy\u00e1ros, Straetz Hermann, l\u00e1nya. 2. Kov\u00e1cs M\u00e1ria tisztvisel\u0151n\u0151 (1927\u2013). Fiaik: J\u00e1nos \u00e9s Mikl\u00f3s mindketten jogot v\u00e9geztek. J\u00e1nos \u00fcgyv\u00e9d, tartal\u00e9kos tisztk\u00e9nt, az orosz fronton h\u00f4si hal\u00e1lt halt (1942), Mikl\u00f3s, feles\u00e9g\u00e9vel (B\u00fcrger Albert s\u0151rgy\u00e1rosnak volt az \u00f6zvegye) kiv\u00e1ndorolt Kanad\u00e1ba (1952) rokonaihoz (\u20201997). \u2013 A mv.-i Ref. Koll.-ban \u00e9retts\u00e9gizett, Bp.-en jogot v\u00e9gzett (1906), a F\u00fcggetlen Magyarorsz\u00e1g, majd a Pesti Napl\u00f3 riportere is volt. K\u00f6zben egy \u00e9vig betegeskedett mellh\u00e1rtya gyullad\u00e1ssal, ami kihatott eg\u00e9sz \u00e9let\u00e9re. MT\u00e1rstud. Egyes\u00fclet alap\u00edt\u00f3 tagja (1907). \u00dcgyv\u00e9di vizsg\u00e1t tett (1909). Mint \u00fcgyv\u00e9d Mv.-en telepedett le, megn\u0151s\u00fclt. K\u00f6z\u00e9leti tev\u00e9kenys\u00e9g\u00e9ben egy\u00fcttm\u0171k\u00f6d\u00f6tt Antalffy Endre, Bern\u00e1dy Gy\u00f6rgy, Molter K\u00e1roly, Farcz\u00e1dy Elek, Kem\u00e9ny J\u00e1nos, S\u00e9nyi L\u00e1szl\u00f3, Metz Albert \u00e9s fia, Istv\u00e1n, dr. Gy\u00e1rf\u00e1s Elem\u00e9r (aki a F. A. h\u00fag\u00e1t vette feles\u00e9g\u00fcl) bar\u00e1taival. Vezet\u0151 szerepet j\u00e1tszott a v\u00e1ros politikai \u00e9let\u00e9ben. Sz\u00e1sz \u00d6d\u00f6nnel megalap\u00edtotta a Napl\u00f3, k\u00e9s\u0151bb a Sz\u00e9kely Napl\u00f3 (1910. j\u00fal. 10. \u2013 1930. j\u00fal. 6.-ig) c. lapot, a MT vm.-i \u00e9s Mv.-i Nemzeti Munkap\u00e1rt hivatalos lapja. Jogtan\u00e1csosa volt az \u00c9p\u00edt\u0151 Iparosok Sz\u00f6vets\u00e9g\u00e9nek (1910\u2013), amely fontos szerepet j\u00e1tszott az akkor nagy \u00e9p\u00edtkez\u00e9sben lev\u0151 v\u00e1rosban. Az els\u0151 vh.-ban jogtan\u00e1csos a helyi 22 gy. ezredn\u00e9l, a Mv.-en megalakult V\u00e1rosi Hadigondoz\u00f3 Bizotts\u00e1g eln\u00f6ke lett (1918). A helyi lesz\u00e1m\u00edtol\u00f3 Bank jogtan\u00e1csosa, igazgat\u00f3s\u00e1gi tagja (1916\u201350). Az imp\u00e9rium v\u00e1ltoz\u00e1s ut\u00e1n a M. Sz\u00f6vets\u00e9g (1921\u2013), a MP tagja (1925\u2013), az OMP k\u00f6zponti bizotts\u00e1gi tagja, Mv. v\u00e1rosi tagozat\u00e1nak aleln\u00f6ke (1936\u2013). Cs\u00edk megye szen\u00e1tora a buk.-i parlamentben (1926); az Erd\u00e9lyi Bankszindik\u00e1tus eln\u00f6ke, a Katolikus St\u00e1tus vil\u00e1gi eln\u00f6ke. Az erd\u00e9lyi m. kisebbs\u00e9g minden demokratikus akci\u00f3j\u00e1t t\u00e1mogatta, \u00e9s gyakran ir\u00e1ny\u00edtotta. Harcolt az erd\u00e9lyi magyars\u00e1g jogainak biztos\u00edt\u00e1s\u00e1\u00e9rt: memorandumokat fogalmazott meg az elbocs\u00e1tott felekezeti tan\u00e1rok \u00e9rdek\u00e9ben, k\u00e9pes\u00edt\u00e9si vizsg\u00e1juk \u00fcgy\u00e9ben, az \u00faj \u00fcgyv\u00e9di t\u00f6rv\u00e9nytervezetr\u00f4l, az ad\u00f3behajt\u00e1sr\u00f3l, a n\u00e9velemz\u00e9sr\u00f4l, a nyugd\u00edjt\u00f6rv\u00e9nynek a kisebbs\u00e9geket s\u00fajt\u00f3 int\u00e9zked\u00e9seir\u00f4l. K\u00f6z\u00fcgyekben test\u00fcleteknek adakozott. A Koll. d\u00edszterm\u00e9ben r\u00e9zt\u00e1bla tan\u00fas\u00edtotta egy padon, hogy dr. Fekete Andor \u00e9s feles\u00e9ge Straetz Aliz adom\u00e1nya. A Bethlen G\u00e1bor szabadk\u0151m\u0171ves p\u00e1holy egyik vezet\u0151je; a mv.-i Kaszin\u00f3 vezet\u0151s\u00e9gi tagja (1919\u2013), aleln\u00f6ke, utols\u00f3 eln\u00f6ke (1945. jan. 14. \u2013 1949, az int\u00e9zm\u00e9ny bez\u00e1r\u00e1s\u00e1ig). Irodalomp\u00e1rtol\u00f3k\u00e9nt a KZST tagja. Reform\u00e1tus vall\u00e1sra t\u00e9rt (1939), a pesti korm\u00e1ny kiv\u00e9telezte a zsid\u00f3 t\u00f6rv\u00e9ny al\u00f3l (1941). Amikor n\u00e9met sugalmaz\u00e1sra a m. korm\u00e1ny kommunista ellenes pert rendezett, 27 v\u00e1dlottat v\u00e9dett, a r\u00e1szorul\u00f3kat ingyen. A zsid\u00f3 t\u00f6rv\u00e9nyek r\u00e1 nem vonatkoztak m\u00e9gis a t\u00e9glagy\u00e1ri gett\u00f3ba vitt\u00e9k (1944), ahonnan P\u00e1l G\u00e1bor korm\u00e1nybiztos szem\u00e9lyes k\u00f6zbenj\u00e1r\u00e1s\u00e1ra engedt\u00e9k szabadon. A front \u00e1tvonul\u00e1s\u00e1t Gy\u00f6rgy J\u00f3zsef t\u00e1blai f\u0151\u00fcgy\u00e9sz megh\u00edv\u00e1s\u00e1ra annak iklandi birtok\u00e1n v\u00e1rta ki. Az Orsz\u00e1gos Demokrata Arcvonal az ODA megyei p\u00e9nz\u00fcgyi felel\u0151se (1944). A Mv. -re \u00e1thelyezett orvosi egyetem t\u00e1mogat\u00e1s\u00e1sra alap\u00edtott Egyetembar\u00e1tok Egyes\u00fclete akt\u00edv tagja, Korparich Ede \u00e9s Veress K\u00e1roly melett (1946. jan. 25. \u2013). A Sz\u00e9kely Sz\u00ednh\u00e1z egyik kezdem\u00e9nyez\u0151je, alap\u00edt\u00f3tagja (1945\u2013). Mikl\u00f3s fi\u00e1t a v\u00e1ros f\u0151jegyz\u0151nek h\u00edvta meg (1945\u201347. aug.), de visszament betegesked\u0151 \u00e9desapja irod\u00e1j\u00e1ba (1947) \u00e9s amikor az \u00faj t\u00f6rv\u00e9ny \u00e9rtelm\u00e9ben (1948) a csal\u00e1db\u00f3l csak egy \u00fcgyv\u00e9d m\u0171k\u00f6dhetett, kil\u00e9pett az \u00fcgyv\u00e9di kamar\u00e1b\u00f3l 42 \u00e9vi tags\u00e1g ut\u00e1n. H\u00e1za \u00e1llamos\u00edt\u00e1sa ut\u00e1n is benne lakhatott amig \u00e9lt. H\u00e1trahagyott k\u00e9ziratai, f\u00f6ljegyz\u00e9sei 40 \u00e9ves \u00fcgyv\u00e9di, banki-kereskedelmi jog\u00e1szi m\u0171k\u00f6d\u00e9s\u00e9r\u00f4l, valamint a Kaszin\u00f3 t\u00f6rt\u00e9net\u00e9r\u00f4l, s\u00f3gora: Kov\u00e1cs L\u00e1szl\u00f3 ny. agr\u00e1rm\u00e9rn\u00f6k birtok\u00e1ban tal\u00e1lhat\u00f3ak. H\u00e1za Mv.-en \u201eB\u201d kateg\u00f3ri\u00e1s m\u0171eml\u00e9k (P\u0163a. Victoriei \/ Gy\u0151zelem t\u00e9r 31. sz.). \u2013 <strong>F. m.:<\/strong> k\u00e9zirata: Dr. Fekete Andor (Mv.) f\u00f6ljegyz\u00e9sei 40 \u00e9ves \u00fcgyv\u00e9di m\u0171k\u00f6d\u00e9s\u00e9r\u0151l. <br \/><strong>Irod.:<\/strong> Almanah Tg. M.; Bi\u00e1s Istv\u00e1n; EM; Guly\u00e1s; Gy\u00e1szjelent\u0151; Id\u0151t\u00e1r 2; Id\u0151t\u00e1r 3; Komj\u00e1tszegi S\u00e1ndor: In memoriam Dr. F. A. (N\u00fa., 2001. aug., 18); Koszta Istv\u00e1n: F\u00f6ldindul\u00e1s \u2013 1916 = Maros megyei m. 3.; P\u00e1l-Antal \u2013 Simon; Marosi-Helikon; Marosi-KZST; M\u00c9L; Molter 1., 3.; MT\u00e1rstud. Egyes\u00fclet; Mv. zsid\u00f3s\u00e1ga; Pan\u0103; RMIL; Sipos; \u00dajv\u00e1ri; Valori mure\u015fene de patrimoniu<\/br><\/p>\n","protected":false},"excerpt":{"rendered":"<p>Mv., 1883. j\u00fan. 19., \u2020\u00a0Mv., 1951. aug. 22.: \u00fcgyv\u00e9d, v\u00e1rosi tan\u00e1cstag, szerk., publicista. \u2013 Apja j\u00f3m\u00f3d\u00fa keresked\u0151 volt. Feles\u00e9ge: 1. Straetz Alice (1890.? \u2013 Mv., 1934. okt. 20.), egy Erd\u00e9lybe ker\u00fclt porosz gy\u00e1ros, Straetz Hermann, l\u00e1nya. 2. Kov\u00e1cs M\u00e1ria tisztvisel\u0151n\u0151 (1927\u2013). Fiaik: J\u00e1nos \u00e9s Mikl\u00f3s mindketten jogot v\u00e9geztek. J\u00e1nos \u00fcgyv\u00e9d, tartal\u00e9kos tisztk\u00e9nt, az orosz fronton [&hellip;]<\/p>\n","protected":false},"featured_media":0,"comment_status":"open","ping_status":"closed","template":"","meta":[],"product_brand":[],"product_cat":[137],"product_tag":[],"class_list":{"0":"post-7822","1":"product","2":"type-product","3":"status-publish","5":"product_cat-maros-megyei-eletrajzi-lexikon","7":"first","8":"instock","9":"shipping-taxable","10":"product-type-simple"},"_links":{"self":[{"href":"https:\/\/uj.adatbank.ro\/lexikon\/wp-json\/wp\/v2\/product\/7822","targetHints":{"allow":["GET"]}}],"collection":[{"href":"https:\/\/uj.adatbank.ro\/lexikon\/wp-json\/wp\/v2\/product"}],"about":[{"href":"https:\/\/uj.adatbank.ro\/lexikon\/wp-json\/wp\/v2\/types\/product"}],"replies":[{"embeddable":true,"href":"https:\/\/uj.adatbank.ro\/lexikon\/wp-json\/wp\/v2\/comments?post=7822"}],"wp:attachment":[{"href":"https:\/\/uj.adatbank.ro\/lexikon\/wp-json\/wp\/v2\/media?parent=7822"}],"wp:term":[{"taxonomy":"product_brand","embeddable":true,"href":"https:\/\/uj.adatbank.ro\/lexikon\/wp-json\/wp\/v2\/product_brand?post=7822"},{"taxonomy":"product_cat","embeddable":true,"href":"https:\/\/uj.adatbank.ro\/lexikon\/wp-json\/wp\/v2\/product_cat?post=7822"},{"taxonomy":"product_tag","embeddable":true,"href":"https:\/\/uj.adatbank.ro\/lexikon\/wp-json\/wp\/v2\/product_tag?post=7822"}],"curies":[{"name":"wp","href":"https:\/\/api.w.org\/{rel}","templated":true}]}}