{"id":7955,"date":"2025-06-29T10:09:24","date_gmt":"2025-06-29T08:09:24","guid":{"rendered":"https:\/\/uj.adatbank.ro\/lexikon\/termek\/ferencz-karoly-sepsikilenyi\/"},"modified":"2025-06-29T10:09:24","modified_gmt":"2025-06-29T08:09:24","slug":"ferencz-karoly-sepsikilenyi","status":"publish","type":"product","link":"https:\/\/uj.adatbank.ro\/lexikon\/termek\/ferencz-karoly-sepsikilenyi\/","title":{"rendered":"FERENCZ K\u00e1roly, sepsikil\u00e9nyi"},"content":{"rendered":"<p>1825.?, \u2020 Mv., 1890. j\u00fal. 19.: b\u00edr\u00f3. \u2013 Testv\u00e9rei: Anna; J\u00f3zsef, unit. p\u00fcsp\u00f6k, feles\u00e9ge Gyergyai Anna. Feles\u00e9ge: homor\u00f3dalm\u00e1si Bacz\u00f3 Katalin (1829 \u2013 Mv., 1918. jan. 10). Gyermekeik: Albert, feles\u00e9ge Sebess Lujza; K\u00e1roly dr., feles\u00e9ge passaui Szantner Zsuzsanna (1872 \u2013 Bp., 1929. j\u00fan. 3.). \u2013 M. Kir. Curiai b\u00edr\u00f3, az unit. Egyh\u00e1zi f\u0151tan\u00e1cs tagja. A mv.-i orsz\u00e1gos k\u00f3rh\u00e1zi bizotts\u00e1g tagja (1881). <br \/><strong>Irod.:<\/strong> Gy\u00e1szjelent\u0151; Kn\u00f6pfler Vilmos: A mv.-i orsz\u00e1gos k\u00f3rh\u00e1z alap\u00edt\u00e1s\u00e1nak \u00e9s fejl\u0151d\u00e9s\u00e9nek r\u00f6vid v\u00e1zlata (Mv, 1882); P\u00e1lmay J\u00f3zsef<\/br><\/p>\n","protected":false},"excerpt":{"rendered":"<p>1825.?, \u2020 Mv., 1890. j\u00fal. 19.: b\u00edr\u00f3. \u2013 Testv\u00e9rei: Anna; J\u00f3zsef, unit. p\u00fcsp\u00f6k, feles\u00e9ge Gyergyai Anna. Feles\u00e9ge: homor\u00f3dalm\u00e1si Bacz\u00f3 Katalin (1829 \u2013 Mv., 1918. jan. 10). Gyermekeik: Albert, feles\u00e9ge Sebess Lujza; K\u00e1roly dr., feles\u00e9ge passaui Szantner Zsuzsanna (1872 \u2013 Bp., 1929. j\u00fan. 3.). \u2013 M. Kir. Curiai b\u00edr\u00f3, az unit. Egyh\u00e1zi f\u0151tan\u00e1cs tagja. A mv.-i [&hellip;]<\/p>\n","protected":false},"featured_media":0,"comment_status":"open","ping_status":"closed","template":"","meta":[],"product_brand":[],"product_cat":[137],"product_tag":[],"class_list":{"0":"post-7955","1":"product","2":"type-product","3":"status-publish","5":"product_cat-maros-megyei-eletrajzi-lexikon","7":"first","8":"instock","9":"shipping-taxable","10":"product-type-simple"},"_links":{"self":[{"href":"https:\/\/uj.adatbank.ro\/lexikon\/wp-json\/wp\/v2\/product\/7955","targetHints":{"allow":["GET"]}}],"collection":[{"href":"https:\/\/uj.adatbank.ro\/lexikon\/wp-json\/wp\/v2\/product"}],"about":[{"href":"https:\/\/uj.adatbank.ro\/lexikon\/wp-json\/wp\/v2\/types\/product"}],"replies":[{"embeddable":true,"href":"https:\/\/uj.adatbank.ro\/lexikon\/wp-json\/wp\/v2\/comments?post=7955"}],"wp:attachment":[{"href":"https:\/\/uj.adatbank.ro\/lexikon\/wp-json\/wp\/v2\/media?parent=7955"}],"wp:term":[{"taxonomy":"product_brand","embeddable":true,"href":"https:\/\/uj.adatbank.ro\/lexikon\/wp-json\/wp\/v2\/product_brand?post=7955"},{"taxonomy":"product_cat","embeddable":true,"href":"https:\/\/uj.adatbank.ro\/lexikon\/wp-json\/wp\/v2\/product_cat?post=7955"},{"taxonomy":"product_tag","embeddable":true,"href":"https:\/\/uj.adatbank.ro\/lexikon\/wp-json\/wp\/v2\/product_tag?post=7955"}],"curies":[{"name":"wp","href":"https:\/\/api.w.org\/{rel}","templated":true}]}}