{"id":7958,"date":"2025-06-29T10:09:35","date_gmt":"2025-06-29T08:09:35","guid":{"rendered":"https:\/\/uj.adatbank.ro\/lexikon\/termek\/ferencz-sandor\/"},"modified":"2025-06-29T10:09:35","modified_gmt":"2025-06-29T08:09:35","slug":"ferencz-sandor","status":"publish","type":"product","link":"https:\/\/uj.adatbank.ro\/lexikon\/termek\/ferencz-sandor\/","title":{"rendered":"FERENCZ S\u00e1ndor"},"content":{"rendered":"<p>K\u00e1szonimp\u00e9r, 1886. m\u00e1rc. 16., \u2020 K\u00e1szon\u00fajfalu, 1957. m\u00e1rc. 8.: r. k. pap. \u2013 Gimn. -ot K\u00e9zdiv\u00e1s\u00e1rhelyen \u00e9s Sz\u00e9kelyudvarhelyen, teol\u00f3giai tanulm\u00e1nyait Gyulafeh\u00e9rv\u00e1ron v\u00e9gezte. Papp\u00e1 szentelt\u00e9k Gyulafeh\u00e9rv\u00e1ron (1910. j\u00fan. 27.). K\u00e1pl\u00e1n Gyergy\u00f3alfaluban, Gyergy\u00f3remet\u00e9n, Bereckben. Pl\u00e9b\u00e1nos Gyergy\u00f3b\u00e9k\u00e1son. Pozsonyba menek\u00fclt (1916) \u00e9s visszat\u00e9rt. Lup\u00e9nyban lelkip\u00e1sztor. T\u00e1bori lelk\u00e9sz (1918). Pl\u00e9b\u00e1nos Sepsib\u00fcksz\u00e1don (1919), Ny\u00e1r\u00e1dk\u00f6szv\u00e9nyesen (1920\u201345), K\u00e1szon\u00fajfaluban (1945). <br \/><strong>Irod.:<\/strong> Ferenczi S\u00e1ndor 2009<\/br><\/p>\n","protected":false},"excerpt":{"rendered":"<p>K\u00e1szonimp\u00e9r, 1886. m\u00e1rc. 16., \u2020 K\u00e1szon\u00fajfalu, 1957. m\u00e1rc. 8.: r. k. pap. \u2013 Gimn. -ot K\u00e9zdiv\u00e1s\u00e1rhelyen \u00e9s Sz\u00e9kelyudvarhelyen, teol\u00f3giai tanulm\u00e1nyait Gyulafeh\u00e9rv\u00e1ron v\u00e9gezte. Papp\u00e1 szentelt\u00e9k Gyulafeh\u00e9rv\u00e1ron (1910. j\u00fan. 27.). K\u00e1pl\u00e1n Gyergy\u00f3alfaluban, Gyergy\u00f3remet\u00e9n, Bereckben. Pl\u00e9b\u00e1nos Gyergy\u00f3b\u00e9k\u00e1son. Pozsonyba menek\u00fclt (1916) \u00e9s visszat\u00e9rt. Lup\u00e9nyban lelkip\u00e1sztor. T\u00e1bori lelk\u00e9sz (1918). Pl\u00e9b\u00e1nos Sepsib\u00fcksz\u00e1don (1919), Ny\u00e1r\u00e1dk\u00f6szv\u00e9nyesen (1920\u201345), K\u00e1szon\u00fajfaluban (1945). Irod.: Ferenczi S\u00e1ndor 2009<\/p>\n","protected":false},"featured_media":0,"comment_status":"open","ping_status":"closed","template":"","meta":[],"product_brand":[],"product_cat":[137],"product_tag":[],"class_list":{"0":"post-7958","1":"product","2":"type-product","3":"status-publish","5":"product_cat-maros-megyei-eletrajzi-lexikon","7":"first","8":"instock","9":"shipping-taxable","10":"product-type-simple"},"_links":{"self":[{"href":"https:\/\/uj.adatbank.ro\/lexikon\/wp-json\/wp\/v2\/product\/7958","targetHints":{"allow":["GET"]}}],"collection":[{"href":"https:\/\/uj.adatbank.ro\/lexikon\/wp-json\/wp\/v2\/product"}],"about":[{"href":"https:\/\/uj.adatbank.ro\/lexikon\/wp-json\/wp\/v2\/types\/product"}],"replies":[{"embeddable":true,"href":"https:\/\/uj.adatbank.ro\/lexikon\/wp-json\/wp\/v2\/comments?post=7958"}],"wp:attachment":[{"href":"https:\/\/uj.adatbank.ro\/lexikon\/wp-json\/wp\/v2\/media?parent=7958"}],"wp:term":[{"taxonomy":"product_brand","embeddable":true,"href":"https:\/\/uj.adatbank.ro\/lexikon\/wp-json\/wp\/v2\/product_brand?post=7958"},{"taxonomy":"product_cat","embeddable":true,"href":"https:\/\/uj.adatbank.ro\/lexikon\/wp-json\/wp\/v2\/product_cat?post=7958"},{"taxonomy":"product_tag","embeddable":true,"href":"https:\/\/uj.adatbank.ro\/lexikon\/wp-json\/wp\/v2\/product_tag?post=7958"}],"curies":[{"name":"wp","href":"https:\/\/api.w.org\/{rel}","templated":true}]}}