{"id":8002,"date":"2025-06-29T10:10:55","date_gmt":"2025-06-29T08:10:55","guid":{"rendered":"https:\/\/uj.adatbank.ro\/lexikon\/termek\/ferenczy-julia-%c2%a7-fuhrmann-karolyne-ferenczi-julia\/"},"modified":"2025-06-29T10:10:55","modified_gmt":"2025-06-29T08:10:55","slug":"ferenczy-julia-%c2%a7-fuhrmann-karolyne-ferenczi-julia","status":"publish","type":"product","link":"https:\/\/uj.adatbank.ro\/lexikon\/termek\/ferenczy-julia-%c2%a7-fuhrmann-karolyne-ferenczi-julia\/","title":{"rendered":"FERENCZY J\u00falia, \u00a7 Fuhrmann K\u00e1rolyn\u00e9, Ferenczi J\u00falia"},"content":{"rendered":"<p>Ny\u00e1r\u00e1dszentbenedek, 1909. \u00e1pr. 3., \u2020\u00a0Kv., 1999. j\u00fal. 26. a H\u00e1zsong\u00e1rdi temet\u0151ben nyugszik: fest\u0151m\u0171v\u00e9sz, grafikus. \u2013 F. G\u00e1bor (1881\u20131967), k\u00e1ntortan\u00edt\u00f3 \u00e9s Farkas Zsuzs\u00e1nna le\u00e1nya. F\u00e9rje: Fuhrmann K\u00e1roly \u00f6tv\u00f6sm\u0171v\u00e9sz (1936. febr. 29. \u2013). Gy. Szab\u00f3 B\u00e9la bar\u00e1tn\u0151je \u00e9s m\u0171v\u00e9szt\u00e1rsa. Testv\u00e9re h\u00e1rom gyermek\u00e9t fogadta \u00f6r\u00f6kbe: Ferenczy Imr\u00e9t, Mikl\u00f3st \u00e9s Istv\u00e1nt. Adorj\u00e1ni Zolt\u00e1n \u00e1kosfalvi tan\u00edt\u00f3 ir\u00e1ny\u00edtotta kezdetben a rajz-, fest\u00e9si tanulm\u00e1nyait. A k\u00e9pz\u0151m\u0171v\u00e9szeti f\u0151iskol\u00e1t Kv.-on kezdte (1931\u2013) \u00e9s Temesv\u00e1ron v\u00e9gezte (1935), tan\u00e1rai: Papp S\u00e1ndor, Aurel Ciupe, Catul Bogdan, Romul Ladea. Majd Gy. Szab\u00f3 B\u00e9l\u00e1t\u00f3l grafik\u00e1t tanult. Br\u00f3sz Irm\u00e1val \u00e9s Gy. Szab\u00f3 B\u00e9l\u00e1val k\u00f6z\u00f6s m\u0171termet tartottak fent. A Marosv\u00e9csen \u00e9letrekelt Barab\u00e1s Mikl\u00f3s C\u00e9h (1929) fiataljainak egyike, csoportjuk a Tizen\u00f6t\u00f6k n\u00e9v alatt maradt meg az erd\u00e9lyi m\u0171v\u00e9szeti k\u00f6ztudatban, els\u0151 jelentkez\u00e9s\u00fck (1939. dec. 3\u201310.). A m. Vall\u00e1s- \u00e9s K\u00f6zoktat\u00e1s\u00fcgyi Min. \u00f6szt\u00f6nd\u00edj\u00e1val a Balatonn\u00e1l dolgozott (1941); majd a buk.-i Ir\u00f3k, M\u0171v\u00e9szek, \u00dajs\u00e1g\u00edr\u00f3k Egyes\u00fclet\u00e9t\u0151l nyert \u00f6szt\u00f6nd\u00edjat (1949). T\u00e1jk\u00e9pei Kv.-on, Nagyb\u00e1ny\u00e1n, a Sz\u00e9kelyf\u00f6ld\u00f6n \u00e9s a Balaton k\u00f6rny\u00e9k\u00e9n, ahol Gy. Szab\u00f3 B\u00e9l\u00e1val egy\u00fctt dolgozott, k\u00e9sz\u00fcltek. Olajfestm\u00e9nyeket, pasztelleket, akvarelleket, sz\u00e9n- \u00e9s tusrajzokat k\u00e9sz\u00edtett. A kv.-i Sz\u00ednh\u00e1zi \u00dajs\u00e1g (1946\u2013), a Dolgoz\u00f3 N\u0151 grafikusa, m\u0171v\u00e9szeti munkat\u00e1rsa (1948\u201353). Reprodukci\u00f3it, a r\u00f3la sz\u00f3l\u00f3 cikkeket a P\u00e1sztort\u0171z, a Sz\u00e9pm\u0171v\u00e9szet, az Utunk, a M\u0171vel\u0151d\u00e9s, az Igazs\u00e1g, a Dolgoz\u00f3 N\u0151 k\u00f6z\u00f6lte. \u00dajs\u00e1gokat \u00e9s k\u00f6nyveket is illusztr\u00e1lt. Sz\u00e1mos ifj\u00fas\u00e1gi m\u0171vet illusztr\u00e1lt az 50-es \u00e9vekben, rajzai jelentek meg. A rendszerv\u00e1lt\u00e1s ut\u00e1n a Tizen\u00f6t\u00f6kb\u0151l t\u00f6bb\u00fcket a k\u00e9pz\u0151m\u0171v\u00e9szeti \u00e9letb\u0151l hossz\u00fa \u00e9vekre kiz\u00e1rt\u00e1k \u00e9s a K\u00e9pz\u0151m\u0171v\u00e9szek Orsz\u00e1gos Sz\u00f6vets\u00e9g\u00e9b\u0151l is (1958) \u00e9s nem vett\u00e9k vissza (1990 ut\u00e1n sem). Alkot\u00e1sai a bp.-i Nemzeti Gal\u00e9ri\u00e1ban, a buk.-i Sz\u00e9pm\u0171v\u00e9szeti M\u00fazeumban, a s\u00e1rospataki m\u00fazeumban tal\u00e1lhat\u00f3ak. \u00c9letm\u0171v\u00e9t elismerve megkapta a M. K\u00f6zt\u00e1rsas\u00e1gi \u00c9rdemrend Tisztikeresztj\u00e9t (1996). Eml\u00e9ke tisztelet\u00e9re Ny\u00e1r\u00e1dszentbenedeken F. J. Eml\u00e9knapot szerveztek sz\u00fclet\u00e9se 100. \u00e9vfordul\u00f3j\u00e1n (2009. \u00e1pr. 27.), a falu k\u00f6zpontj\u00e1ban eml\u00e9kparkot rendezett be az Egy\u00fctt Ny\u00e1r\u00e1dszentbenedek\u00e9rt Egyes\u00fclet \u00e9s leleplezt\u00e9k a r\u00f3la mint\u00e1zott bronz-domborm\u0171vet, Hunyadi L\u00e1szl\u00f3 szobr\u00e1szm\u0171v\u00e9sz alkot\u00e1s\u00e1t. \u2013 <strong>F. m.:<\/strong> \u00d6narck\u00e9p; Bokor a v\u00edzparton; Akt; Alkony; Park; Kelemen Lajos arck\u00e9pe; Bara Margit arck\u00e9pe; illusztr.: Kov\u00e1cs P\u00e9ter: T\u00fck\u00f6r el\u0151tt: versek (Tg. M., 1937); Farkas-barkas. Magyar n\u00e9pmes\u00e9k. (\u00d6ssze\u00e1ll\u00edtotta: Farag\u00f3 J\u00f3zsef; Gy. Szab\u00f3 B\u00e9l\u00e1val il.; Buk, 1962, 1963, 1970). \u2013 <strong>F. ki\u00e1ll.:<\/strong> egy\u00e9ni: Kv. (1939, 1941, 1947, 1969, 1991, 1996), Gyergy\u00f3szentmikl\u00f3s, Cs\u00edkszereda (1967); Sz\u00e9kelyudvarhely, Sz\u00e9kelykereszt\u00far, Nagyszalonta (1957, 1968), Mv.: a St\u00fadi\u00f3 Sz\u00ednh\u00e1z el\u0151csrnok\u00e1ban (1968. okt. -nov.), uo. Gy. Szab\u00f3 B\u00e9l\u00e1val, 1972. \u00e1pr. 15.); Bp. (1971); Debrecen (1972); Buk. (1972); Szigliget (1973); csoportos ki\u00e1ll.: \u00c1llami grafikai ki\u00e1ll\u00edt\u00e1s (Buk., 1972). <br \/><strong>Irod.:<\/strong> artportal; \u00c1kosfalva; Banner; B\u00f6l\u00f6ni Domokos: F. J. \u00e9s Ny\u00e1r\u00e1dszentbenedek (N\u00fa., Sz\u00ednes Vil\u00e1g, 2010. dec. 18); H\u00e1zsong\u00e1rd; Id\u0151t\u00e1r 4.; MIL; Katona Szab\u00f3 Istv\u00e1n: Az \u00daj \u00c9let lexikona, 60 (\u00daj \u00c9let, 24. sz., 1972); KKACs; Koch M\u00e1ria: Emberek, vir\u00e1gok, t\u00e1jak: Besz\u00e9lget\u00e9s F. J. k\u00e9pz\u0151m\u0171v\u00e9sszel (V. Z., 1968. nov. 2.); Moln\u00e1r; Mur\u00e1din Jen\u0151: L\u00e1togat\u00f3ban F. J. -n\u00e1l (\u00daj \u00c9let, 12. sz., 1979); RMIL; R\u00daL; Szab\u00f3\u2013K\u00e1llai; Sz\u00e9kelyf\u00f6ld \u00ed. k.; Tibori Szab\u00f3 Zolt\u00e1n: F. J. (Kv., 2000); \u00daM\u00c9L; \u00daMIL; Film: a Rom\u00e1n Telev\u00edzi\u00f3 m. st\u00fadi\u00f3j\u00e1nak portr\u00e9filmje (1997).<\/br><\/p>\n","protected":false},"excerpt":{"rendered":"<p>Ny\u00e1r\u00e1dszentbenedek, 1909. \u00e1pr. 3., \u2020\u00a0Kv., 1999. j\u00fal. 26. a H\u00e1zsong\u00e1rdi temet\u0151ben nyugszik: fest\u0151m\u0171v\u00e9sz, grafikus. \u2013 F. G\u00e1bor (1881\u20131967), k\u00e1ntortan\u00edt\u00f3 \u00e9s Farkas Zsuzs\u00e1nna le\u00e1nya. F\u00e9rje: Fuhrmann K\u00e1roly \u00f6tv\u00f6sm\u0171v\u00e9sz (1936. febr. 29. \u2013). Gy. Szab\u00f3 B\u00e9la bar\u00e1tn\u0151je \u00e9s m\u0171v\u00e9szt\u00e1rsa. Testv\u00e9re h\u00e1rom gyermek\u00e9t fogadta \u00f6r\u00f6kbe: Ferenczy Imr\u00e9t, Mikl\u00f3st \u00e9s Istv\u00e1nt. Adorj\u00e1ni Zolt\u00e1n \u00e1kosfalvi tan\u00edt\u00f3 ir\u00e1ny\u00edtotta kezdetben a rajz-, [&hellip;]<\/p>\n","protected":false},"featured_media":0,"comment_status":"open","ping_status":"closed","template":"","meta":[],"product_brand":[],"product_cat":[137],"product_tag":[],"class_list":{"0":"post-8002","1":"product","2":"type-product","3":"status-publish","5":"product_cat-maros-megyei-eletrajzi-lexikon","7":"first","8":"instock","9":"shipping-taxable","10":"product-type-simple"},"_links":{"self":[{"href":"https:\/\/uj.adatbank.ro\/lexikon\/wp-json\/wp\/v2\/product\/8002","targetHints":{"allow":["GET"]}}],"collection":[{"href":"https:\/\/uj.adatbank.ro\/lexikon\/wp-json\/wp\/v2\/product"}],"about":[{"href":"https:\/\/uj.adatbank.ro\/lexikon\/wp-json\/wp\/v2\/types\/product"}],"replies":[{"embeddable":true,"href":"https:\/\/uj.adatbank.ro\/lexikon\/wp-json\/wp\/v2\/comments?post=8002"}],"wp:attachment":[{"href":"https:\/\/uj.adatbank.ro\/lexikon\/wp-json\/wp\/v2\/media?parent=8002"}],"wp:term":[{"taxonomy":"product_brand","embeddable":true,"href":"https:\/\/uj.adatbank.ro\/lexikon\/wp-json\/wp\/v2\/product_brand?post=8002"},{"taxonomy":"product_cat","embeddable":true,"href":"https:\/\/uj.adatbank.ro\/lexikon\/wp-json\/wp\/v2\/product_cat?post=8002"},{"taxonomy":"product_tag","embeddable":true,"href":"https:\/\/uj.adatbank.ro\/lexikon\/wp-json\/wp\/v2\/product_tag?post=8002"}],"curies":[{"name":"wp","href":"https:\/\/api.w.org\/{rel}","templated":true}]}}