{"id":8109,"date":"2025-06-29T10:14:44","date_gmt":"2025-06-29T08:14:44","guid":{"rendered":"https:\/\/uj.adatbank.ro\/lexikon\/termek\/flesch-adolf\/"},"modified":"2025-06-29T10:14:44","modified_gmt":"2025-06-29T08:14:44","slug":"flesch-adolf","status":"publish","type":"product","link":"https:\/\/uj.adatbank.ro\/lexikon\/termek\/flesch-adolf\/","title":{"rendered":"FLESCH Adolf"},"content":{"rendered":"<p>? \u2020 Bp., 1918.: m\u0171\u00e9p\u00edt\u00e9szm\u00e9rn\u00f6k, v\u00e1rosi f\u0151m\u00e9rn\u00f6k, m\u0171szaki tan\u00e1csos. \u2013 Mv. v\u00e1ros m\u00e9rn\u00f6ki oszt\u00e1ly\u00e1nak egyik vezet\u0151jek\u00e9nt tev\u00e9keny m\u0171szaki munk\u00e1t v\u00e9gzett a v\u00e1ros k\u00f6z- \u00e9s mag\u00e1n\u00e9p\u00edtkez\u00e9sein\u00e9l (19. sz. v\u00e9ge\u201320. sz. eleje). 3000-n\u00e9l t\u00f6bb telekparcell\u00e1z\u00e1s, kim\u00e9r\u00e9s, kisaj\u00e1t\u00edt\u00e1s ill. megv\u00e1s\u00e1rl\u00e1s m\u0171szaki rajzait k\u00e9sz\u00edtette el Staibl Andorral egy\u00fctt. Nagyszab\u00e1s\u00fa v\u00e1rosrend\u00e9szeti terveket dolgozott ki \u00e9s val\u00fas\u00edtott meg. P\u00e1ly\u00e1zati versenyt\u00e1rgyal\u00e1st \u00edrtak ki \u00e9s \u00e9rt\u00e9keltek. Megtervezte \u00e9s \u00e9p\u00edtette a Korvin M\u00e1ty\u00e1s t\u00e9ren a neobarokk st\u00edlus\u00fa v\u00e1rosi g\u0151zf\u00fcrd\u0151t (1898), amely a II. vh. v\u00e9g\u00e9n semmis\u00fclt meg (1944), valamint az egykori Aranykakas vend\u00e9gl\u0151 impoz\u00e1ns \u00e9p\u00fclet\u00e9t (1898), amely az \u00e1llamos\u00edt\u00e1sig saj\u00e1t lak\u00f3h\u00e1za volt (Eminescu u. 62). T\u00f6bb polg\u00e1ri h\u00e1zat tervezett \u00e9s \u00e9p\u00edtett fel, pl. Baros G\u00e1bor u. 8. sz. alatti Jakabos Albert tulajdon\u00e1t k\u00e9pez\u0151 jellegzets neoklasszicista lak\u00f3h\u00e1zat is (1900. \u00e1pr.). Az \u0151 idej\u00e9ben \u00e9p\u00fclt t\u00f6bb h\u00edd a Poklos patakon kereszt\u00fcl; a v\u00e1ros t\u00f6bb utc\u00e1j\u00e1t aszfaltozt\u00e1k, j\u00e1rd\u00e1kat l\u00e9tes\u00edtettek, kik\u00f6vezt\u00e9k (1902\u201311), villamos\u00edtott\u00e1k a v\u00e1ros utc\u00e1it. A V\u00e1rosh\u00e1za (1906-08), a v\u00e1ros csatornah\u00e1l\u00f3zata \u00e9p\u00fclt f\u0151m\u00e9rn\u00f6ks\u00e9ge idej\u00e9n (1907\u201311). <br \/><strong>Irod.:<\/strong> Forb\u00e1th Imre: Mv. csatorn\u00e1z\u00e1sa (Bp. , 1913); Id\u0151t\u00e1r 2.; Kelemen \u00c1rp\u00e1d: A csatorn\u00e1z\u00e1si munk\u00e1latok m\u00e1rv\u00e1nyt\u00e1bl\u00e1i (N\u00fa. \u00e9vk., 2009); Keresztes 2000; Kereszetes Gyula: Szecesszi\u00f3 Mv.-en 4.: A V\u00e1rosh\u00e1za (N\u00fa., 1991. okt. 26.); Koszta; Man: Tg. M. 2; Mv. m\u0171v. v\u00e1r; Mv. r\u00e9gi V\u00e1rosh\u00e1za; Orb\u00e1n \u2013 Oniga<\/br><\/p>\n","protected":false},"excerpt":{"rendered":"<p>? \u2020 Bp., 1918.: m\u0171\u00e9p\u00edt\u00e9szm\u00e9rn\u00f6k, v\u00e1rosi f\u0151m\u00e9rn\u00f6k, m\u0171szaki tan\u00e1csos. \u2013 Mv. v\u00e1ros m\u00e9rn\u00f6ki oszt\u00e1ly\u00e1nak egyik vezet\u0151jek\u00e9nt tev\u00e9keny m\u0171szaki munk\u00e1t v\u00e9gzett a v\u00e1ros k\u00f6z- \u00e9s mag\u00e1n\u00e9p\u00edtkez\u00e9sein\u00e9l (19. sz. v\u00e9ge\u201320. sz. eleje). 3000-n\u00e9l t\u00f6bb telekparcell\u00e1z\u00e1s, kim\u00e9r\u00e9s, kisaj\u00e1t\u00edt\u00e1s ill. megv\u00e1s\u00e1rl\u00e1s m\u0171szaki rajzait k\u00e9sz\u00edtette el Staibl Andorral egy\u00fctt. Nagyszab\u00e1s\u00fa v\u00e1rosrend\u00e9szeti terveket dolgozott ki \u00e9s val\u00fas\u00edtott meg. P\u00e1ly\u00e1zati versenyt\u00e1rgyal\u00e1st \u00edrtak [&hellip;]<\/p>\n","protected":false},"featured_media":0,"comment_status":"open","ping_status":"closed","template":"","meta":[],"product_brand":[],"product_cat":[137],"product_tag":[],"class_list":{"0":"post-8109","1":"product","2":"type-product","3":"status-publish","5":"product_cat-maros-megyei-eletrajzi-lexikon","7":"first","8":"instock","9":"shipping-taxable","10":"product-type-simple"},"_links":{"self":[{"href":"https:\/\/uj.adatbank.ro\/lexikon\/wp-json\/wp\/v2\/product\/8109","targetHints":{"allow":["GET"]}}],"collection":[{"href":"https:\/\/uj.adatbank.ro\/lexikon\/wp-json\/wp\/v2\/product"}],"about":[{"href":"https:\/\/uj.adatbank.ro\/lexikon\/wp-json\/wp\/v2\/types\/product"}],"replies":[{"embeddable":true,"href":"https:\/\/uj.adatbank.ro\/lexikon\/wp-json\/wp\/v2\/comments?post=8109"}],"wp:attachment":[{"href":"https:\/\/uj.adatbank.ro\/lexikon\/wp-json\/wp\/v2\/media?parent=8109"}],"wp:term":[{"taxonomy":"product_brand","embeddable":true,"href":"https:\/\/uj.adatbank.ro\/lexikon\/wp-json\/wp\/v2\/product_brand?post=8109"},{"taxonomy":"product_cat","embeddable":true,"href":"https:\/\/uj.adatbank.ro\/lexikon\/wp-json\/wp\/v2\/product_cat?post=8109"},{"taxonomy":"product_tag","embeddable":true,"href":"https:\/\/uj.adatbank.ro\/lexikon\/wp-json\/wp\/v2\/product_tag?post=8109"}],"curies":[{"name":"wp","href":"https:\/\/api.w.org\/{rel}","templated":true}]}}