{"id":8124,"date":"2025-06-29T10:15:23","date_gmt":"2025-06-29T08:15:23","guid":{"rendered":"https:\/\/uj.adatbank.ro\/lexikon\/termek\/flori-jozsef\/"},"modified":"2025-06-29T10:15:23","modified_gmt":"2025-06-29T08:15:23","slug":"flori-jozsef","status":"publish","type":"product","link":"https:\/\/uj.adatbank.ro\/lexikon\/termek\/flori-jozsef\/","title":{"rendered":"FL\u00d3RI J\u00f3zsef"},"content":{"rendered":"<p>Illyefalva, 1849. m\u00e1j. 5., \u2020\u00a0Farkaslaka, 1906. okt. 31.: r. k. pl\u00e9b\u00e1nos. \u2013 Sz\u00e9kelyudvarhelyen \u00e9s Gyulafeh\u00e9rv\u00e1ron tanult. Papp\u00e1 szentelt\u00e9k (1877. m\u00e1j. 19.). K\u00e1pl\u00e1n volt K\u00e9zdiszentkereszten \u00e9s Sz\u00e9kelyudvarhelyen. Pl\u00e9b\u00e1nos Gyimesb\u00fckk\u00f6n (1880), Hossz\u00faasz\u00f3n (1887), Jobb\u00e1gyfalv\u00e1n (1895\u20131905). Pl\u00e9b\u00e1nia \u00e9p\u00edt\u00e9s\u00e9t kezdte meg, amit L\u00e1szl\u00f3 Domokos pl\u00e9b\u00e1nos fejezett be (1906). <br \/><strong>Irod.:<\/strong> Cs\u00edkfalva; Ferenczi S\u00e1ndor 2009; Maros-k\u00fck\u00fcll\u0151i f\u0151esp.<\/br><\/p>\n","protected":false},"excerpt":{"rendered":"<p>Illyefalva, 1849. m\u00e1j. 5., \u2020\u00a0Farkaslaka, 1906. okt. 31.: r. k. pl\u00e9b\u00e1nos. \u2013 Sz\u00e9kelyudvarhelyen \u00e9s Gyulafeh\u00e9rv\u00e1ron tanult. Papp\u00e1 szentelt\u00e9k (1877. m\u00e1j. 19.). K\u00e1pl\u00e1n volt K\u00e9zdiszentkereszten \u00e9s Sz\u00e9kelyudvarhelyen. Pl\u00e9b\u00e1nos Gyimesb\u00fckk\u00f6n (1880), Hossz\u00faasz\u00f3n (1887), Jobb\u00e1gyfalv\u00e1n (1895\u20131905). Pl\u00e9b\u00e1nia \u00e9p\u00edt\u00e9s\u00e9t kezdte meg, amit L\u00e1szl\u00f3 Domokos pl\u00e9b\u00e1nos fejezett be (1906). Irod.: Cs\u00edkfalva; Ferenczi S\u00e1ndor 2009; Maros-k\u00fck\u00fcll\u0151i f\u0151esp.<\/p>\n","protected":false},"featured_media":0,"comment_status":"open","ping_status":"closed","template":"","meta":[],"product_brand":[],"product_cat":[137],"product_tag":[],"class_list":{"0":"post-8124","1":"product","2":"type-product","3":"status-publish","5":"product_cat-maros-megyei-eletrajzi-lexikon","7":"first","8":"instock","9":"shipping-taxable","10":"product-type-simple"},"_links":{"self":[{"href":"https:\/\/uj.adatbank.ro\/lexikon\/wp-json\/wp\/v2\/product\/8124","targetHints":{"allow":["GET"]}}],"collection":[{"href":"https:\/\/uj.adatbank.ro\/lexikon\/wp-json\/wp\/v2\/product"}],"about":[{"href":"https:\/\/uj.adatbank.ro\/lexikon\/wp-json\/wp\/v2\/types\/product"}],"replies":[{"embeddable":true,"href":"https:\/\/uj.adatbank.ro\/lexikon\/wp-json\/wp\/v2\/comments?post=8124"}],"wp:attachment":[{"href":"https:\/\/uj.adatbank.ro\/lexikon\/wp-json\/wp\/v2\/media?parent=8124"}],"wp:term":[{"taxonomy":"product_brand","embeddable":true,"href":"https:\/\/uj.adatbank.ro\/lexikon\/wp-json\/wp\/v2\/product_brand?post=8124"},{"taxonomy":"product_cat","embeddable":true,"href":"https:\/\/uj.adatbank.ro\/lexikon\/wp-json\/wp\/v2\/product_cat?post=8124"},{"taxonomy":"product_tag","embeddable":true,"href":"https:\/\/uj.adatbank.ro\/lexikon\/wp-json\/wp\/v2\/product_tag?post=8124"}],"curies":[{"name":"wp","href":"https:\/\/api.w.org\/{rel}","templated":true}]}}