{"id":8138,"date":"2025-06-29T10:15:53","date_gmt":"2025-06-29T08:15:53","guid":{"rendered":"https:\/\/uj.adatbank.ro\/lexikon\/termek\/fodor-antal\/"},"modified":"2025-06-29T10:15:53","modified_gmt":"2025-06-29T08:15:53","slug":"fodor-antal","status":"publish","type":"product","link":"https:\/\/uj.adatbank.ro\/lexikon\/termek\/fodor-antal\/","title":{"rendered":"FODOR Antal"},"content":{"rendered":"<p>Mv., 1807. j\u00fan. 6., \u2020 ?, 1885. j\u00fal. 25.: r. k. pap. \u2013 Tanulm\u00e1nyait Gyulafeh\u00e9rv\u00e1ron v\u00e9gezte. Cs\u00edkszentdomokoson szentelt\u00e9k papp\u00e1 (1830. aug. 20. v. 22. v. 24). Tan\u00e1r volt Szil\u00e1gysomly\u00f3n, k\u00e1pl\u00e1n Gyergy\u00f3szentmikl\u00f3son (1834). Pl\u00e9b\u00e1nos Egrest\u0151n (1835), Atyh\u00e1ban (1838), Cs\u00edkszentdomokoson (1842). R\u00e9szt vett az 1848\u201349-es forradalomban, a forradalom lever\u00e9se ut\u00e1n hal\u00e1lra \u00edt\u00e9lt\u00e9k, amely \u00edt\u00e9letet 12 \u00e9vi v\u00e1rfogs\u00e1gra v\u00e1ltoztattak, Olm\u00fctzben \u00e9s Jozefstadtban raboskodott (1849\u201355). K\u00e1pl\u00e1n Gyimesb\u00fckk\u00f6n (1857). Pl\u00e9b\u00e1nos \u00c1kosfalv\u00e1n (1864\u201369), Feny\u00e9den (1869\u2013). <br \/><strong>Irod.:<\/strong> Ferenczi S\u00e1ndor 2009; P\u00e1l-Antal \u2013 Szab\u00f3, 2.<\/br><\/p>\n","protected":false},"excerpt":{"rendered":"<p>Mv., 1807. j\u00fan. 6., \u2020 ?, 1885. j\u00fal. 25.: r. k. pap. \u2013 Tanulm\u00e1nyait Gyulafeh\u00e9rv\u00e1ron v\u00e9gezte. Cs\u00edkszentdomokoson szentelt\u00e9k papp\u00e1 (1830. aug. 20. v. 22. v. 24). Tan\u00e1r volt Szil\u00e1gysomly\u00f3n, k\u00e1pl\u00e1n Gyergy\u00f3szentmikl\u00f3son (1834). Pl\u00e9b\u00e1nos Egrest\u0151n (1835), Atyh\u00e1ban (1838), Cs\u00edkszentdomokoson (1842). R\u00e9szt vett az 1848\u201349-es forradalomban, a forradalom lever\u00e9se ut\u00e1n hal\u00e1lra \u00edt\u00e9lt\u00e9k, amely \u00edt\u00e9letet 12 \u00e9vi v\u00e1rfogs\u00e1gra [&hellip;]<\/p>\n","protected":false},"featured_media":0,"comment_status":"open","ping_status":"closed","template":"","meta":[],"product_brand":[],"product_cat":[137],"product_tag":[],"class_list":{"0":"post-8138","1":"product","2":"type-product","3":"status-publish","5":"product_cat-maros-megyei-eletrajzi-lexikon","7":"first","8":"instock","9":"shipping-taxable","10":"product-type-simple"},"_links":{"self":[{"href":"https:\/\/uj.adatbank.ro\/lexikon\/wp-json\/wp\/v2\/product\/8138","targetHints":{"allow":["GET"]}}],"collection":[{"href":"https:\/\/uj.adatbank.ro\/lexikon\/wp-json\/wp\/v2\/product"}],"about":[{"href":"https:\/\/uj.adatbank.ro\/lexikon\/wp-json\/wp\/v2\/types\/product"}],"replies":[{"embeddable":true,"href":"https:\/\/uj.adatbank.ro\/lexikon\/wp-json\/wp\/v2\/comments?post=8138"}],"wp:attachment":[{"href":"https:\/\/uj.adatbank.ro\/lexikon\/wp-json\/wp\/v2\/media?parent=8138"}],"wp:term":[{"taxonomy":"product_brand","embeddable":true,"href":"https:\/\/uj.adatbank.ro\/lexikon\/wp-json\/wp\/v2\/product_brand?post=8138"},{"taxonomy":"product_cat","embeddable":true,"href":"https:\/\/uj.adatbank.ro\/lexikon\/wp-json\/wp\/v2\/product_cat?post=8138"},{"taxonomy":"product_tag","embeddable":true,"href":"https:\/\/uj.adatbank.ro\/lexikon\/wp-json\/wp\/v2\/product_tag?post=8138"}],"curies":[{"name":"wp","href":"https:\/\/api.w.org\/{rel}","templated":true}]}}