{"id":8142,"date":"2025-06-29T10:16:03","date_gmt":"2025-06-29T08:16:03","guid":{"rendered":"https:\/\/uj.adatbank.ro\/lexikon\/termek\/fodor-ferenc-%c2%a7-fodor-s-francisc\/"},"modified":"2025-06-29T10:16:03","modified_gmt":"2025-06-29T08:16:03","slug":"fodor-ferenc-%c2%a7-fodor-s-francisc","status":"publish","type":"product","link":"https:\/\/uj.adatbank.ro\/lexikon\/termek\/fodor-ferenc-%c2%a7-fodor-s-francisc\/","title":{"rendered":"FODOR Ferenc, \u00a7 Fodor S. Francisc"},"content":{"rendered":"<p>Gyergy\u00f3kily\u00e9nfalva, 1926. szept. 16. \u2020 Mv., 2000. okt. 17.: szem\u00e9sz orvos, egyetemi tan\u00e1r. Feles\u00e9ge. Farkas Aranka, tan\u00e1rn\u0151. \u2013 Elemi iskol\u00e1ba sz\u00fcl\u0151faluj\u00e1ban, a cs\u00edkszeredai katolikus gimn. tanult, a gyergy\u00f3szentmikl\u00f3si gimn.-ban \u00e9retts\u00e9gizett (1947). Orvosi oklevelet Mv.-en szerzett (1947\u201353), az orvostudom\u00e1nyok doktora: Contribu\u0163i la studiul morfopatologic al tumorilor intraoculare la copil c. t\u00e9zis\u00e9vel (1968). Tov\u00e1bbk\u00e9pz\u00e9sen volt N\u00e9meto.-ban a berlini Szen\u00e1tus \u00f6szt\u00fcnd\u00edj\u00e1val (1972). A p\u00e1ly\u00e1j\u00e1t mint gyakornok kezdte Mv.-en a K\u00f3rbonctani Int\u00e9zetben (1953\u201358). Nevel\u0151i munk\u00e1j\u00e1t a MOGYI-n v\u00e9gezte (1953\u2013) a Szem\u00e9szeti klinik\u00e1n tan\u00e1rseg\u00e9d (1958\u2013), adjunktus (1965\u2013), el\u0151ad\u00f3tan\u00e1r (1972\u2013), professzor (1978\u2013). A mv.-i Szem\u00e9szeti Klinika vezet\u0151je nyugd\u00edjaz\u00e1s\u00e1ig (1972\u201392), kari d\u00e9k\u00e1n (1976\u201385); az orsz\u00e1gos diplomabizotts\u00e1g tagja (1976\u201380). Tagja volt az \u00c1ltal\u00e1nos Orvosi Kar Tan\u00e1cs\u00e1nak \u00e9s az egyetem szen\u00e1tus\u00e1nak. Klinikai vezet\u0151k\u00e9nt ir\u00e1ny\u00edtotta a szakorvosi \u00e9s f\u0151orvosi k\u00e9pz\u00e9st. A RKP KB-nak p\u00f3ttagja (1979. nov. 23. \u2013 1984. nov. 23.), Maros megye Nagynemzetgy\u0171l\u00e9si k\u00e9pvisel\u0151je (1980. m\u00e1rc. 9. \u2013 1985), uo. Az Oktat\u00e1s, Tudom\u00e1ny \u00e9s Kult\u00fara Bizotts\u00e1g titk\u00e1ra. A Tudom\u00e1ny \u00e9s Technol\u00f3gia Nemzeti Tan\u00e1cs\u00e1nak tagja (1980. \u00e1pr. 2. \u2013), a Nevel\u00e9s \u00e9s Oktat\u00e1s Fels\u0151fok\u00fa Bizotts\u00e1g\u00e1nak tagja (1980. m\u00e1j. 9.) A mv.-i \u015etiinta sportsz\u00f6vets\u00e9g eln\u00f6ke volt. Kutat\u00e1si t\u00e9m\u00e1i: a k\u00f3ros elv\u00e1ltoz\u00e1sok sejttani vonatkoz\u00e1sai a szem\u00e9szetben, a gyermekkori szemdaganatok sz\u00f6vettani vizsg\u00e1lata. T\u00f6bb tudom\u00e1nyos rendezv\u00e9ny szervez\u0151je. Kongresszusokon vett r\u00e9szt t\u00f6bb eur\u00f3pai v\u00e1rosban: Berlin, Hamburg, Amsterdam, Giessen, B\u00e9cs, Salonik, Bp., P\u00e1rizs. Tudom\u00e1nyos tev\u00e9kenys\u00e9g\u00e9t 380 dolgozat \u00e9s kb. 200 publik\u00e1ci\u00f3 jellemzi. Szakcikkeit k\u00f6z\u00f6lte a: Jurnalul rom. de Patologie, Orvostudom\u00e1nyi \u00c9rtes\u00edt\u0151. Tagja k\u00f6z\u00e9 sorolta a Rom\u00e1n \u00e9s M. Oftalmologiai T\u00e1rsas\u00e1g, a Balk\u00e1ni Orvosi T\u00e1rsas\u00e1g, a Francia Szem\u00e9szeti T\u00e1rsas\u00e1g, az Eur\u00f3pai Glaucom T\u00e1rsas\u00e1g, a \u201eIulius Hirschberg-Geselschaft\u201d, a Szem\u00e9szet t\u00f6rt\u00e9net\u00e9nek Eur\u00f3pai T\u00e1rsas\u00e1ga. Az RTAkad. Gh. Marinescu d\u00edj\u00e1t nyerte el gyermekszem\u00e9szeti monogr\u00e1fi\u00e1j\u00e1\u00e9rt (1985). A M. Kult\u00fara Lovgja c. t\u00fcntette ki Bp.-en a Falvak Kult\u00far\u00e1j\u00e1\u00e9rt Alap\u00edtv\u00e1ny gy\u00f3gy\u00edt\u00f3 \u00e9s tudom\u00e1nyos munk\u00e1ss\u00e1g\u00e1\u00e9rt (2000. febr. 14). Az Amerikai Egyes\u00fclt \u00c1llamokbeli Amerikai \u00c9letrajzi Int\u00e9zet az \u00e9v ember\u00e9nek v\u00e1lasztotta \u00e9letm\u0171v\u00e9\u00e9rt, szakmai t\u00e9ren el\u00e9rt nemzetk\u00f6zi elismer\u00e9st is ki\u00e9rdeml\u0151 munk\u00e1ss\u00e1g\u00e1\u00e9rt (2000) \u2013 <strong>F. m.:<\/strong> \u00c1ltal\u00e1nos k\u00f3rbonctan (Mv., 1956; Buc, 1959); R\u00e9szletes k\u00f3rbonctan (Mv., 1957); Morfopatologia general\u0103 (Buc., 1959); Contribu\u0163iuni la studiul anatomo-clinic al tumorilor intraoculare la copil. (Cluj, 1967); Szem\u00e9szet (egyetemi tank\u00f6nyv; Mv., 1976); Morfopatologia ochiului (Buc., 1980); Oftalmologie (Buc., 1981, 1991); Electromiografie clinic\u0103 (Buc., 1986); Ultrahangok a biol\u00f3gi\u00e1ban \u00e9s medicin\u00e1ban (Buk., 1986); Ultrasunetele \u00een biologie \u015fi medicin\u0103 (Buc., 1988); Szem\u00e9szet egyetemi hallgat\u00f3k sz\u00e1m\u00e1ra (Mv., 1990); Kily\u00e9nfalva (Mv., 1995); \u00dczenet a l\u00e1t\u00f3knak (Mv., 1996); A szemgy\u00f3gy\u00e1szat \u00e9vsz\u00e1zadai Erd\u00e9lyben (Mv., 2000); <strong>t\u00e1rssz.:<\/strong> \u00c1ltal\u00e1nos k\u00f3rbonctan (Morfopatologia generalis) (Buk., 1959); Curs de oftalmologie (Tg. M., 1978); \u00cendreptar de lucr\u0103ri practice de oftalmologie (Pop D. Popa, Doina-val; Tg. M, 1979); Morfopatologia ochiului \u015fi anexelor sale (Dinulescu, Aretu-vel; Buc., 1981); Oftalmologie (Sireteanu, Lianaval; Buc., 1978; 1981); Gyermek\u00fcnk szeme (M\u00e1rtha Pap Ilon\u00e1val; Kv., 1982); Oftalmologia infantil\u0103 (Pop D. Popa, Doina-val; Buc., 1983); Ultrahangok a biol\u00f3gi\u00e1ban \u00e9s az orvostudom\u00e1nyban (Veres \u00c9v\u00e1val; Buk., 1985); Szem\u00e9szeti funkcion\u00e1lis vizsg\u00e1latok (P\u00e9terffy P, Bp., 1988); \u00cemb\u0103tr\u00e2nire ochilor (Fuguly\u00e1n Gergely; Buc., 1989); Az \u00f6reged\u0151 szem (Fuguly\u00e1n Gergely; Buk., 1989); Szem\u00e9szeti funkcion\u00e1lis vizsg\u00e1latok (Buk., 1989); Oftalmologie (Pop D. Popa, Doina-val; Buc., 1991); Electromiografia musculaturii oculare extrinseci \u015fi a celei velopalatine, faringiene \u015fi laringiene (A\u015fgian, Berdj, Dra\u015foveanu, Constantin-nal; Buc., 1993); Gondvisel\u0151 szem (T\u00f3falvi Zolt\u00e1nnal; Gyergy\u00f3szentmikl\u00f3s, 1997); Az art\u00e9ria tempor\u00e1lis struktur\u00e1lis elv\u00e1ltoz\u00e1sai dyslipoproteinemi\u00e1kban (Kv., 1998); Examinarea bolnavului glaucumatos (Mv., 1999). <br \/><strong>Irod.:<\/strong> Bodolai Gy\u00f6ngyi: Az \u00e9letben nem b\u00e1ntam meg semmit (N\u00fa., 1996. nov. 5.); Cri\u015fan; EMKK; Fodor Feremc 2000; A szem\u00e9szet kialakul\u00e1sa \u00e9s fejl\u0151d\u00e9se Mv.-en; A szem \u00e1br\u00e1zol\u00e1sa a m\u0171v\u00e9szetben = Fodor \u2013T\u00f3falvi; Genersich; Kiss-P.-P..; Magy. prof; Membrii CC al PCR; Nagy Mikl\u00f3s Kund: \u201eMinket a k\u00e9sz\u00fcl\u00e9k soha be nem csapott\u201d (V. Z., 1985. aug. 6.); Nagy Mikl\u00f3s Kund: \u201eTedd, amit tenned kell\u201d (V. Z., 1989. m\u00e1j. 24.); Nagy Mikl\u00f3s Kund: A t\u00e1voz\u00e1sra felsz\u00f3l\u00edtottak n\u00e9vsora (N\u00fa., 1991. j\u00fan. 18.); [Nekrol\u00f3g] (N\u00fa., 2000. okt. 18.); N\u00fa. (2000. febr. 15., 2000. m\u00e1rc. 9.), Barab\u00e1s-P\u00e9ter M.\u2013P\u00e9ter H. M.; RMKK; R\u00e1cz Lajos Ern\u0151: Egy orvosprofesszor eml\u00e9k\u00e9re (N\u00fa., 2000. okt. 31.); R\u00f3zsa M\u00e1ria: Kily\u00e9nfalva (N\u00fa., M\u00fazsa, 233. sz., 1996. febr. 23.); Sz\u00f6ll\u0151si 2009; Tizenk\u00e9t \u00e9v; Who\u2019s Who<\/br><\/p>\n","protected":false},"excerpt":{"rendered":"<p>Gyergy\u00f3kily\u00e9nfalva, 1926. szept. 16. \u2020 Mv., 2000. okt. 17.: szem\u00e9sz orvos, egyetemi tan\u00e1r. Feles\u00e9ge. Farkas Aranka, tan\u00e1rn\u0151. \u2013 Elemi iskol\u00e1ba sz\u00fcl\u0151faluj\u00e1ban, a cs\u00edkszeredai katolikus gimn. tanult, a gyergy\u00f3szentmikl\u00f3si gimn.-ban \u00e9retts\u00e9gizett (1947). Orvosi oklevelet Mv.-en szerzett (1947\u201353), az orvostudom\u00e1nyok doktora: Contribu\u0163i la studiul morfopatologic al tumorilor intraoculare la copil c. t\u00e9zis\u00e9vel (1968). Tov\u00e1bbk\u00e9pz\u00e9sen volt N\u00e9meto.-ban a [&hellip;]<\/p>\n","protected":false},"featured_media":0,"comment_status":"open","ping_status":"closed","template":"","meta":[],"product_brand":[],"product_cat":[137],"product_tag":[],"class_list":{"0":"post-8142","1":"product","2":"type-product","3":"status-publish","5":"product_cat-maros-megyei-eletrajzi-lexikon","7":"first","8":"instock","9":"shipping-taxable","10":"product-type-simple"},"_links":{"self":[{"href":"https:\/\/uj.adatbank.ro\/lexikon\/wp-json\/wp\/v2\/product\/8142","targetHints":{"allow":["GET"]}}],"collection":[{"href":"https:\/\/uj.adatbank.ro\/lexikon\/wp-json\/wp\/v2\/product"}],"about":[{"href":"https:\/\/uj.adatbank.ro\/lexikon\/wp-json\/wp\/v2\/types\/product"}],"replies":[{"embeddable":true,"href":"https:\/\/uj.adatbank.ro\/lexikon\/wp-json\/wp\/v2\/comments?post=8142"}],"wp:attachment":[{"href":"https:\/\/uj.adatbank.ro\/lexikon\/wp-json\/wp\/v2\/media?parent=8142"}],"wp:term":[{"taxonomy":"product_brand","embeddable":true,"href":"https:\/\/uj.adatbank.ro\/lexikon\/wp-json\/wp\/v2\/product_brand?post=8142"},{"taxonomy":"product_cat","embeddable":true,"href":"https:\/\/uj.adatbank.ro\/lexikon\/wp-json\/wp\/v2\/product_cat?post=8142"},{"taxonomy":"product_tag","embeddable":true,"href":"https:\/\/uj.adatbank.ro\/lexikon\/wp-json\/wp\/v2\/product_tag?post=8142"}],"curies":[{"name":"wp","href":"https:\/\/api.w.org\/{rel}","templated":true}]}}