{"id":8149,"date":"2025-06-29T10:16:16","date_gmt":"2025-06-29T08:16:16","guid":{"rendered":"https:\/\/uj.adatbank.ro\/lexikon\/termek\/fodor-ilona\/"},"modified":"2025-06-29T10:16:16","modified_gmt":"2025-06-29T08:16:16","slug":"fodor-ilona","status":"publish","type":"product","link":"https:\/\/uj.adatbank.ro\/lexikon\/termek\/fodor-ilona\/","title":{"rendered":"FODOR Ilona"},"content":{"rendered":"<p>Mv., 1918. szept. 20., \u2020 Sv\u00e1jc, ?: irodalomt\u00f6rt\u00e9n\u00e9sz. \u2013 Kv.-on a Zeneakad. -n szerzett \u00e9nek-zene szakos tan\u00e1ri okl. evelet (1940), az ELTE BTK-n m. -francia-rom\u00e1n szakos tan\u00e1ri diplom\u00e1t (1950), doktor\u00e1lt (1959), az irod. tud. -ok kandid\u00e1tusa (1976). A M\u00e1ria Ter\u00e9zia Le\u00e1nygimn. \u00e9nektan\u00e1ra (1945\u201350), Bp.-en \u00e1lt. iskol\u00e1kban, k\u00f6z\u00e9piskol\u00e1kban tan\u00e1r (1950\u201364), egy\u00fattal a M. R\u00e1di\u00f3 munkat\u00e1rsa (1954\u201357), az Irodalmi Oszt\u00e1ly szerk.-je (1957\u201361), \u00e1lland\u00f3 k\u00fcls\u0151 munkat\u00e1rsa (1961\u201366), lesz\u00e1zal\u00e9kolt\u00e1k (1966). Az ELTE Bart\u00f3k \u00c9nekkar\u00e1nak karnagya. A Francia \u00cdr\u00f3sz\u00f6vets\u00e9g megh\u00edv\u00e1s\u00e1ra f\u00e9l\u00e9ves \u00f6szt\u00f6nd\u00edjjal P\u00e1rizsban vend\u00e9gkutat\u00f3 \u00e9s -el\u0151ad\u00f3 (1972). Ezut\u00e1n Sv\u00e1jcban telepedett le. A m. n\u00e9pzene irodalmi kapcsolataival, Bart\u00f3k, Kod\u00e1ly munk\u00e1ss\u00e1g\u00e1val, a n\u00e9pi \u00edr\u00f3k \u00e9letp\u00e1ly\u00e1j\u00e1nak \u00e9s Illy\u00e9s Gyula \u00e9let\u00fatj\u00e1nak vizsg\u00e1lat\u00e1val foglalkozott. K\u00f6z\u00f6lt a Val\u00f3s\u00e1g, \u00daj \u00cdr\u00e1s c. foly\u00f3iratokban. \u2013 <strong>F. m.:<\/strong> Csak tiszta forr\u00e1sb\u00f3l. M. \u00edr\u00f3k vallom\u00e1sa Bart\u00f3k B\u00e9l\u00e1r\u00f3l. (Bev. Illy\u00e9s Gyula; Bp., 1965); Szembes\u00edt\u00e9s. Illy\u00e9s Gyula \u00e9let\u00fatja P\u00e1rizsig. (Kand. \u00e9rt.; Bp., 1974). Fontosabb r\u00e1di\u00f3m\u0171sorai: Tolnai Lajos (1954); Szab\u00f3 P\u00e1l: Munk\u00e1k \u00e9s napok (1955); Arany J\u00e1nos Nagyk\u0151r\u00f6s\u00f6n (1961); Mozart \u00e9s a k\u00f6lt\u0151k (1962); Wagner \u00e9s az irodalom (1963); Bart\u00f3k \u00e9s a franci\u00e1k (P\u00e1rizsi R\u00e1di\u00f3, 1964). <br \/><strong>Irod.:<\/strong> R\u00daL.<\/br><\/p>\n","protected":false},"excerpt":{"rendered":"<p>Mv., 1918. szept. 20., \u2020 Sv\u00e1jc, ?: irodalomt\u00f6rt\u00e9n\u00e9sz. \u2013 Kv.-on a Zeneakad. -n szerzett \u00e9nek-zene szakos tan\u00e1ri okl. evelet (1940), az ELTE BTK-n m. -francia-rom\u00e1n szakos tan\u00e1ri diplom\u00e1t (1950), doktor\u00e1lt (1959), az irod. tud. -ok kandid\u00e1tusa (1976). A M\u00e1ria Ter\u00e9zia Le\u00e1nygimn. \u00e9nektan\u00e1ra (1945\u201350), Bp.-en \u00e1lt. iskol\u00e1kban, k\u00f6z\u00e9piskol\u00e1kban tan\u00e1r (1950\u201364), egy\u00fattal a M. R\u00e1di\u00f3 munkat\u00e1rsa (1954\u201357), [&hellip;]<\/p>\n","protected":false},"featured_media":0,"comment_status":"open","ping_status":"closed","template":"","meta":[],"product_brand":[],"product_cat":[137],"product_tag":[],"class_list":{"0":"post-8149","1":"product","2":"type-product","3":"status-publish","5":"product_cat-maros-megyei-eletrajzi-lexikon","7":"first","8":"instock","9":"shipping-taxable","10":"product-type-simple"},"_links":{"self":[{"href":"https:\/\/uj.adatbank.ro\/lexikon\/wp-json\/wp\/v2\/product\/8149","targetHints":{"allow":["GET"]}}],"collection":[{"href":"https:\/\/uj.adatbank.ro\/lexikon\/wp-json\/wp\/v2\/product"}],"about":[{"href":"https:\/\/uj.adatbank.ro\/lexikon\/wp-json\/wp\/v2\/types\/product"}],"replies":[{"embeddable":true,"href":"https:\/\/uj.adatbank.ro\/lexikon\/wp-json\/wp\/v2\/comments?post=8149"}],"wp:attachment":[{"href":"https:\/\/uj.adatbank.ro\/lexikon\/wp-json\/wp\/v2\/media?parent=8149"}],"wp:term":[{"taxonomy":"product_brand","embeddable":true,"href":"https:\/\/uj.adatbank.ro\/lexikon\/wp-json\/wp\/v2\/product_brand?post=8149"},{"taxonomy":"product_cat","embeddable":true,"href":"https:\/\/uj.adatbank.ro\/lexikon\/wp-json\/wp\/v2\/product_cat?post=8149"},{"taxonomy":"product_tag","embeddable":true,"href":"https:\/\/uj.adatbank.ro\/lexikon\/wp-json\/wp\/v2\/product_tag?post=8149"}],"curies":[{"name":"wp","href":"https:\/\/api.w.org\/{rel}","templated":true}]}}