{"id":8241,"date":"2025-06-29T10:19:16","date_gmt":"2025-06-29T08:19:16","guid":{"rendered":"https:\/\/uj.adatbank.ro\/lexikon\/termek\/foris-geza\/"},"modified":"2025-06-29T10:19:16","modified_gmt":"2025-06-29T08:19:16","slug":"foris-geza","status":"publish","type":"product","link":"https:\/\/uj.adatbank.ro\/lexikon\/termek\/foris-geza\/","title":{"rendered":"FORIS G\u00e9za"},"content":{"rendered":"<p>K\u00e9nos, 1931. nov. 21., \u2020 K\u00e9nos, 2008. okt. 9.: unit. lelk\u00e9sz. \u2013 Sz\u00fcl\u0151faluj\u00e1ban, majd Sz\u00e9kelyudvarhelyen tanult. A kv.-i Prot. Teol. Unit. Kar\u00e1n v\u00e9gzett (1955). Seg\u00e9dlelk\u00e9sz Iszl\u00f3n (1955\u201357), Pipe \u00e9s Sz\u00e1szn\u00e1das lelk\u00e9sze (1957\u201390), nyugd\u00edjaz\u00e1sa ut\u00e1n Sz\u00e9kelyudvarhelyre, majd K\u00e9nosba k\u00f6lt\u00f6z\u00f6tt. Gy\u0171jt\u00f6tte az inform\u00e1ci\u00f3kat Pipe \u00e9s Sz\u00e1szn\u00e1das monogr\u00e1fi\u00e1j\u00e1hoz. Sz\u00e1szn\u00e1dason imah\u00e1zat \u00e9s lelk\u00e9szi lak\u00e1st v\u00e1s\u00e1rolt saj\u00e1t p\u00e9nz\u00e9n. Szerette volna meg\u00edrni a Pipei Egyh\u00e1zk\u00f6zs\u00e9g \u00e9let\u00e9t, de csak az adatok k\u00f6zl\u00e9s\u00e9ig jutott el. Ezek felhaszn\u00e1l\u00e1s\u00e1val \u00e1ll\u00edtotta \u00f6ssze S\u00e1ndor Szil\u00e1rd: A Pipei Egyh\u00e1zk\u00f6zs\u00e9g t\u00f6rt\u00e9net\u00e9b\u0151l c. kiadv\u00e1nyt (1997). <br \/><strong>Irod.:<\/strong> A Pipei Egyh\u00e1zk\u00f6zs\u00e9g t\u00f6rt\u00e9net\u00e9b\u0151l<\/br><\/p>\n","protected":false},"excerpt":{"rendered":"<p>K\u00e9nos, 1931. nov. 21., \u2020 K\u00e9nos, 2008. okt. 9.: unit. lelk\u00e9sz. \u2013 Sz\u00fcl\u0151faluj\u00e1ban, majd Sz\u00e9kelyudvarhelyen tanult. A kv.-i Prot. Teol. Unit. Kar\u00e1n v\u00e9gzett (1955). Seg\u00e9dlelk\u00e9sz Iszl\u00f3n (1955\u201357), Pipe \u00e9s Sz\u00e1szn\u00e1das lelk\u00e9sze (1957\u201390), nyugd\u00edjaz\u00e1sa ut\u00e1n Sz\u00e9kelyudvarhelyre, majd K\u00e9nosba k\u00f6lt\u00f6z\u00f6tt. Gy\u0171jt\u00f6tte az inform\u00e1ci\u00f3kat Pipe \u00e9s Sz\u00e1szn\u00e1das monogr\u00e1fi\u00e1j\u00e1hoz. Sz\u00e1szn\u00e1dason imah\u00e1zat \u00e9s lelk\u00e9szi lak\u00e1st v\u00e1s\u00e1rolt saj\u00e1t p\u00e9nz\u00e9n. Szerette volna [&hellip;]<\/p>\n","protected":false},"featured_media":0,"comment_status":"open","ping_status":"closed","template":"","meta":[],"product_brand":[],"product_cat":[137],"product_tag":[],"class_list":{"0":"post-8241","1":"product","2":"type-product","3":"status-publish","5":"product_cat-maros-megyei-eletrajzi-lexikon","7":"first","8":"instock","9":"shipping-taxable","10":"product-type-simple"},"_links":{"self":[{"href":"https:\/\/uj.adatbank.ro\/lexikon\/wp-json\/wp\/v2\/product\/8241","targetHints":{"allow":["GET"]}}],"collection":[{"href":"https:\/\/uj.adatbank.ro\/lexikon\/wp-json\/wp\/v2\/product"}],"about":[{"href":"https:\/\/uj.adatbank.ro\/lexikon\/wp-json\/wp\/v2\/types\/product"}],"replies":[{"embeddable":true,"href":"https:\/\/uj.adatbank.ro\/lexikon\/wp-json\/wp\/v2\/comments?post=8241"}],"wp:attachment":[{"href":"https:\/\/uj.adatbank.ro\/lexikon\/wp-json\/wp\/v2\/media?parent=8241"}],"wp:term":[{"taxonomy":"product_brand","embeddable":true,"href":"https:\/\/uj.adatbank.ro\/lexikon\/wp-json\/wp\/v2\/product_brand?post=8241"},{"taxonomy":"product_cat","embeddable":true,"href":"https:\/\/uj.adatbank.ro\/lexikon\/wp-json\/wp\/v2\/product_cat?post=8241"},{"taxonomy":"product_tag","embeddable":true,"href":"https:\/\/uj.adatbank.ro\/lexikon\/wp-json\/wp\/v2\/product_tag?post=8241"}],"curies":[{"name":"wp","href":"https:\/\/api.w.org\/{rel}","templated":true}]}}