{"id":8248,"date":"2025-06-29T10:19:33","date_gmt":"2025-06-29T08:19:33","guid":{"rendered":"https:\/\/uj.adatbank.ro\/lexikon\/termek\/forro-elek-angyalosi\/"},"modified":"2025-06-29T10:19:33","modified_gmt":"2025-06-29T08:19:33","slug":"forro-elek-angyalosi","status":"publish","type":"product","link":"https:\/\/uj.adatbank.ro\/lexikon\/termek\/forro-elek-angyalosi\/","title":{"rendered":"FORR\u00d3 Elek, angyalosi"},"content":{"rendered":"<p>Angyalos, 1813. \u00e1pr. 7., \u2020 Abony, 1893. jan. 25.: honv\u00e9dezredes. \u2013 Gr\u00e1n\u00e1tos hadapr\u00f3d, test\u0151r, majd f\u0151hadnagy (1838), alsz\u00e1zados (1844). A mv.-i korm\u00e1nyz\u00f3 hadi bizottm\u00e1ny parancsnoka (1848. jan. 1. &#8211; febr. 1), azut\u00e1n Segesv\u00e1ron elfoglalta a v\u00e1rat \u00e9s a v\u00e1rost (1848. febr. 17.). Sz\u00e1\u00adzadkapit\u00e1ny (1848. szept.), honv\u00e9d sz\u00e1zados (1848. okt), vez\u00e9rkari \u0151rnagy (1848. dec.). A II. sz\u00e9kely husz\u00e1rezredn\u00e9l szolg\u00e1lt mint f\u0151hadnagy, kapit\u00e1ny, majd \u0151rnagy, a forradalom \u00e9s szabads\u00e1gharc egyik legk\u00e9pzettebb m. katon\u00e1ja, Bem a Mv.-i T\u00e9rparancsnoks\u00e1g parancsnok\u00e1v\u00e1, a mv.-i laktanya parancsnok\u00e1v\u00e1 nevezte ki, mint alezredes (1849. jan.), a R\u00f6gt\u00f6n \u00cdt\u00e9l\u0151 Hadb\u00edr\u00f3s\u00e1g eln\u00f6ke Mv.-en. Hat \u00e1gy\u00fat adom\u00e1nyozott a v\u00e1rosnak, \u00fajraalak\u00edtotta a nemzet\u0151rs\u00e9get, elkoboztatta a sz\u00f6k\u00e9sben l\u00e9v\u0151 \u00e1rul\u00f3k vagyon\u00e1t. Az. elpuszt\u00edtott polg\u00e1ri javak k\u00e1rt\u00e9r\u00edt\u00e9s\u00e9t, visszaszerz\u00e9s\u00e9t int\u00e9zte, de t\u00falkap\u00e1sokat is k\u00f6vetett el pl. Farag\u00f3 Ill\u00e9s ort. esperes \u00e9s Tromitas Partenie esperes eset\u00e9ben, akikt\u0151l jogtalanul is elvette javaikat. H\u0151s tettei k\u00f6z\u00fcl egyike a legjelent\u0151sebbeknek Segesv\u00e1r elfoglal\u00e1sa (1849. febr. 16). Pet\u0151fivel tal\u00e1lkozott, csod\u00e1lta \u0151t, k\u00f6lt\u00e9szet\u00e9nek lelkes h\u00edve volt. A d\u00e9vai hadoszt\u00e1ly pa\u00adrancsnoka, ezredes (1849. \u00e1pr. \u2013), Bem utas\u00ed\u00adt\u00e1s\u00e1ra csapatainak nagy r\u00e9sz\u00e9vel a Sz\u00e9kely\u00adf\u00f6ldre vonult. Nagyszebenben csat\u00adlakozott Bem f\u0151sereg\u00e9hez (1849. aug. \u2013), a Nagyszebenn\u00e9l elszenvedett d\u00f6nt\u0151 veres\u00e9g ut\u00e1n D\u00e9v\u00e1n\u00e1l adta meg mag\u00e1t (1949. aug. 6.). A fegyverlet\u00e9tel ut\u00e1n fogs\u00e1gba esett \u00e9s hat\u00e9vi v\u00e1rfogs\u00e1gra it\u00e9lt\u00e9k ahonnan kegyelem \u00fatj\u00e1n szabadult (1851), ezut\u00e1n Abonyban \u00e9lt, hadtudom\u00e1nyokkal foglalkozott. Napl\u00f3jegyzetei kiadatlanok. \u2013 <strong>F. m.:<\/strong> Felsz\u00f3l\u00edt\u00e1s Marossz\u00e9k lak\u00f3ihoz G\u00f6rg\u00e9ny vid\u00e9ke leend\u0151 telep\u00edt\u00e9se \u00fcgy\u00e9ben (Mv., 1849). <br \/><strong>Irod.:<\/strong> 1848\u20131849 Marossz\u00e9k; 1848\u20131849 Transilvania; Id\u0151t\u00e1r 2; P\u00e1l-Antal; P\u00e1l-Antal 2002; Rugonfalvi Kiss; Szinnyei; Szinnyei J.; Transilvania 1848\u201349; \u00daM\u00c9L<\/br><\/p>\n","protected":false},"excerpt":{"rendered":"<p>Angyalos, 1813. \u00e1pr. 7., \u2020 Abony, 1893. jan. 25.: honv\u00e9dezredes. \u2013 Gr\u00e1n\u00e1tos hadapr\u00f3d, test\u0151r, majd f\u0151hadnagy (1838), alsz\u00e1zados (1844). A mv.-i korm\u00e1nyz\u00f3 hadi bizottm\u00e1ny parancsnoka (1848. jan. 1. &#8211; febr. 1), azut\u00e1n Segesv\u00e1ron elfoglalta a v\u00e1rat \u00e9s a v\u00e1rost (1848. febr. 17.). Sz\u00e1\u00adzadkapit\u00e1ny (1848. szept.), honv\u00e9d sz\u00e1zados (1848. okt), vez\u00e9rkari \u0151rnagy (1848. dec.). A II. [&hellip;]<\/p>\n","protected":false},"featured_media":0,"comment_status":"open","ping_status":"closed","template":"","meta":[],"product_brand":[],"product_cat":[137],"product_tag":[],"class_list":{"0":"post-8248","1":"product","2":"type-product","3":"status-publish","5":"product_cat-maros-megyei-eletrajzi-lexikon","7":"first","8":"instock","9":"shipping-taxable","10":"product-type-simple"},"_links":{"self":[{"href":"https:\/\/uj.adatbank.ro\/lexikon\/wp-json\/wp\/v2\/product\/8248","targetHints":{"allow":["GET"]}}],"collection":[{"href":"https:\/\/uj.adatbank.ro\/lexikon\/wp-json\/wp\/v2\/product"}],"about":[{"href":"https:\/\/uj.adatbank.ro\/lexikon\/wp-json\/wp\/v2\/types\/product"}],"replies":[{"embeddable":true,"href":"https:\/\/uj.adatbank.ro\/lexikon\/wp-json\/wp\/v2\/comments?post=8248"}],"wp:attachment":[{"href":"https:\/\/uj.adatbank.ro\/lexikon\/wp-json\/wp\/v2\/media?parent=8248"}],"wp:term":[{"taxonomy":"product_brand","embeddable":true,"href":"https:\/\/uj.adatbank.ro\/lexikon\/wp-json\/wp\/v2\/product_brand?post=8248"},{"taxonomy":"product_cat","embeddable":true,"href":"https:\/\/uj.adatbank.ro\/lexikon\/wp-json\/wp\/v2\/product_cat?post=8248"},{"taxonomy":"product_tag","embeddable":true,"href":"https:\/\/uj.adatbank.ro\/lexikon\/wp-json\/wp\/v2\/product_tag?post=8248"}],"curies":[{"name":"wp","href":"https:\/\/api.w.org\/{rel}","templated":true}]}}