{"id":8378,"date":"2025-06-29T10:24:03","date_gmt":"2025-06-29T08:24:03","guid":{"rendered":"https:\/\/uj.adatbank.ro\/lexikon\/termek\/fulop-denes-%c2%a7-2\/"},"modified":"2025-06-29T10:24:03","modified_gmt":"2025-06-29T08:24:03","slug":"fulop-denes-%c2%a7-2","status":"publish","type":"product","link":"https:\/\/uj.adatbank.ro\/lexikon\/termek\/fulop-denes-%c2%a7-2\/","title":{"rendered":"F\u00dcL\u00d6P D\u00e9nes, \u00a7"},"content":{"rendered":"<p>Geges, 1938. m\u00e1j. 17., \u2020 Makfalva, 1996. dec. 29.: tan\u00e1r, helyt\u00f6rt\u00e9n\u00e9sz. \u2013 F. Andr\u00e1s f\u00f6ldm\u0171ves \u00e9s Lidia fia. Feles\u00e9ge F\u00fcl\u00f6p Ir\u00e9n tan\u00e1rn\u0151. \u2013 Sz\u00fcl\u0151faluj\u00e1ban \u00e9s Makfalv\u00e1n j\u00e1rt iskol\u00e1ba, Sz\u00e9kelyudvarhelyen tan\u00edt\u00f3i k\u00e9pes\u00edt\u00e9st szerzett (1951\u201355); Mv.-en a Tan\u00e1rk\u00e9pz\u0151 F\u0151iskol\u00e1n m. -t\u00f6rt. szakon v\u00e9gzett (1962\u201365); I. fokozati vizsg\u00e1t tett (1974), dolgozat\u00e1nak a c\u00edme: Makfalva k\u00f6zs\u00e9g n\u00e9prajzi m\u00fazeum\u00e1nak megszervez\u00e9se \u00e9s m\u0171k\u00f6dtet\u00e9se, az iskolai kis etnogr\u00e1fusok k\u00f6r\u00e9nek hozz\u00e1j\u00e1rul\u00e1sa a n\u00e9prajzi anyag felt\u00e1r\u00e1s\u00e1hoz, gy\u0171jt\u00e9s\u00e9hez \u00e9s rendszerez\u00e9s\u00e9hez. M\u00e1rkod, Kend\u0151 \u00e9s Cs\u0151b iskol\u00e1i az els\u0151 munkahelyei (1956\u201359). F\u00fcggetlen kult\u00farotthon igazgat\u00f3 Erd\u0151szenrgy\u00f6rgy\u00f6n (1960\u201361). Makfalv\u00e1n m. nyelv \u00e9s irodalom tan\u00e1r hal\u00e1l\u00e1ig (1965\u201396). Nev\u00e9hez f\u0171z\u0151dik az irodalmi sz\u00ednpad l\u00e9trehoz\u00e1sa (1968\u2013), a helyi m\u00fazeum megalap\u00edt\u00e1sa (1974), a N\u00e9prajzi M\u00fazeum vezet\u0151je (1975\u2013), Kusztos Endre \u00e9s Suba L\u00e1szl\u00f3 \u00e1lland\u00f3 ki\u00e1ll\u00edt\u00e1s\u00e1nak gondoz\u00f3ja; a Pet\u0151fi S\u00e1ndor M\u0171vel\u0151d\u00e9si Egyes\u00fclet vezet\u0151 tan\u00e1cs\u00e1nak tagja (1990\u2013); a k\u00e9pz\u0151m\u0171v\u00e9szeti ny\u00e1ri alkot\u00f3t\u00e1bor l\u00e9trehoz\u00f3ja (1991\u2013), (amely felvette Nagy P\u00e1l mv.-i fest\u0151m\u0171v\u00e9sz nev\u00e9t, 1999), a makfalvi Wessel\u00e9nyi M\u0171vel\u0151d\u00e9si Egylet eln\u00f6ke (1990\u2013). J\u00f3nak l\u00e1tta megismertetni Makfalva lak\u00f3saival a kort\u00e1rs erd\u00e9lyi m. irodalmat, megh\u00edvta S\u00fct\u0151 Andr\u00e1st, K\u00e1ny\u00e1di S\u00e1ndort, Bajor Andort. Az irodalmi esteket m\u0171v\u00e9szeti ki\u00e1ll\u00edt\u00e1sok k\u00f6vett\u00e9k. Jelent\u0151s a helyt\u00f6rt\u00e9neti munk\u00e1ss\u00e1ga. Makfalvi fazekass\u00e1g c. dolgozat\u00e1val 2. d\u00edjat nyert a bp.-i N\u00e9prajzi M\u00fazeum p\u00e1ly\u00e1zat\u00e1n (1994). A gyermekekkel elkezdte a helyt\u00f6rt\u00e9neti kutat\u00e1st, \u00edgy egy kis helyt\u00f6rt\u00e9neti m\u00fazeum j\u00f6tt \u00f6ssze, amelyet k\u00e9s\u0151bb a kib\u0151v\u00edtett D\u00f3sa D\u00e1niel kuri\u00e1ba helyezett el. Kutat\u00e1si ter\u00fclete: Makfalva helynevei \u00e9s t\u00f6rt\u00e9nete. <strong>Cikkei:<\/strong> Korunk, NyIRK, A H\u00e9t, Falvak Dolgoz\u00f3 N\u00e9pe, El\u0151re, Rom\u00e1nai M. Sz\u00f3, M\u0171vel\u0151d\u00e9s, Val\u00f3s\u00e1g, Tan\u00fcgyi \u00dajs\u00e1g, N\u00fa. A falur\u00f3l sz\u00f3l\u00f3 els\u0151 \u00edr\u00e1sos eml\u00e9k 500. \u00e9vfordul\u00f3j\u00e1n szervezett falunap alkalmav\u00e1l a falum\u00fazeum felvette a nev\u00e9t (2007. j\u00fal.). \u2013 <strong>F. m.:<\/strong> Makfalva monogr\u00e1fi\u00e1ja: G\u00e9pirat (1984); Makfalva helynevei (Bp., 1998); \u201eBesz\u00e9li a vil\u00e1g, hogy mi magyarok.\u201d : M. t\u00f6rt\u00e9neti mond\u00e1k (Bp., 1999). <br \/><strong>Irod.:<\/strong> B\u00f6l\u00f6ni Domokos: Egy vid\u00e9ki Musz\u00e1j-Herkules (N\u00fa., Sz\u00ednes Vil\u00e1g, 2007. j\u00fal. 21.); G\u00e1lfalvi Art\u00far B\u00e9la: Makfalva (2005); KKACs; Kusz\u00e1lik; Lokodi Imre: D. D. -re eml\u00e9kezve (1\u20132) (N\u00fa., 2001. febr. 6., 2001. febr. 7.); Makfalvi okt. t\u00f6rt.; Sepsisz\u00e9ki<\/br><\/p>\n","protected":false},"excerpt":{"rendered":"<p>Geges, 1938. m\u00e1j. 17., \u2020 Makfalva, 1996. dec. 29.: tan\u00e1r, helyt\u00f6rt\u00e9n\u00e9sz. \u2013 F. Andr\u00e1s f\u00f6ldm\u0171ves \u00e9s Lidia fia. Feles\u00e9ge F\u00fcl\u00f6p Ir\u00e9n tan\u00e1rn\u0151. \u2013 Sz\u00fcl\u0151faluj\u00e1ban \u00e9s Makfalv\u00e1n j\u00e1rt iskol\u00e1ba, Sz\u00e9kelyudvarhelyen tan\u00edt\u00f3i k\u00e9pes\u00edt\u00e9st szerzett (1951\u201355); Mv.-en a Tan\u00e1rk\u00e9pz\u0151 F\u0151iskol\u00e1n m. -t\u00f6rt. szakon v\u00e9gzett (1962\u201365); I. fokozati vizsg\u00e1t tett (1974), dolgozat\u00e1nak a c\u00edme: Makfalva k\u00f6zs\u00e9g n\u00e9prajzi m\u00fazeum\u00e1nak megszervez\u00e9se [&hellip;]<\/p>\n","protected":false},"featured_media":0,"comment_status":"open","ping_status":"closed","template":"","meta":[],"product_brand":[],"product_cat":[137],"product_tag":[],"class_list":{"0":"post-8378","1":"product","2":"type-product","3":"status-publish","5":"product_cat-maros-megyei-eletrajzi-lexikon","7":"first","8":"instock","9":"shipping-taxable","10":"product-type-simple"},"_links":{"self":[{"href":"https:\/\/uj.adatbank.ro\/lexikon\/wp-json\/wp\/v2\/product\/8378","targetHints":{"allow":["GET"]}}],"collection":[{"href":"https:\/\/uj.adatbank.ro\/lexikon\/wp-json\/wp\/v2\/product"}],"about":[{"href":"https:\/\/uj.adatbank.ro\/lexikon\/wp-json\/wp\/v2\/types\/product"}],"replies":[{"embeddable":true,"href":"https:\/\/uj.adatbank.ro\/lexikon\/wp-json\/wp\/v2\/comments?post=8378"}],"wp:attachment":[{"href":"https:\/\/uj.adatbank.ro\/lexikon\/wp-json\/wp\/v2\/media?parent=8378"}],"wp:term":[{"taxonomy":"product_brand","embeddable":true,"href":"https:\/\/uj.adatbank.ro\/lexikon\/wp-json\/wp\/v2\/product_brand?post=8378"},{"taxonomy":"product_cat","embeddable":true,"href":"https:\/\/uj.adatbank.ro\/lexikon\/wp-json\/wp\/v2\/product_cat?post=8378"},{"taxonomy":"product_tag","embeddable":true,"href":"https:\/\/uj.adatbank.ro\/lexikon\/wp-json\/wp\/v2\/product_tag?post=8378"}],"curies":[{"name":"wp","href":"https:\/\/api.w.org\/{rel}","templated":true}]}}