{"id":8388,"date":"2025-06-29T10:24:24","date_gmt":"2025-06-29T08:24:24","guid":{"rendered":"https:\/\/uj.adatbank.ro\/lexikon\/termek\/fulop-ferenc-%c2%a7\/"},"modified":"2025-06-29T10:24:24","modified_gmt":"2025-06-29T08:24:24","slug":"fulop-ferenc-%c2%a7","status":"publish","type":"product","link":"https:\/\/uj.adatbank.ro\/lexikon\/termek\/fulop-ferenc-%c2%a7\/","title":{"rendered":"F\u00dcL\u00d6P Ferenc, \u00a7"},"content":{"rendered":"<p>Parajd, 1903. \u00e1pr. 1., \u2020\u00a01959. m\u00e1rc. 1. : ref. lelk\u00e9sz, egyh\u00e1zmegyei f\u0151jegyz\u0151. \u2013 Mv.-en a Ref. Koll.-ban \u00e9retts\u00e9gizett (1923), majd a kv.-i Ref. Teol\u00f3gi\u00e1n szentelt\u00e9k papp\u00e1 (1927), \u00f6szt\u00f6nd\u00edjjal az utrechti egyetemen folytatta tanulm\u00e1nyait. K\u00f6zben megtekintette Eur\u00f3pa nagyobb v\u00e1ros\u00e1nak templomait, k\u00f6nyvt\u00e1rait, k\u00e9pt\u00e1rait. Ref. lelk\u00e9sz Erd\u0151szentgy\u00f6rgy\u00f6n (1929\u2013), a bekecsalji ref. egyh\u00e1zmegye f\u0151jegyz\u0151je (1939\u2013), a MP eln\u00f6ke, v\u00e1rmegyei int\u00e9z\u0151bizotts\u00e1gi tag. Kellemetlens\u00e9gei ad\u00f3dtak a politikai rendszerekkel mert: k\u00fczd\u00f6tt az elemi iskola m. nyelv\u0171 tagozat\u00e1nak fel\u00e1ll\u00edt\u00e1s\u00e1\u00e9rt, sikertelen\u00fcl; a vas\u00e1rnapi iskol\u00e1ban m. \u00edrni-olvas\u00e1s\u00e1ra tan\u00edtotta a gyermekeket, ez\u00e9rt pert ind\u00edtottak ellene \u00e9s hatalmas p\u00e9nzb\u00fcntet\u00e9st kapott; a falu zsid\u00f3 lakoss\u00e1g\u00e1nak megment\u00e9s\u00e9\u00e9rt k\u00fczd\u00f6tt, ez\u00e9rt a nyilasok \u00fcld\u00f6zt\u00e9k; az ateizmus \u00e9vei alatt \u00fcld\u00f6zt\u00e9k a h\u00edvek vall\u00e1soss\u00e1g\u00e1\u00e9rt, ez\u00e9rt erk\u00f6lcsileg pr\u00f3b\u00e1lt\u00e1k lej\u00e1ratni a falu k\u00f6z\u00f6ss\u00e9ge el\u0151tt, majd kul\u00e1klist\u00e1ra tett\u00e9k. A szekuritat\u00e9 elvitte (1952. aug. 15. \u00e9jjel). Mv.-en, Buk. melleti Dudu nev\u0171 tany\u00e1n \u0151rizt\u00e9k, agyv\u00e9rz\u00e9st kapott, majd a V\u0103c\u0103re\u015fti b\u00f6rt\u00f6n\u00e9ben raboskodott szabadul\u00e1s\u00e1ig (1954. j\u00fan. 17.). Testi ereje soha nem t\u00e9rt vissza, de hal\u00e1l\u00e1ig gondoskodott h\u00edveir\u0151l \u00e9s tempolm\u00e1r\u00f3l, ahova Debreczeni L\u00e1szl\u00f3 tervezte \u00e9s Szerv\u00e1tiusz Jen\u0151 faragta \u00faj \u00farasztalt k\u00e9sz\u00edtetett \u00e9s nagyharangot szereltetett. \u2013 <strong>F. m.:<\/strong> Krisztus kir\u00e1lys\u00e1g\u00e1\u00e9rt: Kuyper \u00c1brah\u00e1m \u00e9lete \u00e9s munk\u00e1ss\u00e1ga (Kv., 1939). <br \/><strong>Irod.:<\/strong> Akik im\u00e1dkoztak; Guly\u00e1s; Nagy \u2013Attila dr., f\u0151orvos: Appendix az erd\u0151szentgy\u00f6rgyi reform\u00e1tus templom t\u00f6rt\u00e9net\u00e9hez (N\u00e9p\u00fajs\u00e1g, 2023. j\u00fal. 14.); Ref. egyetemes n\u00e9vt\u00e1r; Sz\u00e9kelyf\u00f6ld \u00ed. k.<\/br><\/p>\n","protected":false},"excerpt":{"rendered":"<p>Parajd, 1903. \u00e1pr. 1., \u2020\u00a01959. m\u00e1rc. 1. : ref. lelk\u00e9sz, egyh\u00e1zmegyei f\u0151jegyz\u0151. \u2013 Mv.-en a Ref. Koll.-ban \u00e9retts\u00e9gizett (1923), majd a kv.-i Ref. Teol\u00f3gi\u00e1n szentelt\u00e9k papp\u00e1 (1927), \u00f6szt\u00f6nd\u00edjjal az utrechti egyetemen folytatta tanulm\u00e1nyait. K\u00f6zben megtekintette Eur\u00f3pa nagyobb v\u00e1ros\u00e1nak templomait, k\u00f6nyvt\u00e1rait, k\u00e9pt\u00e1rait. Ref. lelk\u00e9sz Erd\u0151szentgy\u00f6rgy\u00f6n (1929\u2013), a bekecsalji ref. egyh\u00e1zmegye f\u0151jegyz\u0151je (1939\u2013), a MP eln\u00f6ke, v\u00e1rmegyei [&hellip;]<\/p>\n","protected":false},"featured_media":0,"comment_status":"open","ping_status":"closed","template":"","meta":[],"product_brand":[],"product_cat":[137],"product_tag":[],"class_list":{"0":"post-8388","1":"product","2":"type-product","3":"status-publish","5":"product_cat-maros-megyei-eletrajzi-lexikon","7":"first","8":"instock","9":"shipping-taxable","10":"product-type-simple"},"_links":{"self":[{"href":"https:\/\/uj.adatbank.ro\/lexikon\/wp-json\/wp\/v2\/product\/8388","targetHints":{"allow":["GET"]}}],"collection":[{"href":"https:\/\/uj.adatbank.ro\/lexikon\/wp-json\/wp\/v2\/product"}],"about":[{"href":"https:\/\/uj.adatbank.ro\/lexikon\/wp-json\/wp\/v2\/types\/product"}],"replies":[{"embeddable":true,"href":"https:\/\/uj.adatbank.ro\/lexikon\/wp-json\/wp\/v2\/comments?post=8388"}],"wp:attachment":[{"href":"https:\/\/uj.adatbank.ro\/lexikon\/wp-json\/wp\/v2\/media?parent=8388"}],"wp:term":[{"taxonomy":"product_brand","embeddable":true,"href":"https:\/\/uj.adatbank.ro\/lexikon\/wp-json\/wp\/v2\/product_brand?post=8388"},{"taxonomy":"product_cat","embeddable":true,"href":"https:\/\/uj.adatbank.ro\/lexikon\/wp-json\/wp\/v2\/product_cat?post=8388"},{"taxonomy":"product_tag","embeddable":true,"href":"https:\/\/uj.adatbank.ro\/lexikon\/wp-json\/wp\/v2\/product_tag?post=8388"}],"curies":[{"name":"wp","href":"https:\/\/api.w.org\/{rel}","templated":true}]}}