{"id":8446,"date":"2025-06-29T10:26:20","date_gmt":"2025-06-29T08:26:20","guid":{"rendered":"https:\/\/uj.adatbank.ro\/lexikon\/termek\/gaal-sandor-csikszentgyorgyi-gal-sandor\/"},"modified":"2025-06-29T10:26:20","modified_gmt":"2025-06-29T08:26:20","slug":"gaal-sandor-csikszentgyorgyi-gal-sandor","status":"publish","type":"product","link":"https:\/\/uj.adatbank.ro\/lexikon\/termek\/gaal-sandor-csikszentgyorgyi-gal-sandor\/","title":{"rendered":"GA\u00c1L S\u00e1ndor, cs\u00edkszentgy\u00f6rgyi; G\u00e1l S\u00e1ndor"},"content":{"rendered":"<p>Cs\u00edkszentgy\u00f6rgy, 1817. szept. 21., \u2020\u00a0Nocera, 1866. j\u00fan. 17.: honv\u00e9d t\u00e1bornok. -Alhadnagy (1842), hadnagy, a sz\u00e9kelyf\u00f6ldi m. csapatok vez\u00e9rkari f\u0151n\u00f6ke (1848. okt. \u2013), honv\u00e9d sz\u00e1zados (1848. nov.), \u0151rnagy (1848. dec), ezredes (1849. febr.), vez\u00e9r\u0151rnagy (1849. j\u00fal.). \u2013 Erd\u00e9lyben r\u00e9szt vett a 11\u201314. honv\u00e9dz\u00e1szl\u00f3alj szervez\u00e9s\u00e9ben (1848. aug.). A marossz\u00e9ki dand\u00e1r vez\u00e9rkari tisztje (1848. nov. \u2013), majd Dobay K\u00e1roly ezredes, h\u00e1romsz\u00e9ki f\u0151parancsnok seg\u00e9dtisztje. M\u00e9sz\u00e1ros L\u00e1z\u00e1r, had\u00fcgyminiszter, Sz\u00e9kelyf\u00f6ld teljhatalm\u00fa parancsnok\u00e1v\u00e1 nevezte ki (1849. m\u00e1rc. 17.). 10 000 embert fegyverezett fel \u00e9s k\u00fcld\u00f6tt a t\u00e1bornok sereg\u00e9be (1849. m\u00e1rc. k\u00f6zep\u00e9ig). A ny\u00e1ri hadj\u00e1rat kezdet\u00e9n a sz\u00e9kelyf\u00f6ldi hadoszt\u00e1ly parancsnoka volt (1849. j\u00fan.). Bemmel egy\u00fctt sikeres ellent\u00e1mad\u00e1st ind\u00edtott, Sepsiszentgy\u00f6rgyn\u00e9l meg\u00e1ll\u00edtotta az ellens\u00e9ges csapatok \u00fajabb el\u0151nyomul\u00e1s\u00e1t (1849. j\u00fal. 23.), v\u00e9g\u00fcl az osztr\u00e1k-orosz csapatok j\u00fal. v\u00e9gi \u00e1ltal\u00e1nos t\u00e1mad\u00e1sa k\u00f6vetkezt\u00e9ben kiszorult a Sz\u00e9kelyf\u00f6ldr\u0151l. \u201eNevezetes, hogy 1849-be, augusztus hav\u00e1ba egy h\u00e9tf\u0151 nap estefel\u00e9 itten [K\u00f6rtv\u00e9lyf\u00e1j\u00e1n] h\u00fazodott kereszt\u00fcl a Maroson G. S. forradalmi vez\u00e9r a t\u00e1bor\u00e1val \u00e9s 18 \u00e1gy\u00faval, b\u00e1r a muszk\u00e1k mindenfel\u0151l \u0151rizt\u00e9k.\u201d Emigr\u00e1lt, Kossuth megb\u00edzta egy f\u00fcggetlens\u00e9gi szervezked\u00e9s vezet\u00e9s\u00e9vel. Az olaszo.-i M. L\u00e9gi\u00f3 tagja (1860\u2013). Beb\u00f6rt\u00f6n\u00f6zt\u00e9k, elm\u00e9je elborult. <br \/><strong>Irod.:<\/strong> 1848\u20131849 Marossz\u00e9k; D\u00f3sa Elek: Marossz\u00e9k (Hadt\u00f6rt\u00e9nelmi k\u00f6zlem\u00e9nyek, 1. sz., 2012. m\u00e1rc.); P\u00e1l-Antal 2002; Pesty 2014; \u00daM\u00c9L<\/br><\/p>\n","protected":false},"excerpt":{"rendered":"<p>Cs\u00edkszentgy\u00f6rgy, 1817. szept. 21., \u2020\u00a0Nocera, 1866. j\u00fan. 17.: honv\u00e9d t\u00e1bornok. -Alhadnagy (1842), hadnagy, a sz\u00e9kelyf\u00f6ldi m. csapatok vez\u00e9rkari f\u0151n\u00f6ke (1848. okt. \u2013), honv\u00e9d sz\u00e1zados (1848. nov.), \u0151rnagy (1848. dec), ezredes (1849. febr.), vez\u00e9r\u0151rnagy (1849. j\u00fal.). \u2013 Erd\u00e9lyben r\u00e9szt vett a 11\u201314. honv\u00e9dz\u00e1szl\u00f3alj szervez\u00e9s\u00e9ben (1848. aug.). A marossz\u00e9ki dand\u00e1r vez\u00e9rkari tisztje (1848. nov. \u2013), majd Dobay [&hellip;]<\/p>\n","protected":false},"featured_media":0,"comment_status":"open","ping_status":"closed","template":"","meta":[],"product_brand":[],"product_cat":[137],"product_tag":[],"class_list":{"0":"post-8446","1":"product","2":"type-product","3":"status-publish","5":"product_cat-maros-megyei-eletrajzi-lexikon","7":"first","8":"instock","9":"shipping-taxable","10":"product-type-simple"},"_links":{"self":[{"href":"https:\/\/uj.adatbank.ro\/lexikon\/wp-json\/wp\/v2\/product\/8446","targetHints":{"allow":["GET"]}}],"collection":[{"href":"https:\/\/uj.adatbank.ro\/lexikon\/wp-json\/wp\/v2\/product"}],"about":[{"href":"https:\/\/uj.adatbank.ro\/lexikon\/wp-json\/wp\/v2\/types\/product"}],"replies":[{"embeddable":true,"href":"https:\/\/uj.adatbank.ro\/lexikon\/wp-json\/wp\/v2\/comments?post=8446"}],"wp:attachment":[{"href":"https:\/\/uj.adatbank.ro\/lexikon\/wp-json\/wp\/v2\/media?parent=8446"}],"wp:term":[{"taxonomy":"product_brand","embeddable":true,"href":"https:\/\/uj.adatbank.ro\/lexikon\/wp-json\/wp\/v2\/product_brand?post=8446"},{"taxonomy":"product_cat","embeddable":true,"href":"https:\/\/uj.adatbank.ro\/lexikon\/wp-json\/wp\/v2\/product_cat?post=8446"},{"taxonomy":"product_tag","embeddable":true,"href":"https:\/\/uj.adatbank.ro\/lexikon\/wp-json\/wp\/v2\/product_tag?post=8446"}],"curies":[{"name":"wp","href":"https:\/\/api.w.org\/{rel}","templated":true}]}}