{"id":8498,"date":"2025-06-29T10:28:05","date_gmt":"2025-06-29T08:28:05","guid":{"rendered":"https:\/\/uj.adatbank.ro\/lexikon\/termek\/gal-domokos-%c2%a7-hilibi-nemes-gall-domokos\/"},"modified":"2025-06-29T10:28:05","modified_gmt":"2025-06-29T08:28:05","slug":"gal-domokos-%c2%a7-hilibi-nemes-gall-domokos","status":"publish","type":"product","link":"https:\/\/uj.adatbank.ro\/lexikon\/termek\/gal-domokos-%c2%a7-hilibi-nemes-gall-domokos\/","title":{"rendered":"G\u00c1L Domokos, \u00a7 hilibi nemes, G\u00e1ll Domokos"},"content":{"rendered":"<p>1849., \u2020 Dics\u0151szentm\u00e1rton, 1900. febr. 1. alisp\u00e1n, husz\u00e1rf\u0151hadnagy. \u2013 J\u00e1nos (1799\u20131891) \u00e9s Pekry Karolina fia. Feles\u00e9ge nagyajtai Cserey Ilona Hel\u00e9n. Gyermekeik: Ilona iv\u00e1nfalvi Eperjesy B\u00e9l\u00e1n\u00e9; Rosenthal G\u00e1l M\u00e1ria diosadi Vargha Andr\u00e1sn\u00e9; Rosenthal G\u00e1l Elza. \u2013 Kisk\u00fck\u00fcll\u0151 vm. alisp\u00e1nja Bethlen G\u00e1bor f\u0151isp\u00e1ns\u00e1ga idej\u00e9n, k\u00f6zigazgat\u00e1si k\u00e9rd\u00e9sek jogi szak\u00e9rt\u0151je. Az EMKE alap\u00edt\u00f3 \u00e9s v\u00e1lasztott v\u00e1lasztm\u00e1nyi tagja (1885\u20131900). Rendezv\u00e9nyeket szervezett \u00e9s azok bev\u00e9tel\u00e9t az EMKE jav\u00e1ra ford\u00edtotta, a k\u00f6zponti Seg\u00e9lyez\u0151 bizotts\u00e1gnak el\u0151ad\u00f3ja, ut\u00f3bb megyei v\u00e1lasztott eln\u00f6k volt. Inditv\u00e1nyozta m\u00e1r az alakul\u00f3 k\u00f6zgy\u0171l\u00e9sen egy nagyszab\u00e1s\u00fa erd\u00e9lyi f\u00f6ldhitelint\u00e9zet l\u00e9trehoz\u00e1s\u00e1t. Alisp\u00e1ns\u00e1ga idej\u00e9n \u00e9p\u00fclt a Kisk\u00fck\u00fcll\u0151 megyei sz\u00e9kh\u00e1z, dics\u0151szentm\u00e1rtoni k\u00f3rh\u00e1z (felavatt\u00e1k: 1898. \u00e1pr. 11.), a megyei vicin\u00e1lis vas\u00fat. A takar\u00e9kp\u00e9nzt\u00e1r vez\u00e9rigazgat\u00f3ja, az Erd\u00e9lyi R. K. St\u00e1tus igazgat\u00f3-tan\u00e1cs\u00e1nak tagja. Mikefalv\u00e1n f\u00f6ldbirtokos, fenntartotta a mikefalvi r. k. fili\u00e1t. Eml\u00e9k\u00e9re csal\u00e1dja, r\u00e9szben aranyozott ez\u00fcst poharat adom\u00e1nyozott a mikefalvi ref. egyh\u00e1zk\u00f6zs\u00e9gnek (1900. szept. 30.). Vele a hilibi G\u00e1l csal\u00e1d kihalt fi\u00fai \u00e1gon. <br \/><strong>Irod.:<\/strong> Bodolai Gy\u00f6ngyi: \u00c9vsz\u00e1zados m\u00falt (N\u00fa., 1998. j\u00fan. 16.); Dics\u0151szentm\u00e1rton r\u00e9gi arca; Id\u0151t\u00e1r 5 \/1.; K\u00fck\u00fcll\u0151i Ref. Egyh\u00e1zm. 4.; Lev\u00e9lt\u00e1ri gy\u00e1szj; Maros-k\u00fck\u00fcll\u0151i f\u0151esp.; P\u00e1lmay; S\u00e1ndor; UIL<\/br><\/p>\n","protected":false},"excerpt":{"rendered":"<p>1849., \u2020 Dics\u0151szentm\u00e1rton, 1900. febr. 1. alisp\u00e1n, husz\u00e1rf\u0151hadnagy. \u2013 J\u00e1nos (1799\u20131891) \u00e9s Pekry Karolina fia. Feles\u00e9ge nagyajtai Cserey Ilona Hel\u00e9n. Gyermekeik: Ilona iv\u00e1nfalvi Eperjesy B\u00e9l\u00e1n\u00e9; Rosenthal G\u00e1l M\u00e1ria diosadi Vargha Andr\u00e1sn\u00e9; Rosenthal G\u00e1l Elza. \u2013 Kisk\u00fck\u00fcll\u0151 vm. alisp\u00e1nja Bethlen G\u00e1bor f\u0151isp\u00e1ns\u00e1ga idej\u00e9n, k\u00f6zigazgat\u00e1si k\u00e9rd\u00e9sek jogi szak\u00e9rt\u0151je. Az EMKE alap\u00edt\u00f3 \u00e9s v\u00e1lasztott v\u00e1lasztm\u00e1nyi tagja (1885\u20131900). Rendezv\u00e9nyeket [&hellip;]<\/p>\n","protected":false},"featured_media":0,"comment_status":"open","ping_status":"closed","template":"","meta":[],"product_brand":[],"product_cat":[137],"product_tag":[],"class_list":{"0":"post-8498","1":"product","2":"type-product","3":"status-publish","5":"product_cat-maros-megyei-eletrajzi-lexikon","7":"first","8":"instock","9":"shipping-taxable","10":"product-type-simple"},"_links":{"self":[{"href":"https:\/\/uj.adatbank.ro\/lexikon\/wp-json\/wp\/v2\/product\/8498","targetHints":{"allow":["GET"]}}],"collection":[{"href":"https:\/\/uj.adatbank.ro\/lexikon\/wp-json\/wp\/v2\/product"}],"about":[{"href":"https:\/\/uj.adatbank.ro\/lexikon\/wp-json\/wp\/v2\/types\/product"}],"replies":[{"embeddable":true,"href":"https:\/\/uj.adatbank.ro\/lexikon\/wp-json\/wp\/v2\/comments?post=8498"}],"wp:attachment":[{"href":"https:\/\/uj.adatbank.ro\/lexikon\/wp-json\/wp\/v2\/media?parent=8498"}],"wp:term":[{"taxonomy":"product_brand","embeddable":true,"href":"https:\/\/uj.adatbank.ro\/lexikon\/wp-json\/wp\/v2\/product_brand?post=8498"},{"taxonomy":"product_cat","embeddable":true,"href":"https:\/\/uj.adatbank.ro\/lexikon\/wp-json\/wp\/v2\/product_cat?post=8498"},{"taxonomy":"product_tag","embeddable":true,"href":"https:\/\/uj.adatbank.ro\/lexikon\/wp-json\/wp\/v2\/product_tag?post=8498"}],"curies":[{"name":"wp","href":"https:\/\/api.w.org\/{rel}","templated":true}]}}