{"id":8517,"date":"2025-06-29T10:28:40","date_gmt":"2025-06-29T08:28:40","guid":{"rendered":"https:\/\/uj.adatbank.ro\/lexikon\/termek\/gal-jozsef-hilibi-2\/"},"modified":"2025-06-29T10:28:40","modified_gmt":"2025-06-29T08:28:40","slug":"gal-jozsef-hilibi-2","status":"publish","type":"product","link":"https:\/\/uj.adatbank.ro\/lexikon\/termek\/gal-jozsef-hilibi-2\/","title":{"rendered":"G\u00c1L J\u00f3zsef, hilibi"},"content":{"rendered":"<p>1798.? \u2020 Mv., 1847. szept. 8. Egerszegen, ma Remeteszegen temett\u00e9k: marossz\u00e9ki f\u0151kir\u00e1lyb\u00edr\u00f3, birtokos. \u2013 J\u00f3zsef (\u2020 1800) \u00e9s t\u00f6visi B\u00e1lintitt Ter\u00e9z fia. Testv\u00e9re: G\u00e1l Anna, br. Henter J\u00f3zsefn\u00e9. Feles\u00e9ge: Katona Juli\u00e1nna. Gyermekeik: Malvina \u00e9s Szid\u00f3nia br. Bornemisza J\u00f3zsefn\u00e9. \u2013 Mv.-en polg\u00e1ri esk\u00fct tett (1783. szept. 30.). El\u0151bb jegyz\u0151 (1820. m\u00e1rc. 2. \u2013), majd fi\u00fasz\u00e9kb\u00edr\u00f3, kir. p\u00e9nzt\u00e1rnok, alkir\u00e1lyb\u00edr\u00f3, f\u0151kir\u00e1lyb\u00edr\u00f3helyettes (1834), Marossz\u00e9k k\u00f6vete, f\u0151kir\u00e1lyb\u00edr\u00f3 helytart\u00f3 (1835. m\u00e1rc. 3. \u2013) \u00e9s val\u00f3s\u00e1gos f\u0151kir\u00e1lyb\u00edr\u00f3 (1836. szept. 27. \u201347). Az \u0151 birtoka volt (Remeteszeg) Egerszegen az egykori P\u00e1los szerzetesek klastrom\u00e1nak ter\u00fclete, \u00e9s oda is temett\u00e9k. A P\u00e1los kolostor m\u00e9g megmaradt faragott k\u00f6veit egerszegi udvarh\u00e1z\u00e1ba \u00e9p\u00edtette be (1842). A kolostornak nyoma sincsen, csak Remeteszegnek a szerzet v\u00e9d\u0151szentj\u00e9r\u0151l Remete Szent P\u00e1lr\u00f3l f\u00f6nnmaradt elnevez\u00e9se. Mez\u0151madarason \u00f3v\u00f3d\u00e1t alap\u00edtott (1846. jan. 1). <br \/><strong>Irod.:<\/strong> Az Erd\u00e9lyi Nagyfejedelems\u00e9g sz. k. Kv. v\u00e1ros\u00e1ba 1846. szept. 9. k\u00f6z\u00f6ns\u00e9ges gy\u0171l\u00e9sre \u00f6sszeh\u00edvott tek. rendeinek n\u00e9vsora (Kv., 1848); Gy\u00e1szjelent\u0151; Id\u0151t\u00e1r 1; Id\u0151t\u00e1r 2, K\u0151v\u00e1ry; Kr\u00f3n. F\u00fcz. (1937. 2\/6; 1939. 4\/7); Orb\u00e1n J\u00e1nos: T\u00e1blab\u00edr\u00e1k, f\u0151nemesek, pall\u00e9rok \u00e9s h\u00e1zak: V\u00e1rosk\u00e9p \u00e9s t\u00e1rsadalom v\u00e1ltoz\u00e1sai Mv.-en a Kir\u00e1lyi T\u00e1bla bek\u00f6lt\u00f6z\u00e9se ut\u00e1n [1754] =  K\u00f6nyvek \u00e1ltal \u2026; P\u00e1l-Antal; P\u00e1l-Antal 2002; P\u00e1l-Antal 2003; P\u00e1lffy; Szathm\u00e1ry K\u00e1roly P.<\/br><\/p>\n","protected":false},"excerpt":{"rendered":"<p>1798.? \u2020 Mv., 1847. szept. 8. Egerszegen, ma Remeteszegen temett\u00e9k: marossz\u00e9ki f\u0151kir\u00e1lyb\u00edr\u00f3, birtokos. \u2013 J\u00f3zsef (\u2020 1800) \u00e9s t\u00f6visi B\u00e1lintitt Ter\u00e9z fia. Testv\u00e9re: G\u00e1l Anna, br. Henter J\u00f3zsefn\u00e9. Feles\u00e9ge: Katona Juli\u00e1nna. Gyermekeik: Malvina \u00e9s Szid\u00f3nia br. Bornemisza J\u00f3zsefn\u00e9. \u2013 Mv.-en polg\u00e1ri esk\u00fct tett (1783. szept. 30.). El\u0151bb jegyz\u0151 (1820. m\u00e1rc. 2. \u2013), majd fi\u00fasz\u00e9kb\u00edr\u00f3, kir. [&hellip;]<\/p>\n","protected":false},"featured_media":0,"comment_status":"open","ping_status":"closed","template":"","meta":[],"product_brand":[],"product_cat":[137],"product_tag":[],"class_list":{"0":"post-8517","1":"product","2":"type-product","3":"status-publish","5":"product_cat-maros-megyei-eletrajzi-lexikon","7":"first","8":"instock","9":"shipping-taxable","10":"product-type-simple"},"_links":{"self":[{"href":"https:\/\/uj.adatbank.ro\/lexikon\/wp-json\/wp\/v2\/product\/8517","targetHints":{"allow":["GET"]}}],"collection":[{"href":"https:\/\/uj.adatbank.ro\/lexikon\/wp-json\/wp\/v2\/product"}],"about":[{"href":"https:\/\/uj.adatbank.ro\/lexikon\/wp-json\/wp\/v2\/types\/product"}],"replies":[{"embeddable":true,"href":"https:\/\/uj.adatbank.ro\/lexikon\/wp-json\/wp\/v2\/comments?post=8517"}],"wp:attachment":[{"href":"https:\/\/uj.adatbank.ro\/lexikon\/wp-json\/wp\/v2\/media?parent=8517"}],"wp:term":[{"taxonomy":"product_brand","embeddable":true,"href":"https:\/\/uj.adatbank.ro\/lexikon\/wp-json\/wp\/v2\/product_brand?post=8517"},{"taxonomy":"product_cat","embeddable":true,"href":"https:\/\/uj.adatbank.ro\/lexikon\/wp-json\/wp\/v2\/product_cat?post=8517"},{"taxonomy":"product_tag","embeddable":true,"href":"https:\/\/uj.adatbank.ro\/lexikon\/wp-json\/wp\/v2\/product_tag?post=8517"}],"curies":[{"name":"wp","href":"https:\/\/api.w.org\/{rel}","templated":true}]}}