{"id":8598,"date":"2025-06-29T10:31:20","date_gmt":"2025-06-29T08:31:20","guid":{"rendered":"https:\/\/uj.adatbank.ro\/lexikon\/termek\/galffy-sandor-martonosi\/"},"modified":"2025-06-29T10:31:20","modified_gmt":"2025-06-29T08:31:20","slug":"galffy-sandor-martonosi","status":"publish","type":"product","link":"https:\/\/uj.adatbank.ro\/lexikon\/termek\/galffy-sandor-martonosi\/","title":{"rendered":"G\u00c1LFFY S\u00e1ndor, martonosi"},"content":{"rendered":"<p>Firtosmartonos, 1834., \u2020 Gernyeszeg, 1892. jan. 28.: j\u00f3sz\u00e1gigazgat\u00f3. \u2013 Testv\u00e9rei: dr. G. Endre; G. Ferenc; G\u00e1sp\u00e1r J\u00e1nosn\u00e9; G\u00e1sp\u00e1r Andr\u00e1sn\u00e9. Feles\u00e9ge: Borosnyai Lilla. \u2013 Tanult Sz\u00e9kelykereszt\u00faron \u00e9s Kv.-on, ezut\u00e1n gr. Teleki Domokosn\u00e1l Gernyeszegen el\u0151bb mint mag\u00e1ntitk\u00e1r, majd a hohenheimi gazdas\u00e1gi int\u00e9zetben egy \u00e9vi tanul\u00e1s ut\u00e1n j\u00f3sz\u00e1gigazgat\u00f3 lett; minta gazdas\u00e1got folytatott, a t\u00f6bbi birtokot is rendben tartotta. A fiatalon elhunyt Teleki G\u00e9za gr. gyermekeinek gy\u00e1ms\u00e1g\u00e1t v\u00e1llalta. Az erd\u00e9lyi \u00e9s Mv. \u2013 vid\u00e9ki hum\u00e1nus \u00e9s gazdas\u00e1gi egyes\u00fcletek nagy r\u00e9sz\u00e9nek alap\u00edt\u00f3 tagja. Az EMKE alap\u00edt\u00f3 \u00e9s v\u00e1lasztott v\u00e1lasztm\u00e1nyi tagja (1885\u2013). Az Erd\u00e9lyi Gazda, a Divatcsarnok, Kv.-i Napt\u00e1r, Korunk T\u00e1rc\u00e1ja k\u00f6z\u00f6lte cikkeit, k\u00f6ltem\u00e9nye is jelent meg a Kv.-i Album-ban. Az unit. egyh\u00e1z gondnoka volt. \u2013 <strong>F. m.:<\/strong> <strong>antol\u00f3g.:<\/strong> Rem\u00e9ny: Zsebk\u00f6ny (Kv., 1839); Kolozsv\u00e1ri album (Kv., 1862). <br \/><strong>Irod.:<\/strong> EMKE 120; Eml\u00e9kk\u00f6nyv a K. M. T. T. f\u00e9lsz\u00e1zados jubileum\u00e1n (Bp., 1892); Gy\u00e1szjelent\u0151; Papp Mikl\u00f3s K.: Itt is, ott is (Bp., s. a.); Rugonfalvi Kiss; S\u00e1ndor; Szinnyei<\/br><\/p>\n","protected":false},"excerpt":{"rendered":"<p>Firtosmartonos, 1834., \u2020 Gernyeszeg, 1892. jan. 28.: j\u00f3sz\u00e1gigazgat\u00f3. \u2013 Testv\u00e9rei: dr. G. Endre; G. Ferenc; G\u00e1sp\u00e1r J\u00e1nosn\u00e9; G\u00e1sp\u00e1r Andr\u00e1sn\u00e9. Feles\u00e9ge: Borosnyai Lilla. \u2013 Tanult Sz\u00e9kelykereszt\u00faron \u00e9s Kv.-on, ezut\u00e1n gr. Teleki Domokosn\u00e1l Gernyeszegen el\u0151bb mint mag\u00e1ntitk\u00e1r, majd a hohenheimi gazdas\u00e1gi int\u00e9zetben egy \u00e9vi tanul\u00e1s ut\u00e1n j\u00f3sz\u00e1gigazgat\u00f3 lett; minta gazdas\u00e1got folytatott, a t\u00f6bbi birtokot is rendben tartotta. [&hellip;]<\/p>\n","protected":false},"featured_media":0,"comment_status":"open","ping_status":"closed","template":"","meta":[],"product_brand":[],"product_cat":[137],"product_tag":[],"class_list":{"0":"post-8598","1":"product","2":"type-product","3":"status-publish","5":"product_cat-maros-megyei-eletrajzi-lexikon","7":"first","8":"instock","9":"shipping-taxable","10":"product-type-simple"},"_links":{"self":[{"href":"https:\/\/uj.adatbank.ro\/lexikon\/wp-json\/wp\/v2\/product\/8598","targetHints":{"allow":["GET"]}}],"collection":[{"href":"https:\/\/uj.adatbank.ro\/lexikon\/wp-json\/wp\/v2\/product"}],"about":[{"href":"https:\/\/uj.adatbank.ro\/lexikon\/wp-json\/wp\/v2\/types\/product"}],"replies":[{"embeddable":true,"href":"https:\/\/uj.adatbank.ro\/lexikon\/wp-json\/wp\/v2\/comments?post=8598"}],"wp:attachment":[{"href":"https:\/\/uj.adatbank.ro\/lexikon\/wp-json\/wp\/v2\/media?parent=8598"}],"wp:term":[{"taxonomy":"product_brand","embeddable":true,"href":"https:\/\/uj.adatbank.ro\/lexikon\/wp-json\/wp\/v2\/product_brand?post=8598"},{"taxonomy":"product_cat","embeddable":true,"href":"https:\/\/uj.adatbank.ro\/lexikon\/wp-json\/wp\/v2\/product_cat?post=8598"},{"taxonomy":"product_tag","embeddable":true,"href":"https:\/\/uj.adatbank.ro\/lexikon\/wp-json\/wp\/v2\/product_tag?post=8598"}],"curies":[{"name":"wp","href":"https:\/\/api.w.org\/{rel}","templated":true}]}}