{"id":8979,"date":"2025-06-29T10:44:44","date_gmt":"2025-06-29T08:44:44","guid":{"rendered":"https:\/\/uj.adatbank.ro\/lexikon\/termek\/golea-nicolae\/"},"modified":"2025-06-29T10:44:44","modified_gmt":"2025-06-29T08:44:44","slug":"golea-nicolae","status":"publish","type":"product","link":"https:\/\/uj.adatbank.ro\/lexikon\/termek\/golea-nicolae\/","title":{"rendered":"GOLEA Nicolae"},"content":{"rendered":"<p>Bonyha, 1890. nov. 26. , \u2020 Bonyha, 1984. szept. 17.: f\u00f6ldm\u0171ves, polg\u00e1rmester, kr\u00f3nika\u00edr\u00f3. \u2013 Fiai: Ionel \u00e9s Traian. \u2013 Az elemi iskol\u00e1t a sz\u00fcl\u0151hely\u00e9n v\u00e9gezte, tov\u00e1bb nem tanult. Sokat hallott a rom\u00e1n t\u00f6rt\u00e9nelem nagyjair\u00f3l, \u00fajs\u00e1got is olvasott. Katonak\u00e9nt r\u00e9szt vett az I. vh.-ban. A gyulafeh\u00e9rv\u00e1ri egyes\u00fcl\u00e9si gy\u0171l\u00e9sre mag\u00e1val vitte sz\u00fcl\u0151faluja els\u0151 rom\u00e1n z\u00e1szl\u00f3j\u00e1t, amelyet a falu papja szentelt meg (1918. dec. 1.). Tev\u00e9keny ember volt, tagja a falu gazdas\u00e1gi vezet\u0151tan\u00e1cs\u00e1nak (1921\u2013), majd Bonyha polg\u00e1rmesterek\u00e9nt (1926\u201332; 1932. okt. \u201340) sokat tett a falu fejl\u0151d\u00e9s\u00e9\u00e9rt: felsz\u00e1ntatta az ugarokat, \u00edgy n\u00f6velve a falu sz\u00e1nt\u00f3j\u00e1t, a sok apr\u00f3 f\u00f6ldparcell\u00e1t f\u00f6ldcser\u00e9kkel \u00f6sszevonta, mert \u00fagy t\u00f6bb term\u00e9st \u00e9rhettek el; fogyaszt\u00e1si sz\u00f6vetkezetet l\u00e9tes\u00edtett, amelynek \u00faj \u00e9p\u00fcletet emeltetett, mell\u00e9je kocsm\u00e1t nyittatott (1928. m\u00e1j.), az iskola mell\u00e9 a tan\u00edt\u00f3 r\u00e9sz\u00e9re ist\u00e1ll\u00f3t \u00e9p\u00edttetett. A falunak \u00faj hidat \u00e9p\u00edtettek, \u00faj utc\u00e1kat l\u00e9tes\u00edtett, n\u00e9gy v\u00e1s\u00e1r tart\u00e1si jogot szerzett (1926\u2013), megakad\u00e1lyozta a falu erdeinek kiv\u00e1g\u00e1s\u00e1t, a gyermekeknek \u00f3vod\u00e1t l\u00e9tes\u00edtett, \u00faj k\u00f6zs\u00e9gh\u00e1zat \u00e9s orvosi lak\u00e1st \u00e9p\u00edtettek, k\u00f6zkutakat l\u00e9tes\u00edtett az \u00e1llatok itat\u00e1s\u00e1ra, szab\u00e1lyozta a Kund foly\u00f3 medr\u00e9t, fakereszteket helyezett el az \u00fatkersztez\u0151d\u00e9sekben (1927, 1948, 1973). Felemelte szav\u00e1t a kommunizmus ellen, ez\u00e9rt t\u00f6bbsz\u00f6r is a Securitat\u00e9ra \u00e9s b\u00f6rt\u00f6nbe ker\u00fclt (1948\u201349, 1952). K\u00e9t fia, k\u00fclf\u00f6ldre sz\u00f6k\u00f6tt, az\u00e9rt is meghurcolt\u00e1k. Polg\u00e1rmesterk\u00e9nt fel\u00e1ll\u00edttatta a falu h\u0151seinek eml\u00e9km\u0171v\u00e9t, amelyet k\u00f6zadakoz\u00e1sb\u00f3l \u00e9s k\u00f6zmunk\u00e1val emeltek (1938). Kezdem\u00e9nyez\u00e9s\u00e9re kezdtek \u00faj templomot \u00e9p\u00edteni Bonyh\u00e1n (1946\u2013), amelyet azonban csak k\u00e9s\u0151bb fejeztek be (1980 \u2013), mert m\u00e1r az \u00e9p\u00edtkez\u00e9si enged\u00e9lyt is sok huzavona ut\u00e1n kapt\u00e1k csak meg (1973). Hal\u00e1lakor h\u00e9t pap tartotta a gy\u00e1sszertart\u00e1st, de a Securitat\u00e9 emberei \u0151rk\u00f6dtek, nehogy n\u00e9pfelkel\u00e9ss\u00e9 alakuljon a szertart\u00e1s. Visszaeml\u00e9kez\u00e9seit M\u00fcnchenben a fi\u00e1n\u00e1l, Traiann\u00e1l, tett l\u00e1togat\u00e1sa alkalm\u00e1val kezdte \u00edrni, 75 \u00e9ves kor\u00e1ban \u00e9s 91 elm\u00falt, amikor befejezte. Memo\u00e1rja h\u00e1rom kiad\u00e1st is meg\u00e9rt. \u2013 <strong>F. m.:<\/strong> O via\u0163\u0103 \u00eenchinat\u0103 unui sat: Amintiri (New York, 1987; Miami Beach, 1992; Tg. M., 1996). \u2013 Irod: Golea, Nicolae: O via\u0163\u0103 \u00eenchinat\u0103 unui sat: Amintiri (ed. 3. -a. \u2013 Tg. M., 1996)<\/br><\/p>\n","protected":false},"excerpt":{"rendered":"<p>Bonyha, 1890. nov. 26. , \u2020 Bonyha, 1984. szept. 17.: f\u00f6ldm\u0171ves, polg\u00e1rmester, kr\u00f3nika\u00edr\u00f3. \u2013 Fiai: Ionel \u00e9s Traian. \u2013 Az elemi iskol\u00e1t a sz\u00fcl\u0151hely\u00e9n v\u00e9gezte, tov\u00e1bb nem tanult. Sokat hallott a rom\u00e1n t\u00f6rt\u00e9nelem nagyjair\u00f3l, \u00fajs\u00e1got is olvasott. Katonak\u00e9nt r\u00e9szt vett az I. vh.-ban. A gyulafeh\u00e9rv\u00e1ri egyes\u00fcl\u00e9si gy\u0171l\u00e9sre mag\u00e1val vitte sz\u00fcl\u0151faluja els\u0151 rom\u00e1n z\u00e1szl\u00f3j\u00e1t, amelyet a [&hellip;]<\/p>\n","protected":false},"featured_media":0,"comment_status":"open","ping_status":"closed","template":"","meta":[],"product_brand":[],"product_cat":[137],"product_tag":[],"class_list":{"0":"post-8979","1":"product","2":"type-product","3":"status-publish","5":"product_cat-maros-megyei-eletrajzi-lexikon","7":"first","8":"instock","9":"shipping-taxable","10":"product-type-simple"},"_links":{"self":[{"href":"https:\/\/uj.adatbank.ro\/lexikon\/wp-json\/wp\/v2\/product\/8979","targetHints":{"allow":["GET"]}}],"collection":[{"href":"https:\/\/uj.adatbank.ro\/lexikon\/wp-json\/wp\/v2\/product"}],"about":[{"href":"https:\/\/uj.adatbank.ro\/lexikon\/wp-json\/wp\/v2\/types\/product"}],"replies":[{"embeddable":true,"href":"https:\/\/uj.adatbank.ro\/lexikon\/wp-json\/wp\/v2\/comments?post=8979"}],"wp:attachment":[{"href":"https:\/\/uj.adatbank.ro\/lexikon\/wp-json\/wp\/v2\/media?parent=8979"}],"wp:term":[{"taxonomy":"product_brand","embeddable":true,"href":"https:\/\/uj.adatbank.ro\/lexikon\/wp-json\/wp\/v2\/product_brand?post=8979"},{"taxonomy":"product_cat","embeddable":true,"href":"https:\/\/uj.adatbank.ro\/lexikon\/wp-json\/wp\/v2\/product_cat?post=8979"},{"taxonomy":"product_tag","embeddable":true,"href":"https:\/\/uj.adatbank.ro\/lexikon\/wp-json\/wp\/v2\/product_tag?post=8979"}],"curies":[{"name":"wp","href":"https:\/\/api.w.org\/{rel}","templated":true}]}}