{"id":8985,"date":"2025-06-29T10:44:58","date_gmt":"2025-06-29T08:44:58","guid":{"rendered":"https:\/\/uj.adatbank.ro\/lexikon\/termek\/gombas-ferenc\/"},"modified":"2025-06-29T10:44:58","modified_gmt":"2025-06-29T08:44:58","slug":"gombas-ferenc","status":"publish","type":"product","link":"https:\/\/uj.adatbank.ro\/lexikon\/termek\/gombas-ferenc\/","title":{"rendered":"GOMB\u00c1S Ferenc"},"content":{"rendered":"<p>Mv., 1914. \u00e1pr. 2. \u2020 ? : gordonkam\u0171v\u00e9sz, k\u00f3rusvezet\u0151, gordonka \u2013 \u00e9s kamarazene-tan\u00e1r. \u2013 Mv.-en a Zeneiskol\u00e1ban \u00e9s a Buk.-i Zeneakad. -\u00e1n tanult, Bp.-en a Zenem\u0171v\u00e9szeti F\u0151iskola gordonka szak\u00e1n Zs\u00e1mboky Mikl\u00f3s tan\u00edtv\u00e1nya (1931\u201336). Sopronban tan\u00e1r (1939\u201349), Baj\u00e1n igazgat\u00f3 (1949\u201351), Miskolcon Zenem\u0171v\u00e9szeti Szakiskola \u00e9s Liszt Ferenc Zeneiskolai Tan\u00e1rk\u00e9pz\u0151 Int\u00e9zet, Miskolci Tagozat tan\u00e1ra (1951\u2013). AzErd\u00e9lyi Von\u00f3sn\u00e9gyes, Miskolci Von\u00f3sn\u00e1gyes, Soproni Von\u00f3sn\u00e9gyes gordonk\u00e1sa. Vend\u00e9gszerepel\u00e9seinek orsz\u00e1gai: Ausztria, Csehszlov\u00e1kia, Lengyelorsz\u00e1g, Rom\u00e1nia, Jugoszl\u00e1via. <br \/><strong>Irod.:<\/strong> Magyar zenei helynevek (Szerk. Csiff\u00e1ry Tam\u00e1s; Bp., \u00e9. n.); Zenei ki kicsoda<\/br><\/p>\n","protected":false},"excerpt":{"rendered":"<p>Mv., 1914. \u00e1pr. 2. \u2020 ? : gordonkam\u0171v\u00e9sz, k\u00f3rusvezet\u0151, gordonka \u2013 \u00e9s kamarazene-tan\u00e1r. \u2013 Mv.-en a Zeneiskol\u00e1ban \u00e9s a Buk.-i Zeneakad. -\u00e1n tanult, Bp.-en a Zenem\u0171v\u00e9szeti F\u0151iskola gordonka szak\u00e1n Zs\u00e1mboky Mikl\u00f3s tan\u00edtv\u00e1nya (1931\u201336). Sopronban tan\u00e1r (1939\u201349), Baj\u00e1n igazgat\u00f3 (1949\u201351), Miskolcon Zenem\u0171v\u00e9szeti Szakiskola \u00e9s Liszt Ferenc Zeneiskolai Tan\u00e1rk\u00e9pz\u0151 Int\u00e9zet, Miskolci Tagozat tan\u00e1ra (1951\u2013). AzErd\u00e9lyi Von\u00f3sn\u00e9gyes, Miskolci [&hellip;]<\/p>\n","protected":false},"featured_media":0,"comment_status":"open","ping_status":"closed","template":"","meta":[],"product_brand":[],"product_cat":[137],"product_tag":[],"class_list":{"0":"post-8985","1":"product","2":"type-product","3":"status-publish","5":"product_cat-maros-megyei-eletrajzi-lexikon","7":"first","8":"instock","9":"shipping-taxable","10":"product-type-simple"},"_links":{"self":[{"href":"https:\/\/uj.adatbank.ro\/lexikon\/wp-json\/wp\/v2\/product\/8985","targetHints":{"allow":["GET"]}}],"collection":[{"href":"https:\/\/uj.adatbank.ro\/lexikon\/wp-json\/wp\/v2\/product"}],"about":[{"href":"https:\/\/uj.adatbank.ro\/lexikon\/wp-json\/wp\/v2\/types\/product"}],"replies":[{"embeddable":true,"href":"https:\/\/uj.adatbank.ro\/lexikon\/wp-json\/wp\/v2\/comments?post=8985"}],"wp:attachment":[{"href":"https:\/\/uj.adatbank.ro\/lexikon\/wp-json\/wp\/v2\/media?parent=8985"}],"wp:term":[{"taxonomy":"product_brand","embeddable":true,"href":"https:\/\/uj.adatbank.ro\/lexikon\/wp-json\/wp\/v2\/product_brand?post=8985"},{"taxonomy":"product_cat","embeddable":true,"href":"https:\/\/uj.adatbank.ro\/lexikon\/wp-json\/wp\/v2\/product_cat?post=8985"},{"taxonomy":"product_tag","embeddable":true,"href":"https:\/\/uj.adatbank.ro\/lexikon\/wp-json\/wp\/v2\/product_tag?post=8985"}],"curies":[{"name":"wp","href":"https:\/\/api.w.org\/{rel}","templated":true}]}}