{"id":9014,"date":"2025-06-29T10:46:03","date_gmt":"2025-06-29T08:46:03","guid":{"rendered":"https:\/\/uj.adatbank.ro\/lexikon\/termek\/gonczi-pal\/"},"modified":"2025-06-29T10:46:03","modified_gmt":"2025-06-29T08:46:03","slug":"gonczi-pal","status":"publish","type":"product","link":"https:\/\/uj.adatbank.ro\/lexikon\/termek\/gonczi-pal\/","title":{"rendered":"G\u00d6NCZI P\u00e1l"},"content":{"rendered":"<p>Kelementelke, 1859., \u2020\u00a0Kiskend, 1932: ref. lelk\u00e9sz. \u2013 Tanult a sz\u00fcl\u0151faluj\u00e1ban, Mv.-en, majd teol\u00f3gi\u00e1t Nagyenyeden v\u00e9gzett. Szolg\u00e1lat\u00e1t Sz\u00e9kelyabodban kezdte, majd Kiskendre h\u00edvt\u00e1k meg (1896. m\u00e1j. 18), ahol 36 \u00e9vig szolg\u00e1lt. Az \u00faj emeletes papilak els\u0151 lak\u00f3ja, amelyet egy \u00e9vvel azel\u0151tt \u00e9p\u00edtettek. Rendbetette az iratt\u00e1rat, rendszeresen foglalkozott az ifj\u00fas\u00e1ggal, el\u0151ad\u00e1sokat tartott, az iskol\u00e1ban \u0151 tan\u00edtotta a vall\u00e1st, befejeztette a m\u00e9g nem eg\u00e9szen k\u00e9sz gazdas\u00e1gi \u00e9p\u00fcleteket, a papi telket beker\u00edtette, a p\u00fcsp\u00f6ki vizit\u00e1c\u00f3 alkalm\u00e1val a r\u00e9gi faluhely bej\u00e1rat\u00e1n\u00e1l d\u00edszkaput \u00e1ll\u00edttatott (1902). <br \/><strong>Irod.:<\/strong> Kend \u00e9s egyh\u00e1za<\/br><\/p>\n","protected":false},"excerpt":{"rendered":"<p>Kelementelke, 1859., \u2020\u00a0Kiskend, 1932: ref. lelk\u00e9sz. \u2013 Tanult a sz\u00fcl\u0151faluj\u00e1ban, Mv.-en, majd teol\u00f3gi\u00e1t Nagyenyeden v\u00e9gzett. Szolg\u00e1lat\u00e1t Sz\u00e9kelyabodban kezdte, majd Kiskendre h\u00edvt\u00e1k meg (1896. m\u00e1j. 18), ahol 36 \u00e9vig szolg\u00e1lt. Az \u00faj emeletes papilak els\u0151 lak\u00f3ja, amelyet egy \u00e9vvel azel\u0151tt \u00e9p\u00edtettek. Rendbetette az iratt\u00e1rat, rendszeresen foglalkozott az ifj\u00fas\u00e1ggal, el\u0151ad\u00e1sokat tartott, az iskol\u00e1ban \u0151 tan\u00edtotta a vall\u00e1st, [&hellip;]<\/p>\n","protected":false},"featured_media":0,"comment_status":"open","ping_status":"closed","template":"","meta":[],"product_brand":[],"product_cat":[137],"product_tag":[],"class_list":{"0":"post-9014","1":"product","2":"type-product","3":"status-publish","5":"product_cat-maros-megyei-eletrajzi-lexikon","7":"first","8":"instock","9":"shipping-taxable","10":"product-type-simple"},"_links":{"self":[{"href":"https:\/\/uj.adatbank.ro\/lexikon\/wp-json\/wp\/v2\/product\/9014","targetHints":{"allow":["GET"]}}],"collection":[{"href":"https:\/\/uj.adatbank.ro\/lexikon\/wp-json\/wp\/v2\/product"}],"about":[{"href":"https:\/\/uj.adatbank.ro\/lexikon\/wp-json\/wp\/v2\/types\/product"}],"replies":[{"embeddable":true,"href":"https:\/\/uj.adatbank.ro\/lexikon\/wp-json\/wp\/v2\/comments?post=9014"}],"wp:attachment":[{"href":"https:\/\/uj.adatbank.ro\/lexikon\/wp-json\/wp\/v2\/media?parent=9014"}],"wp:term":[{"taxonomy":"product_brand","embeddable":true,"href":"https:\/\/uj.adatbank.ro\/lexikon\/wp-json\/wp\/v2\/product_brand?post=9014"},{"taxonomy":"product_cat","embeddable":true,"href":"https:\/\/uj.adatbank.ro\/lexikon\/wp-json\/wp\/v2\/product_cat?post=9014"},{"taxonomy":"product_tag","embeddable":true,"href":"https:\/\/uj.adatbank.ro\/lexikon\/wp-json\/wp\/v2\/product_tag?post=9014"}],"curies":[{"name":"wp","href":"https:\/\/api.w.org\/{rel}","templated":true}]}}