{"id":9139,"date":"2025-06-29T10:50:12","date_gmt":"2025-06-29T08:50:12","guid":{"rendered":"https:\/\/uj.adatbank.ro\/lexikon\/termek\/grosz-ferdinand\/"},"modified":"2025-06-29T10:50:12","modified_gmt":"2025-06-29T08:50:12","slug":"grosz-ferdinand","status":"publish","type":"product","link":"https:\/\/uj.adatbank.ro\/lexikon\/termek\/grosz-ferdinand\/","title":{"rendered":"GR\u00d3SZ Ferdin\u00e1nd"},"content":{"rendered":"<p>Gyimesk\u00f6z\u00e9plok, 1912. j\u00fan. 19., \u2020 Izrael, 2002.: gy\u00f3gyszer\u00e9sz. \u2013 Egyetemi gy\u00f3gyszer\u00e9szeti tanulm\u00e1nyait Buk.-ben v\u00e9gezte (1935. nov. 28.). Mv.-en a D\u00e1vid J\u00e1nos Szentl\u00e9lek gy\u00f3gyszert\u00e1rban dolgozott (1935. aug. 1. \u2013 1942. aug. 1.), majd folytatta a tev\u00e9kenys\u00e9g\u00e9t Sz\u00e9kelyudvarhelyen (1942), K\u00e9zdiv\u00e1s\u00e1rhelyen (1943). Deport\u00e1lt\u00e1k Auschwitzba (1944. m\u00e1j. 22. \u2013 1945. szept. 15.). Visszat\u00e9r\u00e9se ut\u00e1n jogot kapott patika nyit\u00e1s\u00e1ra (1946. nov. 26.), megnyitotta az Albina gy\u00f3gyszert\u00e1rat az \u00e1llamos\u00edt\u00e1sig (1947. j\u00fan. 30. \u2013 1949. \u00e1pr.). F\u0151gy\u00f3gyszer\u00e9sz (1959\u2013), a munkaviszonya megsz\u0171nt a Centrofarm V\u00e1llalatn\u00e1l (1970. okt. 13.). Izraelbe t\u00e1vozott, ott is gy\u00f3gyszert\u00e1rat vezetett nyugd\u00edjba vonul\u00e1s\u00e1ig (2002). <br \/><strong>Irod.:<\/strong> P\u00e9ter H. M.; P\u00e9ter H. M. 2013<\/br><\/p>\n","protected":false},"excerpt":{"rendered":"<p>Gyimesk\u00f6z\u00e9plok, 1912. j\u00fan. 19., \u2020 Izrael, 2002.: gy\u00f3gyszer\u00e9sz. \u2013 Egyetemi gy\u00f3gyszer\u00e9szeti tanulm\u00e1nyait Buk.-ben v\u00e9gezte (1935. nov. 28.). Mv.-en a D\u00e1vid J\u00e1nos Szentl\u00e9lek gy\u00f3gyszert\u00e1rban dolgozott (1935. aug. 1. \u2013 1942. aug. 1.), majd folytatta a tev\u00e9kenys\u00e9g\u00e9t Sz\u00e9kelyudvarhelyen (1942), K\u00e9zdiv\u00e1s\u00e1rhelyen (1943). Deport\u00e1lt\u00e1k Auschwitzba (1944. m\u00e1j. 22. \u2013 1945. szept. 15.). Visszat\u00e9r\u00e9se ut\u00e1n jogot kapott patika nyit\u00e1s\u00e1ra (1946. [&hellip;]<\/p>\n","protected":false},"featured_media":0,"comment_status":"open","ping_status":"closed","template":"","meta":[],"product_brand":[],"product_cat":[137],"product_tag":[],"class_list":{"0":"post-9139","1":"product","2":"type-product","3":"status-publish","5":"product_cat-maros-megyei-eletrajzi-lexikon","7":"first","8":"instock","9":"shipping-taxable","10":"product-type-simple"},"_links":{"self":[{"href":"https:\/\/uj.adatbank.ro\/lexikon\/wp-json\/wp\/v2\/product\/9139","targetHints":{"allow":["GET"]}}],"collection":[{"href":"https:\/\/uj.adatbank.ro\/lexikon\/wp-json\/wp\/v2\/product"}],"about":[{"href":"https:\/\/uj.adatbank.ro\/lexikon\/wp-json\/wp\/v2\/types\/product"}],"replies":[{"embeddable":true,"href":"https:\/\/uj.adatbank.ro\/lexikon\/wp-json\/wp\/v2\/comments?post=9139"}],"wp:attachment":[{"href":"https:\/\/uj.adatbank.ro\/lexikon\/wp-json\/wp\/v2\/media?parent=9139"}],"wp:term":[{"taxonomy":"product_brand","embeddable":true,"href":"https:\/\/uj.adatbank.ro\/lexikon\/wp-json\/wp\/v2\/product_brand?post=9139"},{"taxonomy":"product_cat","embeddable":true,"href":"https:\/\/uj.adatbank.ro\/lexikon\/wp-json\/wp\/v2\/product_cat?post=9139"},{"taxonomy":"product_tag","embeddable":true,"href":"https:\/\/uj.adatbank.ro\/lexikon\/wp-json\/wp\/v2\/product_tag?post=9139"}],"curies":[{"name":"wp","href":"https:\/\/api.w.org\/{rel}","templated":true}]}}