{"id":9239,"date":"2025-06-29T10:53:55","date_gmt":"2025-06-29T08:53:55","guid":{"rendered":"https:\/\/uj.adatbank.ro\/lexikon\/termek\/gyarfas-elemer-%c2%a7-lecfalvi\/"},"modified":"2025-06-29T10:53:55","modified_gmt":"2025-06-29T08:53:55","slug":"gyarfas-elemer-%c2%a7-lecfalvi","status":"publish","type":"product","link":"https:\/\/uj.adatbank.ro\/lexikon\/termek\/gyarfas-elemer-%c2%a7-lecfalvi\/","title":{"rendered":"GY\u00c1RF\u00c1S Elem\u00e9r, \u00a7 l\u00e9cfalvi"},"content":{"rendered":"<p>Borz\u00e1s (ma Dics\u0151sztm\u00e1rton egyik lak\u00f3negyede), 1884. aug. 27., \u2020 Buk., 1945. okt. 4: jog\u00e1sz, k\u00f6zgazd\u00e1sz, f\u0151isp\u00e1n, politikus, ogy.-i k\u00e9pvisel\u0151, t\u00f6rt\u00e9nrt\u00edr\u00f3. \u2013 Apja f\u0151szolgab\u00edr\u00f3 \u00e9s f\u00f6ldbirtokos volt. Az elemi iskol\u00e1t Segesv\u00e1rt, a gimn. -ot Nagyszebenben, a jogot Kv.-on, Bp.-en \u00e9s a Sorbonne-on v\u00e9gezte. Jogtud. \u00e9s \u00e1llamtud. doktori oklevelet szerzett (1909). \u00dcgyv\u00e9djel\u00f6lt Mv.-en, ahol letette az \u00fcgyv\u00e9di vizsg\u00e1t (1909). Dics\u0151szentm\u00e1rtonban \u00f6n\u00e1ll\u00f3 \u00fcgyv\u00e9di irod\u00e1t nyitott\u00a0(1909\u2013). R\u00e9szt vett az I. vh.-ban, a 2. husz\u00e1rezred k\u00f6tel\u00e9k\u00e9ben 35 h\u00f3napig az orosz fronton szolg\u00e1lt (1914\u201317), husz\u00e1rkapit\u00e1nyk\u00e9nt szerelt le. N\u00e9gyszer t\u00fcntett\u00e9k ki. Akt\u00edvan r\u00e9szt vett a megye politikai \u00e9let\u00e9ben (1917\u2013). Borziatelepi (jelenleg Dics\u0151szentm\u00e1rton egyik v\u00e1rosr\u00e9sze) birtokaib\u00f3l minden falubeli lakos 5 hold f\u00f6ldet kapott a f\u00f6ldoszt\u00e1skor (1918) \u00e9s a k\u00f6zbirtokoss\u00e1gnak 200 hold erd\u0151t adtak ugyanabb\u00f3l a birtokb\u00f3l. A l\u00e9tes\u00edtend\u0151 \u00fcveggy\u00e1r rendelkez\u00e9s\u00e9re bocs\u00e1totta Borz\u00e1son l\u00e9v\u0151 r\u00e9tj\u00e9t, amelyen Ardeleana n\u00e9vvel egy helybeli v\u00e1llalkoz\u00f3 csoport, k\u00fclf\u00f6ldi t\u0151kebefektet\u0151k seg\u00edts\u00e9g\u00e9vel elind\u00edtotta az \u00fcveggy\u00e1rat (1918. szept. \u2013). Kis \u2013 K\u00fck\u00fcll\u0151megye f\u0151isp\u00e1nja lett (1917\u201319). A forradalom alatt a vm. -ei Nemzeti Tan\u00e1cs eln\u00f6ke volt. Az imp\u00e9rium v\u00e1ltoz\u00e1s ut\u00e1n az erd\u00e9lyi m. kisebbs\u00e9gi politika vez\u00e9ralakja lett az akkor megalakult Erd\u00e9lyi M. Sz\u00f6vets\u00e9g eln\u00f6ke (1921\u2013), majd ennek felf\u00fcggeszt\u00e9se ut\u00e1n a M. N\u00e9pp\u00e1rt \u00e9s ut\u00f3dp\u00e1rtja az Orsz\u00e1gos M. P\u00e1rt alap\u00edt\u00f3 \u00e9s vezet\u0151s\u00e9gi tagja (1922), a k\u00f6zgazdas\u00e1gi szakoszt\u00e1ly eln\u00f6ke. A p\u00e1rt list\u00e1j\u00e1n ker\u00fclt a rom\u00e1n szen\u00e1tusba, Cs\u00edkmegye k\u00e9pviselet\u00e9ben a buk.-i parlamentbe nyolcszor \u00fajrav\u00e1lasztott szen\u00e1tor (1926\u201338), \u00e9s mint ilyen a kat. egyh\u00e1z \u00e9s \u00e1ltal\u00e1ban a kisebbs\u00e9gi \u00fcgy \u00e9rdek\u00e9ben t\u00f6bbsz\u00f6r eredm\u00e9nyesen felsz\u00f3lalt. F\u0151leg egyh\u00e1zpolitikai, kultur\u00e1lis \u00e9s k\u00f6zigazgat\u00e1si k\u00e9rd\u00e9sekkel foglalkozott, szerepe volt az erd\u00e9lyi r. k. egyh\u00e1z \u00e9s a rom\u00e1n \u00e1llam k\u00f6z\u00f6tt l\u00e9trej\u00f6tt konkord\u00e1tum megsz\u00f6vegez\u00e9s\u00e9ben. Az erd\u00e9lyi kat. \u00e9let egyik vezet\u0151 tagja: a Kat. N\u00e9psz\u00f6vets\u00e9g aleln\u00f6ke, a kv.-i Szt. Imre Egyes. alap\u00edt\u00f3ja (1903), Egyh\u00e1zmegyei Tan\u00e1cs tagja, az Erd\u00e9lyi Kat. St\u00e1tus igazgat\u00f3 tan\u00e1cs\u00e1nak tagja (1921\u2013) \u00e9s el\u0151bb vil\u00e1gi aleln\u00f6ke, k\u00e9s\u0151bb eln\u00f6ke (1933-t\u00f3l). A mv.-i zsid\u00f3-m. tulajdonban l\u00e9v\u0151 Lesz\u00e1m\u00edtol\u00f3 Bank \u00e9s a K\u00fck\u00fcll\u0151 Takar\u00e9kp\u00e9nzt\u00e1r igazgat\u00f3s\u00e1gi tagja (1924). Az Erd\u00e9lyi Katolikus Akad. tagja, a kv.-i P\u00e1zm\u00e1ny T\u00e1rs. alap\u00edt\u00f3 aleln\u00f6ke (1938\u201344), az OMP betilt\u00e1sa ut\u00e1n (1938. m\u00e1rc. 31.) az erd\u00e9lyi magyars\u00e1g politikai szervezet\u00e9ben, a Rom\u00e1niai M. N\u00e9pk\u00f6z\u00f6ss\u00e9gben j\u00e1tszott fontos szerepet, amelynek alap\u00edt\u00f3ja \u00e9s eln\u00f6ke (1941\u201344). Mint a dics\u0151szentm\u00e1rtoni K\u00f6zigazgat\u00e1si Bank, k\u00e9s\u0151bb az Erd\u00e9lyi Bankszindik\u00e1tus eln\u00f6ke, tekint\u00e9lyes szerepet j\u00e1tszott Erd\u00e9ly gazdas\u00e1gi \u00e9s p\u00e9nz\u00fcgyi vil\u00e1g\u00e1ban is. A MP k\u00f6zgazdas\u00e1gi szakoszt\u00e1ly\u00e1nak eln\u00f6ke, a Mez\u0151gazdas\u00e1gi Tan\u00e1cs aleln\u00f6ke, a Kisk\u00fck\u00fcll\u0151megyei Gazdas\u00e1gi Egyes\u00fclet eln\u00f6ke, a KZST tagja volt, azonkiv\u00fcl m\u00e9g sz\u00e1mos kultur\u00e1lis \u00e9s gazdas\u00e1gi egyes\u00fcletn\u00e9l vezet\u0151 szerepet j\u00e1tszott. <strong>Kit\u00fcntet\u00e9sei:<\/strong> a rom\u00e1n koronarend tiszti keresztje, a p\u00e1pai Szent Gergely nagykereszt. Neve mint \u00edr\u00f3 is ismert, egyh\u00e1zi, p\u00e9nz\u00fcgyi \u00e9s t\u00f6rt\u00e9nelmi m\u0171veket \u00edrt. M\u00e1r az I. vh. el\u0151tt \u00edrt cikkeiben hirdette, hogy meg kell ismerni a rom\u00e1n nyelvet \u00e9s irodalmat, meg kell sz\u00fcntetni a v\u00e1laszfalakat magyarok \u00e9s rom\u00e1nok k\u00f6z\u00f6tt. A k\u00f6z\u00fcgyi aktivit\u00e1s hirdet\u0151je ugyan (1921), de a K\u00f3s K\u00e1roly-f\u00e9le M. N\u00e9pp\u00e1rtot a politik\u00e1b\u00f3l kiszor\u00edtva, a f\u00f6ldbirtokos \u2013 \u00e9s bank\u00e9rdekelts\u00e9gek szolg\u00e1lat\u00e1ban, az OMP el\u0151k\u00e9sz\u00edt\u0151je \u00e9s megszervez\u0151je. \u00c1ll\u00e1st foglalt az anyanyelven oktat\u00f3 felekezeti iskol\u00e1k v\u00e9delme \u00e9rdek\u00e9ben. Erd\u00e9lyi probl\u00e9m\u00e1k c. publicisztikai munk\u00e1j\u00e1nak alapgondolata szerint &#8222;az erd\u00e9lyi magyars\u00e1gnak a [. ] vil\u00e1gt\u00f6rt\u00e9nelmi hivat\u00e1sa, hogy \u00f6sszek\u00f6t\u0151 kapocs legyen a K\u00f6z\u00e9p-Eur\u00f3pa tengely\u00e9ben elhelyezkedett rom\u00e1n \u00e9s m. n\u00e9p k\u00f6z\u00f6tt&#8221;. Cikkei, tanulm\u00e1nyai megjelentek a: M. Kisebb\u00e9g, Erd\u00e9lyi Tud\u00f3s\u00edt\u00f3, Kis-K\u00fck\u00fcll\u0151, Keleti \u00dajs\u00e1g \u00e9s az Erd\u00e9lyi Lapok-ban. Kv.-on az Egyetem, a Kv.-i Egyetemi Lapok bels\u0151 munkat\u00e1rsa (1903); a dics\u0151szentm\u00e1rtoni V\u00e1rmegyei H\u00edrad\u00f3 fel. szerk.-je (1909\u201314), egyik alap\u00edt\u00f3ja \u00e9s f\u0151munkat\u00e1rsa a nagyv\u00e1radi Erd\u00e9lyi Lapok, \u00daj Lapok, M. Lapok -nak (1932\u201340). A Securitate letart\u00f3ztatta, s a Securitate pinc\u00e9j\u00e9ben halt m\u00e1rtirhal\u00e1lt (1945). \u2013 <strong>F. m.:<\/strong> A rom\u00e1n g\u00f6r\u00f6gkatolikusok auton\u00f3mi\u00e1ja (Bp., 1905); Szabads\u00e1g \u00e9s uralom (Kv., 1906); Tanulm\u00e1nyok a nemi \u00e9letr\u0151l (Kv., 1906); Erd\u00e9lyi probl\u00e9m\u00e1k, 1903\u20131923 (Cluj-Kv., 1923); Bethlen Mikl\u00f3s kancell\u00e1r. 1642\u20131716. (Dics\u0151szentm\u00e1rton, 1924); Rom\u00e1nia hitelszervezetei \u00e9s az erd\u00e9lyi magyar p\u00e9nzint\u00e9zetek (Lugos, 1924); A leu \u00e1rfolyama \u00e9s a p\u00e9nz\u00fcgyi v\u00e1ls\u00e1g (Cluj-Kv., 1924); Az erd\u00e9lyi katolicizmus m\u0171ltja \u00e9s jelene Dics\u0151szentm\u00e1rton, 1925); Az erd\u00e9lyi sz\u00e1szok \u00e9s a katolicizmus (Dics\u0151szentm\u00e1rton, 1925); Az erd\u00e9lyi Kat. St\u00e1tus mint \u00e1llamjogi, politikai \u00e9s gazdas\u00e1gi megold\u00e1s (Dics\u0151szentm\u00e1rton, 1925); Az erd\u00e9lyi rom\u00e1nok uni\u00f3ja s a rom\u00e1n g\u00f6r\u00f6g katholikus egyh\u00e1zi szervezet kifejl\u0151d\u00e9se (Dics\u0151szentm\u00e1rton, 1925); Egyenes \u00faton, 1901\u20131926: Cikkgy\u0171jtem\u00e9ny (Dics\u0151szentm\u00e1rton, 1926); Supplex Libellus Valachorum (Kv., 1927); Gy\u00e1rf\u00e1s Elem\u00e9r besz\u00e9de a k\u00f6z\u00e9piskolai t\u00f6rv\u00e9nyjavaslathoz (Lugos, 1928); A mez\u0151gazdas\u00e1gi ad\u00f3ss\u00e1gok szan\u00e1l\u00e1sa s a kapcsolatos p\u00e9nz\u00fcgyi t\u00f6rv\u00e9nyek (L\u00fagos, 1932); Az els\u0151 kis\u00e9rlet \u2013 az Averescu-paktum el\u0151zm\u00e9nyei, megk\u00f6t\u00e9s\u00e9nek indokai, sz\u00f6vege, m\u00f3dos\u00edt\u00e1sai, k\u00f6vetkezm\u00e9nyei, felboml\u00e1sa \u00e9s tanuls\u00e1gai (Lugos, 1937); <strong>t\u00e1rssz.:<\/strong> Biserica noastr\u0103 \u015fi cultele minoritare (Buc., s. a.); Gazdas\u00e1gi s\u00e9relmeink \u00e9s k\u00edv\u00e1ns\u00e1gaink (Dics\u0151szentm\u00e1rton, 1926, 1928, 1930); <strong>szerk.:<\/strong> Az erd\u00e9lyi katolicizmus m\u00faltja \u00e9s jelene. (Dics\u0151szentm\u00e1rton, 1925); el\u0151sz\u00f3: \u015etatusul Catolic Ardelean \u015fi acordul de la Roma (Cluj, 1933). <br \/><strong>Irod.:<\/strong> 1924\u20131944 Helikon; Helikon Bern\u00e1dy; Bern\u00e1dy Gy.: Reflexi\u00f3k Gy. E. szen\u00e1tor \u00farnak \u201eAz els\u0151 kis\u00e9rlet\u201d c. a M. Kisebbs\u00e9g \u2013ben megjelent k\u00f6zlem\u00e9ny\u00e9re (Mv., 1937); Csucsuja Istv\u00e1n: Sokarc\u00fa \u00f6r\u00f6ks\u00e9g: Tanulm\u00e1nyok, laud\u00e1ci\u00f3k, gy\u00e1szbesz\u00e9dek (Kv., 2012); D\u00edcs\u0151szentm\u00e1rton; Dics\u0151szentm\u00e1rton r\u00e9gi arca; Az EME h\u00e1romnegyedsz\u00e1zados tudom\u00e1nyos m\u0171k\u00f6d\u00e9se (Kv., 1937); Endes Mik\u00f3s: Erd\u00e9ly h\u00e1rom nemzete \u00e9s n\u00e9gy vall\u00e1sa auton\u00f3mi\u00e1j\u00e1nak t\u00f6rt\u00e9nete (Bp., 1935); F\u00fcl\u00f6p\u2013Ferencz; G\u00e1ldi L\u00e1szl\u00f3: Siebenb\u00fcrgen im Aufbau der ungarischern Kultur (Bp. \u2013 Leipzig \u2013 Milano , s. a.); Guly\u00e1s; Gy\u00e1rf\u00e1s Elem\u00e9r: Bethlen Mikl\u00f3s kancell\u00e1r (1642\u20131716) = K\u00f3s; Gy\u00f6rgy 1926; Gy\u00f6rgy 1927; Helikon 1924\u20131944; Id\u0151t\u00e1r 3; Id\u0151t\u00e1r 4; Katona Szab\u00f3; Ki kicsoda ?; Magyar Erd\u00e9lyben; Marosi-Helikon; Mik\u00f3 Imre: Nemzetis\u00e9gi jog \u00e9s nemzetis\u00e9gi politika (Kv., 1944); Mik\u00f3 Imre: Huszonk\u00e9t \u00e9v (Bp., 1941); MKL; Moldovan, Valeriu: Dieta Ardealului din 1863\u201364 (Cluj, 1932); Molter 1, 2; Orb\u00e1n Zsolt., \u2026A rom\u00e1n n\u00e9p, mellyel sz\u00e1zadokon \u00e1t \u00e9lt\u00fcnk egy\u00fctt, meg fog \u00e9rteni minket a j\u00f6v\u0151ben is\u2026= Magyar\u2026Erd\u00e9lyben; \u2026 Osv\u00e1th; Pan\u0103; Pascu \u015etefan: Transilvania \u00een lumina datelor geopolitice \u015fi statistice (Blaj, 1944); Politics and political parties in Roumania (London, 1936); Pomog\u00e1ts 1.; Pu\u015fcariu Ioan: Noti\u0163e despre \u00eent\u00eempl\u0103rile contemporane (Sibiu, 1913, 1919); Recueil des griefs de la minorit\u00e9 hongroise de Roumanie (Bp., 1922); RMIL; Sas P\u00e9ter: Gy. E. \u00e9s M\u00e1rton \u00c1ron lev\u00e9lv\u00e1lt\u00e1s\u00e1b\u00f3l (M\u0171vel\u0151d\u00e9s, 7\/8. sz., 2009. j\u00fal. -aug. 2009); Sebesty\u00e9n: K\u00e1rolyok, kir\u00e1lyok \u00e9s. Elem\u00e9r (N\u00fa., 1997. j\u00fal. 1.); T\u00e2rn\u0103veni, cult. \u2013 ist.; T\u00f6r\u00f6k B\u00e9la: Adal\u00e9kok a M. H\u00e1z t\u00f6rt\u00e9net\u00e9hez (N\u00fa., 1997. j\u00fan. 24.); Transilvani; \u00daIL; \u00daM\u00c9L; Visnai<\/br><\/p>\n","protected":false},"excerpt":{"rendered":"<p>Borz\u00e1s (ma Dics\u0151sztm\u00e1rton egyik lak\u00f3negyede), 1884. aug. 27., \u2020 Buk., 1945. okt. 4: jog\u00e1sz, k\u00f6zgazd\u00e1sz, f\u0151isp\u00e1n, politikus, ogy.-i k\u00e9pvisel\u0151, t\u00f6rt\u00e9nrt\u00edr\u00f3. \u2013 Apja f\u0151szolgab\u00edr\u00f3 \u00e9s f\u00f6ldbirtokos volt. Az elemi iskol\u00e1t Segesv\u00e1rt, a gimn. -ot Nagyszebenben, a jogot Kv.-on, Bp.-en \u00e9s a Sorbonne-on v\u00e9gezte. Jogtud. \u00e9s \u00e1llamtud. doktori oklevelet szerzett (1909). \u00dcgyv\u00e9djel\u00f6lt Mv.-en, ahol letette az \u00fcgyv\u00e9di [&hellip;]<\/p>\n","protected":false},"featured_media":0,"comment_status":"open","ping_status":"closed","template":"","meta":[],"product_brand":[],"product_cat":[137],"product_tag":[],"class_list":{"0":"post-9239","1":"product","2":"type-product","3":"status-publish","5":"product_cat-maros-megyei-eletrajzi-lexikon","7":"first","8":"instock","9":"shipping-taxable","10":"product-type-simple"},"_links":{"self":[{"href":"https:\/\/uj.adatbank.ro\/lexikon\/wp-json\/wp\/v2\/product\/9239","targetHints":{"allow":["GET"]}}],"collection":[{"href":"https:\/\/uj.adatbank.ro\/lexikon\/wp-json\/wp\/v2\/product"}],"about":[{"href":"https:\/\/uj.adatbank.ro\/lexikon\/wp-json\/wp\/v2\/types\/product"}],"replies":[{"embeddable":true,"href":"https:\/\/uj.adatbank.ro\/lexikon\/wp-json\/wp\/v2\/comments?post=9239"}],"wp:attachment":[{"href":"https:\/\/uj.adatbank.ro\/lexikon\/wp-json\/wp\/v2\/media?parent=9239"}],"wp:term":[{"taxonomy":"product_brand","embeddable":true,"href":"https:\/\/uj.adatbank.ro\/lexikon\/wp-json\/wp\/v2\/product_brand?post=9239"},{"taxonomy":"product_cat","embeddable":true,"href":"https:\/\/uj.adatbank.ro\/lexikon\/wp-json\/wp\/v2\/product_cat?post=9239"},{"taxonomy":"product_tag","embeddable":true,"href":"https:\/\/uj.adatbank.ro\/lexikon\/wp-json\/wp\/v2\/product_tag?post=9239"}],"curies":[{"name":"wp","href":"https:\/\/api.w.org\/{rel}","templated":true}]}}