{"id":9295,"date":"2025-06-29T10:55:47","date_gmt":"2025-06-29T08:55:47","guid":{"rendered":"https:\/\/uj.adatbank.ro\/lexikon\/termek\/gyorffy-peto-gyorffi-peto-makabe-peter-gyorfi-peto\/"},"modified":"2025-06-29T10:55:47","modified_gmt":"2025-06-29T08:55:47","slug":"gyorffy-peto-gyorffi-peto-makabe-peter-gyorfi-peto","status":"publish","type":"product","link":"https:\/\/uj.adatbank.ro\/lexikon\/termek\/gyorffy-peto-gyorffi-peto-makabe-peter-gyorfi-peto\/","title":{"rendered":"GY\u00d6RFFY Pet\u0151; Gy\u00f6rffi Pet\u0151, M\u00e1k\u00e1b\u00e9 P\u00e9ter, Gy\u00f6rfi Pet\u0151"},"content":{"rendered":"<p>1827. \u2020\u00a0Mv., 1895. jan. 22.: \u00fcgyv\u00e9d, k\u00e9pvisel\u0151, polg\u00e1rmester. \u2013 Feles\u00e9ge: Bereczky Am\u00e1lia (1835. -? ). \u2013 Az 1848\/49-es m. szabads\u00e1gharc egyik kimagasl\u00f3 egy\u00e9nis\u00e9ge, mint a XII honv\u00e9dz\u00e1szl\u00f3alj parancsnoka honv\u00e9d \u0151rnagy harcolt Erd\u00e9lyben. Gyergy\u00f3szentmikl\u00f3si t\u00f6rv\u00e9nysz\u00e9ki eln\u00f6k (1871\u201375). \u00dcgyv\u00e9d Brass\u00f3ban (1879-ig), majd Mv.-en folytatta praxis\u00e1t. Mv.-i als\u00f3 ker\u00fclet Ogy.-i k\u00e9pvisel\u0151je (1882\u201384) Cs\u00edkszered\u00e1n t. eln\u00f6k volt, ahonnan elbocs\u00e1tott\u00e1k. A MT vm.-i Tan\u00edt\u00f3egylet k\u00f6nyvt\u00e1ra sz\u00e1m\u00e1ra 101 drb. k\u00f6nyvet aj\u00e1nd\u00e9kozott (1883. \u00e1pr.). Mv. t\u00f6rv\u00e9nysz\u00e9ki eln\u00f6ke, majd polg\u00e1rmestere (1884. dec., hivatalba l\u00e9pett 1885. jan. 1. \u2013 1890. m\u00e1rc. 22.). Baross G\u00e1bor \u00e9s Wekerle miniszterek l\u00e1togatt\u00e1k meg Mv. -et (1889. aug.) \u00e9s anyagi seg\u00edts\u00e9g nyujt\u00e1st ig\u00e9rtek a m\u00fazeum \u00e9p\u00edt\u00e9s\u00e9nek. Visszat\u00e9rt az \u00fcgyv\u00e9di praxishoz. Az iskolasz\u00e9k gondnoka (1892\u201395). Az EMKE mv.-i v\u00e1rosi v\u00e1lasztm\u00e1ny\u00e1nak alap\u00edt\u00f3tagja, egyik aleln\u00f6ke (1885. aug. 10. \u2013), a m\u00e1si gr. Teleki Domokos. A Borosnyai P\u00e1l elhunyta ut\u00e1n a Honv\u00e9d Egylet eln\u00f6ke (1885. m\u00e1rc. 3. \u2013) Ravatal\u00e1n\u00e1l Kov\u00e1cs Ferenc ap\u00e1t tartott gy\u00e1szbesz\u00e9det. <br \/><strong>Irod.:<\/strong> Bern\u00e1dy; Bodolai Gy\u00f6ngyi: M\u00e1rcius 15 eml\u00e9kezete az egykori Mv.-en (N\u00fa., 1996. m\u00e1rc. 15.); B\u00f3nis Johanna: A Sz\u00e9kelyf\u00f6ldi Iparm\u00fazeum; EMKE szervezked\u0151 k\u00f6zgy\u0171l\u00e9s (Kv., 1886); Fodor\u2013Bal\u00e1s; Id\u0151t\u00e1r 2, 5 \/1.; [Nekrol\u00f3g] (Marosvid\u00e9k, 1895. jan. 27.); Nemes; \u00d6kr\u00f6s, P\u00e1lmay J\u00f3zsef; S\u00e1ndor; Szentgy\u00f6rgyi<\/br><\/p>\n","protected":false},"excerpt":{"rendered":"<p>1827. \u2020\u00a0Mv., 1895. jan. 22.: \u00fcgyv\u00e9d, k\u00e9pvisel\u0151, polg\u00e1rmester. \u2013 Feles\u00e9ge: Bereczky Am\u00e1lia (1835. -? ). \u2013 Az 1848\/49-es m. szabads\u00e1gharc egyik kimagasl\u00f3 egy\u00e9nis\u00e9ge, mint a XII honv\u00e9dz\u00e1szl\u00f3alj parancsnoka honv\u00e9d \u0151rnagy harcolt Erd\u00e9lyben. Gyergy\u00f3szentmikl\u00f3si t\u00f6rv\u00e9nysz\u00e9ki eln\u00f6k (1871\u201375). \u00dcgyv\u00e9d Brass\u00f3ban (1879-ig), majd Mv.-en folytatta praxis\u00e1t. Mv.-i als\u00f3 ker\u00fclet Ogy.-i k\u00e9pvisel\u0151je (1882\u201384) Cs\u00edkszered\u00e1n t. eln\u00f6k volt, ahonnan elbocs\u00e1tott\u00e1k. [&hellip;]<\/p>\n","protected":false},"featured_media":0,"comment_status":"open","ping_status":"closed","template":"","meta":[],"product_brand":[],"product_cat":[137],"product_tag":[],"class_list":{"0":"post-9295","1":"product","2":"type-product","3":"status-publish","5":"product_cat-maros-megyei-eletrajzi-lexikon","7":"first","8":"instock","9":"shipping-taxable","10":"product-type-simple"},"_links":{"self":[{"href":"https:\/\/uj.adatbank.ro\/lexikon\/wp-json\/wp\/v2\/product\/9295","targetHints":{"allow":["GET"]}}],"collection":[{"href":"https:\/\/uj.adatbank.ro\/lexikon\/wp-json\/wp\/v2\/product"}],"about":[{"href":"https:\/\/uj.adatbank.ro\/lexikon\/wp-json\/wp\/v2\/types\/product"}],"replies":[{"embeddable":true,"href":"https:\/\/uj.adatbank.ro\/lexikon\/wp-json\/wp\/v2\/comments?post=9295"}],"wp:attachment":[{"href":"https:\/\/uj.adatbank.ro\/lexikon\/wp-json\/wp\/v2\/media?parent=9295"}],"wp:term":[{"taxonomy":"product_brand","embeddable":true,"href":"https:\/\/uj.adatbank.ro\/lexikon\/wp-json\/wp\/v2\/product_brand?post=9295"},{"taxonomy":"product_cat","embeddable":true,"href":"https:\/\/uj.adatbank.ro\/lexikon\/wp-json\/wp\/v2\/product_cat?post=9295"},{"taxonomy":"product_tag","embeddable":true,"href":"https:\/\/uj.adatbank.ro\/lexikon\/wp-json\/wp\/v2\/product_tag?post=9295"}],"curies":[{"name":"wp","href":"https:\/\/api.w.org\/{rel}","templated":true}]}}