{"id":9312,"date":"2025-06-29T10:56:20","date_gmt":"2025-06-29T08:56:20","guid":{"rendered":"https:\/\/uj.adatbank.ro\/lexikon\/termek\/gyorfi-sandor-2\/"},"modified":"2025-06-29T10:56:20","modified_gmt":"2025-06-29T08:56:20","slug":"gyorfi-sandor-2","status":"publish","type":"product","link":"https:\/\/uj.adatbank.ro\/lexikon\/termek\/gyorfi-sandor-2\/","title":{"rendered":"GY\u0150RFI S\u00e1ndor"},"content":{"rendered":"<p>Segesv\u00e1r, 1929. jan. 9., \u2020 ?\u00a0: term\u00e9szettudom\u00e1nyi \u00edr\u00f3. \u2013 K\u00f6z\u00e9piskol\u00e1t Sz\u00e9kelyudvarhelyen v\u00e9gzett (1948), a BTE-n szerzett biol\u00f3gia szakos tan\u00e1ri diplom\u00e1t (1953). P\u00e1ly\u00e1j\u00e1t az egyetem \u00c1llattani tansz\u00e9k\u00e9n kezdte, 1953-t\u00f3l tan\u00e1rseg\u00e9d, majd a kolozsv\u00e1ri Ady\u2013\u015eincai L\u00edceum tan\u00e1ra (1957\u201374). Mo.-ra k\u00f6lt\u00f6z\u00f6tt a bp.-i Zalka M\u00e1t\u00e9 Koll. tan\u00e1ra (1974\u2013). Els\u0151 \u00edr\u00e1s\u00e1t az Aquila c. bp.-i ornitol\u00f3giai szakfoly\u00f3irat k\u00f6z\u00f6lte 1956-ban. A Cercet\u0103ri de Biologie, Natura, Dolgoz\u00f3 N\u0151, J\u00f3bar\u00e1t, Igazs\u00e1g k\u00f6z\u00f6lte \u00edr\u00e1sait. Gyakorlati mad\u00e1rv\u00e9delem c. diafilmje Kolozsv\u00e1rt k\u00e9sz\u00fclt (1957), Micul naturalist c. biol\u00f3giai h\u00e1zi laborat\u00f3rium protot\u00edpusa az Oktat\u00e1s\u00fcgyi Miniszt\u00e9rium orsz\u00e1gos pedag\u00f3giai p\u00e1ly\u00e1zat\u00e1n I. d\u00edjat nyert (1969). \u2013 <strong>F. m.:<\/strong> N\u00f6v\u00e9nygy\u0171jt\u00e9s \u2013 \u00c1llatprepar\u00e1l\u00e1s (muzeol\u00f3giai k\u00e9zik\u00f6nyv (Buc., 1962); A mi \u00e9l\u0151sarkunk (Mezei Zolt\u00e1nnal k\u00f6z\u00f6sen \u00edrt gyakorlati k\u00e9zik\u00f6nyv serd\u00fcl\u0151 gyermekek foglalkoztat\u00e1s\u00e1ra( ?? ), A Kis Ezermester (Buk., 1966). <br \/><strong>Irod.:<\/strong> RMIL<\/br><\/p>\n","protected":false},"excerpt":{"rendered":"<p>Segesv\u00e1r, 1929. jan. 9., \u2020 ?\u00a0: term\u00e9szettudom\u00e1nyi \u00edr\u00f3. \u2013 K\u00f6z\u00e9piskol\u00e1t Sz\u00e9kelyudvarhelyen v\u00e9gzett (1948), a BTE-n szerzett biol\u00f3gia szakos tan\u00e1ri diplom\u00e1t (1953). P\u00e1ly\u00e1j\u00e1t az egyetem \u00c1llattani tansz\u00e9k\u00e9n kezdte, 1953-t\u00f3l tan\u00e1rseg\u00e9d, majd a kolozsv\u00e1ri Ady\u2013\u015eincai L\u00edceum tan\u00e1ra (1957\u201374). Mo.-ra k\u00f6lt\u00f6z\u00f6tt a bp.-i Zalka M\u00e1t\u00e9 Koll. tan\u00e1ra (1974\u2013). Els\u0151 \u00edr\u00e1s\u00e1t az Aquila c. bp.-i ornitol\u00f3giai szakfoly\u00f3irat k\u00f6z\u00f6lte 1956-ban. [&hellip;]<\/p>\n","protected":false},"featured_media":0,"comment_status":"open","ping_status":"closed","template":"","meta":[],"product_brand":[],"product_cat":[137],"product_tag":[],"class_list":{"0":"post-9312","1":"product","2":"type-product","3":"status-publish","5":"product_cat-maros-megyei-eletrajzi-lexikon","7":"first","8":"instock","9":"shipping-taxable","10":"product-type-simple"},"_links":{"self":[{"href":"https:\/\/uj.adatbank.ro\/lexikon\/wp-json\/wp\/v2\/product\/9312","targetHints":{"allow":["GET"]}}],"collection":[{"href":"https:\/\/uj.adatbank.ro\/lexikon\/wp-json\/wp\/v2\/product"}],"about":[{"href":"https:\/\/uj.adatbank.ro\/lexikon\/wp-json\/wp\/v2\/types\/product"}],"replies":[{"embeddable":true,"href":"https:\/\/uj.adatbank.ro\/lexikon\/wp-json\/wp\/v2\/comments?post=9312"}],"wp:attachment":[{"href":"https:\/\/uj.adatbank.ro\/lexikon\/wp-json\/wp\/v2\/media?parent=9312"}],"wp:term":[{"taxonomy":"product_brand","embeddable":true,"href":"https:\/\/uj.adatbank.ro\/lexikon\/wp-json\/wp\/v2\/product_brand?post=9312"},{"taxonomy":"product_cat","embeddable":true,"href":"https:\/\/uj.adatbank.ro\/lexikon\/wp-json\/wp\/v2\/product_cat?post=9312"},{"taxonomy":"product_tag","embeddable":true,"href":"https:\/\/uj.adatbank.ro\/lexikon\/wp-json\/wp\/v2\/product_tag?post=9312"}],"curies":[{"name":"wp","href":"https:\/\/api.w.org\/{rel}","templated":true}]}}