{"id":9341,"date":"2025-06-29T10:57:23","date_gmt":"2025-06-29T08:57:23","guid":{"rendered":"https:\/\/uj.adatbank.ro\/lexikon\/termek\/gyorgy-lajos-%c2%a7-alnevei-censor-dr-beneinformatus-gy-sz-vasarhelyi-gergely-dr-vasarhelyi-lajos\/"},"modified":"2025-06-29T10:57:23","modified_gmt":"2025-06-29T08:57:23","slug":"gyorgy-lajos-%c2%a7-alnevei-censor-dr-beneinformatus-gy-sz-vasarhelyi-gergely-dr-vasarhelyi-lajos","status":"publish","type":"product","link":"https:\/\/uj.adatbank.ro\/lexikon\/termek\/gyorgy-lajos-%c2%a7-alnevei-censor-dr-beneinformatus-gy-sz-vasarhelyi-gergely-dr-vasarhelyi-lajos\/","title":{"rendered":"GY\u00d6RGY Lajos, \u00a7 \u00e1lnevei: Censor, Dr. Beneinformatus, Gy., Sz., V\u00e1s\u00e1rhelyi Gergely, Dr. V\u00e1s\u00e1rhelyi Lajos"},"content":{"rendered":"<p>Mv., 1890. \u00e1pr. 3., \u2020 Kv., 1950. dec. 31., a H\u00e1zsong\u00e1rdi temet\u0151ben nyugszik: irodalomt\u00f6rt\u00e9n\u00e9sz, egyetemi tan\u00e1r, szerk., bibliogr\u00e1fus, k\u00f6nyvt\u00e1rigazgat\u00f3. \u2013 A k\u00f6z\u00e9piskol\u00e1t Cs\u00edksomly\u00f3n \u00e9s a kv.-i piarist\u00e1kn\u00e1l v\u00e9gezte; a kv.-i TE-en m. -latin szakos tan\u00e1ri \u00e9s b\u00f6lcs\u00e9szdoktori oklevelet szerzett (1911). Tan\u00e1r Bp.-en a gyakorl\u00f3 gimn.-ban (1912\u201314), Mez\u0151k\u00f6vesden a kat. gimn.-ban helyettes tan\u00e1r (1914\u201316). Kv.-on a Marianum Le\u00e1nynevel\u0151 Int\u00e9zetben (1916\u201327) rendes tan\u00e1r \u00e9s igazgat\u00f3 (1923\u201327); az int\u00e9zet keret\u00e9ben beind\u00edtott Polg\u00e1ri Iskolai Tan\u00e1rk\u00e9pz\u0151 F\u0151iskola tan\u00e1ra \u00e9s igazgat\u00f3ja (1920\u201323), \u00e9s a ref. teol\u00f3gia melletti Tan\u00e1rk\u00e9pz\u0151 Int\u00e9zet \u00f3raad\u00f3 tan\u00e1ra, a r\u00e9gi m. irodalomt\u00f6rt. el\u0151ad\u00f3ja (1920\u201321), amig \u2013 mint a reakci\u00f3 k\u00e9pvisel\u0151j\u00e9t \u2013 meg nem fosztott\u00e1k \u00e1ll\u00e1s\u00e1t\u00f3l, a rom\u00e1n hat\u00f3s\u00e1gok be nem z\u00e1ratt\u00e1k ezeket az int\u00e9zeteket. K\u00fclf\u00f6ldi tanulm\u00e1nyutat tett, m\u00e1sf\u00e9l esztend\u0151t t\u00f6lt N\u00e9metorsz\u00e1gban (1927 \u2013 ), ahol irodalomt\u00f6rt\u00e9neti kutat\u00e1sok mellett a kisebbs\u00e9gi \u00e9letforma m\u0171vel\u0151d\u00e9si feladatainak \u00e9s a f\u0151iskol\u00e1s ifj\u00fas\u00e1g nevel\u00e9s\u00e9nek tanulm\u00e1nyoz\u00e1s\u00e1val foglalkozott. Hazat\u00e9rte ut\u00e1n (1928. nov. \u2013) a kat., ref. \u00e9s unit. egyh\u00e1zi hat\u00f3s\u00e1gok megb\u00edzz\u00e1k a kv.-i m. egyetemi hallgat\u00f3k tanulm\u00e1nyi \u00fcgy\u00e9nek igazgat\u00e1s\u00e1val, a M. Tan\u00e1rk\u00e9pz\u0151 int. tanulm\u00e1nyi igazgat\u00f3ja lett (1928\u201340). A piarista Lyceum-k\u00f6nyvt\u00e1r igazgat\u00f3jak\u00e9nt szervezte meg az egyetemi hallgat\u00f3k szemin\u00e1rium\u00e1t \u00e9s k\u00f6nyvt\u00e1r\u00e1t (1929\u201348). Szerk. -tette a P\u00e1sztort\u0171z c. sz\u00e9pirodalmi \u00e9s m\u0171v\u00e9szeti (1924\u201327), az Erd\u00e9lyi Irodalmi Szemle c. tudom\u00e1nyos foly\u00f3iratot (1926\u201329). Megind\u00edtott k\u00e9t sorozatot: a P\u00e1sztort\u0171z k\u00f6nyvt\u00e1r-at (1925\u201330) \u00e9s az Erd\u00e9lyi Klasszikus Reg\u00e9nyek sorozat\u00e1t; az EME kiadv\u00e1nyait: az Erd\u00e9lyi Tudom\u00e1nyos F\u00fczetek-et (1926\u201340), 1\u2013120 sz. -\u00e1t (1926\u201340). Mag\u00e1ntan\u00e1ri k\u00e9pes\u00edt\u00e9st szerzett a bp.-i P\u00e1zm\u00e1ny P\u00e9ter TE-en (1931). R\u00e9szt vett az Erd\u00e9lyi Kat. Akad. megszervez\u00e9s\u00e9ben, az akad. f\u0151titk\u00e1r\u00e1v\u00e1 v\u00e1lasztott\u00e1k. Szerk. -tette az Erd\u00e9lyi Katolikus Akad\u00e9mia Felolvas\u00e1sai c. sorozatot (1929\u201332), megind\u00edtott\u00e1k M\u00e1rton \u00c1ronnal k\u00f6z\u00f6sen az Erd\u00e9lyi Iskola c. kat. nevel\u00e9si foly\u00f3iratot (1933\u201340), szerk. -tette az \u00fajraindult Erd\u00e9lyi M\u00fazeum c. foly\u00f3iratot (1930\u201340), \u00e9s az EME v\u00e1ndorgy\u0171l\u00e9seinek Eml\u00e9kk\u00f6nyveit valamint a N\u00e9pm\u0171vel\u00e9si F\u00fcz. (1935\u201340). Az \u00fajraindult EME f\u0151titk\u00e1ra (1930\u201340), a B\u00f6lcs\u00e9szet-, Nyelv-, \u00e9s T\u00f6rt\u00e9nelemtudom\u00e1nyi Szakoszt\u00e1ly eln\u00f6ke (1940\u201347). Az Erd\u00e9lyi Tud. Int. igazgat\u00f3ja (1946\u201347). A kv.-i FJTE m. irodalomt\u00f6rt\u00e9net ny. r. tan\u00e1ra (1940\u201344). Jelent\u0151s szerepe volt a BTE megteremt\u00e9s\u00e9ben \u00e9s abban, hogy a r. k. egyh\u00e1z is jelent\u0151s anyagi t\u00e1mogat\u00e1sban r\u00e9szes\u00edtette az egyetemet, amikor az a legnehezebb helyzetben volt. Az egy. prorektora (1946\u2013), amig konzervat\u00edv \u00e9s antimarxista n\u00e9zetei\u00e9rt, alaptalan v\u00e1dakkal elt\u00e1vol\u00edtott\u00e1k az egyetemr\u0151l, megfosztott\u00e1k \u00e1ll\u00e1s\u00e1t\u00f3l \u00e9s nyugd\u00edjjogosults\u00e1g\u00e1t\u00f3l (1947 \u0151sz\u00e9n m\u00e1r nem kezdhette meg el\u0151ad\u00e1sait a BTE-n), lak\u00e1s\u00e1t \u00e9s \u00edr\u00f3g\u00e9p\u00e9t elvett\u00e9k; nyomorban halt meg. Kutat\u00e1si ter\u00fclete: irodalomt\u00f6rt\u00e9net, a rom\u00e1niai magyar irodalmi \u00e9s tudom\u00e1nyos \u00e9let sz\u00e1mbav\u00e9tele, bibliogr\u00e1fi\u00e1k \u00f6ssze\u00e1ll\u00edt\u00e1sa, k\u00f6nyvt\u00e1rt\u00f6rt\u00e9net, jeles szem\u00e9lyis\u00e9gek \u00e9letrajzi adatainak \u00e9s k\u00f6nyv\u00e9szet\u00e9nek \u00f6ssze\u00e1ll\u00edt\u00e1sa, tank\u00f6nyv\u00edr\u00e1s. Filol\u00f3giai vonatkoz\u00e1s\u00fa munk\u00e1inak sz\u00e1ma megk\u00f6zel\u00edti a f\u00e9lsz\u00e1zat. Kutatta a m. \u00e9s nemzetk\u00f6zi anekdotakincs t\u00f6rt\u00e9net\u00e9t \u00e9s kapcsolatait, meg\u00edrta a m. adoma t\u00f6rt\u00e9net\u00e9t. Foglalkozott a m. reg\u00e9ny kialakul\u00e1s\u00e1nak vizsg\u00e1lat\u00e1val. Tiszt\u00e1zta az egyetemes \u00e9s m. irodalom kapcsolatait, a felvil\u00e1gosod\u00e1s \u00e9s a XIX. sz\u00e1zad \u00edr\u00f3ival is foglalkozott. A szervez\u0151d\u0151 rom\u00e1niai m. irodalom \u00e9s sajt\u00f3 els\u0151 bibliogr\u00e1fusa volt. Nagysz\u00e1m\u00fa irodalom \u2013 \u00e9s m\u0171vel\u0151d\u00e9st\u00f6rt\u00e9neti \u00e9rdek\u0171 cikkei (1911-t\u0151l 1948-ig ) saj\u00e1t lapjain k\u00edv\u00fcl f\u0151leg a bp.-i Egyetemes Philologiai K\u00f6zl\u00f6ny, Irodalomt\u00f6rt\u00e9neti K\u00f6zlem\u00e9nyek, Irodalomt\u00f6rt\u00e9net, Ethnographia, M. Nyelv, Budapesti Szemle, ill. a Rom\u00e1niai Ellenz\u00e9k, Erd\u00e9lyi Lapok, M. N\u00e9p, A H\u00edrn\u00f6k, Katholikus Szemle, Egyh\u00e1z \u00e9s \u00c9let, a n\u00e9gynyelv\u0171 Cultura, a brass\u00f3i Klingsor, a genfi Revue des \u00c9tudes Hongroises \u00e9s a berlini Ungarische Jahrb\u00fccher has\u00e1bjain jelentek meg. K\u00f6z\u00f6lt\u00a0m\u00e9g A H\u00edrn\u00f6k, Bp.-i Szemle, Ellenz\u00e9k, Erd\u00e9lyi Lapok, Erd\u00e9lyi M\u00fazeum, M. N\u00e9p, P\u00e1sztort\u0171z, \u00dajs\u00e1g c. lapokban. Szerk. \/ t\u00e1rsszerk.-je volt az EME V\u00e1ndorgy\u0171l\u00e9sek Eml\u00e9kk\u00f6nyve (IX. 1930. \u2013 XVI. 1939) sz\u00e1mainak. A MTA l. (1930) \u00e9s r. tagja (1942), tan\u00e1cskoz\u00f3 tagja (1949), az akad. f\u0151titk\u00e1r\u00e1v\u00e1 v\u00e1lasztott\u00e1k, tags\u00e1g\u00e1t vissza\u00e1ll\u00edtott\u00e1k (1989); a Szt. Istv\u00e1n Akad. III. oszt. tagja (1926); az Erd\u00e9lyi R. K. Egyh\u00e1zmegyei Tan\u00e1cs (St\u00e1tus) igazgat\u00f3tan\u00e1csosa \u00e9s titk\u00e1ra, az Erd\u00e9lyi Katolikus Akad. tagja \u00e9s f\u0151titk\u00e1ra (1929), az Erd\u00e9lyi R. K. N\u00e9psz\u00f6vets\u00e9g \u00e9s a P\u00e1zm\u00e1ny P\u00e9ter T\u00e1rsas\u00e1g aleln\u00f6ke, a Bp.-i Philologiai T\u00e1rsas\u00e1g, a M. Irodalomt\u00f6rt\u00e9neti T\u00e1rsas\u00e1g, a kv.-i Sz\u00ednp\u00e1rtol\u00f3 Egyes\u00fclet v\u00e1lasztm\u00e1nyi, a Pet\u0151fi T\u00e1rsas\u00e1g, a M. Pedag\u00f3giai T\u00e1rsas\u00e1g, az EIT, a mv.-i KZST r. tagja, az Erd\u00e9lyi M\u00faz. -Egyes. f\u0151titk\u00e1ra. A fels\u0151h\u00e1z tagja (1940\u201344). Kit\u00fcntet\u00e9se: Corvin-koszor\u00fa (1940); tank\u00f6nyvei: Statisztika (Kv., 1922); M. irodalmi olvas\u00f3k\u00f6nyv (Kv., 1922); Stilisztika: (Nyelvtani \u00f6sszefoglal\u00e1s. Verstan). (Fi\u00fa \u2013 \u00e9s le\u00e1nyk\u00f6z\u00e9piskol\u00e1k, valamint polg\u00e1ri fi\u00fa \u2013 \u00e9s le\u00e1nyiskol\u00e1k III. o. sz\u00e1m\u00e1ra; Cluj-Kv., 1922); Retorika (Kv., 1924); Irodalmi olvas\u00f3k\u00f6nyv III. Eszt\u00e9tika, po\u00e9tika, vil\u00e1girodalomt\u00f6rt\u00e9net a fi\u00fa \u00e9s le\u00e1nyk\u00f6z\u00e9piskol\u00e1k VI. oszt. sz\u00e1m\u00e1ra (Cluj-Kv., 1925); Poetika (Kv., 1925); M. irodalomi t\u00f6rt\u00e9net (Kv., 1932). \u2013 <strong>F. m.:<\/strong> Sz\u00e9p Magel\u00f3na 1676 (Kv., 1911); Egy fejezet reg\u00e9nyirodalmunk t\u00f6rt\u00e9net\u00e9b\u0151l (Kv., 1913); Octavianus (Bp., 1914); A m. reg\u00e9ny m\u00faltj\u00e1b\u00f3l (Kv., 1922); irodalmi olvas\u00f3k\u00f6nyv (Retorika. Po\u00e9tika. Irodalomt\u00f6rt\u00e9net). M. elemek a rom\u00e1n irodalmakban (Kv., 1924); M. elemek a vil\u00e1girodalomban (Kv., 1924); A rom\u00e1niai m. irodalom bibliogr\u00e1fi\u00e1ja, 1919\u20131923 (Cluj-Kv., 1924); A rom\u00e1niai m. id\u0151szaki sajt\u00f3 \u00f6t esztendeje (Kv., 1924); A kv.-i Szent Mih\u00e1ly egyh\u00e1z: Eml\u00e9kf\u00fczet az 1924. okt. 2\u201312. hangszentel\u00e9si \u00fcnneps\u00e9gek alkalm\u00e1val (Cluj-Kv., 1924); Az erd\u00e9lyi m. irodalom bibliogr\u00e1fi\u00e1ja: 1919\u20131924 (Kv., 1925); Balogh Endre eml\u00e9kezete (Kv., 1925); Dr. Gyalui Farkas (Kv., 1926; 1935); Az erd\u00e9lyi m. irodalom bibliogr\u00e1fi\u00e1ja: 1925. \u00e9v (Cluj-Kv., 1926); Az erd\u00e9lyi magyars\u00e1g szellemi \u00e9lete (Bp., 1926); Das geistige Leben der siebenb\u00fcrgischen Ungarn seit 1919 (Sch\u00e4ssburg, 1926); Az erd\u00e9lyi magyar irodalom bibliogr\u00e1fi\u00e1ja (Kv., 1927); La vie intellectuelle des Hongrois de Transylvanie, 1919\u20131925 (Paris, 1928); K\u00e9t dial\u00f3gus r\u00e9gi m. irodalmunkban (Kv., 1928); Szomj\u00fas\u00e1g: Versek (Bp., 1928); Egy \u00e1ll\u00edt\u00f3lagos Pancsatantra sz\u00e1rmaz\u00e9k irodalmunkban (Kv., 1929); A Genov\u00e9va legenda \u00e9s n\u00e9pk\u00f6nyv t\u00f6rt\u00e9nete (Bp., 1929); Andr\u00e1d S\u00e1muel elm\u00e9s \u00e9s mulats\u00e1gos anekd\u00f3t\u00e1i (Kv., 1929); Egy k\u00f6z\u00e9pkori Sybilla-vers r\u00e9gi m. irodalmunkban: sz\u00e9kfoglal\u00f3 a Szent Istv\u00e1n Akad\u00e9mi\u00e1n (P\u00e9cs, 1929); Eulenspiegel m. nyomai (Kv., 1932); A francia hellenizmus hull\u00e1mai az erd\u00e9lyi m. szellemi \u00e9letben (Kv., 1930); K\u00f3nyi J\u00e1nos Demokritusa: Sz\u00e9kfoglal\u00f3 \u00e9rtekez\u00e9s a MTA-\u00e1n (Bp., 1931.); KZST1930; Szent \u00c1goston \u00e9s a tenger viz\u00e9t kim\u00e9r\u0151 gyermek legend\u00e1ja (Bp., 1932); T\u00e1rgyt\u00f6rt\u00e9neti jegyzetek Miksz\u00e1th anekdot\u00e1ihoz (Bp., 1933); M. anekdot\u00e1ink Naszreddin-kapcsolatai (Kv., 1933); A m. anekdota t\u00f6rt\u00e9nete \u00e9s egyetemes kapcsolatai (Bp., 1934, 1946.); A m. nyelv k\u00fczdelmes sorsa Erd\u00e9lyben (Bp., 1935); A m. irodalom t\u00f6rt\u00e9nete. 1. R\u00e9gi irodalom (Kv., 1935); Anekd\u00f3ta (Bp., 1935); A m. irodalom t\u00f6rt\u00e9nete. 2. \u00daj irodalom (Kv., 1936); Anyanyelv\u00fcnk v\u00e9delme (Kv., 1936); A sz\u00e1zesztend\u0151s Abafi el\u0151zm\u00e9nyei (Kv., 1936); Dr. Bitay \u00c1rp\u00e1d \u00e9letrajza \u00e9s tudom\u00e1nyos munk\u00e1ss\u00e1ga (Kv., 1938); Vil\u00e1gj\u00e1r\u00f3 anekd\u00f3t\u00e1k (Bp., 1938, 1941; 1996); Az \u201eErd\u00e9lyi M\u00fazeum&#8221; t\u00f6rt\u00e9nete, 1874\u20131937 (Kv., 1939); Dr. Rajka L\u00e1szl\u00f3 \u00e9lete \u00e9s tudom\u00e1nyos munk\u00e1ss\u00e1ga (Kv., 1939); Az Erd\u00e9lyi M\u00fazeum \u00f6tven esztendeje (Bp., 1940); A m. n\u00e1bob (Kv., 1941); A m. reg\u00e9ny el\u0151zm\u00e9nyei (Bp., 1941); Erd\u00e9ly k\u00f6nyvt\u00e1r \u2013 \u00e9s lev\u00e9lt\u00e1r\u00fcgye (P\u00e9cs, 1941); Az erd\u00e9lyi k\u00f6nyvt\u00e1r\u00fcgy \u00e9s a Kv.-i Egyetemi K\u00f6nyvt\u00e1r (Bp., 1942); Az Egyetemi Di\u00e1kv\u00e9d\u0151 Hivatal m\u0171k\u00f6d\u00e9se az 1941\/42 tan\u00e9vben (Kv., 1942); A Beningi-k\u00f6nyvt\u00e1r (Kv., 1943); B\u00e1lint G\u00e1bor eml\u00e9kezete (Kv., 1945); A m. \u00e9s orosz irodalom kapcsolatai (Kv., 1946); A m. \u00e9s sz\u00e1sz irodalom kapcsolatai (Kv., 1946); M. irodalmi olvas\u00f3k\u00f6nyv (Kv., 1946); Valkai Andr\u00e1s: Egy kalotaszegi \u00e9nekszerz\u0151 a XVI. sz\u00e1zadban (Kv., 1947); M\u0171vel\u0151d\u00e9st\u00f6rt\u00e9neti Tanulm\u00e1nyok (Buk., 1980); Az anekdota. A m. reg\u00e9ny el\u0151zm\u00e9nyei: Tanulm\u00e1nyok (Buc., 1988); A kv.-i r\u00f3mai katolikus Lyceum-k\u00f6nyvt\u00e1r t\u00f6rt\u00e9nete, 1579\u20131948 (Bp., 1994); t\u00e1rssz.: 1924\u20131944 Helikon 1.; A magyars\u00e1g n\u00e9prajza 3. k\u00f6t. (Bp., 1941\u201343; Hasonm\u00e1s kiad., Szeksz\u00e1rd, 1991); szerk.: Sz\u00e9p Magel\u00f3na \u20131676 (Kv., 1911); \u00a0Stilisztika \u00e9s M. irodalmi olvas\u00f3k\u00f6nyv (Kv., 1922); M. olvas\u00f3k\u00f6nyv (Kv., 1922); M. irodalmi olvas\u00f3k\u00f6nyv (1924); A kv.-i Szent Mih\u00e1ly egyh\u00e1z: Eml\u00e9kf\u00fczet az 1924. okt. 2\u201312. harangszentel\u00e9si \u00fcnneps\u00e9gek alkalm\u00e1val (Cluj-Kv., 1924); P\u00e1sztort\u0171z Almanach, 1925 (Kv., 1925); Erd\u00e9lyi Almanach, 1925 (magyaro.-i c\u00edmv\u00e1ltozat); Balogh Endre eml\u00e9kezete (Kv., 1925); M\u00e1rki Eml\u00e9kk\u00f6nyv (Cluj-Kv., 1927); Voinovich-Bart\u00f3ky. Sziv\u00e1rv\u00e1ny Zsuzsi (Cluj-Kv., 1927); Az EME Mv.-en 1930. aug. 28\u201330 napj\u00e1n tartott kilencedik v\u00e1ndorgy\u0171l\u00e9s\u00e9nek eml\u00e9kk\u00f6nyve (Kv., 1931); Az EME h\u00e1romnegyedsz\u00e1zados tudom\u00e1nyos m\u0171k\u00f6d\u00e9se 1859\u20131934 (Kv., 1937); Gy. Herm\u00e1nyi Dienes J\u00f3zsef: Nagyenyedi Demokritosz (el\u0151sz\u00f3, Kv., 1943); Valkai Andr\u00e1s: Egy kalotaszegi \u00e9nekszerz\u0151 a XVI. sz\u00e1zadban (Kv., 1947). \u2013 Irod.: Antal \u00c1rp\u00e1d: Gy. L. \u00e9letm\u0171ve; B\u00e1rdi 2013; Bitay \u00c1rp\u00e1d: Istoria literar\u0103 maghiar\u0103 (Buc., s. a.); Chinezu Ion : Aspecte din literatur maghiar\u0103 ardelean\u0103 (Cluj, 1930); Clujeni ai sec. 20; B\u00e1nhegyi J\u00f3b: A m. irodalom t\u00f6rt\u00e9nete (Bp., 1929\u201330); Czirj\u00e1k; EM; Az EME h\u00e1romnegyedsz\u00e1zados tudom\u00e1nyos m\u0171k\u00f6d\u00e9se (Kv., 1937); Farkas Gyula: A m. romantika (Bp., 1930); F\u00fcl\u00f6p-Ferencz; Ga\u00e1l; Ga\u00e1l 2001; Ga\u00e1l Gy\u00f6rgy: Gy\u00f6rgy Lajos \u00e9s Krist\u00f3f Gy\u00f6rgy bar\u00e1ts\u00e1ga = Helikon; Gergely P\u00e1l: Sz\u00e9kely vil\u00e1gj\u00e1r\u00f3k (Bp., 1940); Guly\u00e1s; Gy\u00f6rgy 1926; Gy\u00f6rgy 1927; H\u00e1zsong\u00e1rd; Helikon 1924\u20131944; Hivat\u00e1s \u00e9s tudom\u00e1ny; Id\u0151t\u00e1r 2; Jancs\u00f3 Elem\u00e9r: M. tudom\u00e1nyos \u00e9let Erd\u00e9lyben 1918 \u2013 napjainkig (Bp., s. a.); K\u00e1ntor Lajos: T\u00e9nyek tud\u00f3sa = K\u00e1ntor \u2013 L\u00e1ng; Gy\u00f6rgy Lajos; Kiss Jen\u0151: Eml\u00e9kez\u00e9s Gy\u00f6rgy Lajosra = Helikon; Katona Szab\u00f3; KMI; Kov\u00e1cs Ferenc: \u00c9p\u00edtkezz\u00fcnk a sz\u00e1z \u00e9ve sz\u00fcletett Gy. L. -sal (Erd\u00e9lyi Figyel\u0151, 8. sz., 1990); Kozocsa S\u00e1ndor: Az 1933. -ik \u00e9v irodalomt\u00f6rt\u00e9neti munk\u00e1ss\u00e1ga (Bp., 1934); K\u00f6ll\u0151 K\u00e1roly: Gy. L. Irodalmi munk\u00e1ss\u00e1ga: k\u00f6nyv\u00e9szeti adal\u00e9k (Kv., 1992, 2002); Kusz\u00e1lik; A m. tudom\u00e1nyos irodalom bibliogr\u00e1fi\u00e1ja 1901\u20131925 (Bp., 1929\u201336); Marosi-Helikon; M\u00c9L; MMA; MNL; Moln\u00e1r; Molter 1., 2; M\u0171vt\u00f6rt. T. 1980; Nagy P\u00e1l: Itthoni k\u00f6nyv.; Nagy P\u00e1l. Napl\u00f3 n\u00e9lk\u00fcl (Mv., 2007); Nagy P\u00e1l: Egy al\u00e1\u00edr\u00e1s eml\u00e9ke (N\u00fa., M\u00fazsa, 277. sz., 1997. jan. 10.); Ol\u00e1h Tibor: In memoriam: Gy. L. (N\u00fa., 1990. \u00e1pr. 5.); Osv\u00e1th; P\u00e9ter 2006; Petrinca P.: Die Minderheitenpresse in Rum\u00e4nien 1918\u201340 (Buc., 1940); Pint\u00e9r Jen\u0151: Sz\u00e1zadunk m. irodalma (Bp., 1943); Pomog\u00e1ts 1.; Pomog\u00e1ts B\u00e9la: Erd\u00e9lyi m. irodalomt\u00f6rt\u00e9net-\u00edr\u00e1s, 1920\u20131944 (Helikon, 2008., 2. sz.); R\u00e9thy-V\u00e1czy; RMIL; R\u00daL; Sikl\u00f3ssy; La Stampa delle minoranze in Romania 1918\u201340 (Buc., 1940); T\u00f3th-G\u00e1bor; T\u00f6tt\u00f6ssy; Transilvania; \u00dcnnepi k\u00f6nyv; MIL; \u00daM\u00c9L<\/br><\/p>\n","protected":false},"excerpt":{"rendered":"<p>Mv., 1890. \u00e1pr. 3., \u2020 Kv., 1950. dec. 31., a H\u00e1zsong\u00e1rdi temet\u0151ben nyugszik: irodalomt\u00f6rt\u00e9n\u00e9sz, egyetemi tan\u00e1r, szerk., bibliogr\u00e1fus, k\u00f6nyvt\u00e1rigazgat\u00f3. \u2013 A k\u00f6z\u00e9piskol\u00e1t Cs\u00edksomly\u00f3n \u00e9s a kv.-i piarist\u00e1kn\u00e1l v\u00e9gezte; a kv.-i TE-en m. -latin szakos tan\u00e1ri \u00e9s b\u00f6lcs\u00e9szdoktori oklevelet szerzett (1911). Tan\u00e1r Bp.-en a gyakorl\u00f3 gimn.-ban (1912\u201314), Mez\u0151k\u00f6vesden a kat. gimn.-ban helyettes tan\u00e1r (1914\u201316). Kv.-on a [&hellip;]<\/p>\n","protected":false},"featured_media":0,"comment_status":"open","ping_status":"closed","template":"","meta":[],"product_brand":[],"product_cat":[137],"product_tag":[],"class_list":{"0":"post-9341","1":"product","2":"type-product","3":"status-publish","5":"product_cat-maros-megyei-eletrajzi-lexikon","7":"first","8":"instock","9":"shipping-taxable","10":"product-type-simple"},"_links":{"self":[{"href":"https:\/\/uj.adatbank.ro\/lexikon\/wp-json\/wp\/v2\/product\/9341","targetHints":{"allow":["GET"]}}],"collection":[{"href":"https:\/\/uj.adatbank.ro\/lexikon\/wp-json\/wp\/v2\/product"}],"about":[{"href":"https:\/\/uj.adatbank.ro\/lexikon\/wp-json\/wp\/v2\/types\/product"}],"replies":[{"embeddable":true,"href":"https:\/\/uj.adatbank.ro\/lexikon\/wp-json\/wp\/v2\/comments?post=9341"}],"wp:attachment":[{"href":"https:\/\/uj.adatbank.ro\/lexikon\/wp-json\/wp\/v2\/media?parent=9341"}],"wp:term":[{"taxonomy":"product_brand","embeddable":true,"href":"https:\/\/uj.adatbank.ro\/lexikon\/wp-json\/wp\/v2\/product_brand?post=9341"},{"taxonomy":"product_cat","embeddable":true,"href":"https:\/\/uj.adatbank.ro\/lexikon\/wp-json\/wp\/v2\/product_cat?post=9341"},{"taxonomy":"product_tag","embeddable":true,"href":"https:\/\/uj.adatbank.ro\/lexikon\/wp-json\/wp\/v2\/product_tag?post=9341"}],"curies":[{"name":"wp","href":"https:\/\/api.w.org\/{rel}","templated":true}]}}