{"id":9345,"date":"2025-06-29T10:57:34","date_gmt":"2025-06-29T08:57:34","guid":{"rendered":"https:\/\/uj.adatbank.ro\/lexikon\/termek\/gyorgy-mozes\/"},"modified":"2025-06-29T10:57:34","modified_gmt":"2025-06-29T08:57:34","slug":"gyorgy-mozes","status":"publish","type":"product","link":"https:\/\/uj.adatbank.ro\/lexikon\/termek\/gyorgy-mozes\/","title":{"rendered":"GY\u00d6RGY M\u00f3zes"},"content":{"rendered":"<p>Sz\u00e9kes, 1861., \u2020\u00a0? : tan\u00edt\u00f3, iskola igazgat\u00f3. \u2013 A sz\u00e9kelykereszt\u00fari \u00e1ll. tan\u00edt\u00f3k\u00e9pz\u0151ben szerzett oklevelet (1883). Igazgat\u00f3-tan\u00edt\u00f3 Kir\u00e1lyh\u00e1z\u00e1n (1885\u201394), Bodrogkereszt\u00faron (1894\u20131905), Szatm\u00e1ron (1905\u201328. jan. 1). A szatm\u00e1ri Iparos Tanonciskola tan\u00e1ra volt 18 \u00e9ven \u00e1t. Kir\u00e1lyh\u00e1zai m\u0171k\u00f6d\u00e9se sor\u00e1n megalap\u00edtotta a Ref. Le\u00e1nyegyes\u00fcletet, amelynek levita tan\u00edt\u00f3ja volt. Zempl\u00e9nmegyei m\u0171k\u00f6d\u00e9se alatt a Tan\u00edt\u00f3 Egyes\u00fclet j\u00e1r\u00e1si eln\u00f6ke volt. A Szatm\u00e1ri Tan\u00edt\u00f3k H\u00e1za egyik megalap\u00edt\u00f3ja. Sz\u00e9lesk\u00f6r\u0171 t\u00e1rsadalmi \u00e9s kultur\u00e1lis tev\u00e9kenys\u00e9get fejtett ki. Tan\u00fcgyi lapokban cikkeket \u00edrt, sz\u00e1mos szakel\u0151ad\u00e1st \u00e9s felolvas\u00e1st tartott, iparos tanonciskol\u00e1k r\u00e9sz\u00e9re tank\u00f6nyvet \u00edrt. \u00c9rdemei\u00e9rt t\u00f6bbsz\u00f6r magas elismer\u00e9sben \u00e9s kit\u00fcntet\u00e9sben r\u00e9szes\u00fclt. <br \/><strong>Irod.:<\/strong> EM<\/br><\/p>\n","protected":false},"excerpt":{"rendered":"<p>Sz\u00e9kes, 1861., \u2020\u00a0? : tan\u00edt\u00f3, iskola igazgat\u00f3. \u2013 A sz\u00e9kelykereszt\u00fari \u00e1ll. tan\u00edt\u00f3k\u00e9pz\u0151ben szerzett oklevelet (1883). Igazgat\u00f3-tan\u00edt\u00f3 Kir\u00e1lyh\u00e1z\u00e1n (1885\u201394), Bodrogkereszt\u00faron (1894\u20131905), Szatm\u00e1ron (1905\u201328. jan. 1). A szatm\u00e1ri Iparos Tanonciskola tan\u00e1ra volt 18 \u00e9ven \u00e1t. Kir\u00e1lyh\u00e1zai m\u0171k\u00f6d\u00e9se sor\u00e1n megalap\u00edtotta a Ref. Le\u00e1nyegyes\u00fcletet, amelynek levita tan\u00edt\u00f3ja volt. Zempl\u00e9nmegyei m\u0171k\u00f6d\u00e9se alatt a Tan\u00edt\u00f3 Egyes\u00fclet j\u00e1r\u00e1si eln\u00f6ke volt. A Szatm\u00e1ri [&hellip;]<\/p>\n","protected":false},"featured_media":0,"comment_status":"open","ping_status":"closed","template":"","meta":[],"product_brand":[],"product_cat":[137],"product_tag":[],"class_list":{"0":"post-9345","1":"product","2":"type-product","3":"status-publish","5":"product_cat-maros-megyei-eletrajzi-lexikon","7":"first","8":"instock","9":"shipping-taxable","10":"product-type-simple"},"_links":{"self":[{"href":"https:\/\/uj.adatbank.ro\/lexikon\/wp-json\/wp\/v2\/product\/9345","targetHints":{"allow":["GET"]}}],"collection":[{"href":"https:\/\/uj.adatbank.ro\/lexikon\/wp-json\/wp\/v2\/product"}],"about":[{"href":"https:\/\/uj.adatbank.ro\/lexikon\/wp-json\/wp\/v2\/types\/product"}],"replies":[{"embeddable":true,"href":"https:\/\/uj.adatbank.ro\/lexikon\/wp-json\/wp\/v2\/comments?post=9345"}],"wp:attachment":[{"href":"https:\/\/uj.adatbank.ro\/lexikon\/wp-json\/wp\/v2\/media?parent=9345"}],"wp:term":[{"taxonomy":"product_brand","embeddable":true,"href":"https:\/\/uj.adatbank.ro\/lexikon\/wp-json\/wp\/v2\/product_brand?post=9345"},{"taxonomy":"product_cat","embeddable":true,"href":"https:\/\/uj.adatbank.ro\/lexikon\/wp-json\/wp\/v2\/product_cat?post=9345"},{"taxonomy":"product_tag","embeddable":true,"href":"https:\/\/uj.adatbank.ro\/lexikon\/wp-json\/wp\/v2\/product_tag?post=9345"}],"curies":[{"name":"wp","href":"https:\/\/api.w.org\/{rel}","templated":true}]}}