{"id":9395,"date":"2025-06-29T10:59:18","date_gmt":"2025-06-29T08:59:18","guid":{"rendered":"https:\/\/uj.adatbank.ro\/lexikon\/termek\/gyulai-pal-abafaji-paulus-giulanus-abafaji-gyulay-pal\/"},"modified":"2025-06-29T10:59:18","modified_gmt":"2025-06-29T08:59:18","slug":"gyulai-pal-abafaji-paulus-giulanus-abafaji-gyulay-pal","status":"publish","type":"product","link":"https:\/\/uj.adatbank.ro\/lexikon\/termek\/gyulai-pal-abafaji-paulus-giulanus-abafaji-gyulay-pal\/","title":{"rendered":"GYULAI P\u00e1l, abaf\u00e1ji; Paulus Giulanus, Abaf\u00e1ji Gyulay P\u00e1l"},"content":{"rendered":"<p>Abaf\u00e1ja, 1550. k., \u2020\u00a0Abaf\u00e1ja, 1592. dec. 10.: unit. vall\u00e1s\u00fa humanista, politikus, orvos, t\u00f6rt\u00e9net\u00edr\u00f3, \u00edr\u00f3, katona. \u2013 Apja: Gy. Bal\u00e1zs. \u00d6ccse: J\u00e1nos, hugai: S\u00e1ra, Kata. Feles\u00e9ge: 1. Ghiczy Katalin (1588\u20131589), 2. F\u00fczi Borb\u00e1la (a k\u00e9s\u0151bbi J\u00f3sika Isv\u00e1nn\u00e9, majd Sarmas\u00e1gi Zsigmondn\u00e9). \u2013 Kv.-on tanult el\u0151bb Heltai, illetve Szikszai Fabricius Bal\u00e1zs tan\u00edtv\u00e1nya volt (1563\u20131567 k.). Giorgio Blandrata \u00e9s D\u00e1vid Ferenc kiv\u00e1lasztott h\u00e1rom tehets\u00e9ges di\u00e1kot, akiket Bekes G\u00e1sp\u00e1r p\u00e9nz\u00e9n elvitt az olaszo.-i Padu\u00e1ba (1568\u201372) filoz\u00f3fi\u00e1t, klasszikus irodalmat \u00e9s orvostudom\u00e1nyt tanulni, ott orvosi oklevelet is szerzett \u00e9s \u00e9letre sz\u00f3l\u00f3 bar\u00e1ts\u00e1got k\u00f6t\u00f6tt Kovacs\u00f3czy Farkassal. K\u00f6zben utaz\u00e1sokat tett Velenc\u00e9be, Bologn\u00e1ba, B\u00e9csbe. Erd\u00e9lybe hazat\u00e9rve Bekes G\u00e1sp\u00e1r titk\u00e1ra \u00e9s politikai elk\u00e9pzel\u00e9seinek eszk\u00f6ze lett lett (1572). Bekes konfliktusban \u00e1llt B\u00e1thory Istv\u00e1n fejedelemmel az erd\u00e9lyi tr\u00f3n miatt. Bekes p\u00e1rtj\u00e1ra \u00e1llott szolg\u00e1lva tr\u00f3nk\u00f6vetel\u00e9si ig\u00e9nyeit, a B\u00e1thory Istv\u00e1n \u00e1ltal ostromolt fogarasi v\u00e1rat v\u00e9dte, de minden k\u00fcl\u00f6n\u00f6sebb ellen\u00e1ll\u00e1s n\u00e9lk\u00fcl \u00e1tadta B\u00e1thory hadainak. Fogs\u00e1gba ker\u00fclt, Kovacs\u00f3czi seg\u00edts\u00e9g\u00e9vel ker\u00fclt ki \u00e9s k\u00f6vette Bekest a Felvid\u00e9kre, majd Lengyelo.-ban b\u00fajdosott Bekessel (1575.). Felaj\u00e1nlott\u00e1k szolg\u00e1lataikat az akkor m\u00e1r lengyel kir\u00e1ly B\u00e1thory Istv\u00e1nnak, aki \u00e9rtes\u00fclve tudom\u00e1ny\u00e1r\u00f3l, titk\u00e1r\u00e1v\u00e1 \u00e9s tan\u00e1csos\u00e1v\u00e1 tette. R\u00e9szt vett B\u00e1thory oldal\u00e1n Gdansk ostrom\u00e1n\u00e1l, vit\u00e9zi tettei\u00e9rt lengyel nemess\u00e9get kapott (1577. nov. 4.). Az erd\u00e9lyi kancell\u00e1ria helyettes vezet\u0151je (1578\u2013). R\u00e9szt vett az orosz c\u00e1r IV. Iv\u00e1n (Rettenetes) elleni hadj\u00e1ratokban is, korh\u0171 \u00e9s hiteles besz\u00e1mol\u00f3kat \u00edrt a harcokr\u00f3l (1579\u201382): Commentarius rerum a Stephano rege adversus megnum Moschorum ducem gestarum ab anno 1580 c. B\u00e1thory szolg\u00e1lat\u00e1ban sz\u00e1mos bizalmas feladatot kapott, orvosi \u00e9s politikusi tan\u00e1csad\u00f3 tekint\u00e9lye egyre n\u00f6vekedett. T\u00f6bbsz\u00f6r j\u00e1rt Erd\u00e9lyben, az ogy. -t\u0151l a harcokhoz sz\u00fcks\u00e9ges p\u00e9nzt k\u00e9rte (1580. febr., m\u00e1j.; 1583\u201385).). B\u00e1thory Istv\u00e1nt\u00f3l kapta az abaf\u00e1ji birtokot (1584), ez kedvence helye volt, ahova k\u00fari\u00e1t \u00e9p\u00edtetett, B\u00e1thory Istv\u00e1n hal\u00e1la ut\u00e1n v\u00e9gleg visszat\u00e9rt Erd\u00e9lybe (1586. dec. 12.), ahol a m\u00e9g gyermek B\u00e1thory Zsigmond nevel\u0151je, szem\u00e9lyes tan\u00e1csad\u00f3ja \u00e9s f\u0151kamar\u00e1sa lett (1587\u2013). K\u00e9t h\u00e1zass\u00e1ga \u00e9s kir\u00e1lyi adom\u00e1nyok r\u00e9v\u00e9n jelent\u0151s vagyonra tett szert, birtokokat szerzett. Kir\u00e1lyi adom\u00e1nyk\u00e9nt kapta meg az abaf\u00e1ji uradalmat, R\u00e9gen ter\u00fclet\u00e9n sz\u0151l\u0151st (Galarebes), kapott m\u00e9g birtokot, Sz\u00e9kelyk\u00f6vesden, Szov\u00e1t\u00e1n, Marosszentkir\u00e1lyon, Marosp\u00e9terlak\u00e1n, H\u00e9tb\u00fckk\u00f6n, Ny\u00e1r\u00e1dt\u0151n, valamint \u00c9rmih\u00e1lyfalv\u00e1n, Hosd\u00e1ton, Ol\u00e1hl\u00e9t\u00e1n, J\u00e1r\u00e1n, Lups\u00e1n. Meg\u00edrta Erd\u00e9ly els\u0151 politikai level\u00e9nek sz\u00e1m\u00edt\u00f3 \u00edr\u00e1s\u00e1t Epistola Pauli Gyulai ad Georgium Sibrik (1585), ennek a lev\u00e9lnek egy v\u00e1ltozata Tan\u00e1csi T\u00fck\u00f6r c. jelent meg (1663). B\u00e1thory Zsigmond megcsonk\u00edtva a G\u00f6rg\u00e9nyv\u00e1rhoz tartoz\u00f3 birtokot, a Mocs\u00e1r erd\u0151s\u00e9gnek erdeit, \u00e9p\u00edt\u0151anyag \u2013 v\u00e1gat\u00e1si \u00e9s legeltet\u00e9si jog\u00e1t neki \u00e9s mindk\u00e9t \u00e1gon \u00f6r\u00f6k\u00f6seinek adom\u00e1nyozta (1591. aug. 3.). Abaf\u00e1j\u00e1n \u00e9s Ol\u00e1hl\u00e9t\u00e1n t\u00f6lt\u00f6tte \u00e9lete utols\u00f3 \u00e9veit, f\u0151leg a tudom\u00e1nyoknak szentelte idej\u00e9t, birtok\u00e1ban volt a Velenc\u00e9ben nyomtatott (1491) Plat\u00f3n. A k\u00f6nyvt\u00e1r\u00e1b\u00f3l t\u00f6bb eredeti Arisztotel\u00e9sz-m\u0171 \u00e9s komment\u00e1r maradt az ut\u00f3korra. Gyulafeh\u00e9rv\u00e1ron m\u00e9g k\u00fcl\u00f6nb\u00f6z\u0151 funkci\u00f3kat t\u00f6lt\u00f6tt be, pl. t\u00e1mogatta Coresi mestert az els\u0151 rom\u00e1n k\u00f6nyvek kinyomtat\u00e1s\u00e1ban. R\u00e9szt vett a gyulafeh\u00e9rv\u00e1ri gy\u0171l\u00e9sen (1591), amelyen a f\u0151urak elhat\u00e1rozt\u00e1k hogy v\u00e9get vetnek a visz\u00e1lykod\u00e1snak B\u00e1thory Zsigmond fejedelem \u00e9s unokatestv\u00e9re Boldizs\u00e1r k\u00f6z\u00f6tt. Minden csal\u00e1di titkuknak ismer\u0151je volt a hal\u00e1l\u00e1t is ez okozta. A gy\u0171l\u00e9s titkos hat\u00e1rozat\u00e1r\u00f3l G\u00e1lfi J\u00e1nos \u00e9s Gy. P. \u00e9rtes\u00edtett\u00e9k a fejedelmet, de B\u00e1thory Boldizs\u00e1r is megtudta. A B\u00e1thory Zsigmond elfogat\u00f3 parancs\u00e1t v\u00e9grehajt\u00f3 katon\u00e1k Abaf\u00e1j\u00e1n meg\u00f6lt\u00e9k. Bethlen Mikl\u00f3s szerint Tord\u00e1n a Tury csal\u00e1d s\u00edrboltj\u00e1ban temett\u00e9k el. Meggyilkol\u00e1sa ut\u00e1n az abaf\u00e1ji birtok J\u00f3sika Istv\u00e1nra sz\u00e1llt, majd az \u0151 kiv\u00e9gz\u00e9se ut\u00e1n B\u00e1thory Zsigmond fejedelem brennhidai Husz\u00e1r P\u00e9ternek (1535\u20131603) adta (1595). Tragikus \u00e9let\u00e9t Kem\u00e9ny Zsigmond dolgozta fel Gyulai P\u00e1l c. \u00f6tk\u00f6tetes reg\u00e9ny\u00e9ben. G\u00f6r\u00f6g \u00e9s latin nyelven \u00edrt k\u00f6nyveit, melyeket m\u00e9g \u00e9let\u00e9ben Kov\u00e1cs\u00f3czy Farkasnak adott \u00e1t meg\u0151rz\u00e9sre, v\u00e9grendelet\u00e9ben a brass\u00f3i v\u00e1rosi k\u00f6nyvt\u00e1rra hagyta. \u00d6r\u00f6ks\u00e9ge a v\u00e9grendelete szerin: Als\u00f3j\u00e1r\u00e1n udvarh\u00e1za, Fels\u0151j\u00e1ra, Nagyoklos, Kisb\u00e1nya (1592. aug. 1.). Az abaf\u00e1j\u00e1n kelt v\u00e9grendelet\u00e9ben a kv.-i \u00e9s a mv.-i schol\u00e1kban tanul\u00f3 szeg\u00e9ny di\u00e1kok seg\u00e9lyez\u00e9s\u00e9re ezer forintot hagyom\u00e1nyozott (1592). Gy. P. \u00e9s Dsida Jen\u0151 eml\u00e9kplakettet avattak Abaf\u00e1j\u00e1n (1999. okt. 24.). \u2013 <strong>F. m.:<\/strong> Commentarius rerum a Stephano rege adversus magnum Moschorum ducem gestarum anno 1580 (Claudiopoli, 1581; egyetlen ismert p\u00e9ld\u00e1nya a Teleki T\u00e9k\u00e1ban van); B\u00e1thori Istv\u00e1n kir\u00e1ly hadj\u00e1rata az oroszok ellen 1580-ban. (Ford., kiad. Koncz J\u00f3zsef. Hadt\u00f6rt. K\u00f6zlm, 1897; \u00fajabb kiad.: Erd\u00e9ly \u00f6r\u00f6ks\u00e9ge, Erd\u00e9lyi eml\u00e9k\u00edr\u00f3k Erd\u00e9lyr\u0151l, II, S\u00e1rk\u00e1nyfogak, 1572\u20131602. Szerk. Makkai L\u00e1szl\u00f3. Bp, \u00e9. n. [1942]); Tan\u00e1csi T\u00fck\u00f6r az az N. Gyulai P\u00e1lnak eszes, okos tan\u00e1csos oktat\u00f3 levele, mellyet ama nagy eml\u00e9kezet\u0171 m\u00e9lt\u00f3s\u00e1gos erd\u00e9lyi Fejedelem \u00e9s fels\u00e9ges lengyel kir\u00e1ly B\u00e1thory Istv\u00e1nnak szeginy leginyb\u0151l l\u00f6tt bels\u0151 tan\u00e1cs h\u00edve \u00edrt, tan\u00e1csi T\u00fck\u00f6r\u0171l, Sibrik Gy\u00f6rgynek V\u00e1radi F\u0151kapit\u00e1nynak lengyelorsz\u00e1gi Nipoloincr\u0151l tisztiben h\u00edven \u00e9s dics\u00e9retesen val\u00f3 el-j\u00e1r\u00e1s\u00e1ra. (Ford. Csepregi Turkovics Mih\u00e1ly. Szeben, 1663; modern kiad.: Janus Pannonius. Mo.-i humanist\u00e1k. (Szerk. Klaniczay Tibor. Bp, 1982), <strong>antol\u00f3g.:<\/strong> Eml\u00e9kirat B\u00e1thori Istv\u00e1n kir\u00e1lynak az oroszok nagyfejedelme ellen 1580-ban viselt h\u00e1bor\u00faj\u00e1r\u00f3l  =  Erd\u00e9ly \u00f6r\u00f6ks\u00e9ge (Bp., 1941\u201342); T\u00f3th Istv\u00e1n: M\u00fazs\u00e1k fellegv\u00e1ra (Buk., 1977); Janus Pannonius \u2013 Magyaro.-i humanist\u00e1k. Kiad. Klaniczay Tibor (Bp., 1982). <br \/><strong>Irod.:<\/strong> Abaf\u00e1ja; B\u00edr\u00f3 Don\u00e1t; Cat. Bibl. T. -B.; Erd\u00e9ly \u00f6r\u00f6ks\u00e9ge (Bp., 1941\u201342); Dankanits \u00c1d\u00e1m; Erd\u00e9lyi testamentumok 2.; Ferenczy-Danielik; Fekete; Ferenczy-Danielik; F\u00fcl\u00f6p\u2013Ferencz; G\u00e1ldi L\u00e1szl\u00f3: Siebenb\u00fcrgen im Aufbau der ungarischer Kultur (Bp-Leipzig-Milano, s. a.); Gazeta Reghinului (1994. dec.); Guly\u00e1s; Hor\u00e1nyi; Id\u0151t\u00e1r 1; Jakab; Kelemen; Kem\u00e9ny Zsigmond: Gy. P. (Bp., 1847, 1896); K\u00e9nosi-Uzoni 1., 2.; A m. irodalom t\u00f6rt\u00e9nete (Bp., 1906-07); A m. nemzet t\u00f6rt\u00e9nete (Bp., 1895\u201398); M. t\u00f6rt. \u00e9vk. napl\u00f3k; MAM\u0170L; Maros megye; MIIB; MNL; Offner, Robert; Pataki; Pint\u00e9r; Profiluri reghinene; Regh. cult. 2.; RMK; Rugonfalvi Kiss; Szab\u00f3 Mikl\u00f3s; SzOkl, 4.; Szinnyei; Szinnyei J.; Szov\u00e1ta; Todea 2013; Tonk S. 2020; T\u00f3th Istv\u00e1n: A gyulafeh\u00e9rv\u00e1ri humanista k\u00f6lt\u00e9szet antol\u00f3gi\u00e1ja (Bp., 2001); A t\u00f6rt\u00e9neti Erd\u00e9ly (Bp., 1936); \u00daIL; \u00daM\u00c9L; V\u00e1llas Antal: Nemzeti encyclopaedia (Pest, 1848); Weszpr\u00e9mi<\/br><\/p>\n","protected":false},"excerpt":{"rendered":"<p>Abaf\u00e1ja, 1550. k., \u2020\u00a0Abaf\u00e1ja, 1592. dec. 10.: unit. vall\u00e1s\u00fa humanista, politikus, orvos, t\u00f6rt\u00e9net\u00edr\u00f3, \u00edr\u00f3, katona. \u2013 Apja: Gy. Bal\u00e1zs. \u00d6ccse: J\u00e1nos, hugai: S\u00e1ra, Kata. Feles\u00e9ge: 1. Ghiczy Katalin (1588\u20131589), 2. F\u00fczi Borb\u00e1la (a k\u00e9s\u0151bbi J\u00f3sika Isv\u00e1nn\u00e9, majd Sarmas\u00e1gi Zsigmondn\u00e9). \u2013 Kv.-on tanult el\u0151bb Heltai, illetve Szikszai Fabricius Bal\u00e1zs tan\u00edtv\u00e1nya volt (1563\u20131567 k.). Giorgio Blandrata \u00e9s [&hellip;]<\/p>\n","protected":false},"featured_media":0,"comment_status":"open","ping_status":"closed","template":"","meta":[],"product_brand":[],"product_cat":[137],"product_tag":[],"class_list":{"0":"post-9395","1":"product","2":"type-product","3":"status-publish","5":"product_cat-maros-megyei-eletrajzi-lexikon","7":"first","8":"instock","9":"shipping-taxable","10":"product-type-simple"},"_links":{"self":[{"href":"https:\/\/uj.adatbank.ro\/lexikon\/wp-json\/wp\/v2\/product\/9395","targetHints":{"allow":["GET"]}}],"collection":[{"href":"https:\/\/uj.adatbank.ro\/lexikon\/wp-json\/wp\/v2\/product"}],"about":[{"href":"https:\/\/uj.adatbank.ro\/lexikon\/wp-json\/wp\/v2\/types\/product"}],"replies":[{"embeddable":true,"href":"https:\/\/uj.adatbank.ro\/lexikon\/wp-json\/wp\/v2\/comments?post=9395"}],"wp:attachment":[{"href":"https:\/\/uj.adatbank.ro\/lexikon\/wp-json\/wp\/v2\/media?parent=9395"}],"wp:term":[{"taxonomy":"product_brand","embeddable":true,"href":"https:\/\/uj.adatbank.ro\/lexikon\/wp-json\/wp\/v2\/product_brand?post=9395"},{"taxonomy":"product_cat","embeddable":true,"href":"https:\/\/uj.adatbank.ro\/lexikon\/wp-json\/wp\/v2\/product_cat?post=9395"},{"taxonomy":"product_tag","embeddable":true,"href":"https:\/\/uj.adatbank.ro\/lexikon\/wp-json\/wp\/v2\/product_tag?post=9395"}],"curies":[{"name":"wp","href":"https:\/\/api.w.org\/{rel}","templated":true}]}}