{"id":9396,"date":"2025-06-29T10:59:20","date_gmt":"2025-06-29T08:59:20","guid":{"rendered":"https:\/\/uj.adatbank.ro\/lexikon\/termek\/gyulai-zoltan-%c2%a7\/"},"modified":"2025-06-29T10:59:20","modified_gmt":"2025-06-29T08:59:20","slug":"gyulai-zoltan-%c2%a7","status":"publish","type":"product","link":"https:\/\/uj.adatbank.ro\/lexikon\/termek\/gyulai-zoltan-%c2%a7\/","title":{"rendered":"GYULAI Zolt\u00e1n, \u00a7"},"content":{"rendered":"<p>Pipe, 1887. dec. 16., \u2020 Bp., 1968. j\u00fal. 13.: fizikus, egyet. tan\u00e1r, szak\u00edr\u00f3. \u2013 Sz\u00e9kely tan\u00edt\u00f3csal\u00e1dban sz\u00fcletett. Apja: Ferenc, tan\u00edt\u00f3. Feles\u00e9ge: Gr\u00e1tz M\u00e1ria tan\u00e1rn\u0151 (1923\u2013). \u2013 A pipei iskol\u00e1ban, a tordai algimn.-ban (1898\u20131902) \u00e9s a kv.-i unit. gimn.-ban tanult (1902-05). Az egyetemet a kv.-i TE v\u00e9gezte, matematika-fizika szakon (1905\u201310). A szakvizsga let\u00e9tele ut\u00e1n Cholnoky Jen\u0151 felk\u00e9r\u00e9s\u00e9re a Nagy tud\u00f3sok k\u00f6tet sz\u00e1m\u00e1ra meg\u00edrta a Bolyaiak c. cikket, ami al\u00e1\u00edr\u00e1s n\u00e9lk\u00fcl jelent meg. Egy \u00e9ves \u00f6nk\u00e9ntes katonai szolg\u00e1lat k\u00f6vetkezett Br\u00fcnnben (1911). Kv.-i egyetemen Tangl K\u00e1roly tan\u00e1rseg\u00e9dje volt (1912\u201314). Beh\u00edvt\u00e1k katon\u00e1nak, az I. vh.-ban \u00e9s orosz hadifogs\u00e1gba esett, 7 \u00e9vig volt szib\u00e9riai fogs\u00e1gban (1915\u201322). A Szegedre \u00e1thelyezett kv.-i egyetemen kezdte \u00fajra \u00e9let\u00e9t Fr\u00f6lich P\u00e1l prof. mellett (1922\u201335). K\u00f6zben megkapta a doktori c\u00edmet (1922) \u00e9s G\u00f6ttingenben dolgozott R. W. Pohl int\u00e9zet\u00e9ben (1924\u201326). Szegeden mag\u00e1ntan\u00e1ri kinevez\u00e9st kapott (1927), a kis\u00e9rleti fizika el\u0151ad\u00f3ja. Szegedr\u0151l Debrecenbe ker\u00fclt, ahol a Tisza Istv\u00e1n TE. Orvoskari Fizikai Int\u00e9zet\u00e9t vezette, a Kis\u00e9rleti Fizikai Tansz\u00e9k prof. (1935\u201340). A kv.-i TE term\u00e9szettudom\u00e1nyi kar\u00e1n a kis\u00e9rleti fizika professzora, a term. tud. tansz\u00e9k d\u00e9k\u00e1nja (1940. okt. \u201347), itteni kutat\u00e1sait az Acta Bolyaiana k\u00f6z\u00f6lte; majd nyugd\u00edjba menetel\u00e9ig a Bp.-i M\u0171szaki Egy. m\u00e9rn\u00f6kkar\u00e1n a Kis\u00e9rleti Fizikai Tansz\u00e9k tan\u00e1ra (1947\u201361). F\u0151 kutat\u00e1si ter\u00fclete a krist\u00e1lytan volt valamint a f\u00e9nyelektromoss\u00e1got \u00e9s az elektromoss\u00e1g vezet\u00e9s\u00e9nek mechaniztmus\u00e1t vizsg\u00e1lta. A MTA levelez\u0151 (1932\u2013), majd rendes tagja (1954\u2013); Kossuth-d\u00edjat kapott (1953), Munka \u00c9rdemrendet (1961), az \u00c1llami D\u00edj I. fokozat\u00e1val t\u00fcntett\u00e1k ki. A MTA Krist\u00e1lyn\u00f6v\u00e9szeti Tansz\u00e9ki Kutat\u00f3csoportj\u00e1nak vezet\u0151je volt hal\u00e1l\u00e1ig (1947\u201368). A szil\u00e1rdtestfizika \u00fatt\u00f6r\u0151i k\u00f6z\u00e9 tartozott. Eln\u00f6ke volt a z E\u00f6tv\u00f6s Lor\u00e1nd Fizikai T\u00e1rsulatnak. Tagja az International Union of Pure and Applied Physics-nek, a G\u00f6ttingeni Tudom\u00e1nyos Akad. -nak, Eml\u00e9k\u00e9re Gyulai Zolt\u00e1n d\u00edjat l\u00e9tes\u00edtettek, amelyet \u00e9vente \u00edt\u00e9lnek a oda a legtehets\u00e9gesebb fizikusoknak (1969\u201384). Pip\u00e9n az unit\u00e1rius templomban hal\u00e1l\u00e1nak 30. \u00e9vfordul\u00f3j\u00e1n eml\u00e9kt\u00e1bl\u00e1t helyezett el az MTA az unit. egyh\u00e1z \u00e9s a kv.-i BBTE (1998. okt. 18.), a 100 \u00e9ves \u00e9vfordul\u00f3j\u00e1n szegedi lakhely\u00e9n eml\u00e9kt\u00e1bl\u00e1t helyeztek el. \u2013 <strong>F. m.:<\/strong> Hangulatok a fogs\u00e1gb\u00f3l. Szib\u00e9ria, 1915\u20131922 (Debrecen-Bp., 1938); R\u00e1ci\u00f3 \u00e9s l\u00e9lek (Kv., 1940); \u00daj l\u00e1t\u00f3hat\u00e1rok a term\u00e9szettudom\u00e1ny \u00e9s a b\u00f6lcselet hat\u00e1rmezsgy\u00e9j\u00e9r\u0151l (Kv., 1940); Kis\u00e9rleti fizika: A II. \u00e9ves egyetemi m\u00e9rn\u00f6khallgat\u00f3k r\u00e9sz\u00e9re (Bp., 1948); Kis\u00e9rleti fizika\u00a0: Az I. \u00e9ves egyetemi m\u00e9rn\u00f6khallgat\u00f3k r\u00e9sz\u00e9re (Bp., 1950); Kis\u00e9rleti fizika (Bp., 1952); A krist\u00e1lyok vil\u00e1ga (Bp., 1954); <strong>t\u00e1rssz.:<\/strong> \u00c1ltal\u00e1nos g\u00e9ptan (Bp, 1950). Dr. Gy. Z. eml\u00e9kez\u00e9sei, 1966 (g\u00e9pirat; Gy. Ferenc kiad\u00e1sa, G\u00e4vle, Sv\u00e9do., 1998). <br \/><strong>Irod.:<\/strong> Bod\u00f3 \u00c1goston: Gy. Z. (Fizikai Szemle, Bp., 1968\/11; Encyc. Hung.; Guly\u00e1s; Kelemen; MTA tagjai (2003); Magyarok term. tud. \u00e9s technika; MTTT; Nagy L\u00e1szl\u00f3: Dr. Gy. Z. -eml\u00e9knap Pip\u00e9n (N\u00fa., 1998. okt. 23.); RMIL; Todea\u2013F\u00fcl\u00f6p\u2013Avram; \u00daIL; \u00daM\u00c9L<\/br><\/p>\n","protected":false},"excerpt":{"rendered":"<p>Pipe, 1887. dec. 16., \u2020 Bp., 1968. j\u00fal. 13.: fizikus, egyet. tan\u00e1r, szak\u00edr\u00f3. \u2013 Sz\u00e9kely tan\u00edt\u00f3csal\u00e1dban sz\u00fcletett. Apja: Ferenc, tan\u00edt\u00f3. Feles\u00e9ge: Gr\u00e1tz M\u00e1ria tan\u00e1rn\u0151 (1923\u2013). \u2013 A pipei iskol\u00e1ban, a tordai algimn.-ban (1898\u20131902) \u00e9s a kv.-i unit. gimn.-ban tanult (1902-05). Az egyetemet a kv.-i TE v\u00e9gezte, matematika-fizika szakon (1905\u201310). A szakvizsga let\u00e9tele ut\u00e1n Cholnoky Jen\u0151 [&hellip;]<\/p>\n","protected":false},"featured_media":0,"comment_status":"open","ping_status":"closed","template":"","meta":[],"product_brand":[],"product_cat":[137],"product_tag":[],"class_list":{"0":"post-9396","1":"product","2":"type-product","3":"status-publish","5":"product_cat-maros-megyei-eletrajzi-lexikon","7":"first","8":"instock","9":"shipping-taxable","10":"product-type-simple"},"_links":{"self":[{"href":"https:\/\/uj.adatbank.ro\/lexikon\/wp-json\/wp\/v2\/product\/9396","targetHints":{"allow":["GET"]}}],"collection":[{"href":"https:\/\/uj.adatbank.ro\/lexikon\/wp-json\/wp\/v2\/product"}],"about":[{"href":"https:\/\/uj.adatbank.ro\/lexikon\/wp-json\/wp\/v2\/types\/product"}],"replies":[{"embeddable":true,"href":"https:\/\/uj.adatbank.ro\/lexikon\/wp-json\/wp\/v2\/comments?post=9396"}],"wp:attachment":[{"href":"https:\/\/uj.adatbank.ro\/lexikon\/wp-json\/wp\/v2\/media?parent=9396"}],"wp:term":[{"taxonomy":"product_brand","embeddable":true,"href":"https:\/\/uj.adatbank.ro\/lexikon\/wp-json\/wp\/v2\/product_brand?post=9396"},{"taxonomy":"product_cat","embeddable":true,"href":"https:\/\/uj.adatbank.ro\/lexikon\/wp-json\/wp\/v2\/product_cat?post=9396"},{"taxonomy":"product_tag","embeddable":true,"href":"https:\/\/uj.adatbank.ro\/lexikon\/wp-json\/wp\/v2\/product_tag?post=9396"}],"curies":[{"name":"wp","href":"https:\/\/api.w.org\/{rel}","templated":true}]}}