{"id":9407,"date":"2025-06-29T10:59:42","date_gmt":"2025-06-29T08:59:42","guid":{"rendered":"https:\/\/uj.adatbank.ro\/lexikon\/termek\/gyulay-samuel-marosnemeti-es-nadaskai-gr\/"},"modified":"2025-06-29T10:59:42","modified_gmt":"2025-06-29T08:59:42","slug":"gyulay-samuel-marosnemeti-es-nadaskai-gr","status":"publish","type":"product","link":"https:\/\/uj.adatbank.ro\/lexikon\/termek\/gyulay-samuel-marosnemeti-es-nadaskai-gr\/","title":{"rendered":"GYULAY S\u00e1muel, marosn\u00e9meti \u00e9s n\u00e1daskai gr."},"content":{"rendered":"<p>N\u00e1daska, 1723 j\u00fal. 28 \u2020\u00a0Sz\u00e9kelybere, 1802. \u00e1pr. 24.: alt\u00e1bornagy. \u2013 Ferenc (1674\u20131728) \u00e9s losonczi B\u00e1nffy M\u00e1ria fia. Feles\u00e9ge: k\u00e1szoni br. Bornemisza Anna. Gyermekei: Krisztina Kornis Zsigmondn\u00e9 (1760\u20131785), Ign\u00e1c (1763\u20131831), Ferenc J\u00f3zsef (1768\u20131868), S\u00e1muel (\u2020 1790 v. 94), Albert (1766\u20131835). \u2013 Gy. S\u00e1muel gr. katonai p\u00e1ly\u00e1ja az osztr\u00e1k \u00f6r\u00f6k\u00f6s\u00f6d\u00e9si h\u00e1bor\u00faban (1740\u201348) kezd\u0151d\u00f6tt. Az ezt k\u00f6vet\u0151 h\u00e9t\u00e9ves h\u00e1bor\u00fa (1756\u201363) sor\u00e1n m\u00e1r ezredesk\u00e9nt harcolt. A csehorsz\u00e1gi Teplitz melletti harcokban (1762. aug. 2, ) tan\u00fas\u00edtott helyt\u00e1ll\u00e1s\u00e1\u00e9rt a Katonai M\u00e1ria Ter\u00e9zia-renddel t\u00fcntett\u00e9k ki (1763. nov. 11.). M\u00e1ria Ter\u00e9zia kir\u00e1lyn\u0151 utas\u00edt\u00e1s\u00e1ra az Udvari Haditan\u00e1cs katonai bizotts\u00e1got k\u00fcld\u00f6tt Erd\u00e9lybe (1762), hogy a sz\u00e9kely hat\u00e1r\u0151rs\u00e9get betagolja a birodalmi hadseregbe. A sz\u00e9kelyek ellen\u00e1ll\u00e1s\u00e1t fegyveres er\u0151szakkal t\u00f6rt\u00e9k meg. Joseph von Siskovits b\u00e1r\u00f3 alt\u00e1bornagy katon\u00e1i t\u00f6megm\u00e9sz\u00e1rl\u00e1st rendeztek a Cs\u00edk-Mad\u00e9falv\u00e1n \u00f6sszegy\u0171lt lakoss\u00e1g k\u00f6z\u00f6tt (1764. \u00e9jjel), az \u00e9letben maradottak Bukovin\u00e1ba menek\u00fcltek. Ezt k\u00f6vet\u0151en a Bizotts\u00e1g katonai fedezet alatt v\u00e9grehajtotta az erd\u0151vid\u00e9ki k\u00e9nyszersoroz\u00e1st (1767. m\u00e1rc. 7. \u2013 16.). H\u00e1romsz\u00e9ken megszervezt\u00e9k a 2. sz\u00e9kely gyalogezredet, K\u00e9zdiv\u00e1s\u00e1rhely k\u00f6zponttal, \u00e9s a sz\u00e9kely husz\u00e1rezredet Sepsiszentgy\u00f6rgy k\u00f6zponttal. A sz\u00e9kely gyalog \u2013 \u00e9s husz\u00e1rezredeket egyetlen hat\u00e1r\u0151r dand\u00e1rban egyes\u00edtett\u00e9k, amelynek parancsnoka Gy. S. vez\u00e9r\u0151rnagy lett. (1773\u20131802), Forg\u00e1ch Mikl\u00f3s t\u00e1bornok hal\u00e1la ut\u00e1n a r\u00f3la elnevezett m. gyalogezred tulajdonos\u00e1v\u00e1, alt\u00e1bornaggy\u00e1 (1777\u2013) nevezt\u00e9k ki. A Gyulay-ezred Pestr\u0151l \u00e9s k\u00f6rny\u00e9k\u00e9r\u0151l vette kieg\u00e9sz\u00edt\u00e9s\u00e9t (1781\u2013), ez\u00e9rt nevezik (mindm\u00e1ig) a m. f\u0151v\u00e1ros h\u00e1ziezred\u00e9nek, a 32. hadrendi sz\u00e1mot viselte (\u201eHarminckettesek\u201d, 1796\u2013). Gyulafeh\u00e9rv\u00e1r (Karlsburg) katonai parancsnokak\u00e9nt hunyt el. <br \/><strong>Irod.:<\/strong> INTERNET<\/br><\/p>\n","protected":false},"excerpt":{"rendered":"<p>N\u00e1daska, 1723 j\u00fal. 28 \u2020\u00a0Sz\u00e9kelybere, 1802. \u00e1pr. 24.: alt\u00e1bornagy. \u2013 Ferenc (1674\u20131728) \u00e9s losonczi B\u00e1nffy M\u00e1ria fia. Feles\u00e9ge: k\u00e1szoni br. Bornemisza Anna. Gyermekei: Krisztina Kornis Zsigmondn\u00e9 (1760\u20131785), Ign\u00e1c (1763\u20131831), Ferenc J\u00f3zsef (1768\u20131868), S\u00e1muel (\u2020 1790 v. 94), Albert (1766\u20131835). \u2013 Gy. S\u00e1muel gr. katonai p\u00e1ly\u00e1ja az osztr\u00e1k \u00f6r\u00f6k\u00f6s\u00f6d\u00e9si h\u00e1bor\u00faban (1740\u201348) kezd\u0151d\u00f6tt. Az ezt k\u00f6vet\u0151 h\u00e9t\u00e9ves [&hellip;]<\/p>\n","protected":false},"featured_media":0,"comment_status":"open","ping_status":"closed","template":"","meta":[],"product_brand":[],"product_cat":[137],"product_tag":[],"class_list":{"0":"post-9407","1":"product","2":"type-product","3":"status-publish","5":"product_cat-maros-megyei-eletrajzi-lexikon","7":"first","8":"instock","9":"shipping-taxable","10":"product-type-simple"},"_links":{"self":[{"href":"https:\/\/uj.adatbank.ro\/lexikon\/wp-json\/wp\/v2\/product\/9407","targetHints":{"allow":["GET"]}}],"collection":[{"href":"https:\/\/uj.adatbank.ro\/lexikon\/wp-json\/wp\/v2\/product"}],"about":[{"href":"https:\/\/uj.adatbank.ro\/lexikon\/wp-json\/wp\/v2\/types\/product"}],"replies":[{"embeddable":true,"href":"https:\/\/uj.adatbank.ro\/lexikon\/wp-json\/wp\/v2\/comments?post=9407"}],"wp:attachment":[{"href":"https:\/\/uj.adatbank.ro\/lexikon\/wp-json\/wp\/v2\/media?parent=9407"}],"wp:term":[{"taxonomy":"product_brand","embeddable":true,"href":"https:\/\/uj.adatbank.ro\/lexikon\/wp-json\/wp\/v2\/product_brand?post=9407"},{"taxonomy":"product_cat","embeddable":true,"href":"https:\/\/uj.adatbank.ro\/lexikon\/wp-json\/wp\/v2\/product_cat?post=9407"},{"taxonomy":"product_tag","embeddable":true,"href":"https:\/\/uj.adatbank.ro\/lexikon\/wp-json\/wp\/v2\/product_tag?post=9407"}],"curies":[{"name":"wp","href":"https:\/\/api.w.org\/{rel}","templated":true}]}}