{"id":9418,"date":"2025-06-29T12:43:39","date_gmt":"2025-06-29T10:43:39","guid":{"rendered":"https:\/\/uj.adatbank.ro\/lexikon\/termek\/habsburg-rudolf-ferenc-karoly-jozsef\/"},"modified":"2025-06-29T12:43:39","modified_gmt":"2025-06-29T10:43:39","slug":"habsburg-rudolf-ferenc-karoly-jozsef","status":"publish","type":"product","link":"https:\/\/uj.adatbank.ro\/lexikon\/termek\/habsburg-rudolf-ferenc-karoly-jozsef\/","title":{"rendered":"HABSBURG Rudolf Ferenc K\u00e1roly J\u00f3zsef"},"content":{"rendered":"<p>Luxemburg, 1858. aug. 21., \u2020 Mayerling, 1889. jan. 30.: tr\u00f3n\u00f6r\u00f6k\u00f6s. \u2013 A G\u00f6rg\u00e9ny v\u00f6lgye kedvenc vad\u00e1szhelye volt a tr\u00f3n\u00f6r\u00f6k\u00f6snek, minden \u00f6sszel ell\u00e1togatott oda medvevad\u00e1szatra. Ferenc J\u00f3zsef cs\u00e1sz\u00e1r visszav\u00e1ltotta a Bornemissza csal\u00e1dt\u00f3l a g\u00f6rg\u00e9nyi birtokot \u00e9s a Rudolf tr\u00f3n\u00f6r\u00f6k\u00f6s nev\u00e9re \u00edratta (1881). A tr\u00f3n\u00f6r\u00f6k\u00f6s a g\u00f6rg\u00e9nyi kast\u00e9lyegy\u00fcttest vad\u00e1szkast\u00e9lyk\u00e9nt haszn\u00e1ta (1881\u201393). El\u0151sz\u00f6r Mv.-re feles\u00e9g\u00e9vel Stef\u00e1ni\u00e1val \u00e9kezett (1881. nov. 14.), majd (1882. szept. 21, 1884, 1885) G\u00f6rg\u00e9nyszentimr\u00e9re utaztak \u00e9s ott a R\u00e1k\u00f3czi v\u00e1rkast\u00e9lyban Teleki Samu vend\u00e9gei voltak heteken \u00e1t. Teleki afrikai utaz\u00e1s\u00e1ig minden \u00e9vben, \u00f6t \u0151sz\u00f6n \u00e1t, szervezte \u00e9s ir\u00e1ny\u00edtotta az Eur\u00f3pa szerte h\u00edres g\u00f6rg\u00e9nyi vad\u00e1szatokon, amelyeken h\u00edres vend\u00e9gek vettek r\u00e9szt: VII. Edward walesi herceg, Ferdin\u00e1nd bolg\u00e1r c\u00e1r, Ferenc Ferdin\u00e1nd \u00e9s Lip\u00f3t bajor herceg, Frigyes f\u0151herceg, Koburg herceg, Ferenc braganzai herceg, valamint Bethlen G\u00e1bor, K\u00e1rolyi Istv\u00e1n, Kem\u00e9ny K\u00e1lm\u00e1n, J\u00f3sika Samu, Marostod\u00e1r\u00f3l B\u00e9ldi Gergely, B\u00e1nffy Zolt\u00e1n f\u0151isp\u00e1nok, Matsk\u00e1ssy Istv\u00e1n, Pausinger f\u0151erd\u00e9sz, K\u00f6r\u00f6ssy Albert f\u0151szolgab\u00edr\u00f3 stb. A tr\u00f3n\u00f6r\u00f6k\u00f6s eg\u00e9sz udvartart\u00e1ssal j\u00f6tt, Pongr\u00e1c Laji band\u00e1ja egy-egy siker\u00fclt vad\u00e1szat ut\u00e1n napokig h\u00fazta a talpal\u00e1val\u00f3t. Hal\u00e1la ut\u00e1n a kast\u00e9ly \u00e9p\u00fcleteit erd\u00e9szeti-erd\u0151\u0151ri iskolak\u00e9nt tartott\u00e1k fenn. Eml\u00e9k\u00e9re a KZST \u00fcl\u00e9st rendezett (1897. febr. 30), az elhangzott megeml\u00e9kez\u00e9seket, k\u00f6ltem\u00e9nyeket a Marosv\u00e1s\u00e1rhelyi F\u00fczetek k\u00f6z\u00f6lte. <br \/><strong>Irod.:<\/strong> B\u00edr\u00f3 Don\u00e1t: G\u00f6rg\u00e9nyszentimre nevezetess\u00e9gei (Erd\u00e9lyi Figyel\u0151, 1. sz., 1993); Keresztes Gyula: Kast\u00e9lyaink 17\/B: A g\u00f6rg\u00e9nyszentimrei kast\u00e9ly-egy\u00fcttes (N\u00fa., 1992. aug. 8.); Maros megye; Marosi-KZST; Az Osztr\u00e1k-M. Monarchia \u00ed. k. (Bp., 1886\u2013); Rudolf eml\u00e9kalbum (Bp., 1897); S\u00e1ndor; (Sz\u00e9kely Napl\u00f3, 1916. m\u00e1c. 12.); Sikl\u00f3ssy; Sz\u00e9pr\u00e9ti: R\u00e9gi \u00e9s \u00faj vil\u00e1g; A tr\u00f3n\u00f6r\u00f6kos \u00fcnnep\u00e9lyes fogadtat\u00e1sa (Maros-Vid\u00e9k, 1882. szept. 21.; rendkiv\u00fcli sz\u00e1m. 1882. szept. 21.); A tr\u00f3n\u00f6r\u00f6k\u00f6sp\u00e1r G\u00f6rg\u00e9nyben (Maros-Vid\u00e9k, 1882. szept. 28.; okt. 5.)<\/br><\/p>\n","protected":false},"excerpt":{"rendered":"<p>Luxemburg, 1858. aug. 21., \u2020 Mayerling, 1889. jan. 30.: tr\u00f3n\u00f6r\u00f6k\u00f6s. \u2013 A G\u00f6rg\u00e9ny v\u00f6lgye kedvenc vad\u00e1szhelye volt a tr\u00f3n\u00f6r\u00f6k\u00f6snek, minden \u00f6sszel ell\u00e1togatott oda medvevad\u00e1szatra. Ferenc J\u00f3zsef cs\u00e1sz\u00e1r visszav\u00e1ltotta a Bornemissza csal\u00e1dt\u00f3l a g\u00f6rg\u00e9nyi birtokot \u00e9s a Rudolf tr\u00f3n\u00f6r\u00f6k\u00f6s nev\u00e9re \u00edratta (1881). A tr\u00f3n\u00f6r\u00f6k\u00f6s a g\u00f6rg\u00e9nyi kast\u00e9lyegy\u00fcttest vad\u00e1szkast\u00e9lyk\u00e9nt haszn\u00e1ta (1881\u201393). El\u0151sz\u00f6r Mv.-re feles\u00e9g\u00e9vel Stef\u00e1ni\u00e1val \u00e9kezett (1881. [&hellip;]<\/p>\n","protected":false},"featured_media":0,"comment_status":"open","ping_status":"closed","template":"","meta":[],"product_brand":[],"product_cat":[137],"product_tag":[],"class_list":{"0":"post-9418","1":"product","2":"type-product","3":"status-publish","5":"product_cat-maros-megyei-eletrajzi-lexikon","7":"first","8":"instock","9":"shipping-taxable","10":"product-type-simple"},"_links":{"self":[{"href":"https:\/\/uj.adatbank.ro\/lexikon\/wp-json\/wp\/v2\/product\/9418","targetHints":{"allow":["GET"]}}],"collection":[{"href":"https:\/\/uj.adatbank.ro\/lexikon\/wp-json\/wp\/v2\/product"}],"about":[{"href":"https:\/\/uj.adatbank.ro\/lexikon\/wp-json\/wp\/v2\/types\/product"}],"replies":[{"embeddable":true,"href":"https:\/\/uj.adatbank.ro\/lexikon\/wp-json\/wp\/v2\/comments?post=9418"}],"wp:attachment":[{"href":"https:\/\/uj.adatbank.ro\/lexikon\/wp-json\/wp\/v2\/media?parent=9418"}],"wp:term":[{"taxonomy":"product_brand","embeddable":true,"href":"https:\/\/uj.adatbank.ro\/lexikon\/wp-json\/wp\/v2\/product_brand?post=9418"},{"taxonomy":"product_cat","embeddable":true,"href":"https:\/\/uj.adatbank.ro\/lexikon\/wp-json\/wp\/v2\/product_cat?post=9418"},{"taxonomy":"product_tag","embeddable":true,"href":"https:\/\/uj.adatbank.ro\/lexikon\/wp-json\/wp\/v2\/product_tag?post=9418"}],"curies":[{"name":"wp","href":"https:\/\/api.w.org\/{rel}","templated":true}]}}