{"id":9426,"date":"2025-06-29T12:43:58","date_gmt":"2025-06-29T10:43:58","guid":{"rendered":"https:\/\/uj.adatbank.ro\/lexikon\/termek\/hadnagy-csaba\/"},"modified":"2025-06-29T12:43:58","modified_gmt":"2025-06-29T10:43:58","slug":"hadnagy-csaba","status":"publish","type":"product","link":"https:\/\/uj.adatbank.ro\/lexikon\/termek\/hadnagy-csaba\/","title":{"rendered":"HADNAGY Csaba"},"content":{"rendered":"<p>Kov\u00e1szna, 1919. dec. 7., \u2020 H\u00f3dmez\u0151v\u00e1s\u00e1rhely, 1998., A mv.-i r. k. temet\u0151be temett\u00e9k 1998. okt. 12.: orvos. \u2013 Apja \u00fcgyv\u00e9d, majd t\u00e1blab\u00edr\u00f3. \u2013 Feles\u00e9ge: Martin M\u00e1ria (1920\u20131986. aug. 2.). \u2013 Elemi iskol\u00e1t Kov\u00e1szn\u00e1n, k\u00f6z\u00e9piskol\u00e1t a nagyenyedi Bethlen Koll.-ban v\u00e9gezte (1937); orvosi oklevelet a kv.-i egyetemen nyert (1942). A kv.-i egyetem \u00c9lettani Int\u00e9zet\u00e9ben gyakornok, tan\u00e1rseg\u00e9d (1942\u201349), doktor\u00e1lt (1948). Mv.-en a V\u00e9r\u00e1t\u00f6mleszt\u0151 K\u00f6zpontban kutat\u00f3 (1949\u2013); a MOGYI munkat\u00e1rsa (1950\u2013); a 2. sz. Belgy\u00f3gy\u00e1szati Klinika laborat\u00f3rium\u00e1nak vezet\u0151je (1954\u2013). Szakirodalmi tev\u00e9kenys\u00e9ge a v\u00e9r megbeteged\u00e9sei, a cukorbaj, a vitaminhi\u00e1ny okozta k\u00f3r\u00e1llapotok, a gerontol\u00f3gia, immunol\u00f3gia \u00e9s k\u00f3r\u00e9lettan k\u00e9rd\u00e9seit \u00f6lelte fel. \u00d6n\u00e1ll\u00f3 \u00e9s t\u00e1rsszerz\u0151kkel \u00edrt dolgozatai az Orvosi Szemle, Gerontologia clinic\u0103, Acta Morphologica Hungarica, Journal of American Geriatrie, Medizinische Monatschrift, Arhiv f\u00fcr Physiologie und Therapie, M. Orvosi Arhivum, Orvosi Hetilap, M. Onkol\u00f3gia, Eg\u00e9szs\u00e9gtudom\u00e1ny, Haematologia Hungarica-ban, Journal of American Geriatrie, Pediatria (Moszkva), Gerontologia Clinica (USA) has\u00e1bjain jelentek meg. Tagja volt sz\u00e1mos nemzetk\u00f6zi orvosi t\u00e1rsas\u00e1gnak, a rom\u00e1n, m., osztr\u00e1k hematol\u00f3giai \u00e9s transzfuzi\u00f3s t\u00e1rsas\u00e1gnak, a n\u00e9met hematol\u00f3giai t\u00e1rsas\u00e1g (1964) \u00e9s az AE\u00c1 geriatriai t\u00e1rsas\u00e1gnak (1967). A New York-i Akad. tagjai k\u00f6z\u00e9 v\u00e1lasztotta (1995). \u2013 <strong>F. m.:<\/strong> A v\u00e9r\u00e1t\u00f6mleszt\u00e9s sz\u00f6v\u0151dm\u00e9nyei (Szab\u00f3 Istv\u00e1nnal; Buc., 1957). <br \/><strong>Irod.:<\/strong> Barab\u00e1s-P\u00e9ter M.\u2013P\u00e9ter H. M.; Bodolai Gy\u00f6ngyi: Nem elmebaj, csak vashi\u00e1ny (1995. m\u00e1rc. 25.); Genersich; Guly\u00e1s; Hivat\u00e1s\u00e1nak \u00e9lt (N\u00fa., 1999. jan. 15.); Kiss-P. \u2013 P; KKACs, Magy. kutat\u00f3k;. RMIL<\/br><\/p>\n","protected":false},"excerpt":{"rendered":"<p>Kov\u00e1szna, 1919. dec. 7., \u2020 H\u00f3dmez\u0151v\u00e1s\u00e1rhely, 1998., A mv.-i r. k. temet\u0151be temett\u00e9k 1998. okt. 12.: orvos. \u2013 Apja \u00fcgyv\u00e9d, majd t\u00e1blab\u00edr\u00f3. \u2013 Feles\u00e9ge: Martin M\u00e1ria (1920\u20131986. aug. 2.). \u2013 Elemi iskol\u00e1t Kov\u00e1szn\u00e1n, k\u00f6z\u00e9piskol\u00e1t a nagyenyedi Bethlen Koll.-ban v\u00e9gezte (1937); orvosi oklevelet a kv.-i egyetemen nyert (1942). A kv.-i egyetem \u00c9lettani Int\u00e9zet\u00e9ben gyakornok, tan\u00e1rseg\u00e9d (1942\u201349), [&hellip;]<\/p>\n","protected":false},"featured_media":0,"comment_status":"open","ping_status":"closed","template":"","meta":[],"product_brand":[],"product_cat":[137],"product_tag":[],"class_list":{"0":"post-9426","1":"product","2":"type-product","3":"status-publish","5":"product_cat-maros-megyei-eletrajzi-lexikon","7":"first","8":"instock","9":"shipping-taxable","10":"product-type-simple"},"_links":{"self":[{"href":"https:\/\/uj.adatbank.ro\/lexikon\/wp-json\/wp\/v2\/product\/9426","targetHints":{"allow":["GET"]}}],"collection":[{"href":"https:\/\/uj.adatbank.ro\/lexikon\/wp-json\/wp\/v2\/product"}],"about":[{"href":"https:\/\/uj.adatbank.ro\/lexikon\/wp-json\/wp\/v2\/types\/product"}],"replies":[{"embeddable":true,"href":"https:\/\/uj.adatbank.ro\/lexikon\/wp-json\/wp\/v2\/comments?post=9426"}],"wp:attachment":[{"href":"https:\/\/uj.adatbank.ro\/lexikon\/wp-json\/wp\/v2\/media?parent=9426"}],"wp:term":[{"taxonomy":"product_brand","embeddable":true,"href":"https:\/\/uj.adatbank.ro\/lexikon\/wp-json\/wp\/v2\/product_brand?post=9426"},{"taxonomy":"product_cat","embeddable":true,"href":"https:\/\/uj.adatbank.ro\/lexikon\/wp-json\/wp\/v2\/product_cat?post=9426"},{"taxonomy":"product_tag","embeddable":true,"href":"https:\/\/uj.adatbank.ro\/lexikon\/wp-json\/wp\/v2\/product_tag?post=9426"}],"curies":[{"name":"wp","href":"https:\/\/api.w.org\/{rel}","templated":true}]}}