{"id":9492,"date":"2025-06-29T12:46:38","date_gmt":"2025-06-29T10:46:38","guid":{"rendered":"https:\/\/uj.adatbank.ro\/lexikon\/termek\/halasz-jozsef-fischer-jozsef\/"},"modified":"2025-06-29T12:46:38","modified_gmt":"2025-06-29T10:46:38","slug":"halasz-jozsef-fischer-jozsef","status":"publish","type":"product","link":"https:\/\/uj.adatbank.ro\/lexikon\/termek\/halasz-jozsef-fischer-jozsef\/","title":{"rendered":"HAL\u00c1SZ J\u00f3zsef, Fischer J\u00f3zsef"},"content":{"rendered":"<p>Gam\u00e1s, 1874. aug. 14., \u2020\u00a0Mv., 1928. j\u00fan. 9.: bankigazgat\u00f3, szociol\u00f3gus, \u00fajs\u00e1g\u00edr\u00f3, f\u0151isp\u00e1n. \u2013 Hal\u00e1sz Bern\u00e1t \/ Fischer Hermann Bern\u00e1t fia. Feles\u00e9ge: Farkas Ida Etelka (Mv. k\u00f6rny\u00e9ke, 1879. -Auschwitz 1944). Le\u00e1nyaik: \u00c1gnes, Magdolna, Borb\u00e1la\/Boriska (1908\u20131987). \u2013 Sz\u00e9kesfeh\u00e9rv\u00e1ron v\u00e9gezte a Kereskedelmi Akad. -\u00e1t (1891). Mv.-en a Sz\u00e9kely Bank \u00e9s Takar\u00e9kp\u00e9nzt\u00e1r Rt. alkalmazottja, k\u00e9s\u0151bb az Agr\u00e1rtakar\u00e9kp\u00e9nzt\u00e1r Rt. titk\u00e1ra, majd egyik igazgat\u00f3ja (1912\u2013). Mint szocialista \u00e9s pacifista Maros-Torda vm. korm\u00e1nybiztos-f\u0151isp\u00e1nja (1918. nov. 16. \u2013 1919. jan. 16). Marxista k\u00f6zgazd\u00e1sz \u00e9s t\u00e1rsadalom kutat\u00f3, az SZDP tagja, mv.-i eln\u00f6ke. Minden halad\u00f3 \u00e9s baloldali mozgalom t\u00e1mogat\u00f3ja volt a 20. sz. elej\u00e9n. Anyagilag t\u00e1mogatta az eszperantista, szocialista, szabadk\u0151m\u0171ves, feminista, a tuberkul\u00f3zis elleni v\u00e9dekez\u0151 \u00e9s az alkohol ellen k\u00fczd\u0151 mozgalmakat. A Good Templar alkoholellenes mozgalom helyi vezet\u0151je (1913). J\u00e1szi Oszk\u00e1r levelez\u0151partnere. Egyik kezdem\u00e9nyez\u0151je \u00e9s eln\u00f6ke (1921-ig) a mv.-i Munk\u00e1s Otthon- \u00e9s k\u00f6nyvt\u00e1r\u00e1nak, valamint az orsz\u00e1g els\u0151 Munk\u00e1s Szabadiskol\u00e1nak (1920), ahol rendszeresen marxista el\u0151ad\u00e1sokat tartott. \u00e1lland\u00f3 kapcsolatban \u00e1llt Rozv\u00e1ny Jen\u0151vel, Victor B\u0103rtf\u0103leanuval; L\u00e1z\u00e1r \u00d6d\u00f6n, Sim\u00f3 G\u00e9za \u00e9s m\u00e1s mv.-i szocialist\u00e1k oldal\u00e1n k\u00f6vetkezetesen t\u00e1mogatta a szocialista p\u00e1rtnak kommunista p\u00e1rtt\u00e1 val\u00f3 \u00e1talak\u00edt\u00e1s\u00e1t (1920\u201321). T\u00e1mogat\u00f3ja \u00e9s szervez\u0151je az eszperantista \u00e9s a feminista, valamint az alkoholizmus ellen k\u00fczd\u0151 mozgalomnak. Ady Endre, Szab\u00f3 Ervin, Braun R\u00f3bert, egyar\u00e1nt ismer\u0151sei \u00e9s bar\u00e1tai, Henry Barbusse levelez\u0151 t\u00e1rsa volt. Sokat \u00e1ldozott k\u00f6nyvre \u00e9s \u00fajs\u00e1gra, 23 hazai \u00e9s k\u00fclf\u00f6ldi foly\u00f3iratot j\u00e1ratott, hoszsz\u00fa ideig az \u00f6v\u00e9 a k\u00f6rny\u00e9k leggazdagabb t\u00e1rsadalomtudom\u00e1nyi k\u00f6nyvgy\u0171jtem\u00e9nye. 1200 k\u00f6tetes gy\u0171jtem\u00e9nye a mv.-i Teleki-Bolyai K\u00f6nyvt\u00e1rba ker\u00fclt adom\u00e1nyk\u00e9nt (1972). Cikkei k\u00f6z\u00f6lte a Zord Id\u0151, Marosv\u00f6lgyi Munk\u00e1s, T\u00fck\u00f6r, El\u0151re, Erd\u00e9lyi Munk\u00e1s, Vil\u00e1g, Ellen\u0151r, a J\u00f6v\u0151 T\u00e1rsadalma, a Korunk t\u00e1mogat\u00f3ja is \u00e9s munkat\u00e1rsa. Mv. -r\u0151l deport\u00e1lt\u00e1k feles\u00e9g\u00e9t (sz. 1900\u2013) \u00e9s t\u00f6bb csal\u00e1dtagj\u00e1t (1944. m\u00e1j. 29.). Mv.-en megnyitott\u00e1k a Szakszervezetek H. J. -r\u0151l elnevezett munk\u00e1sk\u00f6nyvt\u00e1r\u00e1t (1945). <br \/><strong>Irod.:<\/strong> Antalffy Endre: H. J. (Szabad Sz\u00f3, 1948. j\u00fan. 7.); De\u00e9 Nagy Anik\u00f3 2001; Fuchs Simon: A kommunista P\u00e1rthoz vezet\u0151 \u00faton (Korunk, 10. sz., 1957); Fuchs Simon: Munk\u00e1smozgalom a Maros v\u00f6lgy\u00e9ben (Buk., 1975); G\u00e1ll J\u00e1nos: H. J. eml\u00e9kezete (Korunk, 1968\/7), Guly\u00e1s; Id\u0151t\u00e1r 2; Id\u0151t\u00e1r 3; Marosi Barna: &#8222;\u00c9n is ott lenn\u00e9k&#8221;. (A H\u00e9t 1975. 2. sz.); Molter 2.; Molter K\u00e1roly: H. J. (T\u00fck\u00f6r, 1928. j\u00fan. 11); Mv. zsid\u00f3s\u00e1ga; Mv.-i Almanach, 1912.; Mv.-i zsid\u00f3 temet\u0151 dok.; [Nekrol\u00f3g] (Sz\u00e9kely Napl\u00f3, 1928. j\u00fan. 10.); Osv\u00e1th; Pan\u0103; RMIL; Sebesty\u00e9n Mih\u00e1ly 2000; csal\u00e1di inf. \u00d6llerer King\u00e1t\u00f3l<\/br><\/p>\n","protected":false},"excerpt":{"rendered":"<p>Gam\u00e1s, 1874. aug. 14., \u2020\u00a0Mv., 1928. j\u00fan. 9.: bankigazgat\u00f3, szociol\u00f3gus, \u00fajs\u00e1g\u00edr\u00f3, f\u0151isp\u00e1n. \u2013 Hal\u00e1sz Bern\u00e1t \/ Fischer Hermann Bern\u00e1t fia. Feles\u00e9ge: Farkas Ida Etelka (Mv. k\u00f6rny\u00e9ke, 1879. -Auschwitz 1944). Le\u00e1nyaik: \u00c1gnes, Magdolna, Borb\u00e1la\/Boriska (1908\u20131987). \u2013 Sz\u00e9kesfeh\u00e9rv\u00e1ron v\u00e9gezte a Kereskedelmi Akad. -\u00e1t (1891). Mv.-en a Sz\u00e9kely Bank \u00e9s Takar\u00e9kp\u00e9nzt\u00e1r Rt. alkalmazottja, k\u00e9s\u0151bb az Agr\u00e1rtakar\u00e9kp\u00e9nzt\u00e1r Rt. titk\u00e1ra, [&hellip;]<\/p>\n","protected":false},"featured_media":0,"comment_status":"open","ping_status":"closed","template":"","meta":[],"product_brand":[],"product_cat":[137],"product_tag":[],"class_list":{"0":"post-9492","1":"product","2":"type-product","3":"status-publish","5":"product_cat-maros-megyei-eletrajzi-lexikon","7":"first","8":"instock","9":"shipping-taxable","10":"product-type-simple"},"_links":{"self":[{"href":"https:\/\/uj.adatbank.ro\/lexikon\/wp-json\/wp\/v2\/product\/9492","targetHints":{"allow":["GET"]}}],"collection":[{"href":"https:\/\/uj.adatbank.ro\/lexikon\/wp-json\/wp\/v2\/product"}],"about":[{"href":"https:\/\/uj.adatbank.ro\/lexikon\/wp-json\/wp\/v2\/types\/product"}],"replies":[{"embeddable":true,"href":"https:\/\/uj.adatbank.ro\/lexikon\/wp-json\/wp\/v2\/comments?post=9492"}],"wp:attachment":[{"href":"https:\/\/uj.adatbank.ro\/lexikon\/wp-json\/wp\/v2\/media?parent=9492"}],"wp:term":[{"taxonomy":"product_brand","embeddable":true,"href":"https:\/\/uj.adatbank.ro\/lexikon\/wp-json\/wp\/v2\/product_brand?post=9492"},{"taxonomy":"product_cat","embeddable":true,"href":"https:\/\/uj.adatbank.ro\/lexikon\/wp-json\/wp\/v2\/product_cat?post=9492"},{"taxonomy":"product_tag","embeddable":true,"href":"https:\/\/uj.adatbank.ro\/lexikon\/wp-json\/wp\/v2\/product_tag?post=9492"}],"curies":[{"name":"wp","href":"https:\/\/api.w.org\/{rel}","templated":true}]}}