{"id":9506,"date":"2025-06-29T12:47:10","date_gmt":"2025-06-29T10:47:10","guid":{"rendered":"https:\/\/uj.adatbank.ro\/lexikon\/termek\/haller-ferenc-hallerkoi-gr-szentpali-ag\/"},"modified":"2025-06-29T12:47:10","modified_gmt":"2025-06-29T10:47:10","slug":"haller-ferenc-hallerkoi-gr-szentpali-ag","status":"publish","type":"product","link":"https:\/\/uj.adatbank.ro\/lexikon\/termek\/haller-ferenc-hallerkoi-gr-szentpali-ag\/","title":{"rendered":"HALLER Ferenc, hallerk\u0151i gr. szentp\u00e1li \u00e1g"},"content":{"rendered":"<p>Kerel\u0151szentp\u00e1l, 1892. j\u00fal. 12., \u2020 M\u00fcnchen, 1984. m\u00e1rc. 16.: g\u00e9p\u00e9szm\u00e9rn\u00f6k. \u2013 H. Gy\u00f6rgy f\u00f6ldbirtokos (1861\u20131944) \u00e9s Bethlen Ilona (1872\u20131924) fia. Feles\u00e9ge: 1. vajai gr. Vay M\u00e1ria (1896. j\u00fal. 28. \u2013 1935. jan. 24), gyermekeik: L\u00e1szl\u00f3 (1919\u2013) \u00e9s Ruprecht; 2. br. Schell M\u00e1ria-Ant\u00f3nia (Kassa, 1908. aug. 28\u20131983), le\u00e1nyuk Franciska (1949\u2013). Tanult a z\u00fcrichi M\u0171egy. G\u00e9pm\u00e9rn. Kar\u00e1n (1911\u201312, 1918\u201319). G\u00e9p\u00e9szm\u00e9rn\u00f6k diplom\u00e1t szerzett. Az I. vh.-ban tartal\u00e9kos f\u0151hadnagy, aranysarkanty\u00fas vit\u00e9z, sz\u00e1mos h\u00e1bor\u00fas kit\u00fcntet\u00e9st kapott. Aranydiplom\u00e1s m\u00e9rn\u00f6k, t\u00f6bb foly\u00f3szab\u00e1lyoz\u00e1st vezetett. Le\u00e1nyfalun \u00e9ltek az 1970-es \u00e9vek elej\u00e9ig, majd M\u00fcnchenbe k\u00f6lt\u00f6ztek. <br \/><strong>Irod.:<\/strong> \u00c1ll\u00f3- \u00e9s mozg\u00f3k\u00e9pek; Gudenus; Koszta; Lev\u00e9lt\u00e1ri gy\u00e1szj.; Szab\u00f3\u2013Simon\u2013Sz\u00f6gi<\/br><\/p>\n","protected":false},"excerpt":{"rendered":"<p>Kerel\u0151szentp\u00e1l, 1892. j\u00fal. 12., \u2020 M\u00fcnchen, 1984. m\u00e1rc. 16.: g\u00e9p\u00e9szm\u00e9rn\u00f6k. \u2013 H. Gy\u00f6rgy f\u00f6ldbirtokos (1861\u20131944) \u00e9s Bethlen Ilona (1872\u20131924) fia. Feles\u00e9ge: 1. vajai gr. Vay M\u00e1ria (1896. j\u00fal. 28. \u2013 1935. jan. 24), gyermekeik: L\u00e1szl\u00f3 (1919\u2013) \u00e9s Ruprecht; 2. br. Schell M\u00e1ria-Ant\u00f3nia (Kassa, 1908. aug. 28\u20131983), le\u00e1nyuk Franciska (1949\u2013). Tanult a z\u00fcrichi M\u0171egy. G\u00e9pm\u00e9rn. Kar\u00e1n [&hellip;]<\/p>\n","protected":false},"featured_media":0,"comment_status":"open","ping_status":"closed","template":"","meta":[],"product_brand":[],"product_cat":[137],"product_tag":[],"class_list":{"0":"post-9506","1":"product","2":"type-product","3":"status-publish","5":"product_cat-maros-megyei-eletrajzi-lexikon","7":"first","8":"instock","9":"shipping-taxable","10":"product-type-simple"},"_links":{"self":[{"href":"https:\/\/uj.adatbank.ro\/lexikon\/wp-json\/wp\/v2\/product\/9506","targetHints":{"allow":["GET"]}}],"collection":[{"href":"https:\/\/uj.adatbank.ro\/lexikon\/wp-json\/wp\/v2\/product"}],"about":[{"href":"https:\/\/uj.adatbank.ro\/lexikon\/wp-json\/wp\/v2\/types\/product"}],"replies":[{"embeddable":true,"href":"https:\/\/uj.adatbank.ro\/lexikon\/wp-json\/wp\/v2\/comments?post=9506"}],"wp:attachment":[{"href":"https:\/\/uj.adatbank.ro\/lexikon\/wp-json\/wp\/v2\/media?parent=9506"}],"wp:term":[{"taxonomy":"product_brand","embeddable":true,"href":"https:\/\/uj.adatbank.ro\/lexikon\/wp-json\/wp\/v2\/product_brand?post=9506"},{"taxonomy":"product_cat","embeddable":true,"href":"https:\/\/uj.adatbank.ro\/lexikon\/wp-json\/wp\/v2\/product_cat?post=9506"},{"taxonomy":"product_tag","embeddable":true,"href":"https:\/\/uj.adatbank.ro\/lexikon\/wp-json\/wp\/v2\/product_tag?post=9506"}],"curies":[{"name":"wp","href":"https:\/\/api.w.org\/{rel}","templated":true}]}}