{"id":9509,"date":"2025-06-29T12:47:17","date_gmt":"2025-06-29T10:47:17","guid":{"rendered":"https:\/\/uj.adatbank.ro\/lexikon\/termek\/haller-gabor-hallerkoi-br-feheregyhazi-ag\/"},"modified":"2025-06-29T12:47:17","modified_gmt":"2025-06-29T10:47:17","slug":"haller-gabor-hallerkoi-br-feheregyhazi-ag","status":"publish","type":"product","link":"https:\/\/uj.adatbank.ro\/lexikon\/termek\/haller-gabor-hallerkoi-br-feheregyhazi-ag\/","title":{"rendered":"HALLER G\u00e1bor, hallerk\u0151i br, feh\u00e9regyh\u00e1zi \u00e1g"},"content":{"rendered":"<p>1614. szept. 26., \u2020 Buda, 1663. nov. 25., kiv\u00e9gezt\u00e9k: erd\u00e9lyi f\u0151gener\u00e1lis, Marossz\u00e9k f\u0151kapit\u00e1nya, kr\u00f3nika\u00edr\u00f3, fejedelmi tan\u00e1csos (1653\u201363). \u2013 H. Istv\u00e1n (1591\u20131657) k\u00fck\u00fcll\u0151i f\u0151isp\u00e1n \u00e9s Kendi Judit (1599\u20131634) fia. \u2013 Brandenburgi Katalin fejedelemasszony udvar\u00e1ban volt apr\u00f3d (1629\u201330), ott \u00e1tt\u00e9rt a ref. vall\u00e1sra (1630), emiatt apja csak 10 \u00e9v m\u00falva bocs\u00e1tott meg neki. I. R\u00e1k\u00f3czi Gy\u00f6rgy fejedelem t\u00e1mogat\u00e1s\u00e1val Odera-Frankfurtban, Berlinben majd Franekerben \u00e9s Leidenben \u00e9p\u00edt\u00e9szetet tanult az egyetemen, nyelveket \u00e9s matematik\u00e1t (1630\u201335), Angli\u00e1ban is j\u00e1rt. Utaz\u00e1sair\u00f3l napl\u00f3t vezetett, amely \u00e9rt\u00e9kes adatokat tartalmaz kor\u00e1r\u00f3l. Hazat\u00e9rte ut\u00e1n \u00e9p\u00edtette a gyulakutai udvarh\u00e1zat (1635 k.). I. R\u00e1k\u00f3czi Gy\u00f6rgy udvar\u00e1ban szolg\u00e1lt (1635), ahol a fejedelem kegyeit \u00e9lvezve r\u00e9szt vett hadj\u00e1rataiban, a feje\u00addelem t\u00e1bor\u00e1val Jen\u0151, Lippa \u00e9s V\u00e1rad vid\u00e9k\u00e9n tart\u00f3zkodott (1636), r\u00e9szt vett a szombatosok felett \u00edt\u00e9lkez\u0151 gy\u0171l\u00e9sen. A tulajdon\u00e1ba ker\u00fclt a hagym\u00e1sbodoni udvarh\u00e1z (1637\u2013), a l\u0151rincfalvi, fintah\u00e1zi \u00e9s gerebenesi j\u00f3sz\u00e1got is birtokolta. Kib\u00e9k\u00fclt apj\u00e1val, \u00e9s egy \u00e9vig Mv. melletti bodoni birtok\u00e1n gazd\u00e1lkodott (1640\u2013), mez\u0151gerebenesen udvarh\u00e1z \u00e9p\u00edt\u00e9s\u00e9be kezdett (1642), azut\u00e1n \u00fajra udvari szolg\u00e1latba l\u00e9pett. Ezid\u0151ben matem. \u00e9s m\u0171szaki ismereteinek k\u00f6sz\u00f6nhet\u0151en ir\u00e1ny\u00edt\u00e1s\u00e1val je\u00adlent\u0151sen meger\u0151s\u00edtett\u00e9k Fogaras, G\u00f6rg\u00e9ny, Gyalu, S\u00e1rospatak \u00e9s Sz\u00e9kelyh\u00edd v\u00e1rait. Mint ogy.-i regalista sz\u00f3noklataival t\u0171nt ki. R\u00e9szt vett I. R\u00e1k\u00f3czi Gy\u00f6rgy felvid\u00e9ki hadj\u00e1rat\u00e1ban, f\u0151k\u00e9nt S\u00e1ros\u00adpatak meger\u0151s\u00edt\u00e9s\u00e9ben szerzett \u00e9rdemeket (1644). Amikor kinevezt\u00e9k Borosjen\u0151 v\u00e1rkapit\u00e1ny\u00e1v\u00e1 azt a v\u00e1rat is korszer\u0171s\u00edtette, azt\u00e1n Zar\u00e1nd vm. f\u0151isp\u00e1nja lett (1648\u2013). II. R\u00e1k\u00f3czi Gy\u00f6rgy uralkod\u00e1sa alatt is a fejedelem bizalmi emberei k\u00f6z\u00e9 tartozott. Jenei f\u0151kapit\u00e1ny \u00e9s Zar\u00e1nd vm f\u0151isp\u00e1nja (1648\u2013), a Fejedelmi T\u00e1bla \u00fcln\u00f6ke (1652). A szerencs\u00e9tlen kimenetel\u0171 lengyelorsz\u00e1gi hadj\u00e1rat (1657) ut\u00e1n, \u00e1tp\u00e1rtolt Barcsai \u00c1kos oldal\u00e1ra, mert abban b\u00edzott, h. \u0151 lesz az, aki az orsz\u00e1got megszabad\u00edtja a t\u00f6r\u00f6k\u00f6kt\u0151l. Barcsai kinevezte v\u00e1radi kapit\u00e1nny\u00e1 (1659), udvarmesteri tiszts\u00e9get t\u00f6lt\u00f6tt be, a fejedelem k\u00f6vete a t\u00f6r\u00f6kn\u00e9l az orsz\u00e1g hadisarc\u00e1nak elt\u00f6rl\u00e9se \u00e9rdek\u00e9ben (1660. m\u00e1j.); a t\u00f6r\u00f6k t\u00e1borban vasra vert\u00e9k, csak V\u00e1rad elfoglal\u00e1sa ut\u00e1n ker\u00fclt szabad l\u00e1bra (1660. aug. 27.). A sz\u00e1szr\u00e9geni ogy.-en a rendek v\u00e1lasztott eln\u00f6ke (1660\u201361), tan\u00e1cs\u00far (1653\u201363). Majd Kem\u00e9ny J\u00e1nost t\u00e1mogatta, parancs\u00e1b\u00f3l Marossz\u00e9k f\u0151kapit\u00e1nya lett (1661. jan. 20), mint a fejedelem h\u00edve, r\u00e9szt vett az Apafi elleni nagysz\u0151ll\u0151si csat\u00e1ban (1662. jan. 23.), amelyben Kem\u00e9ny elesett. G\u00f6rg\u00e9ny v\u00e1r\u00e1ba menek\u00fclt \u00e9s megh\u00f3dolt az \u00faj fejedelem, I. Apafi Mih\u00e1ly el\u0151tt. Az erd\u00e9lyi ogy. Ali bas\u00e1hoz Temesv\u00e1rra k\u00fcldte (1662\u2013). Val\u00f3sz\u00edn\u00fcleg Apafi k\u00f6zbenj\u00e1r\u00e1s\u00e1ra, aki f\u00e9ltette t\u0151le a tr\u00f3nj\u00e1t, kelepc\u00e9be csalt\u00e1k, az \u00e9rsek\u00fajv\u00e1ri t\u00e1borban (n\u00e9melyek szerint Bud\u00e1n), a nagyvez\u00e9r kiv\u00e9geztette (1663. nov. 25.). Soha nem alap\u00edtott csal\u00e1dot, ut\u00f3dai nem maradtak. Hagym\u00e1sbodonban az \u0151si h\u00e1za, amelyben lakott, m\u00e9g \u00e1ll. A mv.-i lev\u00e9lt\u00e1rban Meggyesen kelt, a f\u0151b\u00edr\u00f3hoz int\u00e9zett rendelet\u00e9t tal\u00e1ljuk, amelyben a g\u00f6rg\u00e9nyi v\u00e1rba juttatand\u00f3 level\u00e9nek k\u00e9zbes\u00edthet\u00e9si lehet\u0151s\u00e9g\u00e9re ad utas\u00edt\u00e1st, egyben jelzi azt is, hogy harmadnapra \u0151 maga is V\u00e1s\u00e1rhelyre \u00e9rkezett, hol sz\u00e1ll\u00e1sul a Szab\u00f3 Ferenc h\u00e1z\u00e1t (a mai pl\u00e9b\u00e1nia \u00e9p\u00fcletet) nevezi meg. K\u00fclf\u00f6ldi \u00fatjair\u00f3l napl\u00f3t kezdett vezetni, folytatta Erd\u00e9lyben is (1644 ig.) A szem\u00e9ly\u00e9re vonazkoz\u00f3 feljegyz\u00e9sek mellett sz\u00e1mos a fejedelmet, udvar\u00e1t \u00e9s kort\u00e1rsait illet\u0151 adatokat tal\u00e1lunk benne, a gyulafeh\u00e9rv\u00e1ri Batty\u00e1nyi k\u00f6nyvt\u00e1rban van az eredeti k\u00e9zirat. \u2013 <strong>F. m.:<\/strong> Diarium ab anno 1630 usque ad annum 1644 (kiad. Szab\u00f3 K\u00e1roly; Kv., 1862): H. G. napl\u00f3ja (1630\u20131644), Levelei II. R\u00e1k\u00f3czi Gy\u00f6rgyh\u00f6z (1654. aug. 8.), Az erd\u00e9lyi rendekhez (1663. j\u00fal. 28.), Cseffei L\u00e1szl\u00f3hoz (Mv., 1658. nov. 10.)  =  Erd\u00e9lyi t\u00f6rt\u00e9nelmi adatok (Kv., 1855\u201362); R\u00e9gi magyar utaz\u00f3k Eur\u00f3p\u00e1ban (Nagybecskerek, 1892); Teleki Mih\u00e1ly levelez\u00e9se (Bp., 1906\u20131916); J\u00e1r\u00e1saimr\u00f3l, hall\u00e1saimr\u00f3l val\u00f3 sz\u00e1mtart\u00e1som = Erd\u00e9lyi magyar eml\u00e9k\u00edr\u00f3k; Magyar utaz\u00e1si irodalom 15\u201318 sz\u00e1zad. kiad. Kov\u00e1cs S\u00e1ndor, Monok Istv\u00e1n (Bp., 1991). <br \/><strong>Irod.:<\/strong> Bir\u00f3; Bir\u00f3 J\u00f3zsef; Bodn\u00e1r; Csekonics; Erd\u00e9lyi m. eml\u00e9k\u00edr\u00f3k; Erd\u00e9lyi ogy.-i eml\u00e9kek (Bp., 1875\u201384); F\u00fcl\u00f6p\u2013Ferencz; Harmath-K\u00e1lm\u00e1n; Keresztes Gyula: Kast\u00e9lyaink 24.: A gyulakutai udvarh\u00e1z (N\u00fa., 1992. okt. 3.); Keresztes Gyula: \u00d6r\u00f6ks\u00e9g\u00fcnk 59.: A Mez\u0151s\u00e9g udvarh\u00e1zai (N\u00fa., 1994. j\u00fal. 15.); Keresztes Gyula: \u00d6r\u00f6ks\u00e9g\u00fcnk 70.: Udvarh\u00e1zak Mv. -t\u0151l d\u00e9lre (N\u00fa., 1995. jan. 7.); Kov\u00e1cs Andr\u00e1s; K\u0151v\u00e1ry L\u00e1szl\u00f3; Kraus: Erd\u00e9lyi kr\u00f3nika; Kr\u00f3n. F\u00fcz. (1939. 4\/3); M. t\u00f6rt. \u00e9vk. napl\u00f3k; M. t\u00f6rt. t\u00e1r 15., 16., 17.; Marczali Henrik: A m. t\u00f6rt\u00e9net k\u00fatf\u0151inek k\u00e9zik\u00f6nyve (Bp., 1901); Marossz\u00e9ki kr\u00f3nik\u00e1k 1.; M\u00c9L; Radv\u00e1nszky B\u00e9la: M. csal\u00e1d\u00e9let \u00e9s h\u00e1ztart\u00e1s a XVI. \u00e9s XVII, sz.-ban (Bp., 1879\u201396); RMK; Sepsisz\u00e9ki; Sikl\u00f3sy; Sz\u00e1deczky Kardos Lajos : A sz\u00e9kely nemzet t\u00f6rt\u00e9nete \u00e9s alkotm\u00e1nya (Bp., 1927); Szamosk\u00f6zy Istv\u00e1n t\u00f6rt\u00e9neti maradv\u00e1nyai (Bp., 1876\u201381); Szamota Istv\u00e1n: R\u00e9gi m. utaz\u00f3k Eur\u00f3p\u00e1ban (Bp., 1892); SzOkl, 6; Szil\u00e1gyi S\u00e1ndor: Erd\u00e9lyorsz\u00e1g t\u00f6rt\u00e9nete tekintettel mivel\u0151d\u00e9s\u00e9re (Pest, 1866); Szil\u00e1gyi S\u00e1ndor: A R\u00e1k\u00f3czyak kora Erd\u00e9lyben (Pest, 1868); Szinnyei; Toldy; \u00daM\u00c9L<\/br><\/p>\n","protected":false},"excerpt":{"rendered":"<p>1614. szept. 26., \u2020 Buda, 1663. nov. 25., kiv\u00e9gezt\u00e9k: erd\u00e9lyi f\u0151gener\u00e1lis, Marossz\u00e9k f\u0151kapit\u00e1nya, kr\u00f3nika\u00edr\u00f3, fejedelmi tan\u00e1csos (1653\u201363). \u2013 H. Istv\u00e1n (1591\u20131657) k\u00fck\u00fcll\u0151i f\u0151isp\u00e1n \u00e9s Kendi Judit (1599\u20131634) fia. \u2013 Brandenburgi Katalin fejedelemasszony udvar\u00e1ban volt apr\u00f3d (1629\u201330), ott \u00e1tt\u00e9rt a ref. vall\u00e1sra (1630), emiatt apja csak 10 \u00e9v m\u00falva bocs\u00e1tott meg neki. I. R\u00e1k\u00f3czi Gy\u00f6rgy fejedelem [&hellip;]<\/p>\n","protected":false},"featured_media":0,"comment_status":"open","ping_status":"closed","template":"","meta":[],"product_brand":[],"product_cat":[137],"product_tag":[],"class_list":{"0":"post-9509","1":"product","2":"type-product","3":"status-publish","5":"product_cat-maros-megyei-eletrajzi-lexikon","7":"first","8":"instock","9":"shipping-taxable","10":"product-type-simple"},"_links":{"self":[{"href":"https:\/\/uj.adatbank.ro\/lexikon\/wp-json\/wp\/v2\/product\/9509","targetHints":{"allow":["GET"]}}],"collection":[{"href":"https:\/\/uj.adatbank.ro\/lexikon\/wp-json\/wp\/v2\/product"}],"about":[{"href":"https:\/\/uj.adatbank.ro\/lexikon\/wp-json\/wp\/v2\/types\/product"}],"replies":[{"embeddable":true,"href":"https:\/\/uj.adatbank.ro\/lexikon\/wp-json\/wp\/v2\/comments?post=9509"}],"wp:attachment":[{"href":"https:\/\/uj.adatbank.ro\/lexikon\/wp-json\/wp\/v2\/media?parent=9509"}],"wp:term":[{"taxonomy":"product_brand","embeddable":true,"href":"https:\/\/uj.adatbank.ro\/lexikon\/wp-json\/wp\/v2\/product_brand?post=9509"},{"taxonomy":"product_cat","embeddable":true,"href":"https:\/\/uj.adatbank.ro\/lexikon\/wp-json\/wp\/v2\/product_cat?post=9509"},{"taxonomy":"product_tag","embeddable":true,"href":"https:\/\/uj.adatbank.ro\/lexikon\/wp-json\/wp\/v2\/product_tag?post=9509"}],"curies":[{"name":"wp","href":"https:\/\/api.w.org\/{rel}","templated":true}]}}