{"id":9510,"date":"2025-06-29T12:47:23","date_gmt":"2025-06-29T10:47:23","guid":{"rendered":"https:\/\/uj.adatbank.ro\/lexikon\/termek\/haller-gabor-hallerkoi-br-szebeni-ag\/"},"modified":"2025-06-29T12:47:23","modified_gmt":"2025-06-29T10:47:23","slug":"haller-gabor-hallerkoi-br-szebeni-ag","status":"publish","type":"product","link":"https:\/\/uj.adatbank.ro\/lexikon\/termek\/haller-gabor-hallerkoi-br-szebeni-ag\/","title":{"rendered":"HALLER G\u00e1bor, hallerk\u0151i br, szebeni \u00e1g"},"content":{"rendered":"<p>Nagyszeben, 1550 v 1558. m\u00e1j. 10., \u2020 Feh\u00e9regyh\u00e1za, 1608. j\u00fal. 12.: f\u0151nemes, f\u0151isp\u00e1n, erd\u00e9lyi tan\u00e1csos \u00e9s kincst\u00e1rnok. \u2013 H. P\u00e9ter (1499\u20131569) sz\u00e1sz kir\u00e1lyb\u00edr\u00f3 \u00e9s Kem\u00e9ny Katalin fia. Apja hal\u00e1la ut\u00e1n anyja b\u00e1tyja, Kerm\u00e9ny Istv\u00e1n volt a gy\u00e1mja, amig meghalt (1573). Mostohaapjuk Kendy J\u00e1nos, e h\u00e1zass\u00e1ggal lez\u00e1rult a k\u00e9t csal\u00e1d k\u00f6zti birtokvita, J\u00f6videcs birtokl\u00e1sa miatt. H\u00e1zas\u00ads\u00e1gai r\u00e9v\u00e9n rokons\u00e1gba ker\u00fclt az erd\u00e9lyi fejedelmi csal\u00e1dokkal. Feles\u00e9ge: 1. Bocskai Ilona (? -Fej\u00e9regyh\u00e1za, 1597. szept. 7.), Bocskai Gy\u00f6rgy le\u00e1nya, Bocskai Istv\u00e1n fejedelem n\u0151v\u00e9re volt, (esk\u00fcv\u0151 1586. febr.). H\u00e1zass\u00e1gukb\u00f3l hat fi\u00fa \u00e9s k\u00e9t le\u00e1ny sz\u00fcletett, k\u00f6z\u00fcl\u00fck n\u00e9gyen m\u00e9g h\u00e1rom\u00e9ves koruk el\u0151tt meghaltak, kett\u0151 n\u0151s\u00fclt meg: Istv\u00e1n (1591\u20131657), Gy\u00f6rgy (1594-. 2. k\u00e1polnai Bornemisza Kata\/Katalin (? \u2013 1608. j\u00fal. 12.). Ebb\u0151l az \u00e1gb\u00f3l \u00e1gazik a kerel\u0151szentp\u00e1li, majd a k\u00fck\u00fcll\u0151v\u00e1ri \u00e1g. \u2013 Szebenben kezdte meg tanulm\u00e1nyait. Tanul\u00f3\u00e9vei ut\u00e1n a fejedelmi udvarba ker\u00fclt, J\u00e1nos Zsigmond nyomdokain unit. vall\u00e1sra t\u00e9rt, majd Istv\u00e1n nev\u0171 fia a Hallerek k\u00f6z\u00fcl els\u0151nek hagyta el az unit. vall\u00e1st, Gy\u00f6rgy \u00e9s Zsigmond fiai is a r. k. vall\u00e1sra t\u00e9rtek. P\u00e1du\u00e1ban jogi fakult\u00e1sra iratkozott be (1582) E\u0151ssy Andr\u00e1ssal egy\u00fctt. Hazat\u00e9r\u00e9se ut\u00e1n Feh\u00e9regyh\u00e1z\u00e1n, az apj\u00e1t\u00f3l kapott birtokon telepedett le. Kezdetben \u00fczleti \u00fcgyekkel \u00e9s kereskedelemmel is foglalkozott. Az ogy. fizet\u0151mesterr\u00e9 v\u00e1lasztotta (1594). B\u00e1thori Zsigmond K\u00fck\u00fcll\u0151 vm. f\u0151isp\u00e1ns\u00e1g\u00e1t adom\u00e1nyozta neki (1598\u20131603) \u00e9s fejedelmi tan\u00e1csos, fejedelems\u00e9ge idej\u00e9n diplom\u00e1ciai megb\u00edzat\u00e1sokat teljes\u00edtett, t\u00f6bbsz\u00f6r volt k\u00fclf\u00f6ldi k\u00f6vet. B\u00e1thori Endre hal\u00e1la ut\u00e1n a cs\u00e1sz\u00e1r p\u00e1rtj\u00e1ra \u00e1llt \u00e9s Basta oldal\u00e1n harcolt; csatlakozott Bocskai vezette felkel\u00e9s\u00adhez (1604). Bocskai fejedelem tan\u00e1csosa, vicegener\u00e1lisa. Ebben a min\u0151s\u00e9g\u00e9ben t\u00e1rgyalt T\u00e2rgovisten Radu \u015eerbannal, Havasalf\u00f6ld vajd\u00e1j\u00e1val egy sz\u00f6vets\u00e9g megk\u00f6t\u00e9s\u00e9r\u0151l (1605. aug. 25.); kincstart\u00f3 (1605\u201307). Bocskai hal\u00e1la ut\u00e1n ut\u00f3da, R\u00e1k\u00f3czi Zsigmond alatt is megtartotta tan\u00e1csosi \u00e9s f\u0151kapit\u00e1nyi tiszt\u00e9t. Szolg\u00e1latai\u00e9rt a zolt\u00e1ni \u00e9s kapjoni uradal\u00admat kapta adom\u00e1nyul (1606), ma a zolt\u00e1ni kast\u00e9ly (16. \u2013 18. sz.) \u201eA\u201d kateg\u00f3ri\u00e1ba tartoz\u00f3 m\u0171eml\u00e9k. R\u00e1k\u00f3czi Zsig\u00admond fejedelem h\u00edve, a fejedelmi tan\u00e1cs tagja, Fogaras v\u00e1rkapit\u00e1nya (1607\u2013). A fej\u00e9regyh\u00e1zi ref. templomban \u00e1llt d\u00edszes m\u00e1rv\u00e1nyszarko\u00adf\u00e1gja, majd az EME R\u00e9gis\u00e9gt\u00e1r\u00e1ba ker\u00fclt. <br \/><strong>Irod.:<\/strong> \u00c1ll\u00f3- \u00e9s mozg\u00f3k\u00e9pek; Fej\u00e9r Tam\u00e1s; Gudenus; Harmath-K\u00e1lm\u00e1n; Horn Ildik\u00f3: Erd\u00e9lyi unit. 16. sz; K\u00e9nosi-Uzoni 1.; M\u00c9L; Mo. f\u0151isp\u00e1n; RNL; \u00daM\u00c9L; Valori mure\u015fene de patrimoniu<\/br><\/p>\n","protected":false},"excerpt":{"rendered":"<p>Nagyszeben, 1550 v 1558. m\u00e1j. 10., \u2020 Feh\u00e9regyh\u00e1za, 1608. j\u00fal. 12.: f\u0151nemes, f\u0151isp\u00e1n, erd\u00e9lyi tan\u00e1csos \u00e9s kincst\u00e1rnok. \u2013 H. P\u00e9ter (1499\u20131569) sz\u00e1sz kir\u00e1lyb\u00edr\u00f3 \u00e9s Kem\u00e9ny Katalin fia. Apja hal\u00e1la ut\u00e1n anyja b\u00e1tyja, Kerm\u00e9ny Istv\u00e1n volt a gy\u00e1mja, amig meghalt (1573). Mostohaapjuk Kendy J\u00e1nos, e h\u00e1zass\u00e1ggal lez\u00e1rult a k\u00e9t csal\u00e1d k\u00f6zti birtokvita, J\u00f6videcs birtokl\u00e1sa miatt. H\u00e1zas\u00ads\u00e1gai [&hellip;]<\/p>\n","protected":false},"featured_media":0,"comment_status":"open","ping_status":"closed","template":"","meta":[],"product_brand":[],"product_cat":[137],"product_tag":[],"class_list":{"0":"post-9510","1":"product","2":"type-product","3":"status-publish","5":"product_cat-maros-megyei-eletrajzi-lexikon","7":"first","8":"instock","9":"shipping-taxable","10":"product-type-simple"},"_links":{"self":[{"href":"https:\/\/uj.adatbank.ro\/lexikon\/wp-json\/wp\/v2\/product\/9510","targetHints":{"allow":["GET"]}}],"collection":[{"href":"https:\/\/uj.adatbank.ro\/lexikon\/wp-json\/wp\/v2\/product"}],"about":[{"href":"https:\/\/uj.adatbank.ro\/lexikon\/wp-json\/wp\/v2\/types\/product"}],"replies":[{"embeddable":true,"href":"https:\/\/uj.adatbank.ro\/lexikon\/wp-json\/wp\/v2\/comments?post=9510"}],"wp:attachment":[{"href":"https:\/\/uj.adatbank.ro\/lexikon\/wp-json\/wp\/v2\/media?parent=9510"}],"wp:term":[{"taxonomy":"product_brand","embeddable":true,"href":"https:\/\/uj.adatbank.ro\/lexikon\/wp-json\/wp\/v2\/product_brand?post=9510"},{"taxonomy":"product_cat","embeddable":true,"href":"https:\/\/uj.adatbank.ro\/lexikon\/wp-json\/wp\/v2\/product_cat?post=9510"},{"taxonomy":"product_tag","embeddable":true,"href":"https:\/\/uj.adatbank.ro\/lexikon\/wp-json\/wp\/v2\/product_tag?post=9510"}],"curies":[{"name":"wp","href":"https:\/\/api.w.org\/{rel}","templated":true}]}}