{"id":9513,"date":"2025-06-29T12:47:41","date_gmt":"2025-06-29T10:47:41","guid":{"rendered":"https:\/\/uj.adatbank.ro\/lexikon\/termek\/haller-gabor-hallerkoi-gr-ugrai-ag\/"},"modified":"2025-06-29T12:47:41","modified_gmt":"2025-06-29T10:47:41","slug":"haller-gabor-hallerkoi-gr-ugrai-ag","status":"publish","type":"product","link":"https:\/\/uj.adatbank.ro\/lexikon\/termek\/haller-gabor-hallerkoi-gr-ugrai-ag\/","title":{"rendered":"HALLER G\u00e1bor, hallerk\u0151i gr. ugrai \u00e1g."},"content":{"rendered":"<p>1749., \u2020 Nagyszeben, 1822. m\u00e1rc. 28., temetve Szentp\u00e1lon a Haller kript\u00e1ba: erd\u00e9lyi kincstart\u00f3, bels\u0151 titkos tan\u00e1csos, f\u0151isp\u00e1n, cs. kir. kamar\u00e1s. \u2013 H. L\u00e1szl\u00f3 (1717\u20131751) \u00e9s Forg\u00e1ch Roz\u00e1lia (1723\u20131792) fia. Feles\u00e9ge: k\u00e1szoni \u00e9s imp\u00e9rfalvi br. Bornemisza Kl\u00e1ra (1755- Kerel\u0151szentp\u00e1l, 1796. j\u00fal. 10.), B. Ign\u00e1c J\u00f3zsef \u00e9s Kornis Krisztina le\u00e1nya. Feln\u0151ttkort meg\u00e9rt gyermekeik: Krisztina, L\u00e1szl\u00f3 (1786\u20131837), G\u00e1bor (1790\u20131832). \u2013 Mint katona szolg\u00e1lt a hadseregben, ahol kapit\u00e1nys\u00e1gig vitte. Megyei alisp\u00e1n, k\u00e9s\u0151bb k\u00fck\u00fcll\u0151i f\u0151isp\u00e1n, azut\u00e1n kir. t\u00e1blai eln\u00f6k, tartom\u00e1nyi f\u0151biztos (provincialis comissarius, 1810\u2013), majd kincstart\u00f3. A f\u0151korm\u00e1nysz\u00e9k, a v\u00e1ros \u00e9s a k\u00f6zs\u00e9g k\u00f6z\u00f6tt fenn\u00e1ll\u00f3 n\u00e9zetelt\u00e9r\u00e9s eloszlat\u00e1s\u00e1ra kinevezte inspectornak (1765, 1766), majd rendelettel Mv. korm\u00e1nybiztos\u00e1v\u00e1 nevezte ki (1769. nov. 13.). Mint a jezsuit\u00e1k \u00e9s minden katolikus mozgalom p\u00e1rtfog\u00f3ja, t\u00e1mogat\u00e1s\u00e1val \u00e9p\u00fclt Mv.-en (1772) a k\u0151oszlopokra t\u00e1masztott L\u00e1bas-h\u00e1z a r. k tanoda els\u0151 \u00e9p\u00fclete. R\u00e9szt vett a nemzeti nyelvet eltipr\u00f3, t\u00f6rv\u00e9nytelen rendeletek elleni mozgalmakban is: a K\u00fck\u00fcll\u0151vel egyes\u00edtett Marossz\u00e9k k\u00f6veteivel B\u00e9csbe ment a rendek tiltakoz\u00f3 felirat\u00e1val (1785). Mv.-en polg\u00e1ri esk\u00fct tett (1786. jan. 25.). Eln\u00f6k\u00f6lt mint a megye alisp\u00e1nja az egyes\u00edtett K\u00fck\u00fcll\u0151 vm. \u00e9s Maros sz\u00e9k utols\u00f3 \u00fcl\u00e9s\u00e9n (1790. m\u00e1rc. 22), ahol felolvasta a cs\u00e1sz\u00e1r jogtipr\u00f3 rendeleteinek visszavon\u00e1s\u00e1r\u00f3l be\u00e9rkezett v\u00e9gz\u00e9st \u00e9s a rendekkel egy\u00fctt bejelentette a m. nyelv kiz\u00e1r\u00f3lagos haszn\u00e1lat\u00e1t a sz\u00e9ki k\u00f6zigazgat\u00e1sban. Kisk\u00fck\u00fcll\u0151 vm. f\u0151isp\u00e1nja (1790\u20131810). Marosugr\u00e1n ferences pap szolg\u00e1lt n\u00e1luk (1794\u20131822). Beiktatt\u00e1k a mv.-i Kir. T\u00e1bla eln\u00f6ki tiszt\u00e9be (1805. j\u00fan. 10. \u2013 1810-ig). Nagy \u00e9rdemeket szerzett a mv.-i sz\u00edn\u00e9szet bevezet\u00e9se \u00e9rdek\u00e9ben v\u00edvott k\u00fczdelemben, ez\u00e9rt a Mv.-en vend\u00e9gszerepl\u0151 Ernyi Mih\u00e1ly kv.-i sz\u00edn\u00e9szt\u00e1rsas\u00e1ga h\u00e1l\u00e1ja jel\u00e9\u0171l, kir. t\u00e1blai eln\u00f6kk\u00e9 val\u00f3 beiktat\u00e1sa alkalm\u00e1val (1805. j\u00fan. 10.) d\u00edszel\u0151ad\u00e1st rendezett tisztelet\u00e9re. K\u00e9s\u0151bb is sz\u00edv\u00fcgye volt a sz\u00ednh\u00e1z, levelekben sz\u00f3l\u00edtotta fel a mv.-i Magisztr\u00e1tust (1814. m\u00e1rc.), hogy a sz\u00ednh\u00e1zat t\u00e1mogass\u00e1k, bocs\u00e1ssanak rendelkez\u00e9s\u00e9re helyis\u00e9get. Sz\u00ednh\u00e1zi vonatkoz\u00e1s\u00fa levelei a mv.-i v\u00e1rosi lev\u00e9lt\u00e1rban vannak, ismeretes egy Mv.-en kelt levele Kazinczyhoz (1808. \u00e1pr. 1). Leopold nagy keresztrendj\u00e9nek vit\u00e9ze. Franci\u00e1ul \u00edrta Barcsay \u00c1brah\u00e1m eml\u00e9kezet\u00e9t, Kazinczy Ferenc ford\u00edtotta magyarra \u00e9s D\u00f6brentei G\u00e1bor adta ki az Erd\u00e9lyi M\u00fazeumban. Erd\u00e9ly f\u0151biztos\u00e1nak nevezt\u00e9k ki (1810). <br \/><strong>Irod.:<\/strong> \u00c1ll\u00f3- \u00e9s mozg\u00f3k\u00e9pek; De\u00e9 Nagy Anik\u00f3 2001; Fogarasi; Gy\u00f6rgy: A ferencrendiek; Id\u0151t\u00e1r 1; Keresztes; Keresztes Gyula: Kast\u00e9lyaink 5. Az ugrai kast\u00e9ly (N\u00fa., 1992. \u00e1pr. 4., 5 \/1.); Kr\u00f3n. F\u00fcz. (1939. 4\/9); Mo. f\u0151isp\u00e1njai; Orb\u00e1n J\u00e1nos: A Kir\u00e1lyi T\u00e1bla els\u0151 k\u00e9t mv.-i sz\u00e9kh\u00e1za = St\u00edlusok, m\u0171vek, mesterek; Szinnyei<\/br><\/p>\n","protected":false},"excerpt":{"rendered":"<p>1749., \u2020 Nagyszeben, 1822. m\u00e1rc. 28., temetve Szentp\u00e1lon a Haller kript\u00e1ba: erd\u00e9lyi kincstart\u00f3, bels\u0151 titkos tan\u00e1csos, f\u0151isp\u00e1n, cs. kir. kamar\u00e1s. \u2013 H. L\u00e1szl\u00f3 (1717\u20131751) \u00e9s Forg\u00e1ch Roz\u00e1lia (1723\u20131792) fia. Feles\u00e9ge: k\u00e1szoni \u00e9s imp\u00e9rfalvi br. Bornemisza Kl\u00e1ra (1755- Kerel\u0151szentp\u00e1l, 1796. j\u00fal. 10.), B. Ign\u00e1c J\u00f3zsef \u00e9s Kornis Krisztina le\u00e1nya. Feln\u0151ttkort meg\u00e9rt gyermekeik: Krisztina, L\u00e1szl\u00f3 (1786\u20131837), G\u00e1bor [&hellip;]<\/p>\n","protected":false},"featured_media":0,"comment_status":"open","ping_status":"closed","template":"","meta":[],"product_brand":[],"product_cat":[137],"product_tag":[],"class_list":{"0":"post-9513","1":"product","2":"type-product","3":"status-publish","5":"product_cat-maros-megyei-eletrajzi-lexikon","7":"first","8":"instock","9":"shipping-taxable","10":"product-type-simple"},"_links":{"self":[{"href":"https:\/\/uj.adatbank.ro\/lexikon\/wp-json\/wp\/v2\/product\/9513","targetHints":{"allow":["GET"]}}],"collection":[{"href":"https:\/\/uj.adatbank.ro\/lexikon\/wp-json\/wp\/v2\/product"}],"about":[{"href":"https:\/\/uj.adatbank.ro\/lexikon\/wp-json\/wp\/v2\/types\/product"}],"replies":[{"embeddable":true,"href":"https:\/\/uj.adatbank.ro\/lexikon\/wp-json\/wp\/v2\/comments?post=9513"}],"wp:attachment":[{"href":"https:\/\/uj.adatbank.ro\/lexikon\/wp-json\/wp\/v2\/media?parent=9513"}],"wp:term":[{"taxonomy":"product_brand","embeddable":true,"href":"https:\/\/uj.adatbank.ro\/lexikon\/wp-json\/wp\/v2\/product_brand?post=9513"},{"taxonomy":"product_cat","embeddable":true,"href":"https:\/\/uj.adatbank.ro\/lexikon\/wp-json\/wp\/v2\/product_cat?post=9513"},{"taxonomy":"product_tag","embeddable":true,"href":"https:\/\/uj.adatbank.ro\/lexikon\/wp-json\/wp\/v2\/product_tag?post=9513"}],"curies":[{"name":"wp","href":"https:\/\/api.w.org\/{rel}","templated":true}]}}