{"id":9524,"date":"2025-06-29T12:48:00","date_gmt":"2025-06-29T10:48:00","guid":{"rendered":"https:\/\/uj.adatbank.ro\/lexikon\/termek\/haller-istvan-hallerkoi-br-gr-feheregyhazi-ag\/"},"modified":"2025-06-29T12:48:00","modified_gmt":"2025-06-29T10:48:00","slug":"haller-istvan-hallerkoi-br-gr-feheregyhazi-ag","status":"publish","type":"product","link":"https:\/\/uj.adatbank.ro\/lexikon\/termek\/haller-istvan-hallerkoi-br-gr-feheregyhazi-ag\/","title":{"rendered":"HALLER Istv\u00e1n, hallerk\u0151i br., gr., feh\u00e9regyh\u00e1zi \u00e1g"},"content":{"rendered":"<p>Kerel\u0151szentp\u00e1l, 1658, \u2020 Nagyszeben, 1710. m\u00e1j. 2., temetve Kerel\u0151szentp\u00e1lon.: tan\u00e1csos, az Erd\u00e9lyi Fejedelems\u00e9g kancell\u00e1rja, f\u0151isp\u00e1n. \u2013 H. J\u00e1nos (1626\u20131697) kincstart\u00f3 \u00e9s Kornis Kata (1639\u20131696) fia. Feles\u00e9ge: 1. Kem\u00e9ny M\u00e1ria (\u2020 1685 u.), br. Kem\u00e9ny Simon le\u00e1nya, kit\u0151l G\u00e1bor (1685\u20131723), fia sz\u00fcletett; 2. Bulcsesti S\u00e1ra (\u2020 1708) (esk. 1699\u2013); 3. Torma Borb\u00e1la (1670\u20131697), Torma Gy\u00f6rgy \u00e9s Husz\u00e1r Borb\u00e1la le\u00e1nya; 4. borsai Nagy Borb\u00e1la (\u2020 1718). Gyermekei 3. feles\u00e9g\u00e9t\u0151l: J\u00e1nos, a gubern\u00e1tor (1692\u20131755), Katalin (1696\u20131752), L\u00e1szl\u00f3 (1697\u20131719). Bethlen Kata mostohaapja (1700\u20131759). \u2013 Tan\u00e1csos, a f\u0151korm\u00e1nysz\u00e9k tagja (1692\u2013), Bels\u0151-Szolnok (1693), majd Torda vm. (1697. okt.) f\u0151isp\u00e1nja, a rendek \u00e9s egyben a kir. t\u00e1bla eln\u00f6ke (1699), B\u00e1nffy Gy\u00f6rgy gubern\u00e1tor hal\u00e1la ut\u00e1n a Gubernium eln\u00f6ke (1708). Az Erd\u00e9lyi R. K. Status egyik szervez\u0151je. A ferencrendi P. Domokos D\u00e1niel volt n\u00e1luk k\u00e1pl\u00e1n (1702). B\u00e1r\u00f3i rangot kapott Lip\u00f3t cs\u00e1sz\u00e1rt\u00f3l \u00e9s kir\u00e1lyt\u00f3l (1699) \u00e9s hal\u00e1la ut\u00e1n III. K\u00e1rolyt\u00f3l gr\u00f3fi c\u00edmet nyert (1713). gr\u00f3f Apor Istv\u00e1n erd\u00e9lyi kincstart\u00f3val hozz\u00e1kezdtek egy kis templom \u00e9p\u00edt\u00e9s\u00e9hez. (1703), de abbamaradt. Temet\u00e9s\u00e9n Wessel\u00e9nyi Istv\u00e1n mondott besz\u00e9det. <br \/><strong>Irod.:<\/strong> \u00c1ll\u00f3- \u00e9s mozg\u00f3k\u00e9pek; \u00c1rva Bethlen K.; Castellum \u00c9rtes\u00edt\u0151 (2002, 9. sz.); Erd\u00e9lyi f\u00e9niks; Gy\u00f6rgy: A ferencrendiek; K\u00fck\u00fcll\u0151i Ref. Egyh\u00e1zm. 2; Halotti besz\u00e9dek; M. t\u00f6rt. \u00e9vk. napl\u00f3k 3.; MKL; Mv.-i Pl\u00e9b\u00e1nia; RNL; Szaniszl\u00f3; Tr\u00f3cs\u00e1nyi 1988<\/br><\/p>\n","protected":false},"excerpt":{"rendered":"<p>Kerel\u0151szentp\u00e1l, 1658, \u2020 Nagyszeben, 1710. m\u00e1j. 2., temetve Kerel\u0151szentp\u00e1lon.: tan\u00e1csos, az Erd\u00e9lyi Fejedelems\u00e9g kancell\u00e1rja, f\u0151isp\u00e1n. \u2013 H. J\u00e1nos (1626\u20131697) kincstart\u00f3 \u00e9s Kornis Kata (1639\u20131696) fia. Feles\u00e9ge: 1. Kem\u00e9ny M\u00e1ria (\u2020 1685 u.), br. Kem\u00e9ny Simon le\u00e1nya, kit\u0151l G\u00e1bor (1685\u20131723), fia sz\u00fcletett; 2. Bulcsesti S\u00e1ra (\u2020 1708) (esk. 1699\u2013); 3. Torma Borb\u00e1la (1670\u20131697), Torma Gy\u00f6rgy \u00e9s [&hellip;]<\/p>\n","protected":false},"featured_media":0,"comment_status":"open","ping_status":"closed","template":"","meta":[],"product_brand":[],"product_cat":[137],"product_tag":[],"class_list":{"0":"post-9524","1":"product","2":"type-product","3":"status-publish","5":"product_cat-maros-megyei-eletrajzi-lexikon","7":"first","8":"instock","9":"shipping-taxable","10":"product-type-simple"},"_links":{"self":[{"href":"https:\/\/uj.adatbank.ro\/lexikon\/wp-json\/wp\/v2\/product\/9524","targetHints":{"allow":["GET"]}}],"collection":[{"href":"https:\/\/uj.adatbank.ro\/lexikon\/wp-json\/wp\/v2\/product"}],"about":[{"href":"https:\/\/uj.adatbank.ro\/lexikon\/wp-json\/wp\/v2\/types\/product"}],"replies":[{"embeddable":true,"href":"https:\/\/uj.adatbank.ro\/lexikon\/wp-json\/wp\/v2\/comments?post=9524"}],"wp:attachment":[{"href":"https:\/\/uj.adatbank.ro\/lexikon\/wp-json\/wp\/v2\/media?parent=9524"}],"wp:term":[{"taxonomy":"product_brand","embeddable":true,"href":"https:\/\/uj.adatbank.ro\/lexikon\/wp-json\/wp\/v2\/product_brand?post=9524"},{"taxonomy":"product_cat","embeddable":true,"href":"https:\/\/uj.adatbank.ro\/lexikon\/wp-json\/wp\/v2\/product_cat?post=9524"},{"taxonomy":"product_tag","embeddable":true,"href":"https:\/\/uj.adatbank.ro\/lexikon\/wp-json\/wp\/v2\/product_tag?post=9524"}],"curies":[{"name":"wp","href":"https:\/\/api.w.org\/{rel}","templated":true}]}}