{"id":9528,"date":"2025-06-29T12:48:08","date_gmt":"2025-06-29T10:48:08","guid":{"rendered":"https:\/\/uj.adatbank.ro\/lexikon\/termek\/haller-janos-hallerkoi-gr-feheregyhazi-ag-olthevizi-mellek-ag\/"},"modified":"2025-06-29T12:48:08","modified_gmt":"2025-06-29T10:48:08","slug":"haller-janos-hallerkoi-gr-feheregyhazi-ag-olthevizi-mellek-ag","status":"publish","type":"product","link":"https:\/\/uj.adatbank.ro\/lexikon\/termek\/haller-janos-hallerkoi-gr-feheregyhazi-ag-olthevizi-mellek-ag\/","title":{"rendered":"HALLER J\u00e1nos, hallerk\u0151i gr. feh\u00e9regyh\u00e1zi \u00e1g, olth\u00e9v\u00edzi mell\u00e9k \u00e1g"},"content":{"rendered":"<p>Erzs\u00e9betv\u00e1ros, 1852. j\u00fal. 5., \u2020\u00a0Olth\u00e9v\u00edz, 1928. jan. 17.: birtokos, f\u0151isp\u00e1n. \u2013 H. J\u00f3zsef (1818\u20131889), \u00e9s timfalvi Kiss Anna (1826\u20131874) fia. Fels\u00e9ge: vajai Vay Anna (1856\u20131934), sz\u00e9ki Teleki Domokos gr. unok\u00e1ja. Gyermekeik: J\u00f3zsef (Sz\u00e9kelykereszt\u00far, 1876, okt. 4.), Jen\u0151 (H\u00e9v\u00edz, 1878. j\u00fan. 9.), P\u00e1l (H\u00e9v\u00edz, 1881. aug. 2.), J\u00e1nos (H\u00e9v\u00edz, 1883. dec. 15.), Anna (H\u00e9v\u00edz, 1886. szept. 6.), Zs\u00f3fia (H\u00e9v\u00edz, 1893. jan. 27.). \u2013 K\u00f6z\u00e9piskolai tanulm\u00e1nyait a mv.-i Ref. Koll.-ban v\u00e9gezte (1862\u201370), v\u00e9gig Mentovich Ferenc csal\u00e1dj\u00e1n\u00e1l volt sz\u00e1ll\u00e1sa. Jogot a bp.-i kir. egyetemen v\u00e9gzett (1874. aug. 18. \u00e1llamvizsg\u00e1zott). K\u00fclf\u00f6ldi tanulm\u00e1ny\u00e1takat tett. Gr. Bethlen G\u00e1bor f\u0151isp\u00e1n Nagyk\u00fck\u00fcll\u0151 v\u00e1rmegye tb. megyei f\u0151jegyz\u0151v\u00e9 nevezte ki (1882. dec. 15. \u2013 lemondott 1884. m\u00e1rc. 7.), br. B\u00e1nffy Dezs\u0151 k\u00e9r\u00e9s\u00e9re Udvarhelyvm. f\u0151isp\u00e1ns\u00e1g\u00e1t v\u00e1llalta el (1896. \u00e1pr. 30. \u2013 1899. j\u00fal. 6.), az udvarhelyi ref. egyh\u00e1zmegye gondnoka (1897. j\u00fan. 10. \u2013 1901. szept.). Csal\u00e1dj\u00e1val egy\u00fctt elk\u00f6lt\u00f6z\u00f6tt Udvarhelyr\u0151l Homor\u00f3dh\u00e9v\u00edzre, ma Olth\u00e9v\u00edz (1899. j\u00fan.). Kinevezt\u00e9k H\u00e1romsz\u00e9kv\u00e1rmegye f\u0151isp\u00e1nj\u00e1v\u00e1 (1904. jan. 24. -lemondott 1906. \u00e1pr. 18.). M\u00e1sodszor is kinevezt\u00e9k Udvarhelyv\u00e1rmegye f\u0151isp\u00e1nj\u00e1nak (1910. febr. 24. \u2013) \u00e9s a kir\u00e1ly kinevezte MT, Udvarhely \u00e9s H\u00e1romsz\u00e9k vm., valamint Mv. sz. kir. v\u00e1ros f\u0151isp\u00e1nj\u00e1nak, cs. \u00e9s kir. titkos tan\u00e1csosnak (1910. dec. 17., beiktatt\u00e1k 1911. jan. 12. \u2013 lemondott eg\u00e9szs\u00e9gi okokb\u00f3l (1912. m\u00e1rc.), lemond\u00e1s\u00e1t az uralkod\u00f3 elfogadta (1912. dec. 20.). Mv. d\u00edszpolg\u00e1ra (1913. jan. 4.). Eml\u00e9kt\u00e1bla \u0151rzi nev\u00e9t a mv.-i Kult\u00farpalot\u00e1n, Ugron G\u00e1borral egy\u00fctt. \u2013 <strong>F. m.:<\/strong> Hallerk\u0151i Haller gr\u00f3fok feh\u00e9regyh\u00e1zi \u00e1g\u00e1b\u00f3l sz\u00e1rmaz\u00f3tt Haller Ferenc \u00e9s J\u00f3zsef gr\u00f3fok t\u00f6rv\u00e9nyes sz\u00e1rmaz\u00e1sa, Haller J\u00f3zsef gr\u00f3f h\u00e1zass\u00e1g\u00e1nak t\u00f6rv\u00e9nyess\u00e9ge \u00e9s ezen h\u00e1zass\u00e1gb\u00f3l sz\u00e1rmazott gyermekeinek a Haller n\u00e9vhez \u00e9s gr\u00f3fi c\u00edmhez t\u00f6rv\u00e9nyes joga (Bp., 1898). <br \/><strong>Irod.:<\/strong> \u00c1ll\u00f3- \u00e9s mozg\u00f3k\u00e9pek; Bern\u00e1dy; Chalupka Rezs\u0151: Hallerk\u0151i id. Gr. Haller J\u00e1nos (Sz\u00e9kelyudvarhely, 1911); Gudenus; Hallerk\u0151i id. Gr. H. J. (Marosv\u00e1s\u00e1rhely, 1912. febr. 15.); H. J. gr\u00f3f b\u00facs\u00fa levele (Marosv\u00e1s\u00e1rhely, 1913. jan. 1.); Id\u0151t\u00e1r 2., 3.; Mv.-i Almanach, 1912; P\u00e1lffy<\/br><\/p>\n","protected":false},"excerpt":{"rendered":"<p>Erzs\u00e9betv\u00e1ros, 1852. j\u00fal. 5., \u2020\u00a0Olth\u00e9v\u00edz, 1928. jan. 17.: birtokos, f\u0151isp\u00e1n. \u2013 H. J\u00f3zsef (1818\u20131889), \u00e9s timfalvi Kiss Anna (1826\u20131874) fia. Fels\u00e9ge: vajai Vay Anna (1856\u20131934), sz\u00e9ki Teleki Domokos gr. unok\u00e1ja. Gyermekeik: J\u00f3zsef (Sz\u00e9kelykereszt\u00far, 1876, okt. 4.), Jen\u0151 (H\u00e9v\u00edz, 1878. j\u00fan. 9.), P\u00e1l (H\u00e9v\u00edz, 1881. aug. 2.), J\u00e1nos (H\u00e9v\u00edz, 1883. dec. 15.), Anna (H\u00e9v\u00edz, 1886. szept. [&hellip;]<\/p>\n","protected":false},"featured_media":0,"comment_status":"open","ping_status":"closed","template":"","meta":[],"product_brand":[],"product_cat":[137],"product_tag":[],"class_list":{"0":"post-9528","1":"product","2":"type-product","3":"status-publish","5":"product_cat-maros-megyei-eletrajzi-lexikon","7":"first","8":"instock","9":"shipping-taxable","10":"product-type-simple"},"_links":{"self":[{"href":"https:\/\/uj.adatbank.ro\/lexikon\/wp-json\/wp\/v2\/product\/9528","targetHints":{"allow":["GET"]}}],"collection":[{"href":"https:\/\/uj.adatbank.ro\/lexikon\/wp-json\/wp\/v2\/product"}],"about":[{"href":"https:\/\/uj.adatbank.ro\/lexikon\/wp-json\/wp\/v2\/types\/product"}],"replies":[{"embeddable":true,"href":"https:\/\/uj.adatbank.ro\/lexikon\/wp-json\/wp\/v2\/comments?post=9528"}],"wp:attachment":[{"href":"https:\/\/uj.adatbank.ro\/lexikon\/wp-json\/wp\/v2\/media?parent=9528"}],"wp:term":[{"taxonomy":"product_brand","embeddable":true,"href":"https:\/\/uj.adatbank.ro\/lexikon\/wp-json\/wp\/v2\/product_brand?post=9528"},{"taxonomy":"product_cat","embeddable":true,"href":"https:\/\/uj.adatbank.ro\/lexikon\/wp-json\/wp\/v2\/product_cat?post=9528"},{"taxonomy":"product_tag","embeddable":true,"href":"https:\/\/uj.adatbank.ro\/lexikon\/wp-json\/wp\/v2\/product_tag?post=9528"}],"curies":[{"name":"wp","href":"https:\/\/api.w.org\/{rel}","templated":true}]}}