{"id":9529,"date":"2025-06-29T12:48:09","date_gmt":"2025-06-29T10:48:09","guid":{"rendered":"https:\/\/uj.adatbank.ro\/lexikon\/termek\/haller-janos-hallerkoi-gr-feheregyazi-ag\/"},"modified":"2025-06-29T12:48:09","modified_gmt":"2025-06-29T10:48:09","slug":"haller-janos-hallerkoi-gr-feheregyazi-ag","status":"publish","type":"product","link":"https:\/\/uj.adatbank.ro\/lexikon\/termek\/haller-janos-hallerkoi-gr-feheregyazi-ag\/","title":{"rendered":"HALLER J\u00e1nos, hallerk\u0151i gr., feh\u00e9regy\u00e1zi \u00e1g"},"content":{"rendered":"<p>1774. okt. 12., \u2020 1843. okt. 24.: cs. \u00e9s kir. kamar\u00e1s. F\u00f6ldbirtokos, f\u00fcv\u00e9sz. \u2013 H. Zsigmond (\u2020 1803) \u00e9s als\u00f3csern\u00e1toni Domokos Krisztina fia. Feles\u00e9ge: 1. Bethlen Jozefin gr. -n\u0151 (1783 \u2020 1810. j\u00fal. 20), fiaik: J\u00e1nos \u00e9s J\u00f3zsef, kor\u00e1n meghaltak titokzatos betegs\u00e9gben; 2. Kleist v. Kleisch Zsuzsa (1785\u20131866) (esk.: 1835\u2013), gyermekeik: Ferenc (1815\u20131893), J\u00f3zsef (1818\u20131889), Karolina (\u2020 1849), Kl\u00e1ra F\u00f6ldv\u00e9ry J\u00f3zsefn\u00e9. Haller Louise nagyapja. \u2013 Feh\u00e9regyh\u00e1zi birtokos, birtokait 13 gazdas\u00e1gi tisztvisel\u0151 int\u00e9zte. Ezek k\u00f6z\u00fcl hat Feh\u00e9regyh\u00e1z\u00e1n tev\u00e9kenykedett, minta gy\u00fcm\u00f6lcs\u00f6st hozott l\u00e9tre, melegh\u00e1zakban m\u00e9g a citrom- \u00e9s narancstermeszt\u00e9st is meghonos\u00edtotta, \u00edgy messze f\u00f6ld\u00f6n h\u00edres volt. A segesv\u00e1ri orvos \u00e9s f\u00fcv\u00e9sz Johann Christian Gottlob t\u00e1rsas\u00e1g\u00e1ban kutatta Erd\u00e9ly fl\u00f3r\u00e1j\u00e1t. A Haller kast\u00e9lyt \u00fajj\u00e1\u00e9p\u00edtette. <br \/><strong>Irod.:<\/strong> \u00c1ll\u00f3- \u00e9s mozg\u00f3k\u00e9pek; Chiorean 2008; Gudenus; MMA; P\u00e1lffy<\/br><\/p>\n","protected":false},"excerpt":{"rendered":"<p>1774. okt. 12., \u2020 1843. okt. 24.: cs. \u00e9s kir. kamar\u00e1s. F\u00f6ldbirtokos, f\u00fcv\u00e9sz. \u2013 H. Zsigmond (\u2020 1803) \u00e9s als\u00f3csern\u00e1toni Domokos Krisztina fia. Feles\u00e9ge: 1. Bethlen Jozefin gr. -n\u0151 (1783 \u2020 1810. j\u00fal. 20), fiaik: J\u00e1nos \u00e9s J\u00f3zsef, kor\u00e1n meghaltak titokzatos betegs\u00e9gben; 2. Kleist v. Kleisch Zsuzsa (1785\u20131866) (esk.: 1835\u2013), gyermekeik: Ferenc (1815\u20131893), J\u00f3zsef (1818\u20131889), [&hellip;]<\/p>\n","protected":false},"featured_media":0,"comment_status":"open","ping_status":"closed","template":"","meta":[],"product_brand":[],"product_cat":[137],"product_tag":[],"class_list":{"0":"post-9529","1":"product","2":"type-product","3":"status-publish","5":"product_cat-maros-megyei-eletrajzi-lexikon","7":"first","8":"instock","9":"shipping-taxable","10":"product-type-simple"},"_links":{"self":[{"href":"https:\/\/uj.adatbank.ro\/lexikon\/wp-json\/wp\/v2\/product\/9529","targetHints":{"allow":["GET"]}}],"collection":[{"href":"https:\/\/uj.adatbank.ro\/lexikon\/wp-json\/wp\/v2\/product"}],"about":[{"href":"https:\/\/uj.adatbank.ro\/lexikon\/wp-json\/wp\/v2\/types\/product"}],"replies":[{"embeddable":true,"href":"https:\/\/uj.adatbank.ro\/lexikon\/wp-json\/wp\/v2\/comments?post=9529"}],"wp:attachment":[{"href":"https:\/\/uj.adatbank.ro\/lexikon\/wp-json\/wp\/v2\/media?parent=9529"}],"wp:term":[{"taxonomy":"product_brand","embeddable":true,"href":"https:\/\/uj.adatbank.ro\/lexikon\/wp-json\/wp\/v2\/product_brand?post=9529"},{"taxonomy":"product_cat","embeddable":true,"href":"https:\/\/uj.adatbank.ro\/lexikon\/wp-json\/wp\/v2\/product_cat?post=9529"},{"taxonomy":"product_tag","embeddable":true,"href":"https:\/\/uj.adatbank.ro\/lexikon\/wp-json\/wp\/v2\/product_tag?post=9529"}],"curies":[{"name":"wp","href":"https:\/\/api.w.org\/{rel}","templated":true}]}}