{"id":9530,"date":"2025-06-29T12:48:10","date_gmt":"2025-06-29T10:48:10","guid":{"rendered":"https:\/\/uj.adatbank.ro\/lexikon\/termek\/haller-janos-hallerkoi-gr-feheregyhazi-ag\/"},"modified":"2025-06-29T12:48:10","modified_gmt":"2025-06-29T10:48:10","slug":"haller-janos-hallerkoi-gr-feheregyhazi-ag","status":"publish","type":"product","link":"https:\/\/uj.adatbank.ro\/lexikon\/termek\/haller-janos-hallerkoi-gr-feheregyhazi-ag\/","title":{"rendered":"HALLER J\u00e1nos, hallerk\u0151i gr., feh\u00e9regyh\u00e1zi \u00e1g"},"content":{"rendered":"<p>Kerel\u0151szentp\u00e1l, 1692, \u2020 Szeben, 1755. okt. 18., a nagyszebeni ferences templomba temett\u00e9k: cs. kir. kamar\u00e1s, Erd\u00e9ly korm\u00e1nyz\u00f3ja gubern\u00e1tora. \u2013 H. Istv\u00e1n (1658\u20131710) \u00e9s Torma Borb\u00e1la (1670\u20131697) fia. A csal\u00e1di birtokokat testv\u00e9rei: G\u00e1bor Szentp\u00e1lt, L\u00e1szl\u00f3 Feh\u00e9regyh\u00e1z\u00e1t kapt\u00e1k. Feles\u00e9ge: 1. Bark\u00f3czi J\u00falia (1715\u201316) , 2. Apor Zsuzsanna, 3. br. Daniel Zs\u00f3fia (1711\u2020\u00a01783), aki r\u00e9v\u00e9n elnyerte a sz\u00f6kefalvi birtokot, az unit. templomot, egyh\u00e1zi telkeket, mindez a katolikusok birtok\u00e1ba ker\u00fclt. Gyermekei 3. feles\u00e9g\u00e9t\u0151l: Zsuzsanna Mikes Antaln\u00e9 (1733\u20131776), Borb\u00e1la Bornemisza J\u00e1nosn\u00e9 (1691\u20131733), Anna Kornis Zsigmondn\u00e9 (1730\u20131778), Karolina Gyulay Ferencn\u00e9 (\u2020 1809). \u2013 B\u00e9csben tanult, majd apja korai hal\u00e1la ut\u00e1n saj\u00e1t erej\u00e9b\u0151l kellett ki\u00e9p\u00edtenie birtokh\u00e1lozat\u00e1t. Rohamosan emelkedett a rangl\u00e9tr\u00e1n \u00e9s birtokai is n\u00f6vekedtek: Cs\u00edk-, Gyergy\u00f3- \u00e9s K\u00e1szonsz\u00e9k f\u0151b\u00edr\u00e1ja (1729), kincst\u00e1rnok, majd az uralkod\u00f3 kinevezte Erd\u00e9ly gubern\u00e1tor\u00e1v\u00e1 (1734. dec. 2. \u2013 1755), ami f\u00f6lt\u00e9tlen Habsburg h\u0171s\u00e9g\u00e9t igazolja. Kamar\u00e1si c\u00edmet kapott (1734\u2013). Korm\u00e1nyz\u00e1sa el\u00e9gg\u00e9 nyugalmas id\u0151szak Erd\u00e9ly \u00e9let\u00e9ben. \u00c1d\u00e1moson a Mikola csal\u00e1d \u00f6r\u00f6ks\u00e9ge jutott a tulajdon\u00e1ba. Megszerezte a d\u00e9vai birtokot, ahol a Magna Curi\u00e1t a barokk gy\u00f6ngyszem\u00e9v\u00e9 alak\u00edtatta \u00e1t (1743), mellette pap\u00edrmalmot alap\u00edtott, amelynek v\u00edzjegye: Graf v. Haller. Vagyon\u00e1b\u00f3l \u00e9s funkci\u00f3j\u00e1b\u00f3l kifoly\u00f3lag sokat seg\u00edtette az egyh\u00e1zi int\u00e9zm\u00e9nyeket (templom, kolostorok), \u00fajakat alap\u00edtott \u00e9s \u00e9p\u00edttetett. Enged\u00e9lyezte a mv.-i ferencesek leteleped\u00e9s\u00e9t, anyagilag is t\u00e1mogatta \u0151ket. K\u00f6z\u00f6lte, a mv.-i katolikusok k\u00e9r\u00e9s\u00e9re v\u00e1laszk\u00e9nt, a kir\u00e1lyn\u0151 parancs\u00e1t, hogy a mv.-i ispot\u00e1lyba a ref. szeg\u00e9nyek mellett katolikusokat is be kell fogadni (1749). Fel\u00e9p\u00edttette a sz\u00e1szv\u00e1rosi templomot \u00e9s kolostort (1749\u201351), t\u00e1mogatta a medgyesi ferenceseket, akik sok\u00e1ig szolg\u00e1ltak ott (1735\u20131839). Feles\u00e9g\u00e9vel, Daniel Zs\u00f3fi\u00e1val, adom\u00e1nyozt\u00e1k a mv.-i Keresztel\u0151 Szent J\u00e1nos-templomnak a f\u0151olt\u00e1rat, amelyet J. Nachtigall-lal \u00e9s Schuchbauer Antallal \u00e9s Michael Angelo Unterbergerrel k\u00e9sz\u00edttettek el (1755). Megjav\u00edttatta a sz\u0151kefalvi r. k. templomot (1747), majd \u00f6zvegye, Daniel Zs\u00f3fia, tornyot is \u00e9p\u00edtetett a templom mell\u00e9 (1758). V\u00e1mosg\u00e1lfalvi birtoka term\u00e9s\u00e9b\u0151l \u00e9venk\u00e9nt t\u00e1mogatta a mv.-i r. k. iskola fenntart\u00e1s\u00e1t \u00e9s \u00f6zvegye Daniel Zs\u00f3fia (1777) seg\u00e9lyezte a tanul\u00f3 ifjakat is. <br \/><strong>Irod.:<\/strong> \u00c1rva Bethlen K.; Bak\u00f3 Csongor-Istv\u00e1n: R\u00f3mai katolikus k\u00f3rh\u00e1zi lelkigondoz\u00e1s Mv.-en \u2013 t\u00f6rt\u00e9neti \u00e1ttekint\u00e9s (K\u00f6zpont, 1911. j\u00fan. 1\u20137); Bozac-Pavel; Erd\u00e9ly (portr\u00e9 is ); Gy\u00f6rffi; Gy\u00f6rgy: A ferencrendiek; Harmath-K\u00e1lm\u00e1n; Keresztes Gyula: \u00d6r\u00f6ks\u00e9g\u00fcnk 56.: Az \u00e1d\u00e1mosi udavarh\u00e1zak (N\u00fa., 1994. j\u00fan. 3.); K\u00e9nosi-Uzoni 2.; Kov\u00e1cs Andr\u00e1s; Kov\u00e1sznai; L\u00e9sty\u00e1n \u2013 templomok; M. t\u00f6rt. \u00e9vk. napl\u00f3k 3.; Mv. m\u0171v. v\u00e1r.; Mv. -Bal\u00e1s; Mv.-i Pl\u00e9b\u00e1nia; Nagy L\u00e1szl\u00f3; P\u00e1l-Antal 2002; Tr\u00f3cs\u00e1nyi 1988<\/br><\/p>\n","protected":false},"excerpt":{"rendered":"<p>Kerel\u0151szentp\u00e1l, 1692, \u2020 Szeben, 1755. okt. 18., a nagyszebeni ferences templomba temett\u00e9k: cs. kir. kamar\u00e1s, Erd\u00e9ly korm\u00e1nyz\u00f3ja gubern\u00e1tora. \u2013 H. Istv\u00e1n (1658\u20131710) \u00e9s Torma Borb\u00e1la (1670\u20131697) fia. A csal\u00e1di birtokokat testv\u00e9rei: G\u00e1bor Szentp\u00e1lt, L\u00e1szl\u00f3 Feh\u00e9regyh\u00e1z\u00e1t kapt\u00e1k. Feles\u00e9ge: 1. Bark\u00f3czi J\u00falia (1715\u201316) , 2. Apor Zsuzsanna, 3. br. Daniel Zs\u00f3fia (1711\u2020\u00a01783), aki r\u00e9v\u00e9n elnyerte a sz\u00f6kefalvi [&hellip;]<\/p>\n","protected":false},"featured_media":0,"comment_status":"open","ping_status":"closed","template":"","meta":[],"product_brand":[],"product_cat":[137],"product_tag":[],"class_list":{"0":"post-9530","1":"product","2":"type-product","3":"status-publish","5":"product_cat-maros-megyei-eletrajzi-lexikon","7":"first","8":"instock","9":"shipping-taxable","10":"product-type-simple"},"_links":{"self":[{"href":"https:\/\/uj.adatbank.ro\/lexikon\/wp-json\/wp\/v2\/product\/9530","targetHints":{"allow":["GET"]}}],"collection":[{"href":"https:\/\/uj.adatbank.ro\/lexikon\/wp-json\/wp\/v2\/product"}],"about":[{"href":"https:\/\/uj.adatbank.ro\/lexikon\/wp-json\/wp\/v2\/types\/product"}],"replies":[{"embeddable":true,"href":"https:\/\/uj.adatbank.ro\/lexikon\/wp-json\/wp\/v2\/comments?post=9530"}],"wp:attachment":[{"href":"https:\/\/uj.adatbank.ro\/lexikon\/wp-json\/wp\/v2\/media?parent=9530"}],"wp:term":[{"taxonomy":"product_brand","embeddable":true,"href":"https:\/\/uj.adatbank.ro\/lexikon\/wp-json\/wp\/v2\/product_brand?post=9530"},{"taxonomy":"product_cat","embeddable":true,"href":"https:\/\/uj.adatbank.ro\/lexikon\/wp-json\/wp\/v2\/product_cat?post=9530"},{"taxonomy":"product_tag","embeddable":true,"href":"https:\/\/uj.adatbank.ro\/lexikon\/wp-json\/wp\/v2\/product_tag?post=9530"}],"curies":[{"name":"wp","href":"https:\/\/api.w.org\/{rel}","templated":true}]}}