{"id":9537,"date":"2025-06-29T12:48:26","date_gmt":"2025-06-29T10:48:26","guid":{"rendered":"https:\/\/uj.adatbank.ro\/lexikon\/termek\/haller-jozsef-hallerkeoi-gr-feheregyhazi-ag\/"},"modified":"2025-06-29T12:48:26","modified_gmt":"2025-06-29T10:48:26","slug":"haller-jozsef-hallerkeoi-gr-feheregyhazi-ag","status":"publish","type":"product","link":"https:\/\/uj.adatbank.ro\/lexikon\/termek\/haller-jozsef-hallerkeoi-gr-feheregyhazi-ag\/","title":{"rendered":"HALLER J\u00f3zsef, hallerke\u0151i gr., feh\u00e9regyh\u00e1zi \u00e1g"},"content":{"rendered":"<p>Feh\u00e9regyh\u00e1za, 1818. j\u00fal. 12., \u2020\u00a0Sz\u00e9kelykereszt\u00far, 1889. j\u00fal. 2.: f\u00f6ldbirtokos, jog\u00e1sz, kir\u00e1lyb\u00edr\u00f3. \u2013 H. J\u00e1nos (1774\u20131843) \u00e9s Kleisch Zsuzsanna (1785\u20131826) fia. Feles\u00e9ge timafalvi Kiss Anna (Sz\u00e9kelykereszt\u00far, 1826. j\u00fal. 3. \u2020\u00a0Sz\u00e9kelykereszt\u00far, 1874. nov. 5). Gyermekeik Sz\u00e9kelykereszt\u00faron sz\u00fclettek: Berta (1851. aug. 2. \u2013) br. Kem\u00e9ny B\u00e9l\u00e1n\u00e9; J\u00e1nos (1852. j\u00fal. 5. \u2013 1928), feles\u00e9ge Vay Anna; B\u00e9la\/Albert (1858. jan. 10. \u2013 1914), feles\u00e9ge Perczel Bertha; Gabriella (1859. m\u00e1rc. 20. \u2013 1925), Perczel M\u00f3rn\u00e9; R\u00f3za (1861. m\u00e1rc. 7. \u2013 1940) br. Rothenthal J\u00f3zsefn\u00e9; P\u00e9ter (1867. szept. 3. \u2013 1903. febr. 10). \u2013 Jog\u00e1szi vizsg\u00e1t tett (1846. febr. 25.). Apja szaktud\u00e1sa sz\u00e1m\u00e1ra is p\u00e9lda volt. Mintagazda. R\u00e9ten, H\u00e9v\u00edzen, Bog\u00e1ton, Kocsol\u00e1ton, Darlaczon, Zolt\u00e1non, Sz\u00e9kelykereszt\u00faron, Longod\u00e1ron, H\u00e9turon \u00e9s N\u00e1dason voltak birtokai. R\u00e9szt vett 1848\/49-s szabads\u00e1gharcban, Kv.-on a katonai v\u00e9sz t\u00f6rv\u00e9nysz\u00e9k hal\u00e1lra \u00e9s javainak elkobz\u00e1s\u00e1ra it\u00e9lte, amit a kir. kegyelem v\u00e1ltoztatott v\u00e1rfogs\u00e1gra \u00e9s kiszabadult a j\u00f3zefstadti fogs\u00e1gb\u00f3l (1856). Visszakapta birtokait (1857) \u00e9s hal\u00e1l\u00e1ig gazd\u00e1lkodott. R\u00e9szt vett az erd\u00e9lyi politikai \u00e9letben. Vizakna v\u00e1ros utols\u00f3 kir\u00e1lyb\u00edr\u00e1ja volt. Megv\u00e1s\u00e1rolta \u00e9s beker\u00edtette H\u00e9jasfalv\u00e1n azt a s\u00edrhelyet, ahol Zeyk Domokos \u00e9s n\u00e9gy t\u00e1rsa elesett, majd oda \u00e1ll\u00edtott\u00e1k eml\u00e9k\u00fckre a K\u00f6ll\u0151 Mikl\u00f3s k\u00e9sz\u00edtette obeliszket (1901). \u2013 <strong>F. m.:<\/strong> C\u00e1folat az \u00f6zv. F\u00f6ldv\u00e1ri J\u00f3zsefn\u00e9 gr. Haller M\u00e1ria \u00e1ltal Magyarnemegy\u00e9n 1887. m\u00e1rc. hav\u00e1ban kiadott L\u00e1z\u00e1r \u00c1d\u00e1m hites \u00fcgyv\u00e9d \u00e9s orsz\u00e1ggy\u0171l\u00e9si k\u00e9pvisel\u0151 \u00fcgyv\u00e9di \u00fczelmeir\u0151l c. r\u00f6piratra (Sz\u00e9kelyudvarhely, 1887). <br \/><strong>Irod.:<\/strong> \u00c1ll\u00f3- \u00e9s mozg\u00f3k\u00e9pek; Chalupka Rezs\u0151: Hallerk\u0151i idb. Gr\u00f3f Haller J\u00e1nos (Sz\u00e9kelyudvarhely, 1911); Erd\u00e9lyi ogy.-i eml\u00e9kek (Bp., 1875\u201384); Ferenczi Zolt\u00e1n: Pet\u0151fi \u00e9letrajza (Bp., 1896); Gracza Gy\u00f6rgy: Az 1848\u201349. m. szabads\u00e1gharc t\u00f6rt\u00e9nete (Bp., 1894\u201398); Gudenus; Gy\u00e1szjelent; Haller J\u00e1nos: Hallerk\u0151i Haller gr\u00f3fok feh\u00e9regyh\u00e1zi \u00e1g\u00e1b\u00f3l sz\u00e1rmazott Haller Ferenc \u00e9s J\u00f3zsef gr\u00f3fok t\u00f6rv\u00e9nyes sz\u00e1rmaz\u00e1sa. (Bp., 1898); Mester Mikl\u00f3s: Az autonom Erd\u00e9ly \u00e9s a rom\u00e1n nemzeti t\u00f6rekv\u00e9sek az 1863\u201364 \u00e9vi nagyszebeni ogy.-en (P\u00e9cs, 1936); Mur\u00e1din Jen\u0151: A szobr\u00e1sz K\u00f6ll\u0151 Mikl\u00f3s \u00e9s a szabads\u00e1gharc kultusza (Sz\u00e9kelyf\u00f6ld, 7. sz., 2010. j\u00fal.); Sikl\u00f3ssy L\u00e1szl\u00f3: Az ogy.-i besz\u00e9d \u00fatja (Bp., 1939); Szak\u00e1cs J\u00e1nos: A h\u00e9jasfalvi honv\u00e9deml\u00e9km\u0171 a r\u00e9gi sajt\u00f3ban (Erd\u00e9lyi Napl\u00f3, 18. sz., 2005. m\u00e1j. 3.); V\u00e1llas Antal: Nemzeti encyclopaedia (Pest, 1848)<\/br><\/p>\n","protected":false},"excerpt":{"rendered":"<p>Feh\u00e9regyh\u00e1za, 1818. j\u00fal. 12., \u2020\u00a0Sz\u00e9kelykereszt\u00far, 1889. j\u00fal. 2.: f\u00f6ldbirtokos, jog\u00e1sz, kir\u00e1lyb\u00edr\u00f3. \u2013 H. J\u00e1nos (1774\u20131843) \u00e9s Kleisch Zsuzsanna (1785\u20131826) fia. Feles\u00e9ge timafalvi Kiss Anna (Sz\u00e9kelykereszt\u00far, 1826. j\u00fal. 3. \u2020\u00a0Sz\u00e9kelykereszt\u00far, 1874. nov. 5). Gyermekeik Sz\u00e9kelykereszt\u00faron sz\u00fclettek: Berta (1851. aug. 2. \u2013) br. Kem\u00e9ny B\u00e9l\u00e1n\u00e9; J\u00e1nos (1852. j\u00fal. 5. \u2013 1928), feles\u00e9ge Vay Anna; B\u00e9la\/Albert (1858. jan. [&hellip;]<\/p>\n","protected":false},"featured_media":0,"comment_status":"open","ping_status":"closed","template":"","meta":[],"product_brand":[],"product_cat":[137],"product_tag":[],"class_list":{"0":"post-9537","1":"product","2":"type-product","3":"status-publish","5":"product_cat-maros-megyei-eletrajzi-lexikon","7":"first","8":"instock","9":"shipping-taxable","10":"product-type-simple"},"_links":{"self":[{"href":"https:\/\/uj.adatbank.ro\/lexikon\/wp-json\/wp\/v2\/product\/9537","targetHints":{"allow":["GET"]}}],"collection":[{"href":"https:\/\/uj.adatbank.ro\/lexikon\/wp-json\/wp\/v2\/product"}],"about":[{"href":"https:\/\/uj.adatbank.ro\/lexikon\/wp-json\/wp\/v2\/types\/product"}],"replies":[{"embeddable":true,"href":"https:\/\/uj.adatbank.ro\/lexikon\/wp-json\/wp\/v2\/comments?post=9537"}],"wp:attachment":[{"href":"https:\/\/uj.adatbank.ro\/lexikon\/wp-json\/wp\/v2\/media?parent=9537"}],"wp:term":[{"taxonomy":"product_brand","embeddable":true,"href":"https:\/\/uj.adatbank.ro\/lexikon\/wp-json\/wp\/v2\/product_brand?post=9537"},{"taxonomy":"product_cat","embeddable":true,"href":"https:\/\/uj.adatbank.ro\/lexikon\/wp-json\/wp\/v2\/product_cat?post=9537"},{"taxonomy":"product_tag","embeddable":true,"href":"https:\/\/uj.adatbank.ro\/lexikon\/wp-json\/wp\/v2\/product_tag?post=9537"}],"curies":[{"name":"wp","href":"https:\/\/api.w.org\/{rel}","templated":true}]}}