{"id":9552,"date":"2025-06-29T12:48:53","date_gmt":"2025-06-29T10:48:53","guid":{"rendered":"https:\/\/uj.adatbank.ro\/lexikon\/termek\/haller-peter-hallerkoi-gr-szebeni-ag\/"},"modified":"2025-06-29T12:48:53","modified_gmt":"2025-06-29T10:48:53","slug":"haller-peter-hallerkoi-gr-szebeni-ag","status":"publish","type":"product","link":"https:\/\/uj.adatbank.ro\/lexikon\/termek\/haller-peter-hallerkoi-gr-szebeni-ag\/","title":{"rendered":"HALLER P\u00e9ter, hallerk\u0151i gr., szebeni \u00e1g"},"content":{"rendered":"<p>? \u2020\u00a01649.: f\u0151isp\u00e1n, portai k\u00f6vet. \u2013 H. Mih\u00e1ly (1564\u20131596) \u00e9s Pernyeszi Dorottya egyetlen fia. Feles\u00e9ge: 1. L\u00f3nyai Ilona, 2. Tarn\u00f3czy S\u00e1ra (\u2020 1648), akit elraboltak a Mikes fi\u00fak \u00e9s \u00f6ngyilkos lett (1648) kit\u0151l fia: P\u00e9ter; 3. \u00f6zvegy Mindszenti G\u00e1born\u00e9 P\u00e9csi Erzs\u00e9bet, P\u00e9csi Simon kancell\u00e1r l\u00e1nya, az \u0151 le\u00e1nya Mindszenti Erzs\u00e9bet. \u2013 Tagja a Bethlen Istv\u00e1n \u00fcgy\u00e9ben a Port\u00e1ra ment k\u00fcld\u00f6tts\u00e9gnek (1636\u201337). R\u00e9szt vett az I. R\u00e1k\u00f3czi Gy\u00f6rgy vezet\u00e9se alatt D\u00e9sen tartott ogy.-en (1638. j\u00fal. 7. \u2013). R\u00f6vid ideig volt Kis-K\u00fck\u00fcll\u0151 vm. f\u0151isp\u00e1nja (1649). V\u00e9grendelet\u00e9ben (Bal\u00e1zstelke, 1647. febr. 25.) P\u00e9chy Erzs\u00e9bet \u00f6r\u00f6k\u00f6lte vagyon\u00e1t \u00e9s P\u00e9ter \u00e9s Erzs\u00e9bet gy\u00e1ms\u00e1g\u00e1t. Bethlen Istv\u00e1n fejedelem G\u00f6rg\u00e9ny v\u00e1ra fel\u00e9t visszav\u00e1ltotta \u00f6zvegy\u00e9t\u0151l (1630. dec. 14.) \u00e9s elz\u00e1logos\u00edtotta Kov\u00e1cs\u00f3czi Farkasnak. Fi\u00e1val a szebeni \u00e1g kihalt. <br \/><strong>Irod.:<\/strong> Erd\u00e9lyi testamentumok, 3.; Jakab; K\u00e9nosi-Uzoni 2.; Mo. f\u0151isp\u00e1njai; Teleki Mih\u00e1ly udvartart\u00e1si napl\u00f3ja, 1673\u20131681. (Kv., 2007)<\/br><\/p>\n","protected":false},"excerpt":{"rendered":"<p>? \u2020\u00a01649.: f\u0151isp\u00e1n, portai k\u00f6vet. \u2013 H. Mih\u00e1ly (1564\u20131596) \u00e9s Pernyeszi Dorottya egyetlen fia. Feles\u00e9ge: 1. L\u00f3nyai Ilona, 2. Tarn\u00f3czy S\u00e1ra (\u2020 1648), akit elraboltak a Mikes fi\u00fak \u00e9s \u00f6ngyilkos lett (1648) kit\u0151l fia: P\u00e9ter; 3. \u00f6zvegy Mindszenti G\u00e1born\u00e9 P\u00e9csi Erzs\u00e9bet, P\u00e9csi Simon kancell\u00e1r l\u00e1nya, az \u0151 le\u00e1nya Mindszenti Erzs\u00e9bet. \u2013 Tagja a Bethlen Istv\u00e1n [&hellip;]<\/p>\n","protected":false},"featured_media":0,"comment_status":"open","ping_status":"closed","template":"","meta":[],"product_brand":[],"product_cat":[137],"product_tag":[],"class_list":{"0":"post-9552","1":"product","2":"type-product","3":"status-publish","5":"product_cat-maros-megyei-eletrajzi-lexikon","7":"first","8":"instock","9":"shipping-taxable","10":"product-type-simple"},"_links":{"self":[{"href":"https:\/\/uj.adatbank.ro\/lexikon\/wp-json\/wp\/v2\/product\/9552","targetHints":{"allow":["GET"]}}],"collection":[{"href":"https:\/\/uj.adatbank.ro\/lexikon\/wp-json\/wp\/v2\/product"}],"about":[{"href":"https:\/\/uj.adatbank.ro\/lexikon\/wp-json\/wp\/v2\/types\/product"}],"replies":[{"embeddable":true,"href":"https:\/\/uj.adatbank.ro\/lexikon\/wp-json\/wp\/v2\/comments?post=9552"}],"wp:attachment":[{"href":"https:\/\/uj.adatbank.ro\/lexikon\/wp-json\/wp\/v2\/media?parent=9552"}],"wp:term":[{"taxonomy":"product_brand","embeddable":true,"href":"https:\/\/uj.adatbank.ro\/lexikon\/wp-json\/wp\/v2\/product_brand?post=9552"},{"taxonomy":"product_cat","embeddable":true,"href":"https:\/\/uj.adatbank.ro\/lexikon\/wp-json\/wp\/v2\/product_cat?post=9552"},{"taxonomy":"product_tag","embeddable":true,"href":"https:\/\/uj.adatbank.ro\/lexikon\/wp-json\/wp\/v2\/product_tag?post=9552"}],"curies":[{"name":"wp","href":"https:\/\/api.w.org\/{rel}","templated":true}]}}