{"id":9614,"date":"2025-06-29T12:51:04","date_gmt":"2025-06-29T10:51:04","guid":{"rendered":"https:\/\/uj.adatbank.ro\/lexikon\/termek\/handrea-iustin-%c2%a7\/"},"modified":"2025-06-29T12:51:04","modified_gmt":"2025-06-29T10:51:04","slug":"handrea-iustin-%c2%a7","status":"publish","type":"product","link":"https:\/\/uj.adatbank.ro\/lexikon\/termek\/handrea-iustin-%c2%a7\/","title":{"rendered":"HANDREA Iustin, \u00a7"},"content":{"rendered":"<p>Maroshod\u00e1k, 1905. \u00e1pr. 12., \u2020 Mez\u0151kapus, 1973. okt. 28.: tan\u00edt\u00f3, muzeogr\u00e1fus. \u2013 Tanulm\u00e1nyai: elemi iskol\u00e1t a sz\u00fcl\u0151faluban, l\u00edc. -ot mag\u00e1n\u00faton Sz\u00e1szr\u00e9genben v\u00e9gzett, k\u00f6zben altisztk\u00e9nt \u00e9s k\u00f6nyvt\u00e1rosk\u00e9nt dolgozott. \u00d6szt\u00f6nd\u00edjjal a mv-i tan\u00edt\u00f3k\u00e9pz\u0151be iratkozott be (1923\u201328). Tan\u00edt\u00f3 Baz\u00e9den, Disznaj\u00f3n (1933\u2013), Tan\u00edtott Maroslak\u00e1n, ahol szem\u00e9lyes ir\u00e1ny\u00edt\u00e1s\u00e1val \u00e9p\u00fclt \u00faj templom, R\u00e9thi \u00e9p\u00edt\u00e9szmester Sz\u00e1szr\u00e9genb\u0151l v\u00e9gezte a munk\u00e1t, Eugen Nicoara havonta fizetette, a falu lakoss\u00e1ga pedig \u00e9lelemmel l\u00e1tta el (1935\u201336). Igazgat\u00f3 Grid faluban. Az Astra keret\u00e9ben sz\u00e9lesk\u00f6r\u0171 kultur\u00e1lis tev\u00e9kenys\u00e9get v\u00e9gzett. R\u00e9szt vett a \u201eLuna T\u00eergu Mure\u015fului\u201d ki\u00e1ll\u00edt\u00e1son, figyelemre m\u00e9lt\u00f3 anyagot mutatott be (1936). Erd\u0151lib\u00e1nfalv\u00e1n 500 tanul\u00f3 r\u00e9sz\u00e9re ny\u00e1ri t\u00e1bort szervezett, \u00e9s \u00f6sszegy\u0171jttette a G\u00f6rg\u00e9ny foly\u00f3b\u00f3l az Astra kult\u00farotthon\u00e1nak \u00e9p\u00edt\u00e9s\u00e9hez sz\u00fcks\u00e9ges k\u00f6vet (1936). A Kir\u00e1lyi Kultur\u00e1lis Alap\u00edtv\u00e1ny (Funda\u0163ia cultural\u0103 Regal\u0103) falum\u00fazeumi lektora (1937\u2013). Sz\u00fcl\u0151faluj\u00e1ban egy falum\u00fazeum l\u00e9trehoz\u00e1sa \u00e9rdek\u00e9ben t\u00f6bb ezer n\u00e9prajzi t\u00e1rgyat gy\u0171jt\u00f6tt \u00f6ssze, \u00e9s \u00e9rt\u00e9kes m\u00fazeumot nyitott meg. Buk. -be menek\u00fclt (1940), ahol az erd\u00e9lyi menek\u00fcltek sz\u00e1m\u00e1ra \u201eAvram Iancu\u201d kult\u00farotthont l\u00e9tes\u00edtett, t\u00f6bb mint 5000 taggal (1941); megind\u00edtotta \u00e9s kiadta a Cartea refugiatului ardelean c. sorozatot. A h\u00e1bor\u00fa ut\u00e1n aleln\u00f6ke az ASTRA r\u00e9geni szakoszt\u00e1ly\u00e1nak; tev\u00e9kenykedett az I. Mihai kir\u00e1ly Kultur\u00e1lis Alap\u00edtv\u00e1ny-n\u00e1l (Funda\u0163ia Cultural\u0103 Regal\u0103 Regele Mihai I); \u00e9l\u00e9nk \u00e9s eredm\u00e9nyes tev\u00e9knys\u00e9get folytatott falusi \u00e9s iskolai k\u00f6nyvt\u00e1rak, falu m\u00fazeumok l\u00e9tes\u00edt\u00e9se \u00fcgy\u00e9ben. Buk. -ben a Mez\u0151gazdas\u00e1gi Miniszt\u00e9riumban \u00e9s t\u00f6bb iskol\u00e1ban tan\u00e1rk\u00e9nt tev\u00e9kenykedett (a 40-es \u00e9vek v\u00e9g\u00e9n), majd visszat\u00e9rt Hod\u00e1kra. H\u00e1z\u00e1t \u00e9s \u00e9rt\u00e9kes (5593 t\u00e1rgyb\u00f3l \u00e1ll\u00f3) m\u00fazeumi gy\u0171jtem\u00e9ny\u00e9t v\u00e9grendeletileg, egy m\u00fazeum l\u00e9trehoz\u00e1sa \u00e9rdek\u00e9ben, sz\u00fcl\u0151faluj\u00e1ra hagyom\u00e1nyozta. 1300 oldalnyi k\u00e9ziratot hagyott h\u00e1tra C\u0103minul cultural Maiore\u015fti \u2013 principii \u015fi realiz\u0103ri c., amely a mv.-i Nemzeti Lev\u00e9lt\u00e1rba ker\u00fclt. \u2013 <strong>F. m.:<\/strong> \u015ecoala \u0163\u0103r\u0103neasc\u0103 de la Grid-F\u0103g\u0103ra\u015f, p\u0103rincipii \u015fi realiz\u0103ri (Buc., s. a.); Trei ani cu refugia\u0163ii ardeleni (Buc., s. a.); Versuri (Buc., 1957); Muzeul \u015fcolar (Buc., 1957); Material didactic pentru \u015ftiin\u0163ele naturale \u015fi agricultur\u0103 (Buc., 1966 v. 1969); <strong>szerk.:<\/strong> Cronica \u015fez\u0103toarelor duminicale ale C\u0103minului cultural Avram Iancu din primul an de activitate (17 aug. 1941\u201317. aug. 1942); Cronica \u015fez\u0103toarelor duminicale ale C\u0103minului cultural Avram Iancu din al doilea an de activitate (17 aug. 1942\u201317. aug. 1943); Cronica \u015fez\u0103toarelor duminicale ale C\u0103minului cultural Avram Iancu din al treilea an de activitate (17 aug. 1943\u201317. aug. 1944). <br \/><strong>Irod.:<\/strong> Dasc\u0103li mure\u015feni 5.; F\u00fcl\u00f6p\u2013Ferencz; Netea: Astra; Regh. Cult. (vol. 3.); Reghin, Protopopiat; \u015eerban, M.; Todea 2013; \u00daM\u00c9L<\/br><\/p>\n","protected":false},"excerpt":{"rendered":"<p>Maroshod\u00e1k, 1905. \u00e1pr. 12., \u2020 Mez\u0151kapus, 1973. okt. 28.: tan\u00edt\u00f3, muzeogr\u00e1fus. \u2013 Tanulm\u00e1nyai: elemi iskol\u00e1t a sz\u00fcl\u0151faluban, l\u00edc. -ot mag\u00e1n\u00faton Sz\u00e1szr\u00e9genben v\u00e9gzett, k\u00f6zben altisztk\u00e9nt \u00e9s k\u00f6nyvt\u00e1rosk\u00e9nt dolgozott. \u00d6szt\u00f6nd\u00edjjal a mv-i tan\u00edt\u00f3k\u00e9pz\u0151be iratkozott be (1923\u201328). Tan\u00edt\u00f3 Baz\u00e9den, Disznaj\u00f3n (1933\u2013), Tan\u00edtott Maroslak\u00e1n, ahol szem\u00e9lyes ir\u00e1ny\u00edt\u00e1s\u00e1val \u00e9p\u00fclt \u00faj templom, R\u00e9thi \u00e9p\u00edt\u00e9szmester Sz\u00e1szr\u00e9genb\u0151l v\u00e9gezte a munk\u00e1t, Eugen Nicoara havonta [&hellip;]<\/p>\n","protected":false},"featured_media":0,"comment_status":"open","ping_status":"closed","template":"","meta":[],"product_brand":[],"product_cat":[137],"product_tag":[],"class_list":{"0":"post-9614","1":"product","2":"type-product","3":"status-publish","5":"product_cat-maros-megyei-eletrajzi-lexikon","7":"first","8":"instock","9":"shipping-taxable","10":"product-type-simple"},"_links":{"self":[{"href":"https:\/\/uj.adatbank.ro\/lexikon\/wp-json\/wp\/v2\/product\/9614","targetHints":{"allow":["GET"]}}],"collection":[{"href":"https:\/\/uj.adatbank.ro\/lexikon\/wp-json\/wp\/v2\/product"}],"about":[{"href":"https:\/\/uj.adatbank.ro\/lexikon\/wp-json\/wp\/v2\/types\/product"}],"replies":[{"embeddable":true,"href":"https:\/\/uj.adatbank.ro\/lexikon\/wp-json\/wp\/v2\/comments?post=9614"}],"wp:attachment":[{"href":"https:\/\/uj.adatbank.ro\/lexikon\/wp-json\/wp\/v2\/media?parent=9614"}],"wp:term":[{"taxonomy":"product_brand","embeddable":true,"href":"https:\/\/uj.adatbank.ro\/lexikon\/wp-json\/wp\/v2\/product_brand?post=9614"},{"taxonomy":"product_cat","embeddable":true,"href":"https:\/\/uj.adatbank.ro\/lexikon\/wp-json\/wp\/v2\/product_cat?post=9614"},{"taxonomy":"product_tag","embeddable":true,"href":"https:\/\/uj.adatbank.ro\/lexikon\/wp-json\/wp\/v2\/product_tag?post=9614"}],"curies":[{"name":"wp","href":"https:\/\/api.w.org\/{rel}","templated":true}]}}