{"id":9641,"date":"2025-06-29T12:52:04","date_gmt":"2025-06-29T10:52:04","guid":{"rendered":"https:\/\/uj.adatbank.ro\/lexikon\/termek\/harai-janos\/"},"modified":"2025-06-29T12:52:04","modified_gmt":"2025-06-29T10:52:04","slug":"harai-janos","status":"publish","type":"product","link":"https:\/\/uj.adatbank.ro\/lexikon\/termek\/harai-janos\/","title":{"rendered":"HARAI J\u00e1nos"},"content":{"rendered":"<p>1934. j\u00fan. 23., \u2020\u00a0Segesv\u00e1r, 2002. jan. 18.: r. k. pap. \u2013 K\u00e1pl\u00e1n Cs\u00edkszentgy\u00f6rgy\u00f6n (1959), K\u00e9zdiv\u00e1s\u00e1rhelyen (1960). Pl\u00e9b\u00e1nos f\u0151esperes Uzonban (1961), Als\u00f3csern\u00e1tonban (1962), Segesv\u00e1ron (1974\u2013). K\u00f6z\u00f6ss\u00e9g\u00e9p\u00edt\u0151 tev\u00e9kenys\u00e9g\u00e9t nemcsak Segesv\u00e1ron ismerik. Szolg\u00e1lati ideje alatt \u00e9p\u00edtette ki az egyh\u00e1zmegyei Kolping h\u00e1zat, amely mind vall\u00e1si, mind pedig vil\u00e1gi t\u00e9ren a sz\u00f3rv\u00e1nymagyars\u00e1g megtart\u00f3 k\u00f6zpontja lett. Amikor \u00e1tszervezt\u00e9k az Erd\u00e9lyi Kolping sz\u00f6vets\u00e9get lemondott egyh\u00e1zmegyei eln\u00f6ki tiszts\u00e9g\u00e9r\u0151l (2000) \u00e9s \u00fajabb nagyszab\u00e1s\u00fa terv megval\u00f3s\u00edt\u00e1s\u00e1ba kezdett. Segesv\u00e1ron a Nagyk\u00fck\u00fcll\u0151 negyedben templomot \u00e9p\u00edttetett. <br \/><strong>Irod.:<\/strong> Ferenczi S\u00e1ndor 2009; Vajda: Templomot \u00e9p\u00edtenek (N\u00fa., 2001. m\u00e1j. 10)<\/br><\/p>\n","protected":false},"excerpt":{"rendered":"<p>1934. j\u00fan. 23., \u2020\u00a0Segesv\u00e1r, 2002. jan. 18.: r. k. pap. \u2013 K\u00e1pl\u00e1n Cs\u00edkszentgy\u00f6rgy\u00f6n (1959), K\u00e9zdiv\u00e1s\u00e1rhelyen (1960). Pl\u00e9b\u00e1nos f\u0151esperes Uzonban (1961), Als\u00f3csern\u00e1tonban (1962), Segesv\u00e1ron (1974\u2013). K\u00f6z\u00f6ss\u00e9g\u00e9p\u00edt\u0151 tev\u00e9kenys\u00e9g\u00e9t nemcsak Segesv\u00e1ron ismerik. Szolg\u00e1lati ideje alatt \u00e9p\u00edtette ki az egyh\u00e1zmegyei Kolping h\u00e1zat, amely mind vall\u00e1si, mind pedig vil\u00e1gi t\u00e9ren a sz\u00f3rv\u00e1nymagyars\u00e1g megtart\u00f3 k\u00f6zpontja lett. Amikor \u00e1tszervezt\u00e9k az Erd\u00e9lyi Kolping [&hellip;]<\/p>\n","protected":false},"featured_media":0,"comment_status":"open","ping_status":"closed","template":"","meta":[],"product_brand":[],"product_cat":[137],"product_tag":[],"class_list":{"0":"post-9641","1":"product","2":"type-product","3":"status-publish","5":"product_cat-maros-megyei-eletrajzi-lexikon","7":"first","8":"instock","9":"shipping-taxable","10":"product-type-simple"},"_links":{"self":[{"href":"https:\/\/uj.adatbank.ro\/lexikon\/wp-json\/wp\/v2\/product\/9641","targetHints":{"allow":["GET"]}}],"collection":[{"href":"https:\/\/uj.adatbank.ro\/lexikon\/wp-json\/wp\/v2\/product"}],"about":[{"href":"https:\/\/uj.adatbank.ro\/lexikon\/wp-json\/wp\/v2\/types\/product"}],"replies":[{"embeddable":true,"href":"https:\/\/uj.adatbank.ro\/lexikon\/wp-json\/wp\/v2\/comments?post=9641"}],"wp:attachment":[{"href":"https:\/\/uj.adatbank.ro\/lexikon\/wp-json\/wp\/v2\/media?parent=9641"}],"wp:term":[{"taxonomy":"product_brand","embeddable":true,"href":"https:\/\/uj.adatbank.ro\/lexikon\/wp-json\/wp\/v2\/product_brand?post=9641"},{"taxonomy":"product_cat","embeddable":true,"href":"https:\/\/uj.adatbank.ro\/lexikon\/wp-json\/wp\/v2\/product_cat?post=9641"},{"taxonomy":"product_tag","embeddable":true,"href":"https:\/\/uj.adatbank.ro\/lexikon\/wp-json\/wp\/v2\/product_tag?post=9641"}],"curies":[{"name":"wp","href":"https:\/\/api.w.org\/{rel}","templated":true}]}}