{"id":9644,"date":"2025-06-29T12:52:10","date_gmt":"2025-06-29T10:52:10","guid":{"rendered":"https:\/\/uj.adatbank.ro\/lexikon\/termek\/haraszti-emil\/"},"modified":"2025-06-29T12:52:10","modified_gmt":"2025-06-29T10:52:10","slug":"haraszti-emil","status":"publish","type":"product","link":"https:\/\/uj.adatbank.ro\/lexikon\/termek\/haraszti-emil\/","title":{"rendered":"HARASZTI Emil"},"content":{"rendered":"<p>Bp., 1920. j\u00fal. 20. \u2020 ? : igazgat\u00f3. \u2013 A Mv.-i Panel-Furnirgy\u00e1r R. T. technikai munkavezet\u0151je (1942\u2013), majd az \u00e1llamos\u00edt\u00e1skor kinevezett igazgat\u00f3ja (1948. j\u00fan. 11). A r\u00e9szv\u00e9ny t\u00e1rsas\u00e1g 55 munk\u00e1ssal dolgozott, fakitermel\u00e9ssel, f\u0171r\u00e9sz\u00e1r\u00fa \u00e9s panellemez termel\u00e9s\u00e9vel \u00e9s \u00e9rt\u00e9kes\u00edt\u00e9s\u00e9vel foglalkozott. Az \u00e1llamos\u00edt\u00e1sig vezet\u0151tan\u00e1cs adminisztr\u00e1lta (dr. R\u00e9ti Gy\u00f6rgy, dr. Ioan Pupeza, R\u00e9ti Tibor). Az \u00e1llamos\u00edt\u00e1st egy h\u00e1romtag\u00fa bizotts\u00e1g (Haraszti Emil, Sztralka K\u00e1roly \u00e9s Zajzon J\u00f3zsef) hajtotta v\u00e9gre (1948. j\u00fan. 11.). <br \/><strong>Irod.:<\/strong> Bartos Zolt\u00e1n<\/br><\/p>\n","protected":false},"excerpt":{"rendered":"<p>Bp., 1920. j\u00fal. 20. \u2020 ? : igazgat\u00f3. \u2013 A Mv.-i Panel-Furnirgy\u00e1r R. T. technikai munkavezet\u0151je (1942\u2013), majd az \u00e1llamos\u00edt\u00e1skor kinevezett igazgat\u00f3ja (1948. j\u00fan. 11). A r\u00e9szv\u00e9ny t\u00e1rsas\u00e1g 55 munk\u00e1ssal dolgozott, fakitermel\u00e9ssel, f\u0171r\u00e9sz\u00e1r\u00fa \u00e9s panellemez termel\u00e9s\u00e9vel \u00e9s \u00e9rt\u00e9kes\u00edt\u00e9s\u00e9vel foglalkozott. Az \u00e1llamos\u00edt\u00e1sig vezet\u0151tan\u00e1cs adminisztr\u00e1lta (dr. R\u00e9ti Gy\u00f6rgy, dr. Ioan Pupeza, R\u00e9ti Tibor). Az \u00e1llamos\u00edt\u00e1st egy h\u00e1romtag\u00fa [&hellip;]<\/p>\n","protected":false},"featured_media":0,"comment_status":"open","ping_status":"closed","template":"","meta":[],"product_brand":[],"product_cat":[137],"product_tag":[],"class_list":{"0":"post-9644","1":"product","2":"type-product","3":"status-publish","5":"product_cat-maros-megyei-eletrajzi-lexikon","7":"first","8":"instock","9":"shipping-taxable","10":"product-type-simple"},"_links":{"self":[{"href":"https:\/\/uj.adatbank.ro\/lexikon\/wp-json\/wp\/v2\/product\/9644","targetHints":{"allow":["GET"]}}],"collection":[{"href":"https:\/\/uj.adatbank.ro\/lexikon\/wp-json\/wp\/v2\/product"}],"about":[{"href":"https:\/\/uj.adatbank.ro\/lexikon\/wp-json\/wp\/v2\/types\/product"}],"replies":[{"embeddable":true,"href":"https:\/\/uj.adatbank.ro\/lexikon\/wp-json\/wp\/v2\/comments?post=9644"}],"wp:attachment":[{"href":"https:\/\/uj.adatbank.ro\/lexikon\/wp-json\/wp\/v2\/media?parent=9644"}],"wp:term":[{"taxonomy":"product_brand","embeddable":true,"href":"https:\/\/uj.adatbank.ro\/lexikon\/wp-json\/wp\/v2\/product_brand?post=9644"},{"taxonomy":"product_cat","embeddable":true,"href":"https:\/\/uj.adatbank.ro\/lexikon\/wp-json\/wp\/v2\/product_cat?post=9644"},{"taxonomy":"product_tag","embeddable":true,"href":"https:\/\/uj.adatbank.ro\/lexikon\/wp-json\/wp\/v2\/product_tag?post=9644"}],"curies":[{"name":"wp","href":"https:\/\/api.w.org\/{rel}","templated":true}]}}