{"id":9672,"date":"2025-06-29T12:53:08","date_gmt":"2025-06-29T10:53:08","guid":{"rendered":"https:\/\/uj.adatbank.ro\/lexikon\/termek\/harmath-lujza-keszi-alneve-ibolyka\/"},"modified":"2025-06-29T12:53:08","modified_gmt":"2025-06-29T10:53:08","slug":"harmath-lujza-keszi-alneve-ibolyka","status":"publish","type":"product","link":"https:\/\/uj.adatbank.ro\/lexikon\/termek\/harmath-lujza-keszi-alneve-ibolyka\/","title":{"rendered":"HARMATH Lujza, keszi, \u00c1lneve: Ibolyka."},"content":{"rendered":"<p>Torda, 1846. m\u00e1j. 21., \u2020 Mv., 1910. okt. 31.: \u00edr\u00f3n\u0151. \u2013 R\u00e9gi nemesi birtokos csal\u00e1db\u00f3l sz\u00e1rmazott, anyj\u00e1t kor\u00e1n elvesz\u00edtette, de gondos nevel\u00e9sben r\u00e9szes\u00fclt. \u2013 Az 1860-as \u00e9vek v\u00e9ge fel\u00e9 r\u00e9szt vett az akkor fellend\u00fcl\u0151 n\u0151i munkak\u00e9pes\u00edt\u00e9si mozgalomban. M. Ir\u00f3n\u0151k Alap\u00edtv\u00e1nya l\u00e9trehoz\u00f3ja, az \u00e1ltala szerk. -tett M. Ir\u00f3n\u0151k Albuma (1890) tiszta j\u00f6vedelm\u00e9b\u0151l 280 koron\u00e1t az EMK\u00c9-nek adott. Sz\u00e9kelymosonban \u00e9lt. A KZST v\u00e1lasztm\u00e1nyi tagjai k\u00f6z\u00f6tt szerepelt (1896. m\u00e1rc. 28). Ibolyka \u00e1ln\u00e9ven \u00edrt k\u00fcl\u00f6nb\u0151z\u0151 lapokban \u00e9s a Csal\u00e1di k\u00f6r-ben. Saj\u00e1t nev\u00e9n munkat\u00e1rsa lett a M. Polg\u00e1r, Orsz\u00e1g Vil\u00e1g, Pesti Napl\u00f3 c. lapoknak, ahol elbesz\u00e9l\u00e9sei jelentek meg, k\u00f6z\u00f6lt m\u00e9g t\u00f6bb lapban: Csal\u00e1di Lapok, Erd\u00e9lyi H\u00edrad\u00f3, M. Baz\u00e1r, Irodalmi \u00c9rtes\u00edt\u0151, M. Szalon, Arm\u00e9nia, Bukaresti M. K\u00e9pes Napt\u00e1r, Brass\u00f3, F\u0151v\u00e1rosi Lapok, K\u00e9pes Csal\u00e1di Lapok, a M. N\u0151k Lapja, az Erd\u00e9lyi Ir\u00f3k \u00e9s M\u0171v\u00e9szek Almanachja, az Erd\u00e9ly, Mv.-i f\u00fczetek (1897. 3. sz.), Ellenz\u00e9k, G\u00e9niusz, az \u00c9n \u00dajs\u00e1gom, B. Napl\u00f3, M. L\u00e1nyok, Erd\u00e9ly, Orsz\u00e1g Vil\u00e1g. K\u00f6ltem\u00e9nyei is vannak: Peti cig\u00e1ny c. megjelent a Hatsz\u00e1z nemzeti dal c. antol\u00f3gi\u00e1ban (Bp., 1881). A Ban\u00e1ry l\u00e1nyok c. Esterh\u00e1zy-p\u00e1ly\u00e1zaton d\u00edcs\u00e9retet nyert, egyfelvon\u00e1sos\u00e1t bemutatta Solymosi Elek sz\u00edni iskol\u00e1ja a Kisfaludy Sz\u00ednh\u00e1zban (1897. j\u00fan. 17). \u2013 <strong>F. m.:<\/strong> F\u00e9ny \u00e9s \u00e1rnyak (Kv., 1885); Egy kis darab a nagy vil\u00e1gb\u00f3l (Kv., 1886); Az \u00e9n kis vil\u00e1gomb\u00f3l (Kv., 1894\/95); Vir\u00e1greg\u00e9k (Bp, 1899); Az ikrek (Bp., 1900); Szentek \u00e9s bolondok (Bp., 1902); Hull\u00e1mok (Bp., 1903); Gob\u00e9 Palk\u00f3 mes\u00e9i (Bp., 1905); Az \u00e1lom folytat\u00e1sa (Bp., 1907); Az anya \u00e1tka (Bp., 1907); Egy muszka gr\u00f3f mes\u00e9je (Bp., \u00e9. n.); Gob\u00e9 Pista t\u00f6rt\u00e9nete (Kv., \u00e9. n.); Mese az elt\u0171nt le\u00e1nyr\u00f3l (Bp., \u00e9. n.); A szeretet er\u0151sebb mindenn\u00e9l (Bp., \u00e9. n.); Orosz mes\u00e9k (Bp., \u00e9. n.); K\u00e9t orosz mese (Bp., \u00e9. n.); A h\u0151s le\u00e1ny t\u00f6rt\u00e9nete (Bp., \u00e9. n.); Csala tornya (Bp., \u00e9. n.); szerk\u00a0: M. \u00edr\u00f3n\u0151k albuma. \u00f6ssze\u00e1ll\u00edtotta \u00e9s kiadta (Bp., 1890); <strong>ford.:<\/strong> Carmen Sylva: Rajzok. (Bp., 1885); Carmen Sylva \u00e9s Mite Kremnitz: Astra (Gy\u0151r, 1893); Tolsztoj Leo: Mi tartja fenn az embereket (Gy\u0151r, 1895). <br \/><strong>Irod.:<\/strong> EMKE 120; Guly\u00e1s; Id\u0151t\u00e1r 5 \/1.; RNL; S\u00e1ndor; Szinnyei; \u00daMIL<\/br><\/p>\n","protected":false},"excerpt":{"rendered":"<p>Torda, 1846. m\u00e1j. 21., \u2020 Mv., 1910. okt. 31.: \u00edr\u00f3n\u0151. \u2013 R\u00e9gi nemesi birtokos csal\u00e1db\u00f3l sz\u00e1rmazott, anyj\u00e1t kor\u00e1n elvesz\u00edtette, de gondos nevel\u00e9sben r\u00e9szes\u00fclt. \u2013 Az 1860-as \u00e9vek v\u00e9ge fel\u00e9 r\u00e9szt vett az akkor fellend\u00fcl\u0151 n\u0151i munkak\u00e9pes\u00edt\u00e9si mozgalomban. M. Ir\u00f3n\u0151k Alap\u00edtv\u00e1nya l\u00e9trehoz\u00f3ja, az \u00e1ltala szerk. -tett M. Ir\u00f3n\u0151k Albuma (1890) tiszta j\u00f6vedelm\u00e9b\u0151l 280 koron\u00e1t az EMK\u00c9-nek [&hellip;]<\/p>\n","protected":false},"featured_media":0,"comment_status":"open","ping_status":"closed","template":"","meta":[],"product_brand":[],"product_cat":[137],"product_tag":[],"class_list":{"0":"post-9672","1":"product","2":"type-product","3":"status-publish","5":"product_cat-maros-megyei-eletrajzi-lexikon","7":"first","8":"instock","9":"shipping-taxable","10":"product-type-simple"},"_links":{"self":[{"href":"https:\/\/uj.adatbank.ro\/lexikon\/wp-json\/wp\/v2\/product\/9672","targetHints":{"allow":["GET"]}}],"collection":[{"href":"https:\/\/uj.adatbank.ro\/lexikon\/wp-json\/wp\/v2\/product"}],"about":[{"href":"https:\/\/uj.adatbank.ro\/lexikon\/wp-json\/wp\/v2\/types\/product"}],"replies":[{"embeddable":true,"href":"https:\/\/uj.adatbank.ro\/lexikon\/wp-json\/wp\/v2\/comments?post=9672"}],"wp:attachment":[{"href":"https:\/\/uj.adatbank.ro\/lexikon\/wp-json\/wp\/v2\/media?parent=9672"}],"wp:term":[{"taxonomy":"product_brand","embeddable":true,"href":"https:\/\/uj.adatbank.ro\/lexikon\/wp-json\/wp\/v2\/product_brand?post=9672"},{"taxonomy":"product_cat","embeddable":true,"href":"https:\/\/uj.adatbank.ro\/lexikon\/wp-json\/wp\/v2\/product_cat?post=9672"},{"taxonomy":"product_tag","embeddable":true,"href":"https:\/\/uj.adatbank.ro\/lexikon\/wp-json\/wp\/v2\/product_tag?post=9672"}],"curies":[{"name":"wp","href":"https:\/\/api.w.org\/{rel}","templated":true}]}}