{"id":9696,"date":"2025-06-29T12:53:57","date_gmt":"2025-06-29T10:53:57","guid":{"rendered":"https:\/\/uj.adatbank.ro\/lexikon\/termek\/harsia-iustin-%c2%a7-harsia-iustin\/"},"modified":"2025-06-29T12:53:57","modified_gmt":"2025-06-29T10:53:57","slug":"harsia-iustin-%c2%a7-harsia-iustin","status":"publish","type":"product","link":"https:\/\/uj.adatbank.ro\/lexikon\/termek\/harsia-iustin-%c2%a7-harsia-iustin\/","title":{"rendered":"HAR\u015eIA Iustin, \u00a7 H\u0103r\u015fia Iustin"},"content":{"rendered":"<p>Kisnyulas, 1869. dec. 22., \u2020 Mv., 1923. okt. 6.: tan\u00e1r. \u2013 Sz\u00e1szr\u00e9genben, Mv.-en \u00e9s Bal\u00e1zsfalv\u00e1n tanult g\u00f6r. -kat. gimn.-ban \u00e9s \u00e9retts\u00e9gizett (1889), majd k\u00e9t \u00e9vet v\u00e9gzett a bal\u00e1zsfalvi teol\u00f3gi\u00e1n azut\u00e1n Bp.-en folytatta teol\u00f3giai tanulm\u00e1nyait \u00e9s diplom\u00e1t szerzett (1893). Kv.-on a FJTE filoz\u00f3fia \u00e9s t\u00f6rt\u00e9nelem karon v\u00e9gzett (1893\u201396), mint n\u00e9met t\u00f6rt\u00e9nelem \u00e9s nyelvtan\u00e1r. K\u00f6rm\u00f6czb\u00e1ny\u00e1n tan\u00edtott (1897. m\u00e1rc. 15. \u2013 1898. szept. 1.), majd Gy\u00f6ngy\u00f6s\u00f6n (\u20131902. jan. 24.), Sz\u00e9kelyudvarhelyen (1902\u20131916. okt. 31.), Skalica-n \u00e9s ism\u00e9t K\u00f6rm\u00f6czb\u00e1ny\u00e1n. Kinevezt\u00e9k igazgat\u00f3nak a Papiu-Ilarian L\u00edc.-ban (1920. \u00e1pr. 15. \u2013 1920. szept. 1.), igazgat\u00f3helyettes (1920) \u00e9s hal\u00e1l\u00e1ig itt tan\u00edtott. K\u00f6z\u00f6lt az Anuarul liceului Al. Papiu Ilarian Tg. M. (1919\u201320). <br \/><strong>Irod.:<\/strong> Bui-Borda-Opri\u015f; Gy\u00e1szjelent\u0151; Id\u0151t\u00e1r 3., 4.; Mure\u015ful (1923. okt. 14.); Papiu; Sigmirean; Todea 2013<\/br><\/p>\n","protected":false},"excerpt":{"rendered":"<p>Kisnyulas, 1869. dec. 22., \u2020 Mv., 1923. okt. 6.: tan\u00e1r. \u2013 Sz\u00e1szr\u00e9genben, Mv.-en \u00e9s Bal\u00e1zsfalv\u00e1n tanult g\u00f6r. -kat. gimn.-ban \u00e9s \u00e9retts\u00e9gizett (1889), majd k\u00e9t \u00e9vet v\u00e9gzett a bal\u00e1zsfalvi teol\u00f3gi\u00e1n azut\u00e1n Bp.-en folytatta teol\u00f3giai tanulm\u00e1nyait \u00e9s diplom\u00e1t szerzett (1893). Kv.-on a FJTE filoz\u00f3fia \u00e9s t\u00f6rt\u00e9nelem karon v\u00e9gzett (1893\u201396), mint n\u00e9met t\u00f6rt\u00e9nelem \u00e9s nyelvtan\u00e1r. K\u00f6rm\u00f6czb\u00e1ny\u00e1n tan\u00edtott (1897. [&hellip;]<\/p>\n","protected":false},"featured_media":0,"comment_status":"open","ping_status":"closed","template":"","meta":[],"product_brand":[],"product_cat":[137],"product_tag":[],"class_list":{"0":"post-9696","1":"product","2":"type-product","3":"status-publish","5":"product_cat-maros-megyei-eletrajzi-lexikon","7":"first","8":"instock","9":"shipping-taxable","10":"product-type-simple"},"_links":{"self":[{"href":"https:\/\/uj.adatbank.ro\/lexikon\/wp-json\/wp\/v2\/product\/9696","targetHints":{"allow":["GET"]}}],"collection":[{"href":"https:\/\/uj.adatbank.ro\/lexikon\/wp-json\/wp\/v2\/product"}],"about":[{"href":"https:\/\/uj.adatbank.ro\/lexikon\/wp-json\/wp\/v2\/types\/product"}],"replies":[{"embeddable":true,"href":"https:\/\/uj.adatbank.ro\/lexikon\/wp-json\/wp\/v2\/comments?post=9696"}],"wp:attachment":[{"href":"https:\/\/uj.adatbank.ro\/lexikon\/wp-json\/wp\/v2\/media?parent=9696"}],"wp:term":[{"taxonomy":"product_brand","embeddable":true,"href":"https:\/\/uj.adatbank.ro\/lexikon\/wp-json\/wp\/v2\/product_brand?post=9696"},{"taxonomy":"product_cat","embeddable":true,"href":"https:\/\/uj.adatbank.ro\/lexikon\/wp-json\/wp\/v2\/product_cat?post=9696"},{"taxonomy":"product_tag","embeddable":true,"href":"https:\/\/uj.adatbank.ro\/lexikon\/wp-json\/wp\/v2\/product_tag?post=9696"}],"curies":[{"name":"wp","href":"https:\/\/api.w.org\/{rel}","templated":true}]}}